{"id":4263,"date":"2022-01-11T08:00:48","date_gmt":"2022-01-11T07:00:48","guid":{"rendered":"http:\/\/www.badenhaus.it\/collezioni\/vague\/"},"modified":"2024-09-24T11:37:54","modified_gmt":"2024-09-24T09:37:54","slug":"vague","status":"publish","type":"portfolio","link":"https:\/\/www.badenhaus.it\/de\/kollektionen\/vague\/","title":{"rendered":"VAGUE"},"content":{"rendered":"<div id='av_section_1'  class='avia-section av-yfxl2s-e2eef60f96959172289cd59a41d1a9e6 main_color avia-section-default avia-no-border-styling  avia-builder-el-0  el_before_av_section  avia-builder-el-first  avia-bg-style-scroll container_wrap fullsize'  ><div class='container av-section-cont-open' ><main  role=\"main\" itemprop=\"mainContentOfPage\"  class='template-page content  av-content-full alpha units'><div class='post-entry post-entry-type-page post-entry-4263'><div class='entry-content-wrapper clearfix'>\n<div class='flex_column_table av-36qgwk-840cee51bc7628566726dc27c03bdf20 sc-av_one_fourth av-equal-height-column-flextable'>\n<style type=\"text\/css\" data-created_by=\"avia_inline_auto\" id=\"style-css-av-36qgwk-840cee51bc7628566726dc27c03bdf20\">\n#top .flex_column_table.av-equal-height-column-flextable.av-36qgwk-840cee51bc7628566726dc27c03bdf20{\nmargin-top:0px;\nmargin-bottom:0px;\n}\n.flex_column.av-36qgwk-840cee51bc7628566726dc27c03bdf20{\nborder-radius:3px 3px 3px 3px;\npadding:0px 0px 0px 0px;\n}\n<\/style>\n<div  class='flex_column av-36qgwk-840cee51bc7628566726dc27c03bdf20 av_one_fourth  avia-builder-el-1  el_before_av_three_fourth  avia-builder-el-first  first flex_column_table_cell av-equal-height-column av-align-middle av-animated-generic left-to-right av-zero-column-padding  '     ><style type=\"text\/css\" data-created_by=\"avia_inline_auto\" id=\"style-css-av-kzyioqif-65c8a56b2746381f34fac041f7d6452b\">\n#top .av-special-heading.av-kzyioqif-65c8a56b2746381f34fac041f7d6452b{\nmargin:15px 0 0 0;\npadding-bottom:10px;\nfont-size:28px;\n}\nbody .av-special-heading.av-kzyioqif-65c8a56b2746381f34fac041f7d6452b .av-special-heading-tag .heading-char{\nfont-size:25px;\n}\n#top #wrap_all .av-special-heading.av-kzyioqif-65c8a56b2746381f34fac041f7d6452b .av-special-heading-tag{\nfont-size:28px;\n}\n.av-special-heading.av-kzyioqif-65c8a56b2746381f34fac041f7d6452b .av-subheading{\nfont-size:20px;\n}\n\n@media only screen and (min-width: 480px) and (max-width: 767px){ \n#top #wrap_all .av-special-heading.av-kzyioqif-65c8a56b2746381f34fac041f7d6452b .av-special-heading-tag{\nfont-size:0.8em;\n}\n}\n\n@media only screen and (max-width: 479px){ \n#top #wrap_all .av-special-heading.av-kzyioqif-65c8a56b2746381f34fac041f7d6452b .av-special-heading-tag{\nfont-size:0.8em;\n}\n}\n<\/style>\n<div  class='av-special-heading av-kzyioqif-65c8a56b2746381f34fac041f7d6452b av-special-heading-h2 blockquote modern-quote  avia-builder-el-2  avia-builder-el-no-sibling  av-inherit-size'><h2 class='av-special-heading-tag '  itemprop=\"headline\"  ><\/p>\n<blockquote>\n<p>VAGUE<\/p>\n<\/blockquote>\n<p><\/h2><div class='av-subheading av-subheading_below'><p><em> Kombination von Minimalismus und Funktionalitaet <\/em><\/p>\n<\/div><div class=\"special-heading-border\"><div class=\"special-heading-inner-border\"><\/div><\/div><\/div><\/div><div class='av-flex-placeholder'><\/div>\n<style type=\"text\/css\" data-created_by=\"avia_inline_auto\" id=\"style-css-av-u2bi3o-2a720f5800fdd03273348b3654730509\">\n#top .flex_column_table.av-equal-height-column-flextable.av-u2bi3o-2a720f5800fdd03273348b3654730509{\nmargin-top:0px;\nmargin-bottom:0px;\n}\n.flex_column.av-u2bi3o-2a720f5800fdd03273348b3654730509{\nborder-radius:3px 3px 3px 3px;\npadding:0px 0px 0px 0px;\n}\n<\/style>\n<div  class='flex_column av-u2bi3o-2a720f5800fdd03273348b3654730509 av_three_fourth  avia-builder-el-3  el_after_av_one_fourth  avia-builder-el-last  flex_column_table_cell av-equal-height-column av-align-middle av-animated-generic left-to-right av-zero-column-padding  '     ><div  class='avia-slideshow av-sldmzo-56bc37087d0cbe1796f5e7e5d11b34f7 avia-slideshow-no scaling av_slideshow avia-fade-slider  avia-builder-el-4  avia-builder-el-no-sibling  av-slideshow-ui av-control-minimal av-slideshow-autoplay av-loop-endless av-loop-manual-endless av-default-height-applied avia-slideshow-1' data-slideshow-options=\"{&quot;animation&quot;:&quot;fade&quot;,&quot;autoplay&quot;:true,&quot;loop_autoplay&quot;:&quot;endless&quot;,&quot;interval&quot;:4,&quot;loop_manual&quot;:&quot;manual-endless&quot;,&quot;autoplay_stopper&quot;:false,&quot;noNavigation&quot;:false,&quot;bg_slider&quot;:false,&quot;keep_padding&quot;:false,&quot;hoverpause&quot;:false,&quot;show_slide_delay&quot;:0}\"  itemprop=\"image\" itemscope=\"itemscope\" itemtype=\"https:\/\/schema.org\/ImageObject\" ><ul class='avia-slideshow-inner ' style='padding-bottom: 75%;'><li  class='avia-slideshow-slide av-sldmzo-56bc37087d0cbe1796f5e7e5d11b34f7__0  slide-1 slide-odd'><div data-rel='slideshow-1' class='avia-slide-wrap '   ><img decoding=\"async\" fetchpriority=\"high\" class=\"wp-image-7979 avia-img-lazy-loading-not-7979\"  src=\"https:\/\/www.badenhaus.it\/wp-content\/uploads\/2022\/12\/VAGUE-ANTRACITE.jpg\" width=\"1600\" height=\"1200\" title='VAGUE - ANTRACITE' alt=''  itemprop=\"thumbnailUrl\" srcset=\"https:\/\/www.badenhaus.it\/wp-content\/uploads\/2022\/12\/VAGUE-ANTRACITE.jpg 1600w, https:\/\/www.badenhaus.it\/wp-content\/uploads\/2022\/12\/VAGUE-ANTRACITE-300x225.jpg 300w, https:\/\/www.badenhaus.it\/wp-content\/uploads\/2022\/12\/VAGUE-ANTRACITE-1030x773.jpg 1030w, https:\/\/www.badenhaus.it\/wp-content\/uploads\/2022\/12\/VAGUE-ANTRACITE-768x576.jpg 768w, https:\/\/www.badenhaus.it\/wp-content\/uploads\/2022\/12\/VAGUE-ANTRACITE-1536x1152.jpg 1536w, https:\/\/www.badenhaus.it\/wp-content\/uploads\/2022\/12\/VAGUE-ANTRACITE-1500x1125.jpg 1500w, https:\/\/www.badenhaus.it\/wp-content\/uploads\/2022\/12\/VAGUE-ANTRACITE-705x529.jpg 705w\" sizes=\"(max-width: 1600px) 100vw, 1600px\" \/><\/div><\/li><li  class='avia-slideshow-slide av-sldmzo-56bc37087d0cbe1796f5e7e5d11b34f7__1  slide-2 slide-even'><div data-rel='slideshow-1' class='avia-slide-wrap '   ><img decoding=\"async\" fetchpriority=\"high\" class=\"wp-image-7987 avia-img-lazy-loading-not-7987\"  src=\"https:\/\/www.badenhaus.it\/wp-content\/uploads\/2022\/12\/VAGUE-BIANCO-LUCIDO.jpg\" width=\"1600\" height=\"1200\" title='VAGUE - BIANCO LUCIDO' alt=''  itemprop=\"thumbnailUrl\" srcset=\"https:\/\/www.badenhaus.it\/wp-content\/uploads\/2022\/12\/VAGUE-BIANCO-LUCIDO.jpg 1600w, https:\/\/www.badenhaus.it\/wp-content\/uploads\/2022\/12\/VAGUE-BIANCO-LUCIDO-300x225.jpg 300w, https:\/\/www.badenhaus.it\/wp-content\/uploads\/2022\/12\/VAGUE-BIANCO-LUCIDO-1030x773.jpg 1030w, https:\/\/www.badenhaus.it\/wp-content\/uploads\/2022\/12\/VAGUE-BIANCO-LUCIDO-768x576.jpg 768w, https:\/\/www.badenhaus.it\/wp-content\/uploads\/2022\/12\/VAGUE-BIANCO-LUCIDO-1536x1152.jpg 1536w, https:\/\/www.badenhaus.it\/wp-content\/uploads\/2022\/12\/VAGUE-BIANCO-LUCIDO-1500x1125.jpg 1500w, https:\/\/www.badenhaus.it\/wp-content\/uploads\/2022\/12\/VAGUE-BIANCO-LUCIDO-705x529.jpg 705w\" sizes=\"(max-width: 1600px) 100vw, 1600px\" \/><\/div><\/li><li  class='avia-slideshow-slide av-sldmzo-56bc37087d0cbe1796f5e7e5d11b34f7__2  slide-3 slide-odd'><div data-rel='slideshow-1' class='avia-slide-wrap '   ><img decoding=\"async\" fetchpriority=\"high\" class=\"wp-image-7995 avia-img-lazy-loading-not-7995\"  src=\"https:\/\/www.badenhaus.it\/wp-content\/uploads\/2022\/12\/VAGUE-ROVERE-TABACCO.jpg\" width=\"1600\" height=\"1200\" title='VAGUE - ROVERE TABACCO' alt=''  itemprop=\"thumbnailUrl\" srcset=\"https:\/\/www.badenhaus.it\/wp-content\/uploads\/2022\/12\/VAGUE-ROVERE-TABACCO.jpg 1600w, https:\/\/www.badenhaus.it\/wp-content\/uploads\/2022\/12\/VAGUE-ROVERE-TABACCO-300x225.jpg 300w, https:\/\/www.badenhaus.it\/wp-content\/uploads\/2022\/12\/VAGUE-ROVERE-TABACCO-1030x773.jpg 1030w, https:\/\/www.badenhaus.it\/wp-content\/uploads\/2022\/12\/VAGUE-ROVERE-TABACCO-768x576.jpg 768w, https:\/\/www.badenhaus.it\/wp-content\/uploads\/2022\/12\/VAGUE-ROVERE-TABACCO-1536x1152.jpg 1536w, https:\/\/www.badenhaus.it\/wp-content\/uploads\/2022\/12\/VAGUE-ROVERE-TABACCO-1500x1125.jpg 1500w, https:\/\/www.badenhaus.it\/wp-content\/uploads\/2022\/12\/VAGUE-ROVERE-TABACCO-705x529.jpg 705w\" sizes=\"(max-width: 1600px) 100vw, 1600px\" \/><\/div><\/li><li  class='avia-slideshow-slide av-sldmzo-56bc37087d0cbe1796f5e7e5d11b34f7__3  slide-4 slide-even'><div data-rel='slideshow-1' class='avia-slide-wrap '   ><img decoding=\"async\" fetchpriority=\"high\" class=\"wp-image-8003 avia-img-lazy-loading-not-8003\"  src=\"https:\/\/www.badenhaus.it\/wp-content\/uploads\/2022\/12\/VAGUE-ROVERE-SBIANCATO.jpg\" width=\"1600\" height=\"1200\" title='VAGUE - ROVERE SBIANCATO' alt=''  itemprop=\"thumbnailUrl\" srcset=\"https:\/\/www.badenhaus.it\/wp-content\/uploads\/2022\/12\/VAGUE-ROVERE-SBIANCATO.jpg 1600w, https:\/\/www.badenhaus.it\/wp-content\/uploads\/2022\/12\/VAGUE-ROVERE-SBIANCATO-300x225.jpg 300w, https:\/\/www.badenhaus.it\/wp-content\/uploads\/2022\/12\/VAGUE-ROVERE-SBIANCATO-1030x773.jpg 1030w, https:\/\/www.badenhaus.it\/wp-content\/uploads\/2022\/12\/VAGUE-ROVERE-SBIANCATO-768x576.jpg 768w, https:\/\/www.badenhaus.it\/wp-content\/uploads\/2022\/12\/VAGUE-ROVERE-SBIANCATO-1536x1152.jpg 1536w, https:\/\/www.badenhaus.it\/wp-content\/uploads\/2022\/12\/VAGUE-ROVERE-SBIANCATO-1500x1125.jpg 1500w, https:\/\/www.badenhaus.it\/wp-content\/uploads\/2022\/12\/VAGUE-ROVERE-SBIANCATO-705x529.jpg 705w\" sizes=\"(max-width: 1600px) 100vw, 1600px\" \/><\/div><\/li><li  class='avia-slideshow-slide av-sldmzo-56bc37087d0cbe1796f5e7e5d11b34f7__4  slide-5 slide-odd'><div data-rel='slideshow-1' class='avia-slide-wrap '   ><img decoding=\"async\" fetchpriority=\"high\" class=\"wp-image-8007 avia-img-lazy-loading-not-8007\"  src=\"https:\/\/www.badenhaus.it\/wp-content\/uploads\/2022\/12\/VAGUE-VERDE-OPACO.jpg\" width=\"1600\" height=\"1200\" title='VAGUE - VERDE OPACO' alt=''  itemprop=\"thumbnailUrl\" srcset=\"https:\/\/www.badenhaus.it\/wp-content\/uploads\/2022\/12\/VAGUE-VERDE-OPACO.jpg 1600w, https:\/\/www.badenhaus.it\/wp-content\/uploads\/2022\/12\/VAGUE-VERDE-OPACO-300x225.jpg 300w, https:\/\/www.badenhaus.it\/wp-content\/uploads\/2022\/12\/VAGUE-VERDE-OPACO-1030x773.jpg 1030w, https:\/\/www.badenhaus.it\/wp-content\/uploads\/2022\/12\/VAGUE-VERDE-OPACO-768x576.jpg 768w, https:\/\/www.badenhaus.it\/wp-content\/uploads\/2022\/12\/VAGUE-VERDE-OPACO-1536x1152.jpg 1536w, https:\/\/www.badenhaus.it\/wp-content\/uploads\/2022\/12\/VAGUE-VERDE-OPACO-1500x1125.jpg 1500w, https:\/\/www.badenhaus.it\/wp-content\/uploads\/2022\/12\/VAGUE-VERDE-OPACO-705x529.jpg 705w\" sizes=\"(max-width: 1600px) 100vw, 1600px\" \/><\/div><\/li><li  class='avia-slideshow-slide av-sldmzo-56bc37087d0cbe1796f5e7e5d11b34f7__5  slide-6 slide-even'><div data-rel='slideshow-1' class='avia-slide-wrap '   ><img decoding=\"async\" fetchpriority=\"high\" class=\"wp-image-8011 avia-img-lazy-loading-not-8011\"  src=\"https:\/\/www.badenhaus.it\/wp-content\/uploads\/2022\/12\/VAGUE-BIANCO-OPACO.jpg\" width=\"1600\" height=\"1200\" title='VAGUE - BIANCO OPACO' alt=''  itemprop=\"thumbnailUrl\" srcset=\"https:\/\/www.badenhaus.it\/wp-content\/uploads\/2022\/12\/VAGUE-BIANCO-OPACO.jpg 1600w, https:\/\/www.badenhaus.it\/wp-content\/uploads\/2022\/12\/VAGUE-BIANCO-OPACO-300x225.jpg 300w, https:\/\/www.badenhaus.it\/wp-content\/uploads\/2022\/12\/VAGUE-BIANCO-OPACO-1030x773.jpg 1030w, https:\/\/www.badenhaus.it\/wp-content\/uploads\/2022\/12\/VAGUE-BIANCO-OPACO-768x576.jpg 768w, https:\/\/www.badenhaus.it\/wp-content\/uploads\/2022\/12\/VAGUE-BIANCO-OPACO-1536x1152.jpg 1536w, https:\/\/www.badenhaus.it\/wp-content\/uploads\/2022\/12\/VAGUE-BIANCO-OPACO-1500x1125.jpg 1500w, https:\/\/www.badenhaus.it\/wp-content\/uploads\/2022\/12\/VAGUE-BIANCO-OPACO-705x529.jpg 705w\" sizes=\"(max-width: 1600px) 100vw, 1600px\" \/><\/div><\/li><\/ul><div class='avia-slideshow-arrows avia-slideshow-controls' ><a href='#prev' class='prev-slide  avia-svg-icon avia-font-svg_entypo-fontello' data-av_svg_icon='left-open-big' data-av_iconset='svg_entypo-fontello' tabindex='-1' title=\"Zur\u00fcck\"><svg version=\"1.1\" xmlns=\"http:\/\/www.w3.org\/2000\/svg\" width=\"15\" height=\"32\" viewBox=\"0 0 15 32\" preserveAspectRatio=\"xMidYMid meet\" aria-labelledby='av-svg-title-1' aria-describedby='av-svg-desc-1' role=\"graphics-symbol\" aria-hidden=\"true\">\n<title id='av-svg-title-1'>Zur\u00fcck<\/title>\n<desc id='av-svg-desc-1'>Zur\u00fcck<\/desc>\n<path d=\"M14.464 27.84q0.832 0.832 0 1.536-0.832 0.832-1.536 0l-12.544-12.608q-0.768-0.768 0-1.6l12.544-12.608q0.704-0.832 1.536 0 0.832 0.704 0 1.536l-11.456 11.904z\"><\/path>\n<\/svg><span class='avia_hidden_link_text'>Zur\u00fcck<\/span><\/a><a href='#next' class='next-slide  avia-svg-icon avia-font-svg_entypo-fontello' data-av_svg_icon='right-open-big' data-av_iconset='svg_entypo-fontello' tabindex='-1' title=\"Weiter\"><svg version=\"1.1\" xmlns=\"http:\/\/www.w3.org\/2000\/svg\" width=\"15\" height=\"32\" viewBox=\"0 0 15 32\" preserveAspectRatio=\"xMidYMid meet\" aria-labelledby='av-svg-title-2' aria-describedby='av-svg-desc-2' role=\"graphics-symbol\" aria-hidden=\"true\">\n<title id='av-svg-title-2'>Weiter<\/title>\n<desc id='av-svg-desc-2'>Weiter<\/desc>\n<path d=\"M0.416 27.84l11.456-11.84-11.456-11.904q-0.832-0.832 0-1.536 0.832-0.832 1.536 0l12.544 12.608q0.768 0.832 0 1.6l-12.544 12.608q-0.704 0.832-1.536 0-0.832-0.704 0-1.536z\"><\/path>\n<\/svg><span class='avia_hidden_link_text'>Weiter<\/span><\/a><\/div><div class='avia-slideshow-dots avia-slideshow-controls'><a href='#1' class='goto-slide active' >1<\/a><a href='#2' class='goto-slide ' >2<\/a><a href='#3' class='goto-slide ' >3<\/a><a href='#4' class='goto-slide ' >4<\/a><a href='#5' class='goto-slide ' >5<\/a><a href='#6' class='goto-slide ' >6<\/a><\/div><\/div><\/div><\/div><!--close column table wrapper. Autoclose: 1 -->\n\n<\/div><\/div><\/main><!-- close content main element --><\/div><\/div>\n<style type=\"text\/css\" data-created_by=\"avia_inline_auto\" id=\"style-css-av-ls8u38-b1d52022c5073f19df8231b224d3c54e\">\n.avia-section.av-ls8u38-b1d52022c5073f19df8231b224d3c54e{\nbackground-color:#f2f2f2;\nbackground-image:unset;\n}\n<\/style>\n<div id='av_section_2'  class='avia-section av-ls8u38-b1d52022c5073f19df8231b224d3c54e main_color avia-section-small avia-no-border-styling  avia-builder-el-5  el_after_av_section  el_before_av_one_half  avia-bg-style-scroll container_wrap fullsize'  ><div class='container av-section-cont-open' ><div class='template-page content  av-content-full alpha units'><div class='post-entry post-entry-type-page post-entry-4263'><div class='entry-content-wrapper clearfix'>\n\n<style type=\"text\/css\" data-created_by=\"avia_inline_auto\" id=\"style-css-av-kukcec-2d241c9e256b900fdd9a0cab29b972a2\">\n#top .flex_column.av-kukcec-2d241c9e256b900fdd9a0cab29b972a2{\nmargin-top:0px;\nmargin-bottom:0px;\n}\n.flex_column.av-kukcec-2d241c9e256b900fdd9a0cab29b972a2{\nborder-radius:3px 3px 3px 3px;\npadding:0px 0px 0px 0px;\n}\n.responsive #top #wrap_all .flex_column.av-kukcec-2d241c9e256b900fdd9a0cab29b972a2{\nmargin-top:0px;\nmargin-bottom:0px;\n}\n<\/style>\n<div  class='flex_column av-kukcec-2d241c9e256b900fdd9a0cab29b972a2 av_one_half  avia-builder-el-6  el_before_av_one_half  avia-builder-el-first  first flex_column_div av-animated-generic left-to-right av-zero-column-padding  '     ><section  class='av_textblock_section av-kzyipf7g-34c23b15c3e84495174bfd96d63d3162 '   itemscope=\"itemscope\" itemtype=\"https:\/\/schema.org\/CreativeWork\" ><div class='avia_textblock'  itemprop=\"text\" ><p>Elegante geschwungene Linien charakterisieren die Serie Vague f\u00fcr Liebhaber von \u00c4sthetik, ohne auf Komfort zu verzichten. Die Linie wurde auch f\u00fcr die Einrichtung kleiner R\u00e4ume entwickelt und zeichnet sich durch praktische T\u00fcren und Schubladen mit Soft Schlie\u00dfung und Griffmulde aus, zudem verf\u00fcgt die Serie \u00fcber wei\u00dfe und mattschwarzen get\u00f6nten Glaswaschbecken sowie wei\u00df gl\u00e4nzenden Waschbecken in Mineralgu\u00df f\u00fcr ein praktisches Badezimmerkonzept.<\/p>\n<\/div><\/section><\/div>\n<style type=\"text\/css\" data-created_by=\"avia_inline_auto\" id=\"style-css-av-imvwic-ff637815e47b2f871ae260d106a17ad8\">\n#top .flex_column.av-imvwic-ff637815e47b2f871ae260d106a17ad8{\nmargin-top:0px;\nmargin-bottom:0px;\n}\n.flex_column.av-imvwic-ff637815e47b2f871ae260d106a17ad8{\nborder-radius:3px 3px 3px 3px;\npadding:0px 0px 0px 0px;\n}\n.responsive #top #wrap_all .flex_column.av-imvwic-ff637815e47b2f871ae260d106a17ad8{\nmargin-top:0px;\nmargin-bottom:0px;\n}\n<\/style>\n<div  class='flex_column av-imvwic-ff637815e47b2f871ae260d106a17ad8 av_one_half  avia-builder-el-8  el_after_av_one_half  avia-builder-el-last  flex_column_div av-animated-generic left-to-right av-zero-column-padding  '     ><section  class='av_textblock_section av-kzyipnss-0f8bf8c4900a311de6b77dfb756f87d2 '   itemscope=\"itemscope\" itemtype=\"https:\/\/schema.org\/CreativeWork\" ><div class='avia_textblock'  itemprop=\"text\" ><p>Die Linie wird durch eine Auswahl von drehbaren Hochschr\u00e4nken mit integriertem Vergr\u00f6\u00dferungsspiegel und Spiegeln mit Hintergrundbeleuchtung und Touch EIN\/AUS Funktion in verschiedenen Gr\u00f6\u00dfen vervollst\u00e4ndigt.<\/p>\n<\/div><\/section><\/div>\n<\/div><\/div><\/div><!-- close content main div --><\/div><\/div><div id='after_section_2'  class='main_color av_default_container_wrap container_wrap fullsize'  ><div class='container av-section-cont-open' ><div class='template-page content  av-content-full alpha units'><div class='post-entry post-entry-type-page post-entry-4263'><div class='entry-content-wrapper clearfix'>\n\n<style type=\"text\/css\" data-created_by=\"avia_inline_auto\" id=\"style-css-av-hgn750-90adff998adc2d682da886e555430407\">\n.flex_column.av-hgn750-90adff998adc2d682da886e555430407{\npadding:0px 0px 0px 0px;\n}\n<\/style>\n<div  class='flex_column av-hgn750-90adff998adc2d682da886e555430407 av_one_half  avia-builder-el-10  el_after_av_section  el_before_av_one_half  avia-builder-el-first  first flex_column_div av-zero-column-padding  '     ><div  class='avia-logo-element-container av-fizp2s-b7d9fb1d09d8d25d43d0d013fa4c77fc av-border-deactivate avia-logo-grid avia-content-slider avia-smallarrow-slider avia-content-grid-active noHover avia-content-slider-even  avia-builder-el-11  avia-builder-el-no-sibling  avia-content-slider1' ><div class='avia-smallarrow-slider-heading '><div class='new-special-heading'><h3 class='av-logo-special-heading-text '>Farbvarianten<\/h3><\/div><\/div><div class=\"avia-content-slider-inner\"><div class=\"slide-entry-wrap\"><div data-avia-tooltip=\"anthrazit\" class='slide-entry av-aeeoec-6fe9197ef1944ea004636652add191db flex_column no_margin av_one_sixth real-thumbnail post-entry slide-entry-overview slide-loop-1 slide-parity-odd  first'><img decoding=\"async\" fetchpriority=\"high\" width=\"70\" height=\"70\" src=\"https:\/\/www.badenhaus.it\/wp-content\/uploads\/2022\/02\/ANTRACITE.png\" class=\"wp-image-3859 avia-img-lazy-loading-not-3859 attachment-no scaling size-no scaling\" alt=\"\" srcset=\"https:\/\/www.badenhaus.it\/wp-content\/uploads\/2022\/02\/ANTRACITE.png 70w, https:\/\/www.badenhaus.it\/wp-content\/uploads\/2022\/02\/ANTRACITE-36x36.png 36w\" sizes=\"(max-width: 70px) 100vw, 70px\" \/><\/div><div data-avia-tooltip=\"weiss hochglanz\" class='slide-entry av-aeeoec-7f8acb9d096b2cb4e9e9cf0d7a6a366f flex_column no_margin av_one_sixth real-thumbnail post-entry slide-entry-overview slide-loop-2 slide-parity-even  '><img decoding=\"async\" fetchpriority=\"high\" width=\"70\" height=\"70\" src=\"https:\/\/www.badenhaus.it\/wp-content\/uploads\/2022\/05\/BIANCO-LUCIDO-OK.png\" class=\"wp-image-5140 avia-img-lazy-loading-not-5140 attachment-no scaling size-no scaling\" alt=\"\" srcset=\"https:\/\/www.badenhaus.it\/wp-content\/uploads\/2022\/05\/BIANCO-LUCIDO-OK.png 70w, https:\/\/www.badenhaus.it\/wp-content\/uploads\/2022\/05\/BIANCO-LUCIDO-OK-36x36.png 36w\" sizes=\"(max-width: 70px) 100vw, 70px\" \/><\/div><div data-avia-tooltip=\"tabak-eiche\" class='slide-entry av-aeeoec-04a9e56ee5b9b778bafc87cbb2ca23b3 flex_column no_margin av_one_sixth real-thumbnail post-entry slide-entry-overview slide-loop-3 slide-parity-odd  '><img decoding=\"async\" fetchpriority=\"high\" width=\"70\" height=\"70\" src=\"https:\/\/www.badenhaus.it\/wp-content\/uploads\/2022\/02\/ROVERE-TABACCO.png\" class=\"wp-image-3884 avia-img-lazy-loading-not-3884 attachment-no scaling size-no scaling\" alt=\"\" srcset=\"https:\/\/www.badenhaus.it\/wp-content\/uploads\/2022\/02\/ROVERE-TABACCO.png 70w, https:\/\/www.badenhaus.it\/wp-content\/uploads\/2022\/02\/ROVERE-TABACCO-36x36.png 36w\" sizes=\"(max-width: 70px) 100vw, 70px\" \/><\/div><div data-avia-tooltip=\"eiche gebleicht\" class='slide-entry av-aeeoec-aefabb065fa57b3139dc738c157849ff flex_column no_margin av_one_sixth real-thumbnail post-entry slide-entry-overview slide-loop-4 slide-parity-even  '><img decoding=\"async\" fetchpriority=\"high\" width=\"70\" height=\"70\" src=\"https:\/\/www.badenhaus.it\/wp-content\/uploads\/2024\/09\/ROVERE-SBIANCATO.png\" class=\"wp-image-9746 avia-img-lazy-loading-not-9746 attachment-no scaling size-no scaling\" alt=\"\" srcset=\"https:\/\/www.badenhaus.it\/wp-content\/uploads\/2024\/09\/ROVERE-SBIANCATO.png 70w, https:\/\/www.badenhaus.it\/wp-content\/uploads\/2024\/09\/ROVERE-SBIANCATO-36x36.png 36w\" sizes=\"(max-width: 70px) 100vw, 70px\" \/><\/div><div data-avia-tooltip=\"dunkelgr\u00fcn matt\" class='slide-entry av-lc09z80z-4c8b07271ad90f5b624ed57734b96029 flex_column no_margin av_one_sixth real-thumbnail post-entry slide-entry-overview slide-loop-5 slide-parity-odd  '><img decoding=\"async\" fetchpriority=\"high\" width=\"70\" height=\"70\" src=\"https:\/\/www.badenhaus.it\/wp-content\/uploads\/2022\/09\/VERDE-OPACO-1.png\" class=\"wp-image-6513 avia-img-lazy-loading-not-6513 attachment-no scaling size-no scaling\" alt=\"\" srcset=\"https:\/\/www.badenhaus.it\/wp-content\/uploads\/2022\/09\/VERDE-OPACO-1.png 70w, https:\/\/www.badenhaus.it\/wp-content\/uploads\/2022\/09\/VERDE-OPACO-1-36x36.png 36w\" sizes=\"(max-width: 70px) 100vw, 70px\" \/><\/div><div data-avia-tooltip=\"weiss matt\" class='slide-entry av-aeeoec-fe1072483e051821983bd1319eee38f7 flex_column no_margin av_one_sixth real-thumbnail post-entry slide-entry-overview slide-loop-6 slide-parity-even post-entry-last '><img decoding=\"async\" fetchpriority=\"high\" width=\"70\" height=\"70\" src=\"https:\/\/www.badenhaus.it\/wp-content\/uploads\/2022\/05\/BIANCO-OPACO-OK.png\" class=\"wp-image-5144 avia-img-lazy-loading-not-5144 attachment-no scaling size-no scaling\" alt=\"\" srcset=\"https:\/\/www.badenhaus.it\/wp-content\/uploads\/2022\/05\/BIANCO-OPACO-OK.png 70w, https:\/\/www.badenhaus.it\/wp-content\/uploads\/2022\/05\/BIANCO-OPACO-OK-36x36.png 36w\" sizes=\"(max-width: 70px) 100vw, 70px\" \/><\/div><\/div><\/div><\/div><\/div><div  class='flex_column av-9c7i84-9c376c3153616dfedadc500ad6d175ef av_one_half  avia-builder-el-12  el_after_av_one_half  el_before_av_section  avia-builder-el-last  flex_column_div  '     ><\/div><\/p>\n<\/div><\/div><\/div><!-- close content main div --><\/div><\/div>\n<style type=\"text\/css\" data-created_by=\"avia_inline_auto\" id=\"style-css-av-77dqbo-fc25629ceec8f424cf8f8746a7086869\">\n.avia-section.av-77dqbo-fc25629ceec8f424cf8f8746a7086869{\nbackground-color:#f2f2f2;\nbackground-image:unset;\n}\n<\/style>\n<div id='av_section_3'  class='avia-section av-77dqbo-fc25629ceec8f424cf8f8746a7086869 main_color avia-section-small avia-no-border-styling  avia-builder-el-13  el_after_av_one_half  el_before_av_one_half  avia-bg-style-scroll container_wrap fullsize'  ><div class='container av-section-cont-open' ><div class='template-page content  av-content-full alpha units'><div class='post-entry post-entry-type-page post-entry-4263'><div class='entry-content-wrapper clearfix'>\n<div id='av-masonry-1' class='av-masonry av-kkjv8-06d89ac33e4f5df167297554e27649ec noHover av-fixed-size av-large-gap av-hover-overlay- av-masonry-animation-active av-masonry-col-3 av-caption-always av-caption-style- av-masonry-gallery ' data-post_id=\"4263\"><div class=\"av-masonry-container isotope av-js-disabled\"><div class='av-masonry-entry isotope-item av-masonry-item-no-image '><\/div><a href=\"https:\/\/www.badenhaus.it\/wp-content\/uploads\/2022\/12\/VAGUE-ANTRACITE-1030x773.jpg\" data-srcset=\"https:\/\/www.badenhaus.it\/wp-content\/uploads\/2022\/12\/VAGUE-ANTRACITE-1030x773.jpg 1030w, https:\/\/www.badenhaus.it\/wp-content\/uploads\/2022\/12\/VAGUE-ANTRACITE-300x225.jpg 300w, https:\/\/www.badenhaus.it\/wp-content\/uploads\/2022\/12\/VAGUE-ANTRACITE-768x576.jpg 768w, https:\/\/www.badenhaus.it\/wp-content\/uploads\/2022\/12\/VAGUE-ANTRACITE-1536x1152.jpg 1536w, https:\/\/www.badenhaus.it\/wp-content\/uploads\/2022\/12\/VAGUE-ANTRACITE-1500x1125.jpg 1500w, https:\/\/www.badenhaus.it\/wp-content\/uploads\/2022\/12\/VAGUE-ANTRACITE-705x529.jpg 705w, https:\/\/www.badenhaus.it\/wp-content\/uploads\/2022\/12\/VAGUE-ANTRACITE.jpg 1600w\" data-sizes=\"(max-width: 1030px) 100vw, 1030px\"  aria-label=\"Bild VAGUE &#8211; ANTRACITE\"  id='av-masonry-1-item-7979' data-av-masonry-item='7979' class='av-masonry-entry isotope-item post-7979 attachment type-attachment status-inherit hentry  av-masonry-item-with-image av-grid-img' title=\"VAGUE &#8211; ANTRACITE\" alt=\"\"    itemprop=\"thumbnailUrl\" ><div class='av-inner-masonry-sizer'><\/div><figure class='av-inner-masonry main_color'><div class=\"av-masonry-outerimage-container\"><div class='av-masonry-image-container' style=\"background-image: url(https:\/\/www.badenhaus.it\/wp-content\/uploads\/2022\/12\/VAGUE-ANTRACITE.jpg);\"  title=\"VAGUE &#8211; ANTRACITE\" ><\/div><\/div><\/figure><\/a><!--end av-masonry entry--><a href=\"https:\/\/www.badenhaus.it\/wp-content\/uploads\/2022\/12\/VAGUE-ANTRACITE-2-1030x773.jpg\" data-srcset=\"https:\/\/www.badenhaus.it\/wp-content\/uploads\/2022\/12\/VAGUE-ANTRACITE-2-1030x773.jpg 1030w, https:\/\/www.badenhaus.it\/wp-content\/uploads\/2022\/12\/VAGUE-ANTRACITE-2-300x225.jpg 300w, https:\/\/www.badenhaus.it\/wp-content\/uploads\/2022\/12\/VAGUE-ANTRACITE-2-768x576.jpg 768w, https:\/\/www.badenhaus.it\/wp-content\/uploads\/2022\/12\/VAGUE-ANTRACITE-2-1536x1152.jpg 1536w, https:\/\/www.badenhaus.it\/wp-content\/uploads\/2022\/12\/VAGUE-ANTRACITE-2-1500x1125.jpg 1500w, https:\/\/www.badenhaus.it\/wp-content\/uploads\/2022\/12\/VAGUE-ANTRACITE-2-705x529.jpg 705w, https:\/\/www.badenhaus.it\/wp-content\/uploads\/2022\/12\/VAGUE-ANTRACITE-2.jpg 1600w\" data-sizes=\"(max-width: 1030px) 100vw, 1030px\"  aria-label=\"Bild VAGUE &#8211; ANTRACITE 2\"  id='av-masonry-1-item-7983' data-av-masonry-item='7983' class='av-masonry-entry isotope-item post-7983 attachment type-attachment status-inherit hentry  av-masonry-item-with-image av-grid-img' title=\"VAGUE &#8211; ANTRACITE 2\" alt=\"\"    itemprop=\"thumbnailUrl\" ><div class='av-inner-masonry-sizer'><\/div><figure class='av-inner-masonry main_color'><div class=\"av-masonry-outerimage-container\"><div class='av-masonry-image-container' style=\"background-image: url(https:\/\/www.badenhaus.it\/wp-content\/uploads\/2022\/12\/VAGUE-ANTRACITE-2.jpg);\"  title=\"VAGUE &#8211; ANTRACITE 2\" ><\/div><\/div><\/figure><\/a><!--end av-masonry entry--><a href=\"https:\/\/www.badenhaus.it\/wp-content\/uploads\/2022\/12\/VAGUE-BIANCO-LUCIDO-1030x773.jpg\" data-srcset=\"https:\/\/www.badenhaus.it\/wp-content\/uploads\/2022\/12\/VAGUE-BIANCO-LUCIDO-1030x773.jpg 1030w, https:\/\/www.badenhaus.it\/wp-content\/uploads\/2022\/12\/VAGUE-BIANCO-LUCIDO-300x225.jpg 300w, https:\/\/www.badenhaus.it\/wp-content\/uploads\/2022\/12\/VAGUE-BIANCO-LUCIDO-768x576.jpg 768w, https:\/\/www.badenhaus.it\/wp-content\/uploads\/2022\/12\/VAGUE-BIANCO-LUCIDO-1536x1152.jpg 1536w, https:\/\/www.badenhaus.it\/wp-content\/uploads\/2022\/12\/VAGUE-BIANCO-LUCIDO-1500x1125.jpg 1500w, https:\/\/www.badenhaus.it\/wp-content\/uploads\/2022\/12\/VAGUE-BIANCO-LUCIDO-705x529.jpg 705w, https:\/\/www.badenhaus.it\/wp-content\/uploads\/2022\/12\/VAGUE-BIANCO-LUCIDO.jpg 1600w\" data-sizes=\"(max-width: 1030px) 100vw, 1030px\"  aria-label=\"Bild VAGUE &#8211; BIANCO LUCIDO\"  id='av-masonry-1-item-7987' data-av-masonry-item='7987' class='av-masonry-entry isotope-item post-7987 attachment type-attachment status-inherit hentry  av-masonry-item-with-image av-grid-img' title=\"VAGUE &#8211; BIANCO LUCIDO\" alt=\"\"    itemprop=\"thumbnailUrl\" ><div class='av-inner-masonry-sizer'><\/div><figure class='av-inner-masonry main_color'><div class=\"av-masonry-outerimage-container\"><div class='av-masonry-image-container' style=\"background-image: url(https:\/\/www.badenhaus.it\/wp-content\/uploads\/2022\/12\/VAGUE-BIANCO-LUCIDO.jpg);\"  title=\"VAGUE &#8211; BIANCO LUCIDO\" ><\/div><\/div><\/figure><\/a><!--end av-masonry entry--><a href=\"https:\/\/www.badenhaus.it\/wp-content\/uploads\/2022\/12\/VAGUE-BIANCO-LUCIDO-2-1030x773.jpg\" data-srcset=\"https:\/\/www.badenhaus.it\/wp-content\/uploads\/2022\/12\/VAGUE-BIANCO-LUCIDO-2-1030x773.jpg 1030w, https:\/\/www.badenhaus.it\/wp-content\/uploads\/2022\/12\/VAGUE-BIANCO-LUCIDO-2-300x225.jpg 300w, https:\/\/www.badenhaus.it\/wp-content\/uploads\/2022\/12\/VAGUE-BIANCO-LUCIDO-2-768x576.jpg 768w, https:\/\/www.badenhaus.it\/wp-content\/uploads\/2022\/12\/VAGUE-BIANCO-LUCIDO-2-1536x1152.jpg 1536w, https:\/\/www.badenhaus.it\/wp-content\/uploads\/2022\/12\/VAGUE-BIANCO-LUCIDO-2-1500x1125.jpg 1500w, https:\/\/www.badenhaus.it\/wp-content\/uploads\/2022\/12\/VAGUE-BIANCO-LUCIDO-2-705x529.jpg 705w, https:\/\/www.badenhaus.it\/wp-content\/uploads\/2022\/12\/VAGUE-BIANCO-LUCIDO-2.jpg 1600w\" data-sizes=\"(max-width: 1030px) 100vw, 1030px\"  aria-label=\"Bild VAGUE &#8211; BIANCO LUCIDO 2\"  id='av-masonry-1-item-7991' data-av-masonry-item='7991' class='av-masonry-entry isotope-item post-7991 attachment type-attachment status-inherit hentry  av-masonry-item-with-image av-grid-img' title=\"VAGUE &#8211; BIANCO LUCIDO 2\" alt=\"\"    itemprop=\"thumbnailUrl\" ><div class='av-inner-masonry-sizer'><\/div><figure class='av-inner-masonry main_color'><div class=\"av-masonry-outerimage-container\"><div class='av-masonry-image-container' style=\"background-image: url(https:\/\/www.badenhaus.it\/wp-content\/uploads\/2022\/12\/VAGUE-BIANCO-LUCIDO-2.jpg);\"  title=\"VAGUE &#8211; BIANCO LUCIDO 2\" ><\/div><\/div><\/figure><\/a><!--end av-masonry entry--><a href=\"https:\/\/www.badenhaus.it\/wp-content\/uploads\/2022\/12\/VAGUE-ROVERE-TABACCO-1030x773.jpg\" data-srcset=\"https:\/\/www.badenhaus.it\/wp-content\/uploads\/2022\/12\/VAGUE-ROVERE-TABACCO-1030x773.jpg 1030w, https:\/\/www.badenhaus.it\/wp-content\/uploads\/2022\/12\/VAGUE-ROVERE-TABACCO-300x225.jpg 300w, https:\/\/www.badenhaus.it\/wp-content\/uploads\/2022\/12\/VAGUE-ROVERE-TABACCO-768x576.jpg 768w, https:\/\/www.badenhaus.it\/wp-content\/uploads\/2022\/12\/VAGUE-ROVERE-TABACCO-1536x1152.jpg 1536w, https:\/\/www.badenhaus.it\/wp-content\/uploads\/2022\/12\/VAGUE-ROVERE-TABACCO-1500x1125.jpg 1500w, https:\/\/www.badenhaus.it\/wp-content\/uploads\/2022\/12\/VAGUE-ROVERE-TABACCO-705x529.jpg 705w, https:\/\/www.badenhaus.it\/wp-content\/uploads\/2022\/12\/VAGUE-ROVERE-TABACCO.jpg 1600w\" data-sizes=\"(max-width: 1030px) 100vw, 1030px\"  aria-label=\"Bild VAGUE &#8211; ROVERE TABACCO\"  id='av-masonry-1-item-7995' data-av-masonry-item='7995' class='av-masonry-entry isotope-item post-7995 attachment type-attachment status-inherit hentry  av-masonry-item-with-image av-grid-img' title=\"VAGUE &#8211; ROVERE TABACCO\" alt=\"\"    itemprop=\"thumbnailUrl\" ><div class='av-inner-masonry-sizer'><\/div><figure class='av-inner-masonry main_color'><div class=\"av-masonry-outerimage-container\"><div class='av-masonry-image-container' style=\"background-image: url(https:\/\/www.badenhaus.it\/wp-content\/uploads\/2022\/12\/VAGUE-ROVERE-TABACCO.jpg);\"  title=\"VAGUE &#8211; ROVERE TABACCO\" ><\/div><\/div><\/figure><\/a><!--end av-masonry entry--><a href=\"https:\/\/www.badenhaus.it\/wp-content\/uploads\/2022\/12\/VAGUE-ROVERE-TABACCO-2-1030x773.jpg\" data-srcset=\"https:\/\/www.badenhaus.it\/wp-content\/uploads\/2022\/12\/VAGUE-ROVERE-TABACCO-2-1030x773.jpg 1030w, https:\/\/www.badenhaus.it\/wp-content\/uploads\/2022\/12\/VAGUE-ROVERE-TABACCO-2-300x225.jpg 300w, https:\/\/www.badenhaus.it\/wp-content\/uploads\/2022\/12\/VAGUE-ROVERE-TABACCO-2-768x576.jpg 768w, https:\/\/www.badenhaus.it\/wp-content\/uploads\/2022\/12\/VAGUE-ROVERE-TABACCO-2-1536x1152.jpg 1536w, https:\/\/www.badenhaus.it\/wp-content\/uploads\/2022\/12\/VAGUE-ROVERE-TABACCO-2-1500x1125.jpg 1500w, https:\/\/www.badenhaus.it\/wp-content\/uploads\/2022\/12\/VAGUE-ROVERE-TABACCO-2-705x529.jpg 705w, https:\/\/www.badenhaus.it\/wp-content\/uploads\/2022\/12\/VAGUE-ROVERE-TABACCO-2.jpg 1600w\" data-sizes=\"(max-width: 1030px) 100vw, 1030px\"  aria-label=\"Bild VAGUE &#8211; ROVERE TABACCO 2\"  id='av-masonry-1-item-7999' data-av-masonry-item='7999' class='av-masonry-entry isotope-item post-7999 attachment type-attachment status-inherit hentry  av-masonry-item-with-image av-grid-img' title=\"VAGUE &#8211; ROVERE TABACCO 2\" alt=\"\"    itemprop=\"thumbnailUrl\" ><div class='av-inner-masonry-sizer'><\/div><figure class='av-inner-masonry main_color'><div class=\"av-masonry-outerimage-container\"><div class='av-masonry-image-container' style=\"background-image: url(https:\/\/www.badenhaus.it\/wp-content\/uploads\/2022\/12\/VAGUE-ROVERE-TABACCO-2.jpg);\"  title=\"VAGUE &#8211; ROVERE TABACCO 2\" ><\/div><\/div><\/figure><\/a><!--end av-masonry entry--><a href=\"https:\/\/www.badenhaus.it\/wp-content\/uploads\/2022\/12\/VAGUE-ROVERE-SBIANCATO-1030x773.jpg\" data-srcset=\"https:\/\/www.badenhaus.it\/wp-content\/uploads\/2022\/12\/VAGUE-ROVERE-SBIANCATO-1030x773.jpg 1030w, https:\/\/www.badenhaus.it\/wp-content\/uploads\/2022\/12\/VAGUE-ROVERE-SBIANCATO-300x225.jpg 300w, https:\/\/www.badenhaus.it\/wp-content\/uploads\/2022\/12\/VAGUE-ROVERE-SBIANCATO-768x576.jpg 768w, https:\/\/www.badenhaus.it\/wp-content\/uploads\/2022\/12\/VAGUE-ROVERE-SBIANCATO-1536x1152.jpg 1536w, https:\/\/www.badenhaus.it\/wp-content\/uploads\/2022\/12\/VAGUE-ROVERE-SBIANCATO-1500x1125.jpg 1500w, https:\/\/www.badenhaus.it\/wp-content\/uploads\/2022\/12\/VAGUE-ROVERE-SBIANCATO-705x529.jpg 705w, https:\/\/www.badenhaus.it\/wp-content\/uploads\/2022\/12\/VAGUE-ROVERE-SBIANCATO.jpg 1600w\" data-sizes=\"(max-width: 1030px) 100vw, 1030px\"  aria-label=\"Bild VAGUE &#8211; ROVERE SBIANCATO\"  id='av-masonry-1-item-8003' data-av-masonry-item='8003' class='av-masonry-entry isotope-item post-8003 attachment type-attachment status-inherit hentry  av-masonry-item-with-image av-grid-img' title=\"VAGUE &#8211; ROVERE SBIANCATO\" alt=\"\"    itemprop=\"thumbnailUrl\" ><div class='av-inner-masonry-sizer'><\/div><figure class='av-inner-masonry main_color'><div class=\"av-masonry-outerimage-container\"><div class='av-masonry-image-container' style=\"background-image: url(https:\/\/www.badenhaus.it\/wp-content\/uploads\/2022\/12\/VAGUE-ROVERE-SBIANCATO.jpg);\"  title=\"VAGUE &#8211; ROVERE SBIANCATO\" ><\/div><\/div><\/figure><\/a><!--end av-masonry entry--><a href=\"https:\/\/www.badenhaus.it\/wp-content\/uploads\/2022\/12\/VAGUE-VERDE-OPACO-1030x773.jpg\" data-srcset=\"https:\/\/www.badenhaus.it\/wp-content\/uploads\/2022\/12\/VAGUE-VERDE-OPACO-1030x773.jpg 1030w, https:\/\/www.badenhaus.it\/wp-content\/uploads\/2022\/12\/VAGUE-VERDE-OPACO-300x225.jpg 300w, https:\/\/www.badenhaus.it\/wp-content\/uploads\/2022\/12\/VAGUE-VERDE-OPACO-768x576.jpg 768w, https:\/\/www.badenhaus.it\/wp-content\/uploads\/2022\/12\/VAGUE-VERDE-OPACO-1536x1152.jpg 1536w, https:\/\/www.badenhaus.it\/wp-content\/uploads\/2022\/12\/VAGUE-VERDE-OPACO-1500x1125.jpg 1500w, https:\/\/www.badenhaus.it\/wp-content\/uploads\/2022\/12\/VAGUE-VERDE-OPACO-705x529.jpg 705w, https:\/\/www.badenhaus.it\/wp-content\/uploads\/2022\/12\/VAGUE-VERDE-OPACO.jpg 1600w\" data-sizes=\"(max-width: 1030px) 100vw, 1030px\"  aria-label=\"Bild VAGUE &#8211; VERDE OPACO\"  id='av-masonry-1-item-8007' data-av-masonry-item='8007' class='av-masonry-entry isotope-item post-8007 attachment type-attachment status-inherit hentry  av-masonry-item-with-image av-grid-img' title=\"VAGUE &#8211; VERDE OPACO\" alt=\"\"    itemprop=\"thumbnailUrl\" ><div class='av-inner-masonry-sizer'><\/div><figure class='av-inner-masonry main_color'><div class=\"av-masonry-outerimage-container\"><div class='av-masonry-image-container' style=\"background-image: url(https:\/\/www.badenhaus.it\/wp-content\/uploads\/2022\/12\/VAGUE-VERDE-OPACO.jpg);\"  title=\"VAGUE &#8211; VERDE OPACO\" ><\/div><\/div><\/figure><\/a><!--end av-masonry entry--><a href=\"https:\/\/www.badenhaus.it\/wp-content\/uploads\/2022\/12\/VAGUE-BIANCO-OPACO-1030x773.jpg\" data-srcset=\"https:\/\/www.badenhaus.it\/wp-content\/uploads\/2022\/12\/VAGUE-BIANCO-OPACO-1030x773.jpg 1030w, https:\/\/www.badenhaus.it\/wp-content\/uploads\/2022\/12\/VAGUE-BIANCO-OPACO-300x225.jpg 300w, https:\/\/www.badenhaus.it\/wp-content\/uploads\/2022\/12\/VAGUE-BIANCO-OPACO-768x576.jpg 768w, https:\/\/www.badenhaus.it\/wp-content\/uploads\/2022\/12\/VAGUE-BIANCO-OPACO-1536x1152.jpg 1536w, https:\/\/www.badenhaus.it\/wp-content\/uploads\/2022\/12\/VAGUE-BIANCO-OPACO-1500x1125.jpg 1500w, https:\/\/www.badenhaus.it\/wp-content\/uploads\/2022\/12\/VAGUE-BIANCO-OPACO-705x529.jpg 705w, https:\/\/www.badenhaus.it\/wp-content\/uploads\/2022\/12\/VAGUE-BIANCO-OPACO.jpg 1600w\" data-sizes=\"(max-width: 1030px) 100vw, 1030px\"  aria-label=\"Bild VAGUE &#8211; BIANCO OPACO\"  id='av-masonry-1-item-8011' data-av-masonry-item='8011' class='av-masonry-entry isotope-item post-8011 attachment type-attachment status-inherit hentry  av-masonry-item-with-image av-grid-img' title=\"VAGUE &#8211; BIANCO OPACO\" alt=\"\"    itemprop=\"thumbnailUrl\" ><div class='av-inner-masonry-sizer'><\/div><figure class='av-inner-masonry main_color'><div class=\"av-masonry-outerimage-container\"><div class='av-masonry-image-container' style=\"background-image: url(https:\/\/www.badenhaus.it\/wp-content\/uploads\/2022\/12\/VAGUE-BIANCO-OPACO.jpg);\"  title=\"VAGUE &#8211; BIANCO OPACO\" ><\/div><\/div><\/figure><\/a><!--end av-masonry entry--><\/div><\/div>\n<\/div><\/div><\/div><!-- close content main div --><\/div><\/div><div id='after_section_3'  class='main_color av_default_container_wrap container_wrap fullsize'  ><div class='container av-section-cont-open' ><div class='template-page content  av-content-full alpha units'><div class='post-entry post-entry-type-page post-entry-4263'><div class='entry-content-wrapper clearfix'>\n<div  class='flex_column av-4ug15w-4e6037bb88ccbcf72df4ae73f8cd5792 av_one_half  avia-builder-el-15  el_after_av_section  el_before_av_one_half  avia-builder-el-first  first flex_column_div  '     ><style type=\"text\/css\" data-created_by=\"avia_inline_auto\" id=\"style-css-av-kzyiq41n-7f0a3e4ec7af29e85ed39a33e76565a2\">\n#top .avia-icon-list-container.av-kzyiq41n-7f0a3e4ec7af29e85ed39a33e76565a2 .iconlist_icon{\ncolor:#000000;\nbackground-color:#ffffff;\nborder-style:solid;\nborder-width:1px 1px 1px 1px;\nborder-color:#000000;\n}\n#top .avia-icon-list-container.av-kzyiq41n-7f0a3e4ec7af29e85ed39a33e76565a2 .iconlist_icon svg:first-child{\nstroke:#000000;\nfill:#000000;\n}\n<\/style>\n<div  class='avia-icon-list-container av-kzyiq41n-7f0a3e4ec7af29e85ed39a33e76565a2  avia-builder-el-16  avia-builder-el-no-sibling '><ul class='avia-icon-list avia_animate_when_almost_visible avia-icon-list-left av-iconlist-big av-kzyiq41n-7f0a3e4ec7af29e85ed39a33e76565a2 avia-iconlist-animate'>\n<li><a href='https:\/\/www.badenhaus.it\/wp-content\/uploads\/2022\/12\/vague.pdf' title='Katalog VAGUE'  class='iconlist_icon av-kzyipzi4-5ae4e4cc95ab640b49c55bbd9a53ffb0 avia-font-entypo-fontello avia-iconfont avia-font-entypo-fontello'><span class='av-icon-char' data-av_icon='\ue84e' data-av_iconfont='entypo-fontello' aria-hidden=\"true\"><\/span><\/a><article class=\"article-icon-entry av-iconlist-empty\"  itemscope=\"itemscope\" itemtype=\"https:\/\/schema.org\/CreativeWork\" ><div class=\"iconlist_content_wrap\"><header class=\"entry-content-header\" aria-label=\"Icon: &lt;a href=&#039;https:\/\/www.badenhaus.it\/wp-content\/uploads\/2022\/12\/vague.pdf&#039; title=&#039;Katalog VAGUE&#039;&gt;Katalog VAGUE&lt;\/a&gt;\"><h4 class='av_iconlist_title iconlist_title  '  itemprop=\"headline\" ><a href='https:\/\/www.badenhaus.it\/wp-content\/uploads\/2022\/12\/vague.pdf' title='Katalog VAGUE'>Katalog VAGUE<\/a><\/h4><\/header><div class='iconlist_content '  itemprop=\"text\" ><\/div><\/div><footer class=\"entry-footer\"><\/footer><\/article><div class=\"iconlist-timeline\"><\/div><\/li>\n<li><a href='https:\/\/www.badenhaus.it\/wp-content\/uploads\/2022\/12\/misure-vague.pdf' title='Massnahmen VAGUE'  class='iconlist_icon av-kzyiq37j-30e7c442347e13ac7d39bef7ff800670 avia-font-entypo-fontello avia-iconfont avia-font-entypo-fontello'><span class='av-icon-char' data-av_icon='\ue84b' data-av_iconfont='entypo-fontello' aria-hidden=\"true\"><\/span><\/a><article class=\"article-icon-entry av-iconlist-empty\"  itemscope=\"itemscope\" itemtype=\"https:\/\/schema.org\/CreativeWork\" ><div class=\"iconlist_content_wrap\"><header class=\"entry-content-header\" aria-label=\"Icon: &lt;a href=&#039;https:\/\/www.badenhaus.it\/wp-content\/uploads\/2022\/12\/misure-vague.pdf&#039; title=&#039;Massnahmen VAGUE&#039;&gt;Massnahmen VAGUE&lt;\/a&gt;\"><h4 class='av_iconlist_title iconlist_title  '  itemprop=\"headline\" ><a href='https:\/\/www.badenhaus.it\/wp-content\/uploads\/2022\/12\/misure-vague.pdf' title='Massnahmen VAGUE'>Massnahmen VAGUE<\/a><\/h4><\/header><div class='iconlist_content '  itemprop=\"text\" ><\/div><\/div><footer class=\"entry-footer\"><\/footer><\/article><div class=\"iconlist-timeline\"><\/div><\/li>\n<\/ul><\/div><\/div>\n<div  class='flex_column av-2z8mec-458d6abbf85796cd4a0b9ca57db6b1c7 av_one_half  avia-builder-el-17  el_after_av_one_half  avia-builder-el-last  flex_column_div  '     ><\/div>\n","protected":false},"excerpt":{"rendered":"<p>Elegante geschwungene Linien charakterisieren die Serie Vague f\u00fcr Liebhaber von \u00c4sthetik, ohne auf Komfort zu verzichten. Praktische T\u00fcren und Schubladen verf\u00fcgbar in den Ausf\u00fchrungen<\/p>\n","protected":false},"author":1,"featured_media":8007,"comment_status":"closed","ping_status":"closed","template":"","meta":{"footnotes":""},"tags":[],"portfolio_entries":[39],"class_list":["post-4263","portfolio","type-portfolio","status-publish","has-post-thumbnail","hentry","portfolio_entries-kollektionen"],"yoast_head":"<!-- This site is optimized with the Yoast SEO plugin v25.2 - https:\/\/yoast.com\/wordpress\/plugins\/seo\/ -->\n<title>VAGUE - Baden Haus<\/title>\n<meta name=\"description\" content=\"Kombination von Minimalismus und Funktionalitaet\" \/>\n<meta name=\"robots\" content=\"index, follow, max-snippet:-1, max-image-preview:large, max-video-preview:-1\" \/>\n<link rel=\"canonical\" href=\"https:\/\/www.badenhaus.it\/de\/kollektionen\/vague\/\" \/>\n<meta property=\"og:locale\" content=\"de_DE\" \/>\n<meta property=\"og:type\" content=\"article\" \/>\n<meta property=\"og:title\" content=\"VAGUE - Baden Haus\" \/>\n<meta property=\"og:description\" content=\"Kombination von Minimalismus und Funktionalitaet\" \/>\n<meta property=\"og:url\" content=\"https:\/\/www.badenhaus.it\/de\/kollektionen\/vague\/\" \/>\n<meta property=\"og:site_name\" content=\"Baden Haus\" \/>\n<meta property=\"article:modified_time\" content=\"2024-09-24T09:37:54+00:00\" \/>\n<meta property=\"og:image\" content=\"https:\/\/www.badenhaus.it\/wp-content\/uploads\/2022\/12\/VAGUE-VERDE-OPACO.jpg\" \/>\n\t<meta property=\"og:image:width\" content=\"1600\" \/>\n\t<meta property=\"og:image:height\" content=\"1200\" \/>\n\t<meta property=\"og:image:type\" content=\"image\/jpeg\" \/>\n<meta name=\"twitter:card\" content=\"summary_large_image\" \/>\n<meta name=\"twitter:label1\" content=\"Gesch\u00e4tzte Lesezeit\" \/>\n\t<meta name=\"twitter:data1\" content=\"3\u00a0Minuten\" \/>\n<script type=\"application\/ld+json\" class=\"yoast-schema-graph\">{\"@context\":\"https:\/\/schema.org\",\"@graph\":[{\"@type\":\"WebPage\",\"@id\":\"https:\/\/www.badenhaus.it\/de\/kollektionen\/vague\/\",\"url\":\"https:\/\/www.badenhaus.it\/de\/kollektionen\/vague\/\",\"name\":\"VAGUE - Baden Haus\",\"isPartOf\":{\"@id\":\"https:\/\/www.badenhaus.it\/de\/#website\"},\"primaryImageOfPage\":{\"@id\":\"https:\/\/www.badenhaus.it\/de\/kollektionen\/vague\/#primaryimage\"},\"image\":{\"@id\":\"https:\/\/www.badenhaus.it\/de\/kollektionen\/vague\/#primaryimage\"},\"thumbnailUrl\":\"https:\/\/www.badenhaus.it\/wp-content\/uploads\/2022\/12\/VAGUE-VERDE-OPACO.jpg\",\"datePublished\":\"2022-01-11T07:00:48+00:00\",\"dateModified\":\"2024-09-24T09:37:54+00:00\",\"description\":\"Kombination von Minimalismus und Funktionalitaet\",\"breadcrumb\":{\"@id\":\"https:\/\/www.badenhaus.it\/de\/kollektionen\/vague\/#breadcrumb\"},\"inLanguage\":\"de\",\"potentialAction\":[{\"@type\":\"ReadAction\",\"target\":[\"https:\/\/www.badenhaus.it\/de\/kollektionen\/vague\/\"]}]},{\"@type\":\"ImageObject\",\"inLanguage\":\"de\",\"@id\":\"https:\/\/www.badenhaus.it\/de\/kollektionen\/vague\/#primaryimage\",\"url\":\"https:\/\/www.badenhaus.it\/wp-content\/uploads\/2022\/12\/VAGUE-VERDE-OPACO.jpg\",\"contentUrl\":\"https:\/\/www.badenhaus.it\/wp-content\/uploads\/2022\/12\/VAGUE-VERDE-OPACO.jpg\",\"width\":1600,\"height\":1200},{\"@type\":\"BreadcrumbList\",\"@id\":\"https:\/\/www.badenhaus.it\/de\/kollektionen\/vague\/#breadcrumb\",\"itemListElement\":[{\"@type\":\"ListItem\",\"position\":1,\"name\":\"Home\",\"item\":\"https:\/\/www.badenhaus.it\/de\/home\/\"},{\"@type\":\"ListItem\",\"position\":2,\"name\":\"VAGUE\"}]},{\"@type\":\"WebSite\",\"@id\":\"https:\/\/www.badenhaus.it\/de\/#website\",\"url\":\"https:\/\/www.badenhaus.it\/de\/\",\"name\":\"Baden Haus\",\"description\":\"Produzione mobili da bagno made in Italy\",\"potentialAction\":[{\"@type\":\"SearchAction\",\"target\":{\"@type\":\"EntryPoint\",\"urlTemplate\":\"https:\/\/www.badenhaus.it\/de\/?s={search_term_string}\"},\"query-input\":{\"@type\":\"PropertyValueSpecification\",\"valueRequired\":true,\"valueName\":\"search_term_string\"}}],\"inLanguage\":\"de\"}]}<\/script>\n<!-- \/ Yoast SEO plugin. -->","yoast_head_json":{"title":"VAGUE - Baden Haus","description":"Kombination von Minimalismus und Funktionalitaet","robots":{"index":"index","follow":"follow","max-snippet":"max-snippet:-1","max-image-preview":"max-image-preview:large","max-video-preview":"max-video-preview:-1"},"canonical":"https:\/\/www.badenhaus.it\/de\/kollektionen\/vague\/","og_locale":"de_DE","og_type":"article","og_title":"VAGUE - Baden Haus","og_description":"Kombination von Minimalismus und Funktionalitaet","og_url":"https:\/\/www.badenhaus.it\/de\/kollektionen\/vague\/","og_site_name":"Baden Haus","article_modified_time":"2024-09-24T09:37:54+00:00","og_image":[{"width":1600,"height":1200,"url":"https:\/\/www.badenhaus.it\/wp-content\/uploads\/2022\/12\/VAGUE-VERDE-OPACO.jpg","type":"image\/jpeg"}],"twitter_card":"summary_large_image","twitter_misc":{"Gesch\u00e4tzte Lesezeit":"3\u00a0Minuten"},"schema":{"@context":"https:\/\/schema.org","@graph":[{"@type":"WebPage","@id":"https:\/\/www.badenhaus.it\/de\/kollektionen\/vague\/","url":"https:\/\/www.badenhaus.it\/de\/kollektionen\/vague\/","name":"VAGUE - Baden Haus","isPartOf":{"@id":"https:\/\/www.badenhaus.it\/de\/#website"},"primaryImageOfPage":{"@id":"https:\/\/www.badenhaus.it\/de\/kollektionen\/vague\/#primaryimage"},"image":{"@id":"https:\/\/www.badenhaus.it\/de\/kollektionen\/vague\/#primaryimage"},"thumbnailUrl":"https:\/\/www.badenhaus.it\/wp-content\/uploads\/2022\/12\/VAGUE-VERDE-OPACO.jpg","datePublished":"2022-01-11T07:00:48+00:00","dateModified":"2024-09-24T09:37:54+00:00","description":"Kombination von Minimalismus und Funktionalitaet","breadcrumb":{"@id":"https:\/\/www.badenhaus.it\/de\/kollektionen\/vague\/#breadcrumb"},"inLanguage":"de","potentialAction":[{"@type":"ReadAction","target":["https:\/\/www.badenhaus.it\/de\/kollektionen\/vague\/"]}]},{"@type":"ImageObject","inLanguage":"de","@id":"https:\/\/www.badenhaus.it\/de\/kollektionen\/vague\/#primaryimage","url":"https:\/\/www.badenhaus.it\/wp-content\/uploads\/2022\/12\/VAGUE-VERDE-OPACO.jpg","contentUrl":"https:\/\/www.badenhaus.it\/wp-content\/uploads\/2022\/12\/VAGUE-VERDE-OPACO.jpg","width":1600,"height":1200},{"@type":"BreadcrumbList","@id":"https:\/\/www.badenhaus.it\/de\/kollektionen\/vague\/#breadcrumb","itemListElement":[{"@type":"ListItem","position":1,"name":"Home","item":"https:\/\/www.badenhaus.it\/de\/home\/"},{"@type":"ListItem","position":2,"name":"VAGUE"}]},{"@type":"WebSite","@id":"https:\/\/www.badenhaus.it\/de\/#website","url":"https:\/\/www.badenhaus.it\/de\/","name":"Baden Haus","description":"Produzione mobili da bagno made in Italy","potentialAction":[{"@type":"SearchAction","target":{"@type":"EntryPoint","urlTemplate":"https:\/\/www.badenhaus.it\/de\/?s={search_term_string}"},"query-input":{"@type":"PropertyValueSpecification","valueRequired":true,"valueName":"search_term_string"}}],"inLanguage":"de"}]}},"_links":{"self":[{"href":"https:\/\/www.badenhaus.it\/de\/wp-json\/wp\/v2\/portfolio\/4263","targetHints":{"allow":["GET"]}}],"collection":[{"href":"https:\/\/www.badenhaus.it\/de\/wp-json\/wp\/v2\/portfolio"}],"about":[{"href":"https:\/\/www.badenhaus.it\/de\/wp-json\/wp\/v2\/types\/portfolio"}],"author":[{"embeddable":true,"href":"https:\/\/www.badenhaus.it\/de\/wp-json\/wp\/v2\/users\/1"}],"replies":[{"embeddable":true,"href":"https:\/\/www.badenhaus.it\/de\/wp-json\/wp\/v2\/comments?post=4263"}],"version-history":[{"count":17,"href":"https:\/\/www.badenhaus.it\/de\/wp-json\/wp\/v2\/portfolio\/4263\/revisions"}],"predecessor-version":[{"id":6050,"href":"https:\/\/www.badenhaus.it\/de\/wp-json\/wp\/v2\/portfolio\/4263\/revisions\/6050"}],"wp:featuredmedia":[{"embeddable":true,"href":"https:\/\/www.badenhaus.it\/de\/wp-json\/wp\/v2\/media\/8007"}],"wp:attachment":[{"href":"https:\/\/www.badenhaus.it\/de\/wp-json\/wp\/v2\/media?parent=4263"}],"wp:term":[{"taxonomy":"post_tag","embeddable":true,"href":"https:\/\/www.badenhaus.it\/de\/wp-json\/wp\/v2\/tags?post=4263"},{"taxonomy":"portfolio_entries","embeddable":true,"href":"https:\/\/www.badenhaus.it\/de\/wp-json\/wp\/v2\/portfolio_entries?post=4263"}],"curies":[{"name":"wp","href":"https:\/\/api.w.org\/{rel}","templated":true}]}}