{"id":4276,"date":"2022-01-14T08:00:30","date_gmt":"2022-01-14T07:00:30","guid":{"rendered":"http:\/\/www.badenhaus.it\/collezioni\/avril\/"},"modified":"2024-09-24T11:41:04","modified_gmt":"2024-09-24T09:41:04","slug":"avril","status":"publish","type":"portfolio","link":"https:\/\/www.badenhaus.it\/de\/kollektionen\/avril\/","title":{"rendered":"AVRIL"},"content":{"rendered":"<div id='av_section_1'  class='avia-section av-xrrtoj-4ad142954e80eac73f57b0cc7dc8fe89 main_color avia-section-default avia-no-border-styling  avia-builder-el-0  el_before_av_section  avia-builder-el-first  avia-bg-style-scroll container_wrap fullsize'  ><div class='container av-section-cont-open' ><main  role=\"main\" itemprop=\"mainContentOfPage\"  class='template-page content  av-content-full alpha units'><div class='post-entry post-entry-type-page post-entry-4276'><div class='entry-content-wrapper clearfix'>\n<div class='flex_column_table av-w50rpf-c381bcddae0d5d61e232757677a35060 sc-av_one_fourth av-equal-height-column-flextable'>\n<style type=\"text\/css\" data-created_by=\"avia_inline_auto\" id=\"style-css-av-w50rpf-c381bcddae0d5d61e232757677a35060\">\n#top .flex_column_table.av-equal-height-column-flextable.av-w50rpf-c381bcddae0d5d61e232757677a35060{\nmargin-top:0px;\nmargin-bottom:0px;\n}\n.flex_column.av-w50rpf-c381bcddae0d5d61e232757677a35060{\nborder-radius:3px 3px 3px 3px;\npadding:0px 0px 0px 0px;\n}\n<\/style>\n<div  class='flex_column av-w50rpf-c381bcddae0d5d61e232757677a35060 av_one_fourth  avia-builder-el-1  el_before_av_three_fourth  avia-builder-el-first  first flex_column_table_cell av-equal-height-column av-align-middle av-animated-generic left-to-right av-zero-column-padding  '     ><style type=\"text\/css\" data-created_by=\"avia_inline_auto\" id=\"style-css-av-kzyh76wm-3c0f9433e4478e67f984ddf70e40b717\">\n#top .av-special-heading.av-kzyh76wm-3c0f9433e4478e67f984ddf70e40b717{\nmargin:15px 0 0 0;\npadding-bottom:10px;\nfont-size:28px;\n}\nbody .av-special-heading.av-kzyh76wm-3c0f9433e4478e67f984ddf70e40b717 .av-special-heading-tag .heading-char{\nfont-size:25px;\n}\n#top #wrap_all .av-special-heading.av-kzyh76wm-3c0f9433e4478e67f984ddf70e40b717 .av-special-heading-tag{\nfont-size:28px;\n}\n.av-special-heading.av-kzyh76wm-3c0f9433e4478e67f984ddf70e40b717 .av-subheading{\nfont-size:20px;\n}\n\n@media only screen and (min-width: 480px) and (max-width: 767px){ \n#top #wrap_all .av-special-heading.av-kzyh76wm-3c0f9433e4478e67f984ddf70e40b717 .av-special-heading-tag{\nfont-size:0.8em;\n}\n}\n\n@media only screen and (max-width: 479px){ \n#top #wrap_all .av-special-heading.av-kzyh76wm-3c0f9433e4478e67f984ddf70e40b717 .av-special-heading-tag{\nfont-size:0.8em;\n}\n}\n<\/style>\n<div  class='av-special-heading av-kzyh76wm-3c0f9433e4478e67f984ddf70e40b717 av-special-heading-h2 blockquote modern-quote  avia-builder-el-2  avia-builder-el-no-sibling  av-inherit-size'><h2 class='av-special-heading-tag '  itemprop=\"headline\"  ><\/p>\n<blockquote>\n<p>AVRIL<\/p>\n<\/blockquote>\n<p><\/h2><div class='av-subheading av-subheading_below'><p><em>Einer vielseitigen Linie kann es sich erstaunlich f\u00fcr jeden Wohnraum eignen<\/em><\/p>\n<\/div><div class=\"special-heading-border\"><div class=\"special-heading-inner-border\"><\/div><\/div><\/div><\/div><div class='av-flex-placeholder'><\/div>\n<style type=\"text\/css\" data-created_by=\"avia_inline_auto\" id=\"style-css-av-u9mpqr-e141b7a581f7c42f4f35fa45dba8fd0e\">\n#top .flex_column_table.av-equal-height-column-flextable.av-u9mpqr-e141b7a581f7c42f4f35fa45dba8fd0e{\nmargin-top:0px;\nmargin-bottom:0px;\n}\n.flex_column.av-u9mpqr-e141b7a581f7c42f4f35fa45dba8fd0e{\nborder-radius:3px 3px 3px 3px;\npadding:0px 0px 0px 0px;\n}\n<\/style>\n<div  class='flex_column av-u9mpqr-e141b7a581f7c42f4f35fa45dba8fd0e av_three_fourth  avia-builder-el-3  el_after_av_one_fourth  avia-builder-el-last  flex_column_table_cell av-equal-height-column av-align-middle av-animated-generic left-to-right av-zero-column-padding  '     ><div  class='avia-slideshow av-2tyilf-335737b7ed5dc4140f3823ad213c6ae6 avia-slideshow-no scaling av_slideshow avia-fade-slider  avia-builder-el-4  avia-builder-el-no-sibling  av-slideshow-ui av-control-minimal av-slideshow-autoplay av-loop-endless av-loop-manual-endless av-default-height-applied avia-slideshow-1' data-slideshow-options=\"{&quot;animation&quot;:&quot;fade&quot;,&quot;autoplay&quot;:true,&quot;loop_autoplay&quot;:&quot;endless&quot;,&quot;interval&quot;:4,&quot;loop_manual&quot;:&quot;manual-endless&quot;,&quot;autoplay_stopper&quot;:false,&quot;noNavigation&quot;:false,&quot;bg_slider&quot;:false,&quot;keep_padding&quot;:false,&quot;hoverpause&quot;:false,&quot;show_slide_delay&quot;:0}\"  itemprop=\"image\" itemscope=\"itemscope\" itemtype=\"https:\/\/schema.org\/ImageObject\" ><ul class='avia-slideshow-inner ' style='padding-bottom: 75%;'><li  class='avia-slideshow-slide av-2tyilf-335737b7ed5dc4140f3823ad213c6ae6__0  slide-1 slide-odd'><div data-rel='slideshow-1' class='avia-slide-wrap '   ><img decoding=\"async\" fetchpriority=\"high\" class=\"wp-image-8173 avia-img-lazy-loading-not-8173\"  src=\"https:\/\/www.badenhaus.it\/wp-content\/uploads\/2022\/12\/AVRIL-ROVERE-TABACCO.jpg\" width=\"1600\" height=\"1200\" title='AVRIL - ROVERE TABACCO' alt=''  itemprop=\"thumbnailUrl\" srcset=\"https:\/\/www.badenhaus.it\/wp-content\/uploads\/2022\/12\/AVRIL-ROVERE-TABACCO.jpg 1600w, https:\/\/www.badenhaus.it\/wp-content\/uploads\/2022\/12\/AVRIL-ROVERE-TABACCO-300x225.jpg 300w, https:\/\/www.badenhaus.it\/wp-content\/uploads\/2022\/12\/AVRIL-ROVERE-TABACCO-1030x773.jpg 1030w, https:\/\/www.badenhaus.it\/wp-content\/uploads\/2022\/12\/AVRIL-ROVERE-TABACCO-768x576.jpg 768w, https:\/\/www.badenhaus.it\/wp-content\/uploads\/2022\/12\/AVRIL-ROVERE-TABACCO-1536x1152.jpg 1536w, https:\/\/www.badenhaus.it\/wp-content\/uploads\/2022\/12\/AVRIL-ROVERE-TABACCO-1500x1125.jpg 1500w, https:\/\/www.badenhaus.it\/wp-content\/uploads\/2022\/12\/AVRIL-ROVERE-TABACCO-705x529.jpg 705w\" sizes=\"(max-width: 1600px) 100vw, 1600px\" \/><\/div><\/li><li  class='avia-slideshow-slide av-2tyilf-335737b7ed5dc4140f3823ad213c6ae6__1  slide-2 slide-even'><div data-rel='slideshow-1' class='avia-slide-wrap '   ><img decoding=\"async\" fetchpriority=\"high\" class=\"wp-image-8181 avia-img-lazy-loading-not-8181\"  src=\"https:\/\/www.badenhaus.it\/wp-content\/uploads\/2022\/12\/AVRIL-BIANCO-LUCIDO.jpg\" width=\"1600\" height=\"1200\" title='AVRIL - BIANCO LUCIDO' alt=''  itemprop=\"thumbnailUrl\" srcset=\"https:\/\/www.badenhaus.it\/wp-content\/uploads\/2022\/12\/AVRIL-BIANCO-LUCIDO.jpg 1600w, https:\/\/www.badenhaus.it\/wp-content\/uploads\/2022\/12\/AVRIL-BIANCO-LUCIDO-300x225.jpg 300w, https:\/\/www.badenhaus.it\/wp-content\/uploads\/2022\/12\/AVRIL-BIANCO-LUCIDO-1030x773.jpg 1030w, https:\/\/www.badenhaus.it\/wp-content\/uploads\/2022\/12\/AVRIL-BIANCO-LUCIDO-768x576.jpg 768w, https:\/\/www.badenhaus.it\/wp-content\/uploads\/2022\/12\/AVRIL-BIANCO-LUCIDO-1536x1152.jpg 1536w, https:\/\/www.badenhaus.it\/wp-content\/uploads\/2022\/12\/AVRIL-BIANCO-LUCIDO-1500x1125.jpg 1500w, https:\/\/www.badenhaus.it\/wp-content\/uploads\/2022\/12\/AVRIL-BIANCO-LUCIDO-705x529.jpg 705w\" sizes=\"(max-width: 1600px) 100vw, 1600px\" \/><\/div><\/li><li  class='avia-slideshow-slide av-2tyilf-335737b7ed5dc4140f3823ad213c6ae6__2  slide-3 slide-odd'><div data-rel='slideshow-1' class='avia-slide-wrap '   ><img decoding=\"async\" fetchpriority=\"high\" class=\"wp-image-8185 avia-img-lazy-loading-not-8185\"  src=\"https:\/\/www.badenhaus.it\/wp-content\/uploads\/2022\/12\/AVRIL-BLU-PETROLIO.jpg\" width=\"1600\" height=\"1200\" title='AVRIL - BLU PETROLIO' alt=''  itemprop=\"thumbnailUrl\" srcset=\"https:\/\/www.badenhaus.it\/wp-content\/uploads\/2022\/12\/AVRIL-BLU-PETROLIO.jpg 1600w, https:\/\/www.badenhaus.it\/wp-content\/uploads\/2022\/12\/AVRIL-BLU-PETROLIO-300x225.jpg 300w, https:\/\/www.badenhaus.it\/wp-content\/uploads\/2022\/12\/AVRIL-BLU-PETROLIO-1030x773.jpg 1030w, https:\/\/www.badenhaus.it\/wp-content\/uploads\/2022\/12\/AVRIL-BLU-PETROLIO-768x576.jpg 768w, https:\/\/www.badenhaus.it\/wp-content\/uploads\/2022\/12\/AVRIL-BLU-PETROLIO-1536x1152.jpg 1536w, https:\/\/www.badenhaus.it\/wp-content\/uploads\/2022\/12\/AVRIL-BLU-PETROLIO-1500x1125.jpg 1500w, https:\/\/www.badenhaus.it\/wp-content\/uploads\/2022\/12\/AVRIL-BLU-PETROLIO-705x529.jpg 705w\" sizes=\"(max-width: 1600px) 100vw, 1600px\" \/><\/div><\/li><li  class='avia-slideshow-slide av-2tyilf-335737b7ed5dc4140f3823ad213c6ae6__3  slide-4 slide-even'><div data-rel='slideshow-1' class='avia-slide-wrap '   ><img decoding=\"async\" fetchpriority=\"high\" class=\"wp-image-8193 avia-img-lazy-loading-not-8193\"  src=\"https:\/\/www.badenhaus.it\/wp-content\/uploads\/2022\/12\/AVRIL-TALPA.jpg\" width=\"1600\" height=\"1200\" title='AVRIL - TALPA' alt=''  itemprop=\"thumbnailUrl\" srcset=\"https:\/\/www.badenhaus.it\/wp-content\/uploads\/2022\/12\/AVRIL-TALPA.jpg 1600w, https:\/\/www.badenhaus.it\/wp-content\/uploads\/2022\/12\/AVRIL-TALPA-300x225.jpg 300w, https:\/\/www.badenhaus.it\/wp-content\/uploads\/2022\/12\/AVRIL-TALPA-1030x773.jpg 1030w, https:\/\/www.badenhaus.it\/wp-content\/uploads\/2022\/12\/AVRIL-TALPA-768x576.jpg 768w, https:\/\/www.badenhaus.it\/wp-content\/uploads\/2022\/12\/AVRIL-TALPA-1536x1152.jpg 1536w, https:\/\/www.badenhaus.it\/wp-content\/uploads\/2022\/12\/AVRIL-TALPA-1500x1125.jpg 1500w, https:\/\/www.badenhaus.it\/wp-content\/uploads\/2022\/12\/AVRIL-TALPA-705x529.jpg 705w\" sizes=\"(max-width: 1600px) 100vw, 1600px\" \/><\/div><\/li><li  class='avia-slideshow-slide av-2tyilf-335737b7ed5dc4140f3823ad213c6ae6__4  slide-5 slide-odd'><div data-rel='slideshow-1' class='avia-slide-wrap '   ><img decoding=\"async\" fetchpriority=\"high\" class=\"wp-image-8201 avia-img-lazy-loading-not-8201\"  src=\"https:\/\/www.badenhaus.it\/wp-content\/uploads\/2022\/12\/AVRIL-ROVERE-SOFT.jpg\" width=\"1600\" height=\"1200\" title='AVRIL - ROVERE SOFT' alt=''  itemprop=\"thumbnailUrl\" srcset=\"https:\/\/www.badenhaus.it\/wp-content\/uploads\/2022\/12\/AVRIL-ROVERE-SOFT.jpg 1600w, https:\/\/www.badenhaus.it\/wp-content\/uploads\/2022\/12\/AVRIL-ROVERE-SOFT-300x225.jpg 300w, https:\/\/www.badenhaus.it\/wp-content\/uploads\/2022\/12\/AVRIL-ROVERE-SOFT-1030x773.jpg 1030w, https:\/\/www.badenhaus.it\/wp-content\/uploads\/2022\/12\/AVRIL-ROVERE-SOFT-768x576.jpg 768w, https:\/\/www.badenhaus.it\/wp-content\/uploads\/2022\/12\/AVRIL-ROVERE-SOFT-1536x1152.jpg 1536w, https:\/\/www.badenhaus.it\/wp-content\/uploads\/2022\/12\/AVRIL-ROVERE-SOFT-1500x1125.jpg 1500w, https:\/\/www.badenhaus.it\/wp-content\/uploads\/2022\/12\/AVRIL-ROVERE-SOFT-705x529.jpg 705w\" sizes=\"(max-width: 1600px) 100vw, 1600px\" \/><\/div><\/li><li  class='avia-slideshow-slide av-2tyilf-335737b7ed5dc4140f3823ad213c6ae6__5  slide-6 slide-even'><div data-rel='slideshow-1' class='avia-slide-wrap '   ><img decoding=\"async\" fetchpriority=\"high\" class=\"wp-image-8206 avia-img-lazy-loading-not-8206\"  src=\"https:\/\/www.badenhaus.it\/wp-content\/uploads\/2022\/12\/AVRIL-ROVERE-SBIANCATO.jpg\" width=\"1600\" height=\"1200\" title='AVRIL - ROVERE SBIANCATO' alt=''  itemprop=\"thumbnailUrl\" srcset=\"https:\/\/www.badenhaus.it\/wp-content\/uploads\/2022\/12\/AVRIL-ROVERE-SBIANCATO.jpg 1600w, https:\/\/www.badenhaus.it\/wp-content\/uploads\/2022\/12\/AVRIL-ROVERE-SBIANCATO-300x225.jpg 300w, https:\/\/www.badenhaus.it\/wp-content\/uploads\/2022\/12\/AVRIL-ROVERE-SBIANCATO-1030x773.jpg 1030w, https:\/\/www.badenhaus.it\/wp-content\/uploads\/2022\/12\/AVRIL-ROVERE-SBIANCATO-768x576.jpg 768w, https:\/\/www.badenhaus.it\/wp-content\/uploads\/2022\/12\/AVRIL-ROVERE-SBIANCATO-1536x1152.jpg 1536w, https:\/\/www.badenhaus.it\/wp-content\/uploads\/2022\/12\/AVRIL-ROVERE-SBIANCATO-1500x1125.jpg 1500w, https:\/\/www.badenhaus.it\/wp-content\/uploads\/2022\/12\/AVRIL-ROVERE-SBIANCATO-705x529.jpg 705w\" sizes=\"(max-width: 1600px) 100vw, 1600px\" \/><\/div><\/li><\/ul><div class='avia-slideshow-arrows avia-slideshow-controls' ><a href='#prev' class='prev-slide  avia-svg-icon avia-font-svg_entypo-fontello' data-av_svg_icon='left-open-big' data-av_iconset='svg_entypo-fontello' tabindex='-1' title=\"Zur\u00fcck\"><svg version=\"1.1\" xmlns=\"http:\/\/www.w3.org\/2000\/svg\" width=\"15\" height=\"32\" viewBox=\"0 0 15 32\" preserveAspectRatio=\"xMidYMid meet\" aria-labelledby='av-svg-title-1' aria-describedby='av-svg-desc-1' role=\"graphics-symbol\" aria-hidden=\"true\">\n<title id='av-svg-title-1'>Zur\u00fcck<\/title>\n<desc id='av-svg-desc-1'>Zur\u00fcck<\/desc>\n<path d=\"M14.464 27.84q0.832 0.832 0 1.536-0.832 0.832-1.536 0l-12.544-12.608q-0.768-0.768 0-1.6l12.544-12.608q0.704-0.832 1.536 0 0.832 0.704 0 1.536l-11.456 11.904z\"><\/path>\n<\/svg><span class='avia_hidden_link_text'>Zur\u00fcck<\/span><\/a><a href='#next' class='next-slide  avia-svg-icon avia-font-svg_entypo-fontello' data-av_svg_icon='right-open-big' data-av_iconset='svg_entypo-fontello' tabindex='-1' title=\"Weiter\"><svg version=\"1.1\" xmlns=\"http:\/\/www.w3.org\/2000\/svg\" width=\"15\" height=\"32\" viewBox=\"0 0 15 32\" preserveAspectRatio=\"xMidYMid meet\" aria-labelledby='av-svg-title-2' aria-describedby='av-svg-desc-2' role=\"graphics-symbol\" aria-hidden=\"true\">\n<title id='av-svg-title-2'>Weiter<\/title>\n<desc id='av-svg-desc-2'>Weiter<\/desc>\n<path d=\"M0.416 27.84l11.456-11.84-11.456-11.904q-0.832-0.832 0-1.536 0.832-0.832 1.536 0l12.544 12.608q0.768 0.832 0 1.6l-12.544 12.608q-0.704 0.832-1.536 0-0.832-0.704 0-1.536z\"><\/path>\n<\/svg><span class='avia_hidden_link_text'>Weiter<\/span><\/a><\/div><div class='avia-slideshow-dots avia-slideshow-controls'><a href='#1' class='goto-slide active' >1<\/a><a href='#2' class='goto-slide ' >2<\/a><a href='#3' class='goto-slide ' >3<\/a><a href='#4' class='goto-slide ' >4<\/a><a href='#5' class='goto-slide ' >5<\/a><a href='#6' class='goto-slide ' >6<\/a><\/div><\/div><\/div><\/div><!--close column table wrapper. Autoclose: 1 -->\n\n<\/div><\/div><\/main><!-- close content main element --><\/div><\/div>\n<style type=\"text\/css\" data-created_by=\"avia_inline_auto\" id=\"style-css-av-lrt75f-c8bc3f244748b9c7e6bb100558afced2\">\n.avia-section.av-lrt75f-c8bc3f244748b9c7e6bb100558afced2{\nbackground-color:#f2f2f2;\nbackground-image:unset;\n}\n<\/style>\n<div id='av_section_2'  class='avia-section av-lrt75f-c8bc3f244748b9c7e6bb100558afced2 main_color avia-section-small avia-no-border-styling  avia-builder-el-5  el_after_av_section  el_before_av_one_half  avia-bg-style-scroll container_wrap fullsize'  ><div class='container av-section-cont-open' ><div class='template-page content  av-content-full alpha units'><div class='post-entry post-entry-type-page post-entry-4276'><div class='entry-content-wrapper clearfix'>\n\n<style type=\"text\/css\" data-created_by=\"avia_inline_auto\" id=\"style-css-av-ksqjwj-074682c8eaf7aea514564006505368f8\">\n#top .flex_column.av-ksqjwj-074682c8eaf7aea514564006505368f8{\nmargin-top:0px;\nmargin-bottom:0px;\n}\n.flex_column.av-ksqjwj-074682c8eaf7aea514564006505368f8{\nborder-radius:3px 3px 3px 3px;\npadding:0px 0px 0px 0px;\n}\n.responsive #top #wrap_all .flex_column.av-ksqjwj-074682c8eaf7aea514564006505368f8{\nmargin-top:0px;\nmargin-bottom:0px;\n}\n<\/style>\n<div  class='flex_column av-ksqjwj-074682c8eaf7aea514564006505368f8 av_one_half  avia-builder-el-6  el_before_av_one_half  avia-builder-el-first  first flex_column_div av-animated-generic left-to-right av-zero-column-padding  '     ><section  class='av_textblock_section av-kzyh7mwb-c1c2360535bdcb02a0dc634493670dfb '   itemscope=\"itemscope\" itemtype=\"https:\/\/schema.org\/CreativeWork\" ><div class='avia_textblock'  itemprop=\"text\" ><p>Modernit\u00e4t und Strenge kennzeichnen dieses auffallend vielseitige M\u00f6belst\u00fcck, das in jedes Badezimmer passt. Der Waschtischunterschrank ist eine ger\u00e4umige, quadratische Einheit mit Soft-Motion-Verschluss, die ein gro\u00dfes, funktionelles, integriertes Harz-Waschbecken beherbergt, auf das mehrere Module in derselben Ausf\u00fchrung neben- oder \u00fcbereinander gestellt werden k\u00f6nnen, um unendliche Kompositionsl\u00f6sungen zu schaffen.<\/p>\n<\/div><\/section><\/div>\n<style type=\"text\/css\" data-created_by=\"avia_inline_auto\" id=\"style-css-av-ipv2v7-bafb05dd8f10b72ff9922f4e3f6133c9\">\n#top .flex_column.av-ipv2v7-bafb05dd8f10b72ff9922f4e3f6133c9{\nmargin-top:0px;\nmargin-bottom:0px;\n}\n.flex_column.av-ipv2v7-bafb05dd8f10b72ff9922f4e3f6133c9{\nborder-radius:3px 3px 3px 3px;\npadding:0px 0px 0px 0px;\n}\n.responsive #top #wrap_all .flex_column.av-ipv2v7-bafb05dd8f10b72ff9922f4e3f6133c9{\nmargin-top:0px;\nmargin-bottom:0px;\n}\n<\/style>\n<div  class='flex_column av-ipv2v7-bafb05dd8f10b72ff9922f4e3f6133c9 av_one_half  avia-builder-el-8  el_after_av_one_half  avia-builder-el-last  flex_column_div av-animated-generic left-to-right av-zero-column-padding  '     ><section  class='av_textblock_section av-kzyh7vlf-156b84ade8e53e157cef07bd550cf5d2 '   itemscope=\"itemscope\" itemtype=\"https:\/\/schema.org\/CreativeWork\" ><div class='avia_textblock'  itemprop=\"text\" ><p>Der Spagat zwischen Unter-, Ober- und S\u00e4ulenschr\u00e4nken erm\u00f6glicht die Gestaltung von raffinierten und dynamischen B\u00e4dern. Die verchromten Details auf dem Sockel erm\u00f6glichen es, eine starke technische Konnotation mit robustem Holz zu kombinieren.<\/p>\n<\/div><\/section><\/div>\n<\/div><\/div><\/div><!-- close content main div --><\/div><\/div><div id='after_section_2'  class='main_color av_default_container_wrap container_wrap fullsize'  ><div class='container av-section-cont-open' ><div class='template-page content  av-content-full alpha units'><div class='post-entry post-entry-type-page post-entry-4276'><div class='entry-content-wrapper clearfix'>\n\n<style type=\"text\/css\" data-created_by=\"avia_inline_auto\" id=\"style-css-av-hezu4j-5855b9cb7dcbf028389e76970c402f88\">\n.flex_column.av-hezu4j-5855b9cb7dcbf028389e76970c402f88{\npadding:0px 0px 0px 0px;\n}\n<\/style>\n<div  class='flex_column av-hezu4j-5855b9cb7dcbf028389e76970c402f88 av_one_half  avia-builder-el-10  el_after_av_section  el_before_av_one_half  avia-builder-el-first  first flex_column_div av-zero-column-padding  '     ><div  class='avia-logo-element-container av-fk2xg3-c0648e467464c3e5b9bbcbab7cb214b9 av-border-deactivate avia-logo-grid avia-content-slider avia-smallarrow-slider avia-content-grid-active noHover avia-content-slider-odd  avia-builder-el-11  avia-builder-el-no-sibling  avia-content-slider1' ><div class='avia-smallarrow-slider-heading '><div class='new-special-heading'><h3 class='av-logo-special-heading-text '>Farbvarianten<\/h3><\/div><\/div><div class=\"avia-content-slider-inner\"><div class=\"slide-entry-wrap\"><div data-avia-tooltip=\"tabak-eiche\" class='slide-entry av-kzzcsm1d-ea3b21f56284053e32da4f3f87443f11 flex_column no_margin av_one_fifth real-thumbnail post-entry slide-entry-overview slide-loop-1 slide-parity-odd  first'><img decoding=\"async\" fetchpriority=\"high\" width=\"70\" height=\"70\" src=\"https:\/\/www.badenhaus.it\/wp-content\/uploads\/2022\/02\/ROVERE-TABACCO.png\" class=\"wp-image-3884 avia-img-lazy-loading-not-3884 attachment-no scaling size-no scaling\" alt=\"\" srcset=\"https:\/\/www.badenhaus.it\/wp-content\/uploads\/2022\/02\/ROVERE-TABACCO.png 70w, https:\/\/www.badenhaus.it\/wp-content\/uploads\/2022\/02\/ROVERE-TABACCO-36x36.png 36w\" sizes=\"(max-width: 70px) 100vw, 70px\" \/><\/div><div data-avia-tooltip=\"weiss hochglanz\" class='slide-entry av-kzzcsm1d-5-e068d5d653777fe84cacf274dc5a8bb8 flex_column no_margin av_one_fifth real-thumbnail post-entry slide-entry-overview slide-loop-2 slide-parity-even  '><img decoding=\"async\" fetchpriority=\"high\" width=\"70\" height=\"70\" src=\"https:\/\/www.badenhaus.it\/wp-content\/uploads\/2022\/05\/BIANCO-LUCIDO-OK.png\" class=\"wp-image-5140 avia-img-lazy-loading-not-5140 attachment-no scaling size-no scaling\" alt=\"\" srcset=\"https:\/\/www.badenhaus.it\/wp-content\/uploads\/2022\/05\/BIANCO-LUCIDO-OK.png 70w, https:\/\/www.badenhaus.it\/wp-content\/uploads\/2022\/05\/BIANCO-LUCIDO-OK-36x36.png 36w\" sizes=\"(max-width: 70px) 100vw, 70px\" \/><\/div><div data-avia-tooltip=\"\u00f6lblau\" class='slide-entry av-kzzcsm1d-4-bc48bf08259dc6ffa689156af908955b flex_column no_margin av_one_fifth real-thumbnail post-entry slide-entry-overview slide-loop-3 slide-parity-odd  '><img decoding=\"async\" fetchpriority=\"high\" width=\"70\" height=\"70\" src=\"https:\/\/www.badenhaus.it\/wp-content\/uploads\/2022\/02\/BLU-PETROLIO.png\" class=\"wp-image-3865 avia-img-lazy-loading-not-3865 attachment-no scaling size-no scaling\" alt=\"\" srcset=\"https:\/\/www.badenhaus.it\/wp-content\/uploads\/2022\/02\/BLU-PETROLIO.png 70w, https:\/\/www.badenhaus.it\/wp-content\/uploads\/2022\/02\/BLU-PETROLIO-36x36.png 36w\" sizes=\"(max-width: 70px) 100vw, 70px\" \/><\/div><div data-avia-tooltip=\"talpagrau\" class='slide-entry av-kzzcsm1d-3-01e7265921335b68643ae50e98d07968 flex_column no_margin av_one_fifth real-thumbnail post-entry slide-entry-overview slide-loop-4 slide-parity-even  '><img decoding=\"async\" fetchpriority=\"high\" width=\"70\" height=\"70\" src=\"https:\/\/www.badenhaus.it\/wp-content\/uploads\/2022\/02\/GRIGIO-TALPA.png\" class=\"wp-image-3874 avia-img-lazy-loading-not-3874 attachment-no scaling size-no scaling\" alt=\"\" srcset=\"https:\/\/www.badenhaus.it\/wp-content\/uploads\/2022\/02\/GRIGIO-TALPA.png 70w, https:\/\/www.badenhaus.it\/wp-content\/uploads\/2022\/02\/GRIGIO-TALPA-36x36.png 36w\" sizes=\"(max-width: 70px) 100vw, 70px\" \/><\/div><div data-avia-tooltip=\"eiche \u201csoft\" class='slide-entry av-kzzcsm1d-2-94384dc5df2214fb557a8a52cfe6f959 flex_column no_margin av_one_fifth real-thumbnail post-entry slide-entry-overview slide-loop-5 slide-parity-odd  '><img decoding=\"async\" fetchpriority=\"high\" width=\"70\" height=\"70\" src=\"https:\/\/www.badenhaus.it\/wp-content\/uploads\/2022\/02\/ROVERE-SCURO-SOFT.png\" class=\"wp-image-3883 avia-img-lazy-loading-not-3883 attachment-no scaling size-no scaling\" alt=\"\" srcset=\"https:\/\/www.badenhaus.it\/wp-content\/uploads\/2022\/02\/ROVERE-SCURO-SOFT.png 70w, https:\/\/www.badenhaus.it\/wp-content\/uploads\/2022\/02\/ROVERE-SCURO-SOFT-36x36.png 36w\" sizes=\"(max-width: 70px) 100vw, 70px\" \/><\/div><\/div><div class=\"slide-entry-wrap\"><div data-avia-tooltip=\"eiche gebleicht\" class='slide-entry av-kzzcsm1d-1-b7d5f9d93471f8596d7d5725224548cb flex_column no_margin av_one_fifth real-thumbnail post-entry slide-entry-overview slide-loop-6 slide-parity-odd post-entry-last first'><img decoding=\"async\" fetchpriority=\"high\" width=\"70\" height=\"70\" src=\"https:\/\/www.badenhaus.it\/wp-content\/uploads\/2024\/09\/ROVERE-SBIANCATO.png\" class=\"wp-image-9746 avia-img-lazy-loading-not-9746 attachment-no scaling size-no scaling\" alt=\"\" srcset=\"https:\/\/www.badenhaus.it\/wp-content\/uploads\/2024\/09\/ROVERE-SBIANCATO.png 70w, https:\/\/www.badenhaus.it\/wp-content\/uploads\/2024\/09\/ROVERE-SBIANCATO-36x36.png 36w\" sizes=\"(max-width: 70px) 100vw, 70px\" \/><\/div><\/div><\/div><\/div><\/div><div  class='flex_column av-952yg3-12777f6be2a72fe26f34c86871585640 av_one_half  avia-builder-el-12  el_after_av_one_half  el_before_av_section  avia-builder-el-last  flex_column_div  '     ><\/div><\/p>\n<\/div><\/div><\/div><!-- close content main div --><\/div><\/div>\n<style type=\"text\/css\" data-created_by=\"avia_inline_auto\" id=\"style-css-av-7xtdwz-b3ecba932636ee68ca4c0e2223836592\">\n.avia-section.av-7xtdwz-b3ecba932636ee68ca4c0e2223836592{\nbackground-color:#f2f2f2;\nbackground-image:unset;\n}\n<\/style>\n<div id='av_section_3'  class='avia-section av-7xtdwz-b3ecba932636ee68ca4c0e2223836592 main_color avia-section-small avia-no-border-styling  avia-builder-el-13  el_after_av_one_half  el_before_av_one_half  avia-bg-style-scroll container_wrap fullsize'  ><div class='container av-section-cont-open' ><div class='template-page content  av-content-full alpha units'><div class='post-entry post-entry-type-page post-entry-4276'><div class='entry-content-wrapper clearfix'>\n<div id='av-masonry-1' class='av-masonry av-6795o3-787fb7b7743c13659cf91ce8091b82a4 noHover av-fixed-size av-large-gap av-hover-overlay- av-masonry-animation-active av-masonry-col-3 av-caption-always av-caption-style- av-masonry-gallery ' data-post_id=\"4276\"><div class=\"av-masonry-container isotope av-js-disabled\"><div class='av-masonry-entry isotope-item av-masonry-item-no-image '><\/div><a href=\"https:\/\/www.badenhaus.it\/wp-content\/uploads\/2022\/12\/AVRIL-ROVERE-TABACCO-1030x773.jpg\" data-srcset=\"https:\/\/www.badenhaus.it\/wp-content\/uploads\/2022\/12\/AVRIL-ROVERE-TABACCO-1030x773.jpg 1030w, https:\/\/www.badenhaus.it\/wp-content\/uploads\/2022\/12\/AVRIL-ROVERE-TABACCO-300x225.jpg 300w, https:\/\/www.badenhaus.it\/wp-content\/uploads\/2022\/12\/AVRIL-ROVERE-TABACCO-768x576.jpg 768w, https:\/\/www.badenhaus.it\/wp-content\/uploads\/2022\/12\/AVRIL-ROVERE-TABACCO-1536x1152.jpg 1536w, https:\/\/www.badenhaus.it\/wp-content\/uploads\/2022\/12\/AVRIL-ROVERE-TABACCO-1500x1125.jpg 1500w, https:\/\/www.badenhaus.it\/wp-content\/uploads\/2022\/12\/AVRIL-ROVERE-TABACCO-705x529.jpg 705w, https:\/\/www.badenhaus.it\/wp-content\/uploads\/2022\/12\/AVRIL-ROVERE-TABACCO.jpg 1600w\" data-sizes=\"(max-width: 1030px) 100vw, 1030px\"  aria-label=\"Bild AVRIL &#8211; ROVERE TABACCO\"  id='av-masonry-1-item-8173' data-av-masonry-item='8173' class='av-masonry-entry isotope-item post-8173 attachment type-attachment status-inherit hentry  av-masonry-item-with-image av-grid-img' title=\"AVRIL &#8211; ROVERE TABACCO\" alt=\"\"    itemprop=\"thumbnailUrl\" ><div class='av-inner-masonry-sizer'><\/div><figure class='av-inner-masonry main_color'><div class=\"av-masonry-outerimage-container\"><div class='av-masonry-image-container' style=\"background-image: url(https:\/\/www.badenhaus.it\/wp-content\/uploads\/2022\/12\/AVRIL-ROVERE-TABACCO.jpg);\"  title=\"AVRIL &#8211; ROVERE TABACCO\" ><\/div><\/div><\/figure><\/a><!--end av-masonry entry--><a href=\"https:\/\/www.badenhaus.it\/wp-content\/uploads\/2022\/12\/AVRIL-ROVERE-TABACCO-2-1030x773.jpg\" data-srcset=\"https:\/\/www.badenhaus.it\/wp-content\/uploads\/2022\/12\/AVRIL-ROVERE-TABACCO-2-1030x773.jpg 1030w, https:\/\/www.badenhaus.it\/wp-content\/uploads\/2022\/12\/AVRIL-ROVERE-TABACCO-2-300x225.jpg 300w, https:\/\/www.badenhaus.it\/wp-content\/uploads\/2022\/12\/AVRIL-ROVERE-TABACCO-2-768x576.jpg 768w, https:\/\/www.badenhaus.it\/wp-content\/uploads\/2022\/12\/AVRIL-ROVERE-TABACCO-2-1536x1152.jpg 1536w, https:\/\/www.badenhaus.it\/wp-content\/uploads\/2022\/12\/AVRIL-ROVERE-TABACCO-2-1500x1125.jpg 1500w, https:\/\/www.badenhaus.it\/wp-content\/uploads\/2022\/12\/AVRIL-ROVERE-TABACCO-2-705x529.jpg 705w, https:\/\/www.badenhaus.it\/wp-content\/uploads\/2022\/12\/AVRIL-ROVERE-TABACCO-2.jpg 1600w\" data-sizes=\"(max-width: 1030px) 100vw, 1030px\"  aria-label=\"Bild AVRIL &#8211; ROVERE TABACCO 2\"  id='av-masonry-1-item-8177' data-av-masonry-item='8177' class='av-masonry-entry isotope-item post-8177 attachment type-attachment status-inherit hentry  av-masonry-item-with-image av-grid-img' title=\"AVRIL &#8211; ROVERE TABACCO 2\" alt=\"\"    itemprop=\"thumbnailUrl\" ><div class='av-inner-masonry-sizer'><\/div><figure class='av-inner-masonry main_color'><div class=\"av-masonry-outerimage-container\"><div class='av-masonry-image-container' style=\"background-image: url(https:\/\/www.badenhaus.it\/wp-content\/uploads\/2022\/12\/AVRIL-ROVERE-TABACCO-2.jpg);\"  title=\"AVRIL &#8211; ROVERE TABACCO 2\" ><\/div><\/div><\/figure><\/a><!--end av-masonry entry--><a href=\"https:\/\/www.badenhaus.it\/wp-content\/uploads\/2022\/12\/AVRIL-BIANCO-LUCIDO-1030x773.jpg\" data-srcset=\"https:\/\/www.badenhaus.it\/wp-content\/uploads\/2022\/12\/AVRIL-BIANCO-LUCIDO-1030x773.jpg 1030w, https:\/\/www.badenhaus.it\/wp-content\/uploads\/2022\/12\/AVRIL-BIANCO-LUCIDO-300x225.jpg 300w, https:\/\/www.badenhaus.it\/wp-content\/uploads\/2022\/12\/AVRIL-BIANCO-LUCIDO-768x576.jpg 768w, https:\/\/www.badenhaus.it\/wp-content\/uploads\/2022\/12\/AVRIL-BIANCO-LUCIDO-1536x1152.jpg 1536w, https:\/\/www.badenhaus.it\/wp-content\/uploads\/2022\/12\/AVRIL-BIANCO-LUCIDO-1500x1125.jpg 1500w, https:\/\/www.badenhaus.it\/wp-content\/uploads\/2022\/12\/AVRIL-BIANCO-LUCIDO-705x529.jpg 705w, https:\/\/www.badenhaus.it\/wp-content\/uploads\/2022\/12\/AVRIL-BIANCO-LUCIDO.jpg 1600w\" data-sizes=\"(max-width: 1030px) 100vw, 1030px\"  aria-label=\"Bild AVRIL &#8211; BIANCO LUCIDO\"  id='av-masonry-1-item-8181' data-av-masonry-item='8181' class='av-masonry-entry isotope-item post-8181 attachment type-attachment status-inherit hentry  av-masonry-item-with-image av-grid-img' title=\"AVRIL &#8211; BIANCO LUCIDO\" alt=\"\"    itemprop=\"thumbnailUrl\" ><div class='av-inner-masonry-sizer'><\/div><figure class='av-inner-masonry main_color'><div class=\"av-masonry-outerimage-container\"><div class='av-masonry-image-container' style=\"background-image: url(https:\/\/www.badenhaus.it\/wp-content\/uploads\/2022\/12\/AVRIL-BIANCO-LUCIDO.jpg);\"  title=\"AVRIL &#8211; BIANCO LUCIDO\" ><\/div><\/div><\/figure><\/a><!--end av-masonry entry--><a href=\"https:\/\/www.badenhaus.it\/wp-content\/uploads\/2022\/12\/AVRIL-BLU-PETROLIO-1030x773.jpg\" data-srcset=\"https:\/\/www.badenhaus.it\/wp-content\/uploads\/2022\/12\/AVRIL-BLU-PETROLIO-1030x773.jpg 1030w, https:\/\/www.badenhaus.it\/wp-content\/uploads\/2022\/12\/AVRIL-BLU-PETROLIO-300x225.jpg 300w, https:\/\/www.badenhaus.it\/wp-content\/uploads\/2022\/12\/AVRIL-BLU-PETROLIO-768x576.jpg 768w, https:\/\/www.badenhaus.it\/wp-content\/uploads\/2022\/12\/AVRIL-BLU-PETROLIO-1536x1152.jpg 1536w, https:\/\/www.badenhaus.it\/wp-content\/uploads\/2022\/12\/AVRIL-BLU-PETROLIO-1500x1125.jpg 1500w, https:\/\/www.badenhaus.it\/wp-content\/uploads\/2022\/12\/AVRIL-BLU-PETROLIO-705x529.jpg 705w, https:\/\/www.badenhaus.it\/wp-content\/uploads\/2022\/12\/AVRIL-BLU-PETROLIO.jpg 1600w\" data-sizes=\"(max-width: 1030px) 100vw, 1030px\"  aria-label=\"Bild AVRIL &#8211; BLU PETROLIO\"  id='av-masonry-1-item-8185' data-av-masonry-item='8185' class='av-masonry-entry isotope-item post-8185 attachment type-attachment status-inherit hentry  av-masonry-item-with-image av-grid-img' title=\"AVRIL &#8211; BLU PETROLIO\" alt=\"\"    itemprop=\"thumbnailUrl\" ><div class='av-inner-masonry-sizer'><\/div><figure class='av-inner-masonry main_color'><div class=\"av-masonry-outerimage-container\"><div class='av-masonry-image-container' style=\"background-image: url(https:\/\/www.badenhaus.it\/wp-content\/uploads\/2022\/12\/AVRIL-BLU-PETROLIO.jpg);\"  title=\"AVRIL &#8211; BLU PETROLIO\" ><\/div><\/div><\/figure><\/a><!--end av-masonry entry--><a href=\"https:\/\/www.badenhaus.it\/wp-content\/uploads\/2022\/12\/AVRIL-BLU-PETROLIO-2-1030x773.jpg\" data-srcset=\"https:\/\/www.badenhaus.it\/wp-content\/uploads\/2022\/12\/AVRIL-BLU-PETROLIO-2-1030x773.jpg 1030w, https:\/\/www.badenhaus.it\/wp-content\/uploads\/2022\/12\/AVRIL-BLU-PETROLIO-2-300x225.jpg 300w, https:\/\/www.badenhaus.it\/wp-content\/uploads\/2022\/12\/AVRIL-BLU-PETROLIO-2-768x576.jpg 768w, https:\/\/www.badenhaus.it\/wp-content\/uploads\/2022\/12\/AVRIL-BLU-PETROLIO-2-1536x1152.jpg 1536w, https:\/\/www.badenhaus.it\/wp-content\/uploads\/2022\/12\/AVRIL-BLU-PETROLIO-2-1500x1125.jpg 1500w, https:\/\/www.badenhaus.it\/wp-content\/uploads\/2022\/12\/AVRIL-BLU-PETROLIO-2-705x529.jpg 705w, https:\/\/www.badenhaus.it\/wp-content\/uploads\/2022\/12\/AVRIL-BLU-PETROLIO-2.jpg 1600w\" data-sizes=\"(max-width: 1030px) 100vw, 1030px\"  aria-label=\"Bild AVRIL &#8211; BLU PETROLIO 2\"  id='av-masonry-1-item-8189' data-av-masonry-item='8189' class='av-masonry-entry isotope-item post-8189 attachment type-attachment status-inherit hentry  av-masonry-item-with-image av-grid-img' title=\"AVRIL &#8211; BLU PETROLIO 2\" alt=\"\"    itemprop=\"thumbnailUrl\" ><div class='av-inner-masonry-sizer'><\/div><figure class='av-inner-masonry main_color'><div class=\"av-masonry-outerimage-container\"><div class='av-masonry-image-container' style=\"background-image: url(https:\/\/www.badenhaus.it\/wp-content\/uploads\/2022\/12\/AVRIL-BLU-PETROLIO-2.jpg);\"  title=\"AVRIL &#8211; BLU PETROLIO 2\" ><\/div><\/div><\/figure><\/a><!--end av-masonry entry--><a href=\"https:\/\/www.badenhaus.it\/wp-content\/uploads\/2022\/12\/AVRIL-TALPA-1030x773.jpg\" data-srcset=\"https:\/\/www.badenhaus.it\/wp-content\/uploads\/2022\/12\/AVRIL-TALPA-1030x773.jpg 1030w, https:\/\/www.badenhaus.it\/wp-content\/uploads\/2022\/12\/AVRIL-TALPA-300x225.jpg 300w, https:\/\/www.badenhaus.it\/wp-content\/uploads\/2022\/12\/AVRIL-TALPA-768x576.jpg 768w, https:\/\/www.badenhaus.it\/wp-content\/uploads\/2022\/12\/AVRIL-TALPA-1536x1152.jpg 1536w, https:\/\/www.badenhaus.it\/wp-content\/uploads\/2022\/12\/AVRIL-TALPA-1500x1125.jpg 1500w, https:\/\/www.badenhaus.it\/wp-content\/uploads\/2022\/12\/AVRIL-TALPA-705x529.jpg 705w, https:\/\/www.badenhaus.it\/wp-content\/uploads\/2022\/12\/AVRIL-TALPA.jpg 1600w\" data-sizes=\"(max-width: 1030px) 100vw, 1030px\"  aria-label=\"Bild AVRIL &#8211; TALPA\"  id='av-masonry-1-item-8193' data-av-masonry-item='8193' class='av-masonry-entry isotope-item post-8193 attachment type-attachment status-inherit hentry  av-masonry-item-with-image av-grid-img' title=\"AVRIL &#8211; TALPA\" alt=\"\"    itemprop=\"thumbnailUrl\" ><div class='av-inner-masonry-sizer'><\/div><figure class='av-inner-masonry main_color'><div class=\"av-masonry-outerimage-container\"><div class='av-masonry-image-container' style=\"background-image: url(https:\/\/www.badenhaus.it\/wp-content\/uploads\/2022\/12\/AVRIL-TALPA.jpg);\"  title=\"AVRIL &#8211; TALPA\" ><\/div><\/div><\/figure><\/a><!--end av-masonry entry--><a href=\"https:\/\/www.badenhaus.it\/wp-content\/uploads\/2022\/12\/AVRIL-TALPA-2-1030x773.jpg\" data-srcset=\"https:\/\/www.badenhaus.it\/wp-content\/uploads\/2022\/12\/AVRIL-TALPA-2-1030x773.jpg 1030w, https:\/\/www.badenhaus.it\/wp-content\/uploads\/2022\/12\/AVRIL-TALPA-2-300x225.jpg 300w, https:\/\/www.badenhaus.it\/wp-content\/uploads\/2022\/12\/AVRIL-TALPA-2-768x576.jpg 768w, https:\/\/www.badenhaus.it\/wp-content\/uploads\/2022\/12\/AVRIL-TALPA-2-1536x1152.jpg 1536w, https:\/\/www.badenhaus.it\/wp-content\/uploads\/2022\/12\/AVRIL-TALPA-2-1500x1125.jpg 1500w, https:\/\/www.badenhaus.it\/wp-content\/uploads\/2022\/12\/AVRIL-TALPA-2-705x529.jpg 705w, https:\/\/www.badenhaus.it\/wp-content\/uploads\/2022\/12\/AVRIL-TALPA-2.jpg 1600w\" data-sizes=\"(max-width: 1030px) 100vw, 1030px\"  aria-label=\"Bild AVRIL &#8211; TALPA 2\"  id='av-masonry-1-item-8197' data-av-masonry-item='8197' class='av-masonry-entry isotope-item post-8197 attachment type-attachment status-inherit hentry  av-masonry-item-with-image av-grid-img' title=\"AVRIL &#8211; TALPA 2\" alt=\"\"    itemprop=\"thumbnailUrl\" ><div class='av-inner-masonry-sizer'><\/div><figure class='av-inner-masonry main_color'><div class=\"av-masonry-outerimage-container\"><div class='av-masonry-image-container' style=\"background-image: url(https:\/\/www.badenhaus.it\/wp-content\/uploads\/2022\/12\/AVRIL-TALPA-2.jpg);\"  title=\"AVRIL &#8211; TALPA 2\" ><\/div><\/div><\/figure><\/a><!--end av-masonry entry--><a href=\"https:\/\/www.badenhaus.it\/wp-content\/uploads\/2022\/12\/AVRIL-ROVERE-SOFT-1030x773.jpg\" data-srcset=\"https:\/\/www.badenhaus.it\/wp-content\/uploads\/2022\/12\/AVRIL-ROVERE-SOFT-1030x773.jpg 1030w, https:\/\/www.badenhaus.it\/wp-content\/uploads\/2022\/12\/AVRIL-ROVERE-SOFT-300x225.jpg 300w, https:\/\/www.badenhaus.it\/wp-content\/uploads\/2022\/12\/AVRIL-ROVERE-SOFT-768x576.jpg 768w, https:\/\/www.badenhaus.it\/wp-content\/uploads\/2022\/12\/AVRIL-ROVERE-SOFT-1536x1152.jpg 1536w, https:\/\/www.badenhaus.it\/wp-content\/uploads\/2022\/12\/AVRIL-ROVERE-SOFT-1500x1125.jpg 1500w, https:\/\/www.badenhaus.it\/wp-content\/uploads\/2022\/12\/AVRIL-ROVERE-SOFT-705x529.jpg 705w, https:\/\/www.badenhaus.it\/wp-content\/uploads\/2022\/12\/AVRIL-ROVERE-SOFT.jpg 1600w\" data-sizes=\"(max-width: 1030px) 100vw, 1030px\"  aria-label=\"Bild AVRIL &#8211; ROVERE SOFT\"  id='av-masonry-1-item-8201' data-av-masonry-item='8201' class='av-masonry-entry isotope-item post-8201 attachment type-attachment status-inherit hentry  av-masonry-item-with-image av-grid-img' title=\"AVRIL &#8211; ROVERE SOFT\" alt=\"\"    itemprop=\"thumbnailUrl\" ><div class='av-inner-masonry-sizer'><\/div><figure class='av-inner-masonry main_color'><div class=\"av-masonry-outerimage-container\"><div class='av-masonry-image-container' style=\"background-image: url(https:\/\/www.badenhaus.it\/wp-content\/uploads\/2022\/12\/AVRIL-ROVERE-SOFT.jpg);\"  title=\"AVRIL &#8211; ROVERE SOFT\" ><\/div><\/div><\/figure><\/a><!--end av-masonry entry--><a href=\"https:\/\/www.badenhaus.it\/wp-content\/uploads\/2022\/12\/AVRIL-ROVERE-SBIANCATO-1030x773.jpg\" data-srcset=\"https:\/\/www.badenhaus.it\/wp-content\/uploads\/2022\/12\/AVRIL-ROVERE-SBIANCATO-1030x773.jpg 1030w, https:\/\/www.badenhaus.it\/wp-content\/uploads\/2022\/12\/AVRIL-ROVERE-SBIANCATO-300x225.jpg 300w, https:\/\/www.badenhaus.it\/wp-content\/uploads\/2022\/12\/AVRIL-ROVERE-SBIANCATO-768x576.jpg 768w, https:\/\/www.badenhaus.it\/wp-content\/uploads\/2022\/12\/AVRIL-ROVERE-SBIANCATO-1536x1152.jpg 1536w, https:\/\/www.badenhaus.it\/wp-content\/uploads\/2022\/12\/AVRIL-ROVERE-SBIANCATO-1500x1125.jpg 1500w, https:\/\/www.badenhaus.it\/wp-content\/uploads\/2022\/12\/AVRIL-ROVERE-SBIANCATO-705x529.jpg 705w, https:\/\/www.badenhaus.it\/wp-content\/uploads\/2022\/12\/AVRIL-ROVERE-SBIANCATO.jpg 1600w\" data-sizes=\"(max-width: 1030px) 100vw, 1030px\"  aria-label=\"Bild AVRIL &#8211; ROVERE SBIANCATO\"  id='av-masonry-1-item-8206' data-av-masonry-item='8206' class='av-masonry-entry isotope-item post-8206 attachment type-attachment status-inherit hentry  av-masonry-item-with-image av-grid-img' title=\"AVRIL &#8211; ROVERE SBIANCATO\" alt=\"\"    itemprop=\"thumbnailUrl\" ><div class='av-inner-masonry-sizer'><\/div><figure class='av-inner-masonry main_color'><div class=\"av-masonry-outerimage-container\"><div class='av-masonry-image-container' style=\"background-image: url(https:\/\/www.badenhaus.it\/wp-content\/uploads\/2022\/12\/AVRIL-ROVERE-SBIANCATO.jpg);\"  title=\"AVRIL &#8211; ROVERE SBIANCATO\" ><\/div><\/div><\/figure><\/a><!--end av-masonry entry--><a href=\"https:\/\/www.badenhaus.it\/wp-content\/uploads\/2022\/12\/AVRIL-ROVERE-SBIANCATO-2-1030x773.jpg\" data-srcset=\"https:\/\/www.badenhaus.it\/wp-content\/uploads\/2022\/12\/AVRIL-ROVERE-SBIANCATO-2-1030x773.jpg 1030w, https:\/\/www.badenhaus.it\/wp-content\/uploads\/2022\/12\/AVRIL-ROVERE-SBIANCATO-2-300x225.jpg 300w, https:\/\/www.badenhaus.it\/wp-content\/uploads\/2022\/12\/AVRIL-ROVERE-SBIANCATO-2-768x576.jpg 768w, https:\/\/www.badenhaus.it\/wp-content\/uploads\/2022\/12\/AVRIL-ROVERE-SBIANCATO-2-1536x1152.jpg 1536w, https:\/\/www.badenhaus.it\/wp-content\/uploads\/2022\/12\/AVRIL-ROVERE-SBIANCATO-2-1500x1125.jpg 1500w, https:\/\/www.badenhaus.it\/wp-content\/uploads\/2022\/12\/AVRIL-ROVERE-SBIANCATO-2-705x529.jpg 705w, https:\/\/www.badenhaus.it\/wp-content\/uploads\/2022\/12\/AVRIL-ROVERE-SBIANCATO-2.jpg 1600w\" data-sizes=\"(max-width: 1030px) 100vw, 1030px\"  aria-label=\"Bild AVRIL &#8211; ROVERE SBIANCATO 2\"  id='av-masonry-1-item-8210' data-av-masonry-item='8210' class='av-masonry-entry isotope-item post-8210 attachment type-attachment status-inherit hentry  av-masonry-item-with-image av-grid-img' title=\"AVRIL &#8211; ROVERE SBIANCATO 2\" alt=\"\"    itemprop=\"thumbnailUrl\" ><div class='av-inner-masonry-sizer'><\/div><figure class='av-inner-masonry main_color'><div class=\"av-masonry-outerimage-container\"><div class='av-masonry-image-container' style=\"background-image: url(https:\/\/www.badenhaus.it\/wp-content\/uploads\/2022\/12\/AVRIL-ROVERE-SBIANCATO-2.jpg);\"  title=\"AVRIL &#8211; ROVERE SBIANCATO 2\" ><\/div><\/div><\/figure><\/a><!--end av-masonry entry--><\/div><\/div>\n<\/div><\/div><\/div><!-- close content main div --><\/div><\/div><div id='after_section_3'  class='main_color av_default_container_wrap container_wrap fullsize'  ><div class='container av-section-cont-open' ><div class='template-page content  av-content-full alpha units'><div class='post-entry post-entry-type-page post-entry-4276'><div class='entry-content-wrapper clearfix'>\n<div  class='flex_column av-4sj0xf-898818451147f0d2bdcacc823ed9bf7b av_one_half  avia-builder-el-15  el_after_av_section  el_before_av_one_half  avia-builder-el-first  first flex_column_div  '     ><style type=\"text\/css\" data-created_by=\"avia_inline_auto\" id=\"style-css-av-kzyh8gdu-d4efb4d38818221e89afc1c13fe18604\">\n#top .avia-icon-list-container.av-kzyh8gdu-d4efb4d38818221e89afc1c13fe18604 .iconlist_icon{\ncolor:#000000;\nbackground-color:#ffffff;\nborder-style:solid;\nborder-width:1px 1px 1px 1px;\nborder-color:#000000;\n}\n#top .avia-icon-list-container.av-kzyh8gdu-d4efb4d38818221e89afc1c13fe18604 .iconlist_icon svg:first-child{\nstroke:#000000;\nfill:#000000;\n}\n<\/style>\n<div  class='avia-icon-list-container av-kzyh8gdu-d4efb4d38818221e89afc1c13fe18604  avia-builder-el-16  avia-builder-el-no-sibling '><ul class='avia-icon-list avia_animate_when_almost_visible avia-icon-list-left av-iconlist-big av-kzyh8gdu-d4efb4d38818221e89afc1c13fe18604 avia-iconlist-animate'>\n<li><a href='https:\/\/www.badenhaus.it\/wp-content\/uploads\/2022\/12\/avril.pdf' title='Katalog AVRIL'  class='iconlist_icon av-kzyh8bnm-78240cb02e63876e845a4fe19cf512fb avia-font-entypo-fontello avia-iconfont avia-font-entypo-fontello'><span class='av-icon-char' data-av_icon='\ue84e' data-av_iconfont='entypo-fontello' aria-hidden=\"true\"><\/span><\/a><article class=\"article-icon-entry av-iconlist-empty\"  itemscope=\"itemscope\" itemtype=\"https:\/\/schema.org\/CreativeWork\" ><div class=\"iconlist_content_wrap\"><header class=\"entry-content-header\" aria-label=\"Icon: &lt;a href=&#039;https:\/\/www.badenhaus.it\/wp-content\/uploads\/2022\/12\/avril.pdf&#039; title=&#039;Katalog AVRIL&#039;&gt;Katalog AVRIL&lt;\/a&gt;\"><h4 class='av_iconlist_title iconlist_title  '  itemprop=\"headline\" ><a href='https:\/\/www.badenhaus.it\/wp-content\/uploads\/2022\/12\/avril.pdf' title='Katalog AVRIL'>Katalog AVRIL<\/a><\/h4><\/header><div class='iconlist_content '  itemprop=\"text\" ><\/div><\/div><footer class=\"entry-footer\"><\/footer><\/article><div class=\"iconlist-timeline\"><\/div><\/li>\n<li><a href='https:\/\/www.badenhaus.it\/wp-content\/uploads\/2022\/12\/misure-avril-1.pdf' title='Massnahmen AVRIL'  class='iconlist_icon av-kzyh8eyp-a23b849829bc4b5dfd4d0057077468f6 avia-font-entypo-fontello avia-iconfont avia-font-entypo-fontello'><span class='av-icon-char' data-av_icon='\ue84b' data-av_iconfont='entypo-fontello' aria-hidden=\"true\"><\/span><\/a><article class=\"article-icon-entry av-iconlist-empty\"  itemscope=\"itemscope\" itemtype=\"https:\/\/schema.org\/CreativeWork\" ><div class=\"iconlist_content_wrap\"><header class=\"entry-content-header\" aria-label=\"Icon: &lt;a href=&#039;https:\/\/www.badenhaus.it\/wp-content\/uploads\/2022\/12\/misure-avril-1.pdf&#039; title=&#039;Massnahmen AVRIL&#039;&gt;Massnahmen AVRIL&lt;\/a&gt;\"><h4 class='av_iconlist_title iconlist_title  '  itemprop=\"headline\" ><a href='https:\/\/www.badenhaus.it\/wp-content\/uploads\/2022\/12\/misure-avril-1.pdf' title='Massnahmen AVRIL'>Massnahmen AVRIL<\/a><\/h4><\/header><div class='iconlist_content '  itemprop=\"text\" ><\/div><\/div><footer class=\"entry-footer\"><\/footer><\/article><div class=\"iconlist-timeline\"><\/div><\/li>\n<\/ul><\/div><\/div>\n<div  class='flex_column av-393s83-853842bc0b3a586bfc4617cfa18853e2 av_one_half  avia-builder-el-17  el_after_av_one_half  avia-builder-el-last  flex_column_div  '     ><\/div>\n","protected":false},"excerpt":{"rendered":"","protected":false},"author":1,"featured_media":3946,"comment_status":"closed","ping_status":"closed","template":"","meta":{"footnotes":""},"tags":[],"portfolio_entries":[39],"class_list":["post-4276","portfolio","type-portfolio","status-publish","has-post-thumbnail","hentry","portfolio_entries-kollektionen"],"yoast_head":"<!-- This site is optimized with the Yoast SEO plugin v25.2 - https:\/\/yoast.com\/wordpress\/plugins\/seo\/ -->\n<title>AVRIL - Baden Haus<\/title>\n<meta name=\"description\" content=\"Einer vielseitigen Linie kann es sich erstaunlich f\u00fcr jeden Wohnraum eignen\" \/>\n<meta name=\"robots\" content=\"index, follow, max-snippet:-1, max-image-preview:large, max-video-preview:-1\" \/>\n<link rel=\"canonical\" href=\"https:\/\/www.badenhaus.it\/de\/kollektionen\/avril\/\" \/>\n<meta property=\"og:locale\" content=\"de_DE\" \/>\n<meta property=\"og:type\" content=\"article\" \/>\n<meta property=\"og:title\" content=\"AVRIL - Baden Haus\" \/>\n<meta property=\"og:description\" content=\"Einer vielseitigen Linie kann es sich erstaunlich f\u00fcr jeden Wohnraum eignen\" \/>\n<meta property=\"og:url\" content=\"https:\/\/www.badenhaus.it\/de\/kollektionen\/avril\/\" \/>\n<meta property=\"og:site_name\" content=\"Baden Haus\" \/>\n<meta property=\"article:modified_time\" content=\"2024-09-24T09:41:04+00:00\" \/>\n<meta property=\"og:image\" content=\"https:\/\/www.badenhaus.it\/wp-content\/uploads\/2022\/02\/Set-08-AVRIL-Bianco-Lucido_1600X1000-1.jpg\" \/>\n\t<meta property=\"og:image:width\" content=\"1600\" \/>\n\t<meta property=\"og:image:height\" content=\"1000\" \/>\n\t<meta property=\"og:image:type\" content=\"image\/jpeg\" \/>\n<meta name=\"twitter:card\" content=\"summary_large_image\" \/>\n<meta name=\"twitter:label1\" content=\"Gesch\u00e4tzte Lesezeit\" \/>\n\t<meta name=\"twitter:data1\" content=\"3\u00a0Minuten\" \/>\n<script type=\"application\/ld+json\" class=\"yoast-schema-graph\">{\"@context\":\"https:\/\/schema.org\",\"@graph\":[{\"@type\":\"WebPage\",\"@id\":\"https:\/\/www.badenhaus.it\/de\/kollektionen\/avril\/\",\"url\":\"https:\/\/www.badenhaus.it\/de\/kollektionen\/avril\/\",\"name\":\"AVRIL - Baden Haus\",\"isPartOf\":{\"@id\":\"https:\/\/www.badenhaus.it\/de\/#website\"},\"primaryImageOfPage\":{\"@id\":\"https:\/\/www.badenhaus.it\/de\/kollektionen\/avril\/#primaryimage\"},\"image\":{\"@id\":\"https:\/\/www.badenhaus.it\/de\/kollektionen\/avril\/#primaryimage\"},\"thumbnailUrl\":\"https:\/\/www.badenhaus.it\/wp-content\/uploads\/2022\/02\/Set-08-AVRIL-Bianco-Lucido_1600X1000-1.jpg\",\"datePublished\":\"2022-01-14T07:00:30+00:00\",\"dateModified\":\"2024-09-24T09:41:04+00:00\",\"description\":\"Einer vielseitigen Linie kann es sich erstaunlich f\u00fcr jeden Wohnraum eignen\",\"breadcrumb\":{\"@id\":\"https:\/\/www.badenhaus.it\/de\/kollektionen\/avril\/#breadcrumb\"},\"inLanguage\":\"de\",\"potentialAction\":[{\"@type\":\"ReadAction\",\"target\":[\"https:\/\/www.badenhaus.it\/de\/kollektionen\/avril\/\"]}]},{\"@type\":\"ImageObject\",\"inLanguage\":\"de\",\"@id\":\"https:\/\/www.badenhaus.it\/de\/kollektionen\/avril\/#primaryimage\",\"url\":\"https:\/\/www.badenhaus.it\/wp-content\/uploads\/2022\/02\/Set-08-AVRIL-Bianco-Lucido_1600X1000-1.jpg\",\"contentUrl\":\"https:\/\/www.badenhaus.it\/wp-content\/uploads\/2022\/02\/Set-08-AVRIL-Bianco-Lucido_1600X1000-1.jpg\",\"width\":1600,\"height\":1000},{\"@type\":\"BreadcrumbList\",\"@id\":\"https:\/\/www.badenhaus.it\/de\/kollektionen\/avril\/#breadcrumb\",\"itemListElement\":[{\"@type\":\"ListItem\",\"position\":1,\"name\":\"Home\",\"item\":\"https:\/\/www.badenhaus.it\/de\/home\/\"},{\"@type\":\"ListItem\",\"position\":2,\"name\":\"AVRIL\"}]},{\"@type\":\"WebSite\",\"@id\":\"https:\/\/www.badenhaus.it\/de\/#website\",\"url\":\"https:\/\/www.badenhaus.it\/de\/\",\"name\":\"Baden Haus\",\"description\":\"Produzione mobili da bagno made in Italy\",\"potentialAction\":[{\"@type\":\"SearchAction\",\"target\":{\"@type\":\"EntryPoint\",\"urlTemplate\":\"https:\/\/www.badenhaus.it\/de\/?s={search_term_string}\"},\"query-input\":{\"@type\":\"PropertyValueSpecification\",\"valueRequired\":true,\"valueName\":\"search_term_string\"}}],\"inLanguage\":\"de\"}]}<\/script>\n<!-- \/ Yoast SEO plugin. -->","yoast_head_json":{"title":"AVRIL - Baden Haus","description":"Einer vielseitigen Linie kann es sich erstaunlich f\u00fcr jeden Wohnraum eignen","robots":{"index":"index","follow":"follow","max-snippet":"max-snippet:-1","max-image-preview":"max-image-preview:large","max-video-preview":"max-video-preview:-1"},"canonical":"https:\/\/www.badenhaus.it\/de\/kollektionen\/avril\/","og_locale":"de_DE","og_type":"article","og_title":"AVRIL - Baden Haus","og_description":"Einer vielseitigen Linie kann es sich erstaunlich f\u00fcr jeden Wohnraum eignen","og_url":"https:\/\/www.badenhaus.it\/de\/kollektionen\/avril\/","og_site_name":"Baden Haus","article_modified_time":"2024-09-24T09:41:04+00:00","og_image":[{"width":1600,"height":1000,"url":"https:\/\/www.badenhaus.it\/wp-content\/uploads\/2022\/02\/Set-08-AVRIL-Bianco-Lucido_1600X1000-1.jpg","type":"image\/jpeg"}],"twitter_card":"summary_large_image","twitter_misc":{"Gesch\u00e4tzte Lesezeit":"3\u00a0Minuten"},"schema":{"@context":"https:\/\/schema.org","@graph":[{"@type":"WebPage","@id":"https:\/\/www.badenhaus.it\/de\/kollektionen\/avril\/","url":"https:\/\/www.badenhaus.it\/de\/kollektionen\/avril\/","name":"AVRIL - Baden Haus","isPartOf":{"@id":"https:\/\/www.badenhaus.it\/de\/#website"},"primaryImageOfPage":{"@id":"https:\/\/www.badenhaus.it\/de\/kollektionen\/avril\/#primaryimage"},"image":{"@id":"https:\/\/www.badenhaus.it\/de\/kollektionen\/avril\/#primaryimage"},"thumbnailUrl":"https:\/\/www.badenhaus.it\/wp-content\/uploads\/2022\/02\/Set-08-AVRIL-Bianco-Lucido_1600X1000-1.jpg","datePublished":"2022-01-14T07:00:30+00:00","dateModified":"2024-09-24T09:41:04+00:00","description":"Einer vielseitigen Linie kann es sich erstaunlich f\u00fcr jeden Wohnraum eignen","breadcrumb":{"@id":"https:\/\/www.badenhaus.it\/de\/kollektionen\/avril\/#breadcrumb"},"inLanguage":"de","potentialAction":[{"@type":"ReadAction","target":["https:\/\/www.badenhaus.it\/de\/kollektionen\/avril\/"]}]},{"@type":"ImageObject","inLanguage":"de","@id":"https:\/\/www.badenhaus.it\/de\/kollektionen\/avril\/#primaryimage","url":"https:\/\/www.badenhaus.it\/wp-content\/uploads\/2022\/02\/Set-08-AVRIL-Bianco-Lucido_1600X1000-1.jpg","contentUrl":"https:\/\/www.badenhaus.it\/wp-content\/uploads\/2022\/02\/Set-08-AVRIL-Bianco-Lucido_1600X1000-1.jpg","width":1600,"height":1000},{"@type":"BreadcrumbList","@id":"https:\/\/www.badenhaus.it\/de\/kollektionen\/avril\/#breadcrumb","itemListElement":[{"@type":"ListItem","position":1,"name":"Home","item":"https:\/\/www.badenhaus.it\/de\/home\/"},{"@type":"ListItem","position":2,"name":"AVRIL"}]},{"@type":"WebSite","@id":"https:\/\/www.badenhaus.it\/de\/#website","url":"https:\/\/www.badenhaus.it\/de\/","name":"Baden Haus","description":"Produzione mobili da bagno made in Italy","potentialAction":[{"@type":"SearchAction","target":{"@type":"EntryPoint","urlTemplate":"https:\/\/www.badenhaus.it\/de\/?s={search_term_string}"},"query-input":{"@type":"PropertyValueSpecification","valueRequired":true,"valueName":"search_term_string"}}],"inLanguage":"de"}]}},"_links":{"self":[{"href":"https:\/\/www.badenhaus.it\/de\/wp-json\/wp\/v2\/portfolio\/4276","targetHints":{"allow":["GET"]}}],"collection":[{"href":"https:\/\/www.badenhaus.it\/de\/wp-json\/wp\/v2\/portfolio"}],"about":[{"href":"https:\/\/www.badenhaus.it\/de\/wp-json\/wp\/v2\/types\/portfolio"}],"author":[{"embeddable":true,"href":"https:\/\/www.badenhaus.it\/de\/wp-json\/wp\/v2\/users\/1"}],"replies":[{"embeddable":true,"href":"https:\/\/www.badenhaus.it\/de\/wp-json\/wp\/v2\/comments?post=4276"}],"version-history":[{"count":23,"href":"https:\/\/www.badenhaus.it\/de\/wp-json\/wp\/v2\/portfolio\/4276\/revisions"}],"predecessor-version":[{"id":6248,"href":"https:\/\/www.badenhaus.it\/de\/wp-json\/wp\/v2\/portfolio\/4276\/revisions\/6248"}],"wp:featuredmedia":[{"embeddable":true,"href":"https:\/\/www.badenhaus.it\/de\/wp-json\/wp\/v2\/media\/3946"}],"wp:attachment":[{"href":"https:\/\/www.badenhaus.it\/de\/wp-json\/wp\/v2\/media?parent=4276"}],"wp:term":[{"taxonomy":"post_tag","embeddable":true,"href":"https:\/\/www.badenhaus.it\/de\/wp-json\/wp\/v2\/tags?post=4276"},{"taxonomy":"portfolio_entries","embeddable":true,"href":"https:\/\/www.badenhaus.it\/de\/wp-json\/wp\/v2\/portfolio_entries?post=4276"}],"curies":[{"name":"wp","href":"https:\/\/api.w.org\/{rel}","templated":true}]}}