{"id":9718,"date":"2021-01-01T09:44:44","date_gmt":"2021-01-01T08:44:44","guid":{"rendered":"https:\/\/www.badenhaus.it\/?post_type=portfolio&#038;p=9718"},"modified":"2024-09-23T09:51:32","modified_gmt":"2024-09-23T07:51:32","slug":"portofino","status":"publish","type":"portfolio","link":"https:\/\/www.badenhaus.it\/de\/kollektionen\/portofino\/","title":{"rendered":"PORTOFINO"},"content":{"rendered":"<div id='av_section_1'  class='avia-section av-5cvsh1-fb03a3854546e67745a6b100a92ce1a3 main_color avia-section-default avia-no-border-styling  avia-builder-el-0  el_before_av_section  avia-builder-el-first  avia-bg-style-scroll container_wrap fullsize'  ><div class='container av-section-cont-open' ><main  role=\"main\" itemprop=\"mainContentOfPage\"  class='template-page content  av-content-full alpha units'><div class='post-entry post-entry-type-page post-entry-9718'><div class='entry-content-wrapper clearfix'>\n<div class='flex_column_table av-1ggbo51-6f98b1990fc91267baa3f92ec4c87694 sc-av_one_fourth av-equal-height-column-flextable'>\n<style type=\"text\/css\" data-created_by=\"avia_inline_auto\" id=\"style-css-av-1ggbo51-6f98b1990fc91267baa3f92ec4c87694\">\n#top .flex_column_table.av-equal-height-column-flextable.av-1ggbo51-6f98b1990fc91267baa3f92ec4c87694{\nmargin-top:0px;\nmargin-bottom:0px;\n}\n.flex_column.av-1ggbo51-6f98b1990fc91267baa3f92ec4c87694{\nborder-radius:3px 3px 3px 3px;\npadding:0px 0px 0px 0px;\n}\n<\/style>\n<div  class='flex_column av-1ggbo51-6f98b1990fc91267baa3f92ec4c87694 av_one_fourth  avia-builder-el-1  el_before_av_three_fourth  avia-builder-el-first  first flex_column_table_cell av-equal-height-column av-align-middle av-animated-generic left-to-right av-zero-column-padding  '     ><style type=\"text\/css\" data-created_by=\"avia_inline_auto\" id=\"style-css-av-m1684njp-5628d1bdbe2bdfea3868866affa4ec59\">\n#top .av-special-heading.av-m1684njp-5628d1bdbe2bdfea3868866affa4ec59{\nmargin:15px 0 0 0;\npadding-bottom:10px;\nfont-size:28px;\n}\nbody .av-special-heading.av-m1684njp-5628d1bdbe2bdfea3868866affa4ec59 .av-special-heading-tag .heading-char{\nfont-size:25px;\n}\n#top #wrap_all .av-special-heading.av-m1684njp-5628d1bdbe2bdfea3868866affa4ec59 .av-special-heading-tag{\nfont-size:28px;\n}\n.av-special-heading.av-m1684njp-5628d1bdbe2bdfea3868866affa4ec59 .av-subheading{\nfont-size:20px;\n}\n\n@media only screen and (min-width: 480px) and (max-width: 767px){ \n#top #wrap_all .av-special-heading.av-m1684njp-5628d1bdbe2bdfea3868866affa4ec59 .av-special-heading-tag{\nfont-size:0.8em;\n}\n}\n\n@media only screen and (max-width: 479px){ \n#top #wrap_all .av-special-heading.av-m1684njp-5628d1bdbe2bdfea3868866affa4ec59 .av-special-heading-tag{\nfont-size:0.8em;\n}\n}\n<\/style>\n<div  class='av-special-heading av-m1684njp-5628d1bdbe2bdfea3868866affa4ec59 av-special-heading-h2 blockquote modern-quote  avia-builder-el-2  avia-builder-el-no-sibling  av-inherit-size'><h2 class='av-special-heading-tag '  itemprop=\"headline\"  ><\/p>\n<blockquote>\n<p>PORTOFINO<\/p>\n<\/blockquote>\n<p><\/h2><div class='av-subheading av-subheading_below'><p><em>\u201cEinrichten ist die Kunst, sch\u00f6ne Dinge auf komfortable Weise abzustimmen\u201d<\/em><\/p>\n<\/div><div class=\"special-heading-border\"><div class=\"special-heading-inner-border\"><\/div><\/div><\/div><\/div><div class='av-flex-placeholder'><\/div>\n<style type=\"text\/css\" data-created_by=\"avia_inline_auto\" id=\"style-css-av-51kc9h-d6d3708503d6d9248a70f523533cc5f0\">\n#top .flex_column_table.av-equal-height-column-flextable.av-51kc9h-d6d3708503d6d9248a70f523533cc5f0{\nmargin-top:0px;\nmargin-bottom:0px;\n}\n.flex_column.av-51kc9h-d6d3708503d6d9248a70f523533cc5f0{\nborder-radius:3px 3px 3px 3px;\npadding:0px 0px 0px 0px;\n}\n<\/style>\n<div  class='flex_column av-51kc9h-d6d3708503d6d9248a70f523533cc5f0 av_three_fourth  avia-builder-el-3  el_after_av_one_fourth  avia-builder-el-last  flex_column_table_cell av-equal-height-column av-align-middle av-animated-generic left-to-right av-zero-column-padding  '     ><div  class='avia-slideshow av-m1688sip-87773fb067a0bf459bb210b98e01fec9 avia-slideshow-no scaling av_slideshow avia-fade-slider  avia-builder-el-4  avia-builder-el-no-sibling  av-slideshow-ui av-control-minimal av-slideshow-autoplay av-loop-endless av-loop-manual-endless av-default-height-applied avia-slideshow-1' data-slideshow-options=\"{&quot;animation&quot;:&quot;fade&quot;,&quot;autoplay&quot;:true,&quot;loop_autoplay&quot;:&quot;endless&quot;,&quot;interval&quot;:4,&quot;loop_manual&quot;:&quot;manual-endless&quot;,&quot;autoplay_stopper&quot;:false,&quot;noNavigation&quot;:false,&quot;bg_slider&quot;:false,&quot;keep_padding&quot;:false,&quot;hoverpause&quot;:false,&quot;show_slide_delay&quot;:0}\"  itemprop=\"image\" itemscope=\"itemscope\" itemtype=\"https:\/\/schema.org\/ImageObject\" ><ul class='avia-slideshow-inner ' style='padding-bottom: 75%;'><li  class='avia-slideshow-slide av-m1688sip-87773fb067a0bf459bb210b98e01fec9__0  slide-1 slide-odd'><div data-rel='slideshow-1' class='avia-slide-wrap '   ><img decoding=\"async\" fetchpriority=\"high\" class=\"wp-image-9422 avia-img-lazy-loading-not-9422\"  src=\"https:\/\/www.badenhaus.it\/wp-content\/uploads\/2024\/09\/PORTOFINO-BIANCO-OPACO.jpg\" width=\"1600\" height=\"1200\" title='PORTOFINO - BIANCO OPACO' alt=''  itemprop=\"thumbnailUrl\" srcset=\"https:\/\/www.badenhaus.it\/wp-content\/uploads\/2024\/09\/PORTOFINO-BIANCO-OPACO.jpg 1600w, https:\/\/www.badenhaus.it\/wp-content\/uploads\/2024\/09\/PORTOFINO-BIANCO-OPACO-300x225.jpg 300w, https:\/\/www.badenhaus.it\/wp-content\/uploads\/2024\/09\/PORTOFINO-BIANCO-OPACO-1030x773.jpg 1030w, https:\/\/www.badenhaus.it\/wp-content\/uploads\/2024\/09\/PORTOFINO-BIANCO-OPACO-768x576.jpg 768w, https:\/\/www.badenhaus.it\/wp-content\/uploads\/2024\/09\/PORTOFINO-BIANCO-OPACO-1536x1152.jpg 1536w, https:\/\/www.badenhaus.it\/wp-content\/uploads\/2024\/09\/PORTOFINO-BIANCO-OPACO-1500x1125.jpg 1500w, https:\/\/www.badenhaus.it\/wp-content\/uploads\/2024\/09\/PORTOFINO-BIANCO-OPACO-705x529.jpg 705w\" sizes=\"(max-width: 1600px) 100vw, 1600px\" \/><\/div><\/li><li  class='avia-slideshow-slide av-m1688sip-87773fb067a0bf459bb210b98e01fec9__1  slide-2 slide-even'><div data-rel='slideshow-1' class='avia-slide-wrap '   ><img decoding=\"async\" fetchpriority=\"high\" class=\"wp-image-9414 avia-img-lazy-loading-not-9414\"  src=\"https:\/\/www.badenhaus.it\/wp-content\/uploads\/2024\/09\/PORTOFINO-NOCE-3.jpg\" width=\"1600\" height=\"1200\" title='PORTOFINO - NOCE 3' alt=''  itemprop=\"thumbnailUrl\" srcset=\"https:\/\/www.badenhaus.it\/wp-content\/uploads\/2024\/09\/PORTOFINO-NOCE-3.jpg 1600w, https:\/\/www.badenhaus.it\/wp-content\/uploads\/2024\/09\/PORTOFINO-NOCE-3-300x225.jpg 300w, https:\/\/www.badenhaus.it\/wp-content\/uploads\/2024\/09\/PORTOFINO-NOCE-3-1030x773.jpg 1030w, https:\/\/www.badenhaus.it\/wp-content\/uploads\/2024\/09\/PORTOFINO-NOCE-3-768x576.jpg 768w, https:\/\/www.badenhaus.it\/wp-content\/uploads\/2024\/09\/PORTOFINO-NOCE-3-1536x1152.jpg 1536w, https:\/\/www.badenhaus.it\/wp-content\/uploads\/2024\/09\/PORTOFINO-NOCE-3-1500x1125.jpg 1500w, https:\/\/www.badenhaus.it\/wp-content\/uploads\/2024\/09\/PORTOFINO-NOCE-3-705x529.jpg 705w\" sizes=\"(max-width: 1600px) 100vw, 1600px\" \/><\/div><\/li><li  class='avia-slideshow-slide av-m1688sip-87773fb067a0bf459bb210b98e01fec9__2  slide-3 slide-odd'><div data-rel='slideshow-1' class='avia-slide-wrap '   ><img decoding=\"async\" fetchpriority=\"high\" class=\"wp-image-9390 avia-img-lazy-loading-not-9390\"  src=\"https:\/\/www.badenhaus.it\/wp-content\/uploads\/2024\/09\/PORTOFINO-VERDE-OPACO.jpg\" width=\"1600\" height=\"1200\" title='PORTOFINO - VERDE OPACO' alt=''  itemprop=\"thumbnailUrl\" srcset=\"https:\/\/www.badenhaus.it\/wp-content\/uploads\/2024\/09\/PORTOFINO-VERDE-OPACO.jpg 1600w, https:\/\/www.badenhaus.it\/wp-content\/uploads\/2024\/09\/PORTOFINO-VERDE-OPACO-300x225.jpg 300w, https:\/\/www.badenhaus.it\/wp-content\/uploads\/2024\/09\/PORTOFINO-VERDE-OPACO-1030x773.jpg 1030w, https:\/\/www.badenhaus.it\/wp-content\/uploads\/2024\/09\/PORTOFINO-VERDE-OPACO-768x576.jpg 768w, https:\/\/www.badenhaus.it\/wp-content\/uploads\/2024\/09\/PORTOFINO-VERDE-OPACO-1536x1152.jpg 1536w, https:\/\/www.badenhaus.it\/wp-content\/uploads\/2024\/09\/PORTOFINO-VERDE-OPACO-1500x1125.jpg 1500w, https:\/\/www.badenhaus.it\/wp-content\/uploads\/2024\/09\/PORTOFINO-VERDE-OPACO-705x529.jpg 705w\" sizes=\"(max-width: 1600px) 100vw, 1600px\" \/><\/div><\/li><li  class='avia-slideshow-slide av-m1688sip-87773fb067a0bf459bb210b98e01fec9__3  slide-4 slide-even'><div data-rel='slideshow-1' class='avia-slide-wrap '   ><img decoding=\"async\" fetchpriority=\"high\" class=\"wp-image-9402 avia-img-lazy-loading-not-9402\"  src=\"https:\/\/www.badenhaus.it\/wp-content\/uploads\/2024\/09\/PORTOFINO-NERO-OPACO.jpg\" width=\"1600\" height=\"1200\" title='PORTOFINO - NERO OPACO' alt=''  itemprop=\"thumbnailUrl\" srcset=\"https:\/\/www.badenhaus.it\/wp-content\/uploads\/2024\/09\/PORTOFINO-NERO-OPACO.jpg 1600w, https:\/\/www.badenhaus.it\/wp-content\/uploads\/2024\/09\/PORTOFINO-NERO-OPACO-300x225.jpg 300w, https:\/\/www.badenhaus.it\/wp-content\/uploads\/2024\/09\/PORTOFINO-NERO-OPACO-1030x773.jpg 1030w, https:\/\/www.badenhaus.it\/wp-content\/uploads\/2024\/09\/PORTOFINO-NERO-OPACO-768x576.jpg 768w, https:\/\/www.badenhaus.it\/wp-content\/uploads\/2024\/09\/PORTOFINO-NERO-OPACO-1536x1152.jpg 1536w, https:\/\/www.badenhaus.it\/wp-content\/uploads\/2024\/09\/PORTOFINO-NERO-OPACO-1500x1125.jpg 1500w, https:\/\/www.badenhaus.it\/wp-content\/uploads\/2024\/09\/PORTOFINO-NERO-OPACO-705x529.jpg 705w\" sizes=\"(max-width: 1600px) 100vw, 1600px\" \/><\/div><\/li><li  class='avia-slideshow-slide av-m1688sip-87773fb067a0bf459bb210b98e01fec9__4  slide-5 slide-odd'><div data-rel='slideshow-1' class='avia-slide-wrap '   ><img decoding=\"async\" fetchpriority=\"high\" class=\"wp-image-9382 avia-img-lazy-loading-not-9382\"  src=\"https:\/\/www.badenhaus.it\/wp-content\/uploads\/2024\/09\/PORTOFINO-BLU-AVIO.jpg\" width=\"1600\" height=\"1200\" title='PORTOFINO - BLU AVIO' alt=''  itemprop=\"thumbnailUrl\" srcset=\"https:\/\/www.badenhaus.it\/wp-content\/uploads\/2024\/09\/PORTOFINO-BLU-AVIO.jpg 1600w, https:\/\/www.badenhaus.it\/wp-content\/uploads\/2024\/09\/PORTOFINO-BLU-AVIO-300x225.jpg 300w, https:\/\/www.badenhaus.it\/wp-content\/uploads\/2024\/09\/PORTOFINO-BLU-AVIO-1030x773.jpg 1030w, https:\/\/www.badenhaus.it\/wp-content\/uploads\/2024\/09\/PORTOFINO-BLU-AVIO-768x576.jpg 768w, https:\/\/www.badenhaus.it\/wp-content\/uploads\/2024\/09\/PORTOFINO-BLU-AVIO-1536x1152.jpg 1536w, https:\/\/www.badenhaus.it\/wp-content\/uploads\/2024\/09\/PORTOFINO-BLU-AVIO-1500x1125.jpg 1500w, https:\/\/www.badenhaus.it\/wp-content\/uploads\/2024\/09\/PORTOFINO-BLU-AVIO-705x529.jpg 705w\" sizes=\"(max-width: 1600px) 100vw, 1600px\" \/><\/div><\/li><\/ul><div class='avia-slideshow-arrows avia-slideshow-controls' ><a href='#prev' class='prev-slide  avia-svg-icon avia-font-svg_entypo-fontello' data-av_svg_icon='left-open-big' data-av_iconset='svg_entypo-fontello' tabindex='-1' title=\"Zur\u00fcck\"><svg version=\"1.1\" xmlns=\"http:\/\/www.w3.org\/2000\/svg\" width=\"15\" height=\"32\" viewBox=\"0 0 15 32\" preserveAspectRatio=\"xMidYMid meet\" aria-labelledby='av-svg-title-1' aria-describedby='av-svg-desc-1' role=\"graphics-symbol\" aria-hidden=\"true\">\n<title id='av-svg-title-1'>Zur\u00fcck<\/title>\n<desc id='av-svg-desc-1'>Zur\u00fcck<\/desc>\n<path d=\"M14.464 27.84q0.832 0.832 0 1.536-0.832 0.832-1.536 0l-12.544-12.608q-0.768-0.768 0-1.6l12.544-12.608q0.704-0.832 1.536 0 0.832 0.704 0 1.536l-11.456 11.904z\"><\/path>\n<\/svg><span class='avia_hidden_link_text'>Zur\u00fcck<\/span><\/a><a href='#next' class='next-slide  avia-svg-icon avia-font-svg_entypo-fontello' data-av_svg_icon='right-open-big' data-av_iconset='svg_entypo-fontello' tabindex='-1' title=\"Weiter\"><svg version=\"1.1\" xmlns=\"http:\/\/www.w3.org\/2000\/svg\" width=\"15\" height=\"32\" viewBox=\"0 0 15 32\" preserveAspectRatio=\"xMidYMid meet\" aria-labelledby='av-svg-title-2' aria-describedby='av-svg-desc-2' role=\"graphics-symbol\" aria-hidden=\"true\">\n<title id='av-svg-title-2'>Weiter<\/title>\n<desc id='av-svg-desc-2'>Weiter<\/desc>\n<path d=\"M0.416 27.84l11.456-11.84-11.456-11.904q-0.832-0.832 0-1.536 0.832-0.832 1.536 0l12.544 12.608q0.768 0.832 0 1.6l-12.544 12.608q-0.704 0.832-1.536 0-0.832-0.704 0-1.536z\"><\/path>\n<\/svg><span class='avia_hidden_link_text'>Weiter<\/span><\/a><\/div><div class='avia-slideshow-dots avia-slideshow-controls'><a href='#1' class='goto-slide active' >1<\/a><a href='#2' class='goto-slide ' >2<\/a><a href='#3' class='goto-slide ' >3<\/a><a href='#4' class='goto-slide ' >4<\/a><a href='#5' class='goto-slide ' >5<\/a><\/div><\/div><\/div><\/div><!--close column table wrapper. Autoclose: 1 -->\n\n<\/div><\/div><\/main><!-- close content main element --><\/div><\/div>\n<style type=\"text\/css\" data-created_by=\"avia_inline_auto\" id=\"style-css-av-sikv5h-a6174f7896ef29250f5d0155105e66b6\">\n.avia-section.av-sikv5h-a6174f7896ef29250f5d0155105e66b6{\nbackground-color:#f2f2f2;\nbackground-image:unset;\n}\n<\/style>\n<div id='av_section_2'  class='avia-section av-sikv5h-a6174f7896ef29250f5d0155105e66b6 main_color avia-section-small avia-no-border-styling  avia-builder-el-5  el_after_av_section  el_before_av_one_half  avia-bg-style-scroll container_wrap fullsize'  ><div class='container av-section-cont-open' ><div class='template-page content  av-content-full alpha units'><div class='post-entry post-entry-type-page post-entry-9718'><div class='entry-content-wrapper clearfix'>\n\n<style type=\"text\/css\" data-created_by=\"avia_inline_auto\" id=\"style-css-av-s265px-33817b14b5b86225b975f5aa271d06c7\">\n#top .flex_column.av-s265px-33817b14b5b86225b975f5aa271d06c7{\nmargin-top:0px;\nmargin-bottom:0px;\n}\n.flex_column.av-s265px-33817b14b5b86225b975f5aa271d06c7{\nborder-radius:3px 3px 3px 3px;\npadding:0px 0px 0px 0px;\n}\n.responsive #top #wrap_all .flex_column.av-s265px-33817b14b5b86225b975f5aa271d06c7{\nmargin-top:0px;\nmargin-bottom:0px;\n}\n<\/style>\n<div  class='flex_column av-s265px-33817b14b5b86225b975f5aa271d06c7 av_one_half  avia-builder-el-6  el_before_av_one_half  avia-builder-el-first  first flex_column_div av-animated-generic left-to-right av-zero-column-padding  '     ><section  class='av_textblock_section av-m1685mlq-b2c7f63d06f3842ce004717eb55812af '   itemscope=\"itemscope\" itemtype=\"https:\/\/schema.org\/CreativeWork\" ><div class='avia_textblock'  itemprop=\"text\" ><p>\u201cEinrichten ist die Kunst, sch\u00f6ne Dinge auf komfortable Weise abzustimmen\u201d , zitierte der Designer Billy Baldwin und genau aus diesem Prinzip wurde die Portofino-Kollektion, realisiert, deren \u00e4sthetische Komponente niemals dem Komfort und der praktischen Anwendbarkeit untergeordnet ist. Die Eleganz und Raffinesse dieser Kollektion wird durch den schmalen Fu\u00df aus Massivholz verdeutlicht, eine nat\u00fcrliche Fortsetzung des M\u00f6bels verarbeitet in 1cm Folding mit geriffelter Oberfl\u00e4che an den Fronten und an der Korpusstruktur in mehreren matten und Holzoptik Ausf\u00fchrungen erh\u00e4ltlich.<\/p>\n<\/div><\/section><\/div>\n<style type=\"text\/css\" data-created_by=\"avia_inline_auto\" id=\"style-css-av-pjeetx-e7e6649204ef3399a7ba3b424dfe377f\">\n#top .flex_column.av-pjeetx-e7e6649204ef3399a7ba3b424dfe377f{\nmargin-top:0px;\nmargin-bottom:0px;\n}\n.flex_column.av-pjeetx-e7e6649204ef3399a7ba3b424dfe377f{\nborder-radius:3px 3px 3px 3px;\npadding:0px 0px 0px 0px;\n}\n.responsive #top #wrap_all .flex_column.av-pjeetx-e7e6649204ef3399a7ba3b424dfe377f{\nmargin-top:0px;\nmargin-bottom:0px;\n}\n<\/style>\n<div  class='flex_column av-pjeetx-e7e6649204ef3399a7ba3b424dfe377f av_one_half  avia-builder-el-8  el_after_av_one_half  avia-builder-el-last  flex_column_div av-animated-generic left-to-right av-zero-column-padding  '     ><section  class='av_textblock_section av-m16864z5-0d16615b34821167dcae8cc7f42411e3 '   itemscope=\"itemscope\" itemtype=\"https:\/\/schema.org\/CreativeWork\" ><div class='avia_textblock'  itemprop=\"text\" ><p>Die Schubladen sind mit Druck\u00f6ffnung und soft Schlie\u00dfund von BLUM\u00ae-System ausgestattet, die Innenverarbeitung ist in schwarz matt und ist mit Glasf\u00e4cher im Innenbereich ausgestattet. Neue Waschtische mit St\u00e4rke 1cm in Mineralguss matt mit Ablaufabdeckung oder traditionelle Keramikwaschtische vervollst\u00e4ndigen die Portofino-Kollektion, alternativ bietet die Serie freistehenden Waschbecken aus farbiger Keramik oder aus recycelten und wiederverwertbaren Materialien ganz im Einklang mit den aktuellen Bed\u00fcrfnissen zur Reduzierung der Umweltbelastung hin zu einem neuen Umweltfreundlichen Lebensgef\u00fchl.<\/p>\n<\/div><\/section><\/div>\n<\/div><\/div><\/div><!-- close content main div --><\/div><\/div><div id='after_section_2'  class='main_color av_default_container_wrap container_wrap fullsize'  ><div class='container av-section-cont-open' ><div class='template-page content  av-content-full alpha units'><div class='post-entry post-entry-type-page post-entry-9718'><div class='entry-content-wrapper clearfix'>\n\n<style type=\"text\/css\" data-created_by=\"avia_inline_auto\" id=\"style-css-av-odckdh-6b366cda4da78b9ae02644cffda71a84\">\n.flex_column.av-odckdh-6b366cda4da78b9ae02644cffda71a84{\npadding:0px 0px 0px 0px;\n}\n<\/style>\n<div  class='flex_column av-odckdh-6b366cda4da78b9ae02644cffda71a84 av_one_half  avia-builder-el-10  el_after_av_section  el_before_av_one_half  avia-builder-el-first  first flex_column_div av-zero-column-padding  '     ><div  class='avia-logo-element-container av-mmowo5-de31c6b002a5bacf3e692456bbe02d30 av-border-deactivate avia-logo-grid avia-content-slider avia-smallarrow-slider avia-content-grid-active noHover avia-content-slider-odd  avia-builder-el-11  avia-builder-el-no-sibling  avia-content-slider1' ><div class='avia-smallarrow-slider-heading '><div class='new-special-heading'><h3 class='av-logo-special-heading-text '>Farbvarianten<\/h3><\/div><\/div><div class=\"avia-content-slider-inner\"><div class=\"slide-entry-wrap\"><div data-avia-tooltip=\"weiss matt\" class='slide-entry av-m168oz1x-bacf153a03d8ff72d62a4c0fa3603fcb flex_column no_margin av_one_fifth real-thumbnail post-entry slide-entry-overview slide-loop-1 slide-parity-odd  first'><img decoding=\"async\" fetchpriority=\"high\" width=\"70\" height=\"70\" src=\"https:\/\/www.badenhaus.it\/wp-content\/uploads\/2024\/09\/BIANCO-OPACO-2.png\" class=\"wp-image-9450 avia-img-lazy-loading-not-9450 attachment-no scaling size-no scaling\" alt=\"\" srcset=\"https:\/\/www.badenhaus.it\/wp-content\/uploads\/2024\/09\/BIANCO-OPACO-2.png 70w, https:\/\/www.badenhaus.it\/wp-content\/uploads\/2024\/09\/BIANCO-OPACO-2-36x36.png 36w\" sizes=\"(max-width: 70px) 100vw, 70px\" \/><\/div><div data-avia-tooltip=\"walnuss\" class='slide-entry av-fb2605-e09c5f7c81536eb44f12e7dc649d9c6a flex_column no_margin av_one_fifth real-thumbnail post-entry slide-entry-overview slide-loop-2 slide-parity-even  '><img decoding=\"async\" fetchpriority=\"high\" width=\"70\" height=\"70\" src=\"https:\/\/www.badenhaus.it\/wp-content\/uploads\/2024\/09\/NOCE-2.png\" class=\"wp-image-9446 avia-img-lazy-loading-not-9446 attachment-no scaling size-no scaling\" alt=\"\" srcset=\"https:\/\/www.badenhaus.it\/wp-content\/uploads\/2024\/09\/NOCE-2.png 70w, https:\/\/www.badenhaus.it\/wp-content\/uploads\/2024\/09\/NOCE-2-36x36.png 36w\" sizes=\"(max-width: 70px) 100vw, 70px\" \/><\/div><div data-avia-tooltip=\"dunkelgr\u00fcn matt\" class='slide-entry av-gqmqf9-497aeee4a7f0882ed4b5ad375d66430d flex_column no_margin av_one_fifth real-thumbnail post-entry slide-entry-overview slide-loop-3 slide-parity-odd  '><img decoding=\"async\" fetchpriority=\"high\" width=\"70\" height=\"70\" src=\"https:\/\/www.badenhaus.it\/wp-content\/uploads\/2024\/09\/VERDE-OPACO-2.png\" class=\"wp-image-9438 avia-img-lazy-loading-not-9438 attachment-no scaling size-no scaling\" alt=\"\" srcset=\"https:\/\/www.badenhaus.it\/wp-content\/uploads\/2024\/09\/VERDE-OPACO-2.png 70w, https:\/\/www.badenhaus.it\/wp-content\/uploads\/2024\/09\/VERDE-OPACO-2-36x36.png 36w\" sizes=\"(max-width: 70px) 100vw, 70px\" \/><\/div><div data-avia-tooltip=\"schwarz matt\" class='slide-entry av-it19w5-77eaac50c7b27cb135c7c05bbd029ec5 flex_column no_margin av_one_fifth real-thumbnail post-entry slide-entry-overview slide-loop-4 slide-parity-even  '><img decoding=\"async\" fetchpriority=\"high\" width=\"70\" height=\"70\" src=\"https:\/\/www.badenhaus.it\/wp-content\/uploads\/2024\/09\/NERO-OPACO2.png\" class=\"wp-image-9442 avia-img-lazy-loading-not-9442 attachment-no scaling size-no scaling\" alt=\"\" srcset=\"https:\/\/www.badenhaus.it\/wp-content\/uploads\/2024\/09\/NERO-OPACO2.png 70w, https:\/\/www.badenhaus.it\/wp-content\/uploads\/2024\/09\/NERO-OPACO2-36x36.png 36w\" sizes=\"(max-width: 70px) 100vw, 70px\" \/><\/div><div data-avia-tooltip=\"blau avio\" class='slide-entry av-fb2605-6-21ccf7bedf7df06fe99400cb24ea4cdc flex_column no_margin av_one_fifth real-thumbnail post-entry slide-entry-overview slide-loop-5 slide-parity-odd post-entry-last '><img decoding=\"async\" fetchpriority=\"high\" width=\"70\" height=\"70\" src=\"https:\/\/www.badenhaus.it\/wp-content\/uploads\/2024\/09\/BLU-AVIO.png\" class=\"wp-image-9434 avia-img-lazy-loading-not-9434 attachment-no scaling size-no scaling\" alt=\"\" srcset=\"https:\/\/www.badenhaus.it\/wp-content\/uploads\/2024\/09\/BLU-AVIO.png 70w, https:\/\/www.badenhaus.it\/wp-content\/uploads\/2024\/09\/BLU-AVIO-36x36.png 36w\" sizes=\"(max-width: 70px) 100vw, 70px\" \/><\/div><\/div><\/div><\/div><\/div>\n<div  class='flex_column av-dfx445-39caa33bb5dce0e947a026a504ccc1bd av_one_half  avia-builder-el-12  el_after_av_one_half  el_before_av_section  avia-builder-el-last  flex_column_div  '     ><\/div>\n<\/div><\/div><\/div><!-- close content main div --><\/div><\/div>\n<style type=\"text\/css\" data-created_by=\"avia_inline_auto\" id=\"style-css-av-c26k8l-6831dafa12d3a08b7c82364d13bb2f80\">\n.avia-section.av-c26k8l-6831dafa12d3a08b7c82364d13bb2f80{\nbackground-color:#f2f2f2;\nbackground-image:unset;\n}\n<\/style>\n<div id='av_section_3'  class='avia-section av-c26k8l-6831dafa12d3a08b7c82364d13bb2f80 main_color avia-section-small avia-no-border-styling  avia-builder-el-13  el_after_av_one_half  el_before_av_one_half  avia-bg-style-scroll container_wrap fullsize'  ><div class='container av-section-cont-open' ><div class='template-page content  av-content-full alpha units'><div class='post-entry post-entry-type-page post-entry-9718'><div class='entry-content-wrapper clearfix'>\n<div id='av-masonry-1' class='av-masonry av-axnst1-85351396d781603c560fe4f34de0e999 noHover av-fixed-size av-large-gap av-hover-overlay- av-masonry-animation-active av-masonry-col-3 av-caption-always av-caption-style- av-masonry-gallery ' data-post_id=\"9718\"><div class=\"av-masonry-container isotope av-js-disabled\"><div class='av-masonry-entry isotope-item av-masonry-item-no-image '><\/div><a href=\"https:\/\/www.badenhaus.it\/wp-content\/uploads\/2024\/09\/PORTOFINO-BIANCO-OPACO-1030x773.jpg\" data-srcset=\"https:\/\/www.badenhaus.it\/wp-content\/uploads\/2024\/09\/PORTOFINO-BIANCO-OPACO-1030x773.jpg 1030w, https:\/\/www.badenhaus.it\/wp-content\/uploads\/2024\/09\/PORTOFINO-BIANCO-OPACO-300x225.jpg 300w, https:\/\/www.badenhaus.it\/wp-content\/uploads\/2024\/09\/PORTOFINO-BIANCO-OPACO-768x576.jpg 768w, https:\/\/www.badenhaus.it\/wp-content\/uploads\/2024\/09\/PORTOFINO-BIANCO-OPACO-1536x1152.jpg 1536w, https:\/\/www.badenhaus.it\/wp-content\/uploads\/2024\/09\/PORTOFINO-BIANCO-OPACO-1500x1125.jpg 1500w, https:\/\/www.badenhaus.it\/wp-content\/uploads\/2024\/09\/PORTOFINO-BIANCO-OPACO-705x529.jpg 705w, https:\/\/www.badenhaus.it\/wp-content\/uploads\/2024\/09\/PORTOFINO-BIANCO-OPACO.jpg 1600w\" data-sizes=\"(max-width: 1030px) 100vw, 1030px\"  aria-label=\"Bild PORTOFINO &#8211; BIANCO OPACO\"  id='av-masonry-1-item-9422' data-av-masonry-item='9422' class='av-masonry-entry isotope-item post-9422 attachment type-attachment status-inherit hentry  av-masonry-item-with-image av-grid-img' title=\"PORTOFINO &#8211; BIANCO OPACO\" alt=\"\"    itemprop=\"thumbnailUrl\" ><div class='av-inner-masonry-sizer'><\/div><figure class='av-inner-masonry main_color'><div class=\"av-masonry-outerimage-container\"><div class='av-masonry-image-container' style=\"background-image: url(https:\/\/www.badenhaus.it\/wp-content\/uploads\/2024\/09\/PORTOFINO-BIANCO-OPACO.jpg);\"  title=\"PORTOFINO &#8211; BIANCO OPACO\" ><\/div><\/div><\/figure><\/a><!--end av-masonry entry--><a href=\"https:\/\/www.badenhaus.it\/wp-content\/uploads\/2024\/09\/PORTOFINO-BIANCO-OPACO-2-1030x773.jpg\" data-srcset=\"https:\/\/www.badenhaus.it\/wp-content\/uploads\/2024\/09\/PORTOFINO-BIANCO-OPACO-2-1030x773.jpg 1030w, https:\/\/www.badenhaus.it\/wp-content\/uploads\/2024\/09\/PORTOFINO-BIANCO-OPACO-2-300x225.jpg 300w, https:\/\/www.badenhaus.it\/wp-content\/uploads\/2024\/09\/PORTOFINO-BIANCO-OPACO-2-768x576.jpg 768w, https:\/\/www.badenhaus.it\/wp-content\/uploads\/2024\/09\/PORTOFINO-BIANCO-OPACO-2-1536x1152.jpg 1536w, https:\/\/www.badenhaus.it\/wp-content\/uploads\/2024\/09\/PORTOFINO-BIANCO-OPACO-2-1500x1125.jpg 1500w, https:\/\/www.badenhaus.it\/wp-content\/uploads\/2024\/09\/PORTOFINO-BIANCO-OPACO-2-705x529.jpg 705w, https:\/\/www.badenhaus.it\/wp-content\/uploads\/2024\/09\/PORTOFINO-BIANCO-OPACO-2.jpg 1600w\" data-sizes=\"(max-width: 1030px) 100vw, 1030px\"  aria-label=\"Bild PORTOFINO &#8211; BIANCO OPACO 2\"  id='av-masonry-1-item-9426' data-av-masonry-item='9426' class='av-masonry-entry isotope-item post-9426 attachment type-attachment status-inherit hentry  av-masonry-item-with-image av-grid-img' title=\"PORTOFINO &#8211; BIANCO OPACO 2\" alt=\"\"    itemprop=\"thumbnailUrl\" ><div class='av-inner-masonry-sizer'><\/div><figure class='av-inner-masonry main_color'><div class=\"av-masonry-outerimage-container\"><div class='av-masonry-image-container' style=\"background-image: url(https:\/\/www.badenhaus.it\/wp-content\/uploads\/2024\/09\/PORTOFINO-BIANCO-OPACO-2.jpg);\"  title=\"PORTOFINO &#8211; BIANCO OPACO 2\" ><\/div><\/div><\/figure><\/a><!--end av-masonry entry--><a href=\"https:\/\/www.badenhaus.it\/wp-content\/uploads\/2024\/09\/PORTOFINO-NOCE-1030x773.jpg\" data-srcset=\"https:\/\/www.badenhaus.it\/wp-content\/uploads\/2024\/09\/PORTOFINO-NOCE-1030x773.jpg 1030w, https:\/\/www.badenhaus.it\/wp-content\/uploads\/2024\/09\/PORTOFINO-NOCE-300x225.jpg 300w, https:\/\/www.badenhaus.it\/wp-content\/uploads\/2024\/09\/PORTOFINO-NOCE-768x576.jpg 768w, https:\/\/www.badenhaus.it\/wp-content\/uploads\/2024\/09\/PORTOFINO-NOCE-1536x1152.jpg 1536w, https:\/\/www.badenhaus.it\/wp-content\/uploads\/2024\/09\/PORTOFINO-NOCE-1500x1125.jpg 1500w, https:\/\/www.badenhaus.it\/wp-content\/uploads\/2024\/09\/PORTOFINO-NOCE-705x529.jpg 705w, https:\/\/www.badenhaus.it\/wp-content\/uploads\/2024\/09\/PORTOFINO-NOCE.jpg 1600w\" data-sizes=\"(max-width: 1030px) 100vw, 1030px\"  aria-label=\"Bild PORTOFINO &#8211; NOCE\"  id='av-masonry-1-item-9406' data-av-masonry-item='9406' class='av-masonry-entry isotope-item post-9406 attachment type-attachment status-inherit hentry  av-masonry-item-with-image av-grid-img' title=\"PORTOFINO &#8211; NOCE\" alt=\"\"    itemprop=\"thumbnailUrl\" ><div class='av-inner-masonry-sizer'><\/div><figure class='av-inner-masonry main_color'><div class=\"av-masonry-outerimage-container\"><div class='av-masonry-image-container' style=\"background-image: url(https:\/\/www.badenhaus.it\/wp-content\/uploads\/2024\/09\/PORTOFINO-NOCE.jpg);\"  title=\"PORTOFINO &#8211; NOCE\" ><\/div><\/div><\/figure><\/a><!--end av-masonry entry--><a href=\"https:\/\/www.badenhaus.it\/wp-content\/uploads\/2024\/09\/PORTOFINO-NOCE-2-1030x773.jpg\" data-srcset=\"https:\/\/www.badenhaus.it\/wp-content\/uploads\/2024\/09\/PORTOFINO-NOCE-2-1030x773.jpg 1030w, https:\/\/www.badenhaus.it\/wp-content\/uploads\/2024\/09\/PORTOFINO-NOCE-2-300x225.jpg 300w, https:\/\/www.badenhaus.it\/wp-content\/uploads\/2024\/09\/PORTOFINO-NOCE-2-768x576.jpg 768w, https:\/\/www.badenhaus.it\/wp-content\/uploads\/2024\/09\/PORTOFINO-NOCE-2-1536x1152.jpg 1536w, https:\/\/www.badenhaus.it\/wp-content\/uploads\/2024\/09\/PORTOFINO-NOCE-2-1500x1125.jpg 1500w, https:\/\/www.badenhaus.it\/wp-content\/uploads\/2024\/09\/PORTOFINO-NOCE-2-705x529.jpg 705w, https:\/\/www.badenhaus.it\/wp-content\/uploads\/2024\/09\/PORTOFINO-NOCE-2.jpg 1600w\" data-sizes=\"(max-width: 1030px) 100vw, 1030px\"  aria-label=\"Bild PORTOFINO &#8211; NOCE 2\"  id='av-masonry-1-item-9410' data-av-masonry-item='9410' class='av-masonry-entry isotope-item post-9410 attachment type-attachment status-inherit hentry  av-masonry-item-with-image av-grid-img' title=\"PORTOFINO &#8211; NOCE 2\" alt=\"\"    itemprop=\"thumbnailUrl\" ><div class='av-inner-masonry-sizer'><\/div><figure class='av-inner-masonry main_color'><div class=\"av-masonry-outerimage-container\"><div class='av-masonry-image-container' style=\"background-image: url(https:\/\/www.badenhaus.it\/wp-content\/uploads\/2024\/09\/PORTOFINO-NOCE-2.jpg);\"  title=\"PORTOFINO &#8211; NOCE 2\" ><\/div><\/div><\/figure><\/a><!--end av-masonry entry--><a href=\"https:\/\/www.badenhaus.it\/wp-content\/uploads\/2024\/09\/PORTOFINO-NOCE-3-1030x773.jpg\" data-srcset=\"https:\/\/www.badenhaus.it\/wp-content\/uploads\/2024\/09\/PORTOFINO-NOCE-3-1030x773.jpg 1030w, https:\/\/www.badenhaus.it\/wp-content\/uploads\/2024\/09\/PORTOFINO-NOCE-3-300x225.jpg 300w, https:\/\/www.badenhaus.it\/wp-content\/uploads\/2024\/09\/PORTOFINO-NOCE-3-768x576.jpg 768w, https:\/\/www.badenhaus.it\/wp-content\/uploads\/2024\/09\/PORTOFINO-NOCE-3-1536x1152.jpg 1536w, https:\/\/www.badenhaus.it\/wp-content\/uploads\/2024\/09\/PORTOFINO-NOCE-3-1500x1125.jpg 1500w, https:\/\/www.badenhaus.it\/wp-content\/uploads\/2024\/09\/PORTOFINO-NOCE-3-705x529.jpg 705w, https:\/\/www.badenhaus.it\/wp-content\/uploads\/2024\/09\/PORTOFINO-NOCE-3.jpg 1600w\" data-sizes=\"(max-width: 1030px) 100vw, 1030px\"  aria-label=\"Bild PORTOFINO &#8211; NOCE 3\"  id='av-masonry-1-item-9414' data-av-masonry-item='9414' class='av-masonry-entry isotope-item post-9414 attachment type-attachment status-inherit hentry  av-masonry-item-with-image av-grid-img' title=\"PORTOFINO &#8211; NOCE 3\" alt=\"\"    itemprop=\"thumbnailUrl\" ><div class='av-inner-masonry-sizer'><\/div><figure class='av-inner-masonry main_color'><div class=\"av-masonry-outerimage-container\"><div class='av-masonry-image-container' style=\"background-image: url(https:\/\/www.badenhaus.it\/wp-content\/uploads\/2024\/09\/PORTOFINO-NOCE-3.jpg);\"  title=\"PORTOFINO &#8211; NOCE 3\" ><\/div><\/div><\/figure><\/a><!--end av-masonry entry--><a href=\"https:\/\/www.badenhaus.it\/wp-content\/uploads\/2024\/09\/PORTOFINO-NOCE-4-1030x773.jpg\" data-srcset=\"https:\/\/www.badenhaus.it\/wp-content\/uploads\/2024\/09\/PORTOFINO-NOCE-4-1030x773.jpg 1030w, https:\/\/www.badenhaus.it\/wp-content\/uploads\/2024\/09\/PORTOFINO-NOCE-4-300x225.jpg 300w, https:\/\/www.badenhaus.it\/wp-content\/uploads\/2024\/09\/PORTOFINO-NOCE-4-768x576.jpg 768w, https:\/\/www.badenhaus.it\/wp-content\/uploads\/2024\/09\/PORTOFINO-NOCE-4-1536x1152.jpg 1536w, https:\/\/www.badenhaus.it\/wp-content\/uploads\/2024\/09\/PORTOFINO-NOCE-4-1500x1125.jpg 1500w, https:\/\/www.badenhaus.it\/wp-content\/uploads\/2024\/09\/PORTOFINO-NOCE-4-705x529.jpg 705w, https:\/\/www.badenhaus.it\/wp-content\/uploads\/2024\/09\/PORTOFINO-NOCE-4.jpg 1600w\" data-sizes=\"(max-width: 1030px) 100vw, 1030px\"  aria-label=\"Bild PORTOFINO &#8211; NOCE 4\"  id='av-masonry-1-item-9418' data-av-masonry-item='9418' class='av-masonry-entry isotope-item post-9418 attachment type-attachment status-inherit hentry  av-masonry-item-with-image av-grid-img' title=\"PORTOFINO &#8211; NOCE 4\" alt=\"\"    itemprop=\"thumbnailUrl\" ><div class='av-inner-masonry-sizer'><\/div><figure class='av-inner-masonry main_color'><div class=\"av-masonry-outerimage-container\"><div class='av-masonry-image-container' style=\"background-image: url(https:\/\/www.badenhaus.it\/wp-content\/uploads\/2024\/09\/PORTOFINO-NOCE-4.jpg);\"  title=\"PORTOFINO &#8211; NOCE 4\" ><\/div><\/div><\/figure><\/a><!--end av-masonry entry--><a href=\"https:\/\/www.badenhaus.it\/wp-content\/uploads\/2024\/09\/PORTOFINO-VERDE-OPACO-1030x773.jpg\" data-srcset=\"https:\/\/www.badenhaus.it\/wp-content\/uploads\/2024\/09\/PORTOFINO-VERDE-OPACO-1030x773.jpg 1030w, https:\/\/www.badenhaus.it\/wp-content\/uploads\/2024\/09\/PORTOFINO-VERDE-OPACO-300x225.jpg 300w, https:\/\/www.badenhaus.it\/wp-content\/uploads\/2024\/09\/PORTOFINO-VERDE-OPACO-768x576.jpg 768w, https:\/\/www.badenhaus.it\/wp-content\/uploads\/2024\/09\/PORTOFINO-VERDE-OPACO-1536x1152.jpg 1536w, https:\/\/www.badenhaus.it\/wp-content\/uploads\/2024\/09\/PORTOFINO-VERDE-OPACO-1500x1125.jpg 1500w, https:\/\/www.badenhaus.it\/wp-content\/uploads\/2024\/09\/PORTOFINO-VERDE-OPACO-705x529.jpg 705w, https:\/\/www.badenhaus.it\/wp-content\/uploads\/2024\/09\/PORTOFINO-VERDE-OPACO.jpg 1600w\" data-sizes=\"(max-width: 1030px) 100vw, 1030px\"  aria-label=\"Bild PORTOFINO &#8211; VERDE OPACO\"  id='av-masonry-1-item-9390' data-av-masonry-item='9390' class='av-masonry-entry isotope-item post-9390 attachment type-attachment status-inherit hentry  av-masonry-item-with-image av-grid-img' title=\"PORTOFINO &#8211; VERDE OPACO\" alt=\"\"    itemprop=\"thumbnailUrl\" ><div class='av-inner-masonry-sizer'><\/div><figure class='av-inner-masonry main_color'><div class=\"av-masonry-outerimage-container\"><div class='av-masonry-image-container' style=\"background-image: url(https:\/\/www.badenhaus.it\/wp-content\/uploads\/2024\/09\/PORTOFINO-VERDE-OPACO.jpg);\"  title=\"PORTOFINO &#8211; VERDE OPACO\" ><\/div><\/div><\/figure><\/a><!--end av-masonry entry--><a href=\"https:\/\/www.badenhaus.it\/wp-content\/uploads\/2024\/09\/PORTOFINO-VERDE-OPACO-2-1030x773.jpg\" data-srcset=\"https:\/\/www.badenhaus.it\/wp-content\/uploads\/2024\/09\/PORTOFINO-VERDE-OPACO-2-1030x773.jpg 1030w, https:\/\/www.badenhaus.it\/wp-content\/uploads\/2024\/09\/PORTOFINO-VERDE-OPACO-2-300x225.jpg 300w, https:\/\/www.badenhaus.it\/wp-content\/uploads\/2024\/09\/PORTOFINO-VERDE-OPACO-2-768x576.jpg 768w, https:\/\/www.badenhaus.it\/wp-content\/uploads\/2024\/09\/PORTOFINO-VERDE-OPACO-2-1536x1152.jpg 1536w, https:\/\/www.badenhaus.it\/wp-content\/uploads\/2024\/09\/PORTOFINO-VERDE-OPACO-2-1500x1125.jpg 1500w, https:\/\/www.badenhaus.it\/wp-content\/uploads\/2024\/09\/PORTOFINO-VERDE-OPACO-2-705x529.jpg 705w, https:\/\/www.badenhaus.it\/wp-content\/uploads\/2024\/09\/PORTOFINO-VERDE-OPACO-2.jpg 1600w\" data-sizes=\"(max-width: 1030px) 100vw, 1030px\"  aria-label=\"Bild PORTOFINO &#8211; VERDE OPACO 2\"  id='av-masonry-1-item-9394' data-av-masonry-item='9394' class='av-masonry-entry isotope-item post-9394 attachment type-attachment status-inherit hentry  av-masonry-item-with-image av-grid-img' title=\"PORTOFINO &#8211; VERDE OPACO 2\" alt=\"\"    itemprop=\"thumbnailUrl\" ><div class='av-inner-masonry-sizer'><\/div><figure class='av-inner-masonry main_color'><div class=\"av-masonry-outerimage-container\"><div class='av-masonry-image-container' style=\"background-image: url(https:\/\/www.badenhaus.it\/wp-content\/uploads\/2024\/09\/PORTOFINO-VERDE-OPACO-2.jpg);\"  title=\"PORTOFINO &#8211; VERDE OPACO 2\" ><\/div><\/div><\/figure><\/a><!--end av-masonry entry--><a href=\"https:\/\/www.badenhaus.it\/wp-content\/uploads\/2024\/09\/PORTOFINO-NERO-OPACO-1030x773.jpg\" data-srcset=\"https:\/\/www.badenhaus.it\/wp-content\/uploads\/2024\/09\/PORTOFINO-NERO-OPACO-1030x773.jpg 1030w, https:\/\/www.badenhaus.it\/wp-content\/uploads\/2024\/09\/PORTOFINO-NERO-OPACO-300x225.jpg 300w, https:\/\/www.badenhaus.it\/wp-content\/uploads\/2024\/09\/PORTOFINO-NERO-OPACO-768x576.jpg 768w, https:\/\/www.badenhaus.it\/wp-content\/uploads\/2024\/09\/PORTOFINO-NERO-OPACO-1536x1152.jpg 1536w, https:\/\/www.badenhaus.it\/wp-content\/uploads\/2024\/09\/PORTOFINO-NERO-OPACO-1500x1125.jpg 1500w, https:\/\/www.badenhaus.it\/wp-content\/uploads\/2024\/09\/PORTOFINO-NERO-OPACO-705x529.jpg 705w, https:\/\/www.badenhaus.it\/wp-content\/uploads\/2024\/09\/PORTOFINO-NERO-OPACO.jpg 1600w\" data-sizes=\"(max-width: 1030px) 100vw, 1030px\"  aria-label=\"Bild PORTOFINO &#8211; NERO OPACO\"  id='av-masonry-1-item-9402' data-av-masonry-item='9402' class='av-masonry-entry isotope-item post-9402 attachment type-attachment status-inherit hentry  av-masonry-item-with-image av-grid-img' title=\"PORTOFINO &#8211; NERO OPACO\" alt=\"\"    itemprop=\"thumbnailUrl\" ><div class='av-inner-masonry-sizer'><\/div><figure class='av-inner-masonry main_color'><div class=\"av-masonry-outerimage-container\"><div class='av-masonry-image-container' style=\"background-image: url(https:\/\/www.badenhaus.it\/wp-content\/uploads\/2024\/09\/PORTOFINO-NERO-OPACO.jpg);\"  title=\"PORTOFINO &#8211; NERO OPACO\" ><\/div><\/div><\/figure><\/a><!--end av-masonry entry--><a href=\"https:\/\/www.badenhaus.it\/wp-content\/uploads\/2024\/09\/PORTOFINO-NERO-OPACO-2-1030x773.jpg\" data-srcset=\"https:\/\/www.badenhaus.it\/wp-content\/uploads\/2024\/09\/PORTOFINO-NERO-OPACO-2-1030x773.jpg 1030w, https:\/\/www.badenhaus.it\/wp-content\/uploads\/2024\/09\/PORTOFINO-NERO-OPACO-2-300x225.jpg 300w, https:\/\/www.badenhaus.it\/wp-content\/uploads\/2024\/09\/PORTOFINO-NERO-OPACO-2-768x576.jpg 768w, https:\/\/www.badenhaus.it\/wp-content\/uploads\/2024\/09\/PORTOFINO-NERO-OPACO-2-1536x1152.jpg 1536w, https:\/\/www.badenhaus.it\/wp-content\/uploads\/2024\/09\/PORTOFINO-NERO-OPACO-2-1500x1125.jpg 1500w, https:\/\/www.badenhaus.it\/wp-content\/uploads\/2024\/09\/PORTOFINO-NERO-OPACO-2-705x529.jpg 705w, https:\/\/www.badenhaus.it\/wp-content\/uploads\/2024\/09\/PORTOFINO-NERO-OPACO-2.jpg 1600w\" data-sizes=\"(max-width: 1030px) 100vw, 1030px\"  aria-label=\"Bild PORTOFINO &#8211; NERO OPACO 2\"  id='av-masonry-1-item-9398' data-av-masonry-item='9398' class='av-masonry-entry isotope-item post-9398 attachment type-attachment status-inherit hentry  av-masonry-item-with-image av-grid-img' title=\"PORTOFINO &#8211; NERO OPACO 2\" alt=\"\"    itemprop=\"thumbnailUrl\" ><div class='av-inner-masonry-sizer'><\/div><figure class='av-inner-masonry main_color'><div class=\"av-masonry-outerimage-container\"><div class='av-masonry-image-container' style=\"background-image: url(https:\/\/www.badenhaus.it\/wp-content\/uploads\/2024\/09\/PORTOFINO-NERO-OPACO-2.jpg);\"  title=\"PORTOFINO &#8211; NERO OPACO 2\" ><\/div><\/div><\/figure><\/a><!--end av-masonry entry--><a href=\"https:\/\/www.badenhaus.it\/wp-content\/uploads\/2024\/09\/PORTOFINO-BLU-AVIO-1030x773.jpg\" data-srcset=\"https:\/\/www.badenhaus.it\/wp-content\/uploads\/2024\/09\/PORTOFINO-BLU-AVIO-1030x773.jpg 1030w, https:\/\/www.badenhaus.it\/wp-content\/uploads\/2024\/09\/PORTOFINO-BLU-AVIO-300x225.jpg 300w, https:\/\/www.badenhaus.it\/wp-content\/uploads\/2024\/09\/PORTOFINO-BLU-AVIO-768x576.jpg 768w, https:\/\/www.badenhaus.it\/wp-content\/uploads\/2024\/09\/PORTOFINO-BLU-AVIO-1536x1152.jpg 1536w, https:\/\/www.badenhaus.it\/wp-content\/uploads\/2024\/09\/PORTOFINO-BLU-AVIO-1500x1125.jpg 1500w, https:\/\/www.badenhaus.it\/wp-content\/uploads\/2024\/09\/PORTOFINO-BLU-AVIO-705x529.jpg 705w, https:\/\/www.badenhaus.it\/wp-content\/uploads\/2024\/09\/PORTOFINO-BLU-AVIO.jpg 1600w\" data-sizes=\"(max-width: 1030px) 100vw, 1030px\"  aria-label=\"Bild PORTOFINO &#8211; BLU AVIO\"  id='av-masonry-1-item-9382' data-av-masonry-item='9382' class='av-masonry-entry isotope-item post-9382 attachment type-attachment status-inherit hentry  av-masonry-item-with-image av-grid-img' title=\"PORTOFINO &#8211; BLU AVIO\" alt=\"\"    itemprop=\"thumbnailUrl\" ><div class='av-inner-masonry-sizer'><\/div><figure class='av-inner-masonry main_color'><div class=\"av-masonry-outerimage-container\"><div class='av-masonry-image-container' style=\"background-image: url(https:\/\/www.badenhaus.it\/wp-content\/uploads\/2024\/09\/PORTOFINO-BLU-AVIO.jpg);\"  title=\"PORTOFINO &#8211; BLU AVIO\" ><\/div><\/div><\/figure><\/a><!--end av-masonry entry--><a href=\"https:\/\/www.badenhaus.it\/wp-content\/uploads\/2024\/09\/PORTOFINO-BLU-AVIO-2-1030x773.jpg\" data-srcset=\"https:\/\/www.badenhaus.it\/wp-content\/uploads\/2024\/09\/PORTOFINO-BLU-AVIO-2-1030x773.jpg 1030w, https:\/\/www.badenhaus.it\/wp-content\/uploads\/2024\/09\/PORTOFINO-BLU-AVIO-2-300x225.jpg 300w, https:\/\/www.badenhaus.it\/wp-content\/uploads\/2024\/09\/PORTOFINO-BLU-AVIO-2-768x576.jpg 768w, https:\/\/www.badenhaus.it\/wp-content\/uploads\/2024\/09\/PORTOFINO-BLU-AVIO-2-1536x1152.jpg 1536w, https:\/\/www.badenhaus.it\/wp-content\/uploads\/2024\/09\/PORTOFINO-BLU-AVIO-2-1500x1125.jpg 1500w, https:\/\/www.badenhaus.it\/wp-content\/uploads\/2024\/09\/PORTOFINO-BLU-AVIO-2-705x529.jpg 705w, https:\/\/www.badenhaus.it\/wp-content\/uploads\/2024\/09\/PORTOFINO-BLU-AVIO-2.jpg 1600w\" data-sizes=\"(max-width: 1030px) 100vw, 1030px\"  aria-label=\"Bild PORTOFINO &#8211; BLU AVIO 2\"  id='av-masonry-1-item-9386' data-av-masonry-item='9386' class='av-masonry-entry isotope-item post-9386 attachment type-attachment status-inherit hentry  av-masonry-item-with-image av-grid-img' title=\"PORTOFINO &#8211; BLU AVIO 2\" alt=\"\"    itemprop=\"thumbnailUrl\" ><div class='av-inner-masonry-sizer'><\/div><figure class='av-inner-masonry main_color'><div class=\"av-masonry-outerimage-container\"><div class='av-masonry-image-container' style=\"background-image: url(https:\/\/www.badenhaus.it\/wp-content\/uploads\/2024\/09\/PORTOFINO-BLU-AVIO-2.jpg);\"  title=\"PORTOFINO &#8211; BLU AVIO 2\" ><\/div><\/div><\/figure><\/a><!--end av-masonry entry--><\/div><\/div>\n<\/div><\/div><\/div><!-- close content main div --><\/div><\/div><div id='after_section_3'  class='main_color av_default_container_wrap container_wrap fullsize'  ><div class='container av-section-cont-open' ><div class='template-page content  av-content-full alpha units'><div class='post-entry post-entry-type-page post-entry-9718'><div class='entry-content-wrapper clearfix'><div  class='flex_column av-9oui3p-2cde950efdf0ca4a5ea5ec217aee5b10 av_one_half  avia-builder-el-15  el_after_av_section  el_before_av_one_half  avia-builder-el-first  first flex_column_div  '     ><style type=\"text\/css\" data-created_by=\"avia_inline_auto\" id=\"style-css-av-84igud-4a15e09ba2ebf2ec8019eb5e7fa54e74\">\n#top .avia-icon-list-container.av-84igud-4a15e09ba2ebf2ec8019eb5e7fa54e74 .iconlist_icon{\ncolor:#000000;\nbackground-color:#ffffff;\nborder-style:solid;\nborder-width:1px 1px 1px 1px;\nborder-color:#000000;\n}\n#top .avia-icon-list-container.av-84igud-4a15e09ba2ebf2ec8019eb5e7fa54e74 .iconlist_icon svg:first-child{\nstroke:#000000;\nfill:#000000;\n}\n<\/style>\n<div  class='avia-icon-list-container av-84igud-4a15e09ba2ebf2ec8019eb5e7fa54e74  avia-builder-el-16  avia-builder-el-no-sibling '><ul class='avia-icon-list avia_animate_when_almost_visible avia-icon-list-left av-iconlist-big av-84igud-4a15e09ba2ebf2ec8019eb5e7fa54e74 avia-iconlist-animate'>\n<li><a href='https:\/\/www.badenhaus.it\/wp-content\/uploads\/2024\/09\/portofino.pdf' title='Katalog PORTOFINO'  class='iconlist_icon av-6h1h85-66bd3a104cd1dc58dddc857cc286d472 avia-font-entypo-fontello avia-iconfont avia-font-entypo-fontello'><span class='av-icon-char' data-av_icon='\ue84e' data-av_iconfont='entypo-fontello' aria-hidden=\"true\"><\/span><\/a><article class=\"article-icon-entry av-iconlist-empty\"  itemscope=\"itemscope\" itemtype=\"https:\/\/schema.org\/CreativeWork\" ><div class=\"iconlist_content_wrap\"><header class=\"entry-content-header\" aria-label=\"Icon: &lt;a href=&#039;https:\/\/www.badenhaus.it\/wp-content\/uploads\/2024\/09\/portofino.pdf&#039; title=&#039;Katalog PORTOFINO&#039;&gt;Katalog PORTOFINO&lt;\/a&gt;\"><h4 class='av_iconlist_title iconlist_title  '  itemprop=\"headline\" ><a href='https:\/\/www.badenhaus.it\/wp-content\/uploads\/2024\/09\/portofino.pdf' title='Katalog PORTOFINO'>Katalog PORTOFINO<\/a><\/h4><\/header><div class='iconlist_content '  itemprop=\"text\" ><\/div><\/div><footer class=\"entry-footer\"><\/footer><\/article><div class=\"iconlist-timeline\"><\/div><\/li>\n<li><a href='https:\/\/www.badenhaus.it\/wp-content\/uploads\/2024\/09\/misure-portofino-2.pdf' title='Massnahmen PORTOFINO'  class='iconlist_icon av-48a10l-579104c6142d228c52fab15ab43768f0 avia-font-entypo-fontello avia-iconfont avia-font-entypo-fontello'><span class='av-icon-char' data-av_icon='\ue84b' data-av_iconfont='entypo-fontello' aria-hidden=\"true\"><\/span><\/a><article class=\"article-icon-entry av-iconlist-empty\"  itemscope=\"itemscope\" itemtype=\"https:\/\/schema.org\/CreativeWork\" ><div class=\"iconlist_content_wrap\"><header class=\"entry-content-header\" aria-label=\"Icon: &lt;a href=&#039;https:\/\/www.badenhaus.it\/wp-content\/uploads\/2024\/09\/misure-portofino-2.pdf&#039; title=&#039;Massnahmen PORTOFINO&#039;&gt;Massnahmen PORTOFINO&lt;\/a&gt;\"><h4 class='av_iconlist_title iconlist_title  '  itemprop=\"headline\" ><a href='https:\/\/www.badenhaus.it\/wp-content\/uploads\/2024\/09\/misure-portofino-2.pdf' title='Massnahmen PORTOFINO'>Massnahmen PORTOFINO<\/a><\/h4><\/header><div class='iconlist_content '  itemprop=\"text\" ><\/div><\/div><footer class=\"entry-footer\"><\/footer><\/article><div class=\"iconlist-timeline\"><\/div><\/li>\n<\/ul><\/div><\/div><\/p>\n<div  class='flex_column av-z51x-49097ce9104a99200d23abbc07bca66b av_one_half  avia-builder-el-17  el_after_av_one_half  avia-builder-el-last  flex_column_div  '     ><\/div>\n","protected":false},"excerpt":{"rendered":"","protected":false},"author":2,"featured_media":9382,"comment_status":"closed","ping_status":"closed","template":"","meta":{"footnotes":""},"tags":[],"portfolio_entries":[39,40],"class_list":["post-9718","portfolio","type-portfolio","status-publish","has-post-thumbnail","hentry","portfolio_entries-kollektionen","portfolio_entries-kollektionen-home"],"yoast_head":"<!-- This site is optimized with the Yoast SEO plugin v25.2 - https:\/\/yoast.com\/wordpress\/plugins\/seo\/ -->\n<title>PORTOFINO - Baden Haus<\/title>\n<meta name=\"robots\" content=\"index, follow, max-snippet:-1, max-image-preview:large, max-video-preview:-1\" \/>\n<link rel=\"canonical\" href=\"https:\/\/www.badenhaus.it\/de\/kollektionen\/portofino\/\" \/>\n<meta property=\"og:locale\" content=\"de_DE\" \/>\n<meta property=\"og:type\" content=\"article\" \/>\n<meta property=\"og:title\" content=\"PORTOFINO - Baden Haus\" \/>\n<meta property=\"og:url\" content=\"https:\/\/www.badenhaus.it\/de\/kollektionen\/portofino\/\" \/>\n<meta property=\"og:site_name\" content=\"Baden Haus\" \/>\n<meta property=\"article:modified_time\" content=\"2024-09-23T07:51:32+00:00\" \/>\n<meta property=\"og:image\" content=\"https:\/\/www.badenhaus.it\/wp-content\/uploads\/2024\/09\/PORTOFINO-BLU-AVIO.jpg\" \/>\n\t<meta property=\"og:image:width\" content=\"1600\" \/>\n\t<meta property=\"og:image:height\" content=\"1200\" \/>\n\t<meta property=\"og:image:type\" content=\"image\/jpeg\" \/>\n<meta name=\"twitter:card\" content=\"summary_large_image\" \/>\n<meta name=\"twitter:label1\" content=\"Gesch\u00e4tzte Lesezeit\" \/>\n\t<meta name=\"twitter:data1\" content=\"3\u00a0Minuten\" \/>\n<script type=\"application\/ld+json\" class=\"yoast-schema-graph\">{\"@context\":\"https:\/\/schema.org\",\"@graph\":[{\"@type\":\"WebPage\",\"@id\":\"https:\/\/www.badenhaus.it\/de\/kollektionen\/portofino\/\",\"url\":\"https:\/\/www.badenhaus.it\/de\/kollektionen\/portofino\/\",\"name\":\"PORTOFINO - Baden Haus\",\"isPartOf\":{\"@id\":\"https:\/\/www.badenhaus.it\/de\/#website\"},\"primaryImageOfPage\":{\"@id\":\"https:\/\/www.badenhaus.it\/de\/kollektionen\/portofino\/#primaryimage\"},\"image\":{\"@id\":\"https:\/\/www.badenhaus.it\/de\/kollektionen\/portofino\/#primaryimage\"},\"thumbnailUrl\":\"https:\/\/www.badenhaus.it\/wp-content\/uploads\/2024\/09\/PORTOFINO-BLU-AVIO.jpg\",\"datePublished\":\"2021-01-01T08:44:44+00:00\",\"dateModified\":\"2024-09-23T07:51:32+00:00\",\"breadcrumb\":{\"@id\":\"https:\/\/www.badenhaus.it\/de\/kollektionen\/portofino\/#breadcrumb\"},\"inLanguage\":\"de\",\"potentialAction\":[{\"@type\":\"ReadAction\",\"target\":[\"https:\/\/www.badenhaus.it\/de\/kollektionen\/portofino\/\"]}]},{\"@type\":\"ImageObject\",\"inLanguage\":\"de\",\"@id\":\"https:\/\/www.badenhaus.it\/de\/kollektionen\/portofino\/#primaryimage\",\"url\":\"https:\/\/www.badenhaus.it\/wp-content\/uploads\/2024\/09\/PORTOFINO-BLU-AVIO.jpg\",\"contentUrl\":\"https:\/\/www.badenhaus.it\/wp-content\/uploads\/2024\/09\/PORTOFINO-BLU-AVIO.jpg\",\"width\":1600,\"height\":1200},{\"@type\":\"BreadcrumbList\",\"@id\":\"https:\/\/www.badenhaus.it\/de\/kollektionen\/portofino\/#breadcrumb\",\"itemListElement\":[{\"@type\":\"ListItem\",\"position\":1,\"name\":\"Home\",\"item\":\"https:\/\/www.badenhaus.it\/de\/home\/\"},{\"@type\":\"ListItem\",\"position\":2,\"name\":\"PORTOFINO\"}]},{\"@type\":\"WebSite\",\"@id\":\"https:\/\/www.badenhaus.it\/de\/#website\",\"url\":\"https:\/\/www.badenhaus.it\/de\/\",\"name\":\"Baden Haus\",\"description\":\"Produzione mobili da bagno made in Italy\",\"potentialAction\":[{\"@type\":\"SearchAction\",\"target\":{\"@type\":\"EntryPoint\",\"urlTemplate\":\"https:\/\/www.badenhaus.it\/de\/?s={search_term_string}\"},\"query-input\":{\"@type\":\"PropertyValueSpecification\",\"valueRequired\":true,\"valueName\":\"search_term_string\"}}],\"inLanguage\":\"de\"}]}<\/script>\n<!-- \/ Yoast SEO plugin. -->","yoast_head_json":{"title":"PORTOFINO - Baden Haus","robots":{"index":"index","follow":"follow","max-snippet":"max-snippet:-1","max-image-preview":"max-image-preview:large","max-video-preview":"max-video-preview:-1"},"canonical":"https:\/\/www.badenhaus.it\/de\/kollektionen\/portofino\/","og_locale":"de_DE","og_type":"article","og_title":"PORTOFINO - Baden Haus","og_url":"https:\/\/www.badenhaus.it\/de\/kollektionen\/portofino\/","og_site_name":"Baden Haus","article_modified_time":"2024-09-23T07:51:32+00:00","og_image":[{"width":1600,"height":1200,"url":"https:\/\/www.badenhaus.it\/wp-content\/uploads\/2024\/09\/PORTOFINO-BLU-AVIO.jpg","type":"image\/jpeg"}],"twitter_card":"summary_large_image","twitter_misc":{"Gesch\u00e4tzte Lesezeit":"3\u00a0Minuten"},"schema":{"@context":"https:\/\/schema.org","@graph":[{"@type":"WebPage","@id":"https:\/\/www.badenhaus.it\/de\/kollektionen\/portofino\/","url":"https:\/\/www.badenhaus.it\/de\/kollektionen\/portofino\/","name":"PORTOFINO - Baden Haus","isPartOf":{"@id":"https:\/\/www.badenhaus.it\/de\/#website"},"primaryImageOfPage":{"@id":"https:\/\/www.badenhaus.it\/de\/kollektionen\/portofino\/#primaryimage"},"image":{"@id":"https:\/\/www.badenhaus.it\/de\/kollektionen\/portofino\/#primaryimage"},"thumbnailUrl":"https:\/\/www.badenhaus.it\/wp-content\/uploads\/2024\/09\/PORTOFINO-BLU-AVIO.jpg","datePublished":"2021-01-01T08:44:44+00:00","dateModified":"2024-09-23T07:51:32+00:00","breadcrumb":{"@id":"https:\/\/www.badenhaus.it\/de\/kollektionen\/portofino\/#breadcrumb"},"inLanguage":"de","potentialAction":[{"@type":"ReadAction","target":["https:\/\/www.badenhaus.it\/de\/kollektionen\/portofino\/"]}]},{"@type":"ImageObject","inLanguage":"de","@id":"https:\/\/www.badenhaus.it\/de\/kollektionen\/portofino\/#primaryimage","url":"https:\/\/www.badenhaus.it\/wp-content\/uploads\/2024\/09\/PORTOFINO-BLU-AVIO.jpg","contentUrl":"https:\/\/www.badenhaus.it\/wp-content\/uploads\/2024\/09\/PORTOFINO-BLU-AVIO.jpg","width":1600,"height":1200},{"@type":"BreadcrumbList","@id":"https:\/\/www.badenhaus.it\/de\/kollektionen\/portofino\/#breadcrumb","itemListElement":[{"@type":"ListItem","position":1,"name":"Home","item":"https:\/\/www.badenhaus.it\/de\/home\/"},{"@type":"ListItem","position":2,"name":"PORTOFINO"}]},{"@type":"WebSite","@id":"https:\/\/www.badenhaus.it\/de\/#website","url":"https:\/\/www.badenhaus.it\/de\/","name":"Baden Haus","description":"Produzione mobili da bagno made in Italy","potentialAction":[{"@type":"SearchAction","target":{"@type":"EntryPoint","urlTemplate":"https:\/\/www.badenhaus.it\/de\/?s={search_term_string}"},"query-input":{"@type":"PropertyValueSpecification","valueRequired":true,"valueName":"search_term_string"}}],"inLanguage":"de"}]}},"_links":{"self":[{"href":"https:\/\/www.badenhaus.it\/de\/wp-json\/wp\/v2\/portfolio\/9718","targetHints":{"allow":["GET"]}}],"collection":[{"href":"https:\/\/www.badenhaus.it\/de\/wp-json\/wp\/v2\/portfolio"}],"about":[{"href":"https:\/\/www.badenhaus.it\/de\/wp-json\/wp\/v2\/types\/portfolio"}],"author":[{"embeddable":true,"href":"https:\/\/www.badenhaus.it\/de\/wp-json\/wp\/v2\/users\/2"}],"replies":[{"embeddable":true,"href":"https:\/\/www.badenhaus.it\/de\/wp-json\/wp\/v2\/comments?post=9718"}],"version-history":[{"count":12,"href":"https:\/\/www.badenhaus.it\/de\/wp-json\/wp\/v2\/portfolio\/9718\/revisions"}],"predecessor-version":[{"id":9864,"href":"https:\/\/www.badenhaus.it\/de\/wp-json\/wp\/v2\/portfolio\/9718\/revisions\/9864"}],"wp:featuredmedia":[{"embeddable":true,"href":"https:\/\/www.badenhaus.it\/de\/wp-json\/wp\/v2\/media\/9382"}],"wp:attachment":[{"href":"https:\/\/www.badenhaus.it\/de\/wp-json\/wp\/v2\/media?parent=9718"}],"wp:term":[{"taxonomy":"post_tag","embeddable":true,"href":"https:\/\/www.badenhaus.it\/de\/wp-json\/wp\/v2\/tags?post=9718"},{"taxonomy":"portfolio_entries","embeddable":true,"href":"https:\/\/www.badenhaus.it\/de\/wp-json\/wp\/v2\/portfolio_entries?post=9718"}],"curies":[{"name":"wp","href":"https:\/\/api.w.org\/{rel}","templated":true}]}}