{"id":3594,"date":"2021-10-06T10:50:44","date_gmt":"2021-10-06T08:50:44","guid":{"rendered":"http:\/\/www.badenhaus.it\/collections\/"},"modified":"2022-04-11T09:24:39","modified_gmt":"2022-04-11T07:24:39","slug":"collections","status":"publish","type":"page","link":"https:\/\/www.badenhaus.it\/fr\/collections\/","title":{"rendered":"Collections"},"content":{"rendered":"<div id='av_section_1'  class='avia-section av-2ikhgv-a7c8270576aedb9fdc54657197baefad main_color avia-section-small avia-no-border-styling  avia-builder-el-0  avia-builder-el-no-sibling  avia-bg-style-scroll container_wrap fullsize'  ><div class='container av-section-cont-open' ><main  role=\"main\" itemprop=\"mainContentOfPage\"  class='template-page content  av-content-full alpha units'><div class='post-entry post-entry-type-page post-entry-3594'><div class='entry-content-wrapper clearfix'>\n<div id='av-masonry-1' class='av-masonry av-kuferj40-409ee2453cc5e0ad5fcbd0197cb41ee4 noHover av-fixed-size av-large-gap av-hover-overlay- av-masonry-animation-active av-masonry-col-3 av-caption-always av-caption-style- av-masonry-entries ' data-post_id=\"3594\"><div class=\"av-masonry-container isotope av-js-disabled\"><div class='av-masonry-entry isotope-item av-masonry-item-no-image all_sort collections-fr_sort  collections-home-fr_sort '><\/div><a href=\"https:\/\/www.badenhaus.it\/fr\/collections\/pura\/\"  id='av-masonry-1-item-10264' data-av-masonry-item='10264' class='av-masonry-entry isotope-item post-10264 portfolio type-portfolio status-publish has-post-thumbnail hentry portfolio_entries-collections-fr portfolio_entries-collections-home-fr all_sort collections-fr_sort  collections-home-fr_sort  av-masonry-item-with-image av-grid-img' title=\"PURA &#8211; NOCE\"   itemscope=\"itemscope\" itemtype=\"https:\/\/schema.org\/CreativeWork\" ><div class='av-inner-masonry-sizer'><\/div><figure class='av-inner-masonry main_color'><div class=\"av-masonry-outerimage-container\"><div class='av-masonry-image-container' style=\"background-image: url(https:\/\/www.badenhaus.it\/wp-content\/uploads\/2025\/09\/PURA-NOCE-705x529.jpg);\"  title=\"PURA &#8211; NOCE\" ><\/div><\/div><figcaption class='av-inner-masonry-content site-background'><div class='av-inner-masonry-content-pos'><div class='av-inner-masonry-content-pos-content'><div class='avia-arrow'><\/div><h3 class='av-masonry-entry-title entry-title '  itemprop=\"headline\" >PURA<\/h3><\/div><\/div><\/figcaption><\/figure><\/a><!--end av-masonry entry--><a href=\"https:\/\/www.badenhaus.it\/fr\/collections\/portofino\/\"  id='av-masonry-1-item-9682' data-av-masonry-item='9682' class='av-masonry-entry isotope-item post-9682 portfolio type-portfolio status-publish has-post-thumbnail hentry portfolio_entries-collections-fr portfolio_entries-collections-home-fr all_sort collections-fr_sort  collections-home-fr_sort  av-masonry-item-with-image av-grid-img' title=\"PORTOFINO &#8211; BLU AVIO\"   itemscope=\"itemscope\" itemtype=\"https:\/\/schema.org\/CreativeWork\" ><div class='av-inner-masonry-sizer'><\/div><figure class='av-inner-masonry main_color'><div class=\"av-masonry-outerimage-container\"><div class='av-masonry-image-container' style=\"background-image: url(https:\/\/www.badenhaus.it\/wp-content\/uploads\/2024\/09\/PORTOFINO-BLU-AVIO-705x529.jpg);\"  title=\"PORTOFINO &#8211; BLU AVIO\" ><\/div><\/div><figcaption class='av-inner-masonry-content site-background'><div class='av-inner-masonry-content-pos'><div class='av-inner-masonry-content-pos-content'><div class='avia-arrow'><\/div><h3 class='av-masonry-entry-title entry-title '  itemprop=\"headline\" >PORTOFINO<\/h3><\/div><\/div><\/figcaption><\/figure><\/a><!--end av-masonry entry--><a href=\"https:\/\/www.badenhaus.it\/fr\/collections\/libera\/\"  id='av-masonry-1-item-9601' data-av-masonry-item='9601' class='av-masonry-entry isotope-item post-9601 portfolio type-portfolio status-publish has-post-thumbnail hentry portfolio_entries-collections-fr portfolio_entries-collections-home-fr all_sort collections-fr_sort  collections-home-fr_sort  av-masonry-item-with-image av-grid-img' title=\"LIBERA &#8211; BIANCO OPACO\"   itemscope=\"itemscope\" itemtype=\"https:\/\/schema.org\/CreativeWork\" ><div class='av-inner-masonry-sizer'><\/div><figure class='av-inner-masonry main_color'><div class=\"av-masonry-outerimage-container\"><div class='av-masonry-image-container' style=\"background-image: url(https:\/\/www.badenhaus.it\/wp-content\/uploads\/2024\/09\/LIBERA-BIANCO-OPACO-2-705x529.jpg);\"  title=\"LIBERA &#8211; BIANCO OPACO\" ><\/div><\/div><figcaption class='av-inner-masonry-content site-background'><div class='av-inner-masonry-content-pos'><div class='av-inner-masonry-content-pos-content'><div class='avia-arrow'><\/div><h3 class='av-masonry-entry-title entry-title '  itemprop=\"headline\" >LIBERA<\/h3><\/div><\/div><\/figcaption><\/figure><\/a><!--end av-masonry entry--><a href=\"https:\/\/www.badenhaus.it\/fr\/collections\/idra\/\"  id='av-masonry-1-item-8855' data-av-masonry-item='8855' class='av-masonry-entry isotope-item post-8855 portfolio type-portfolio status-publish has-post-thumbnail hentry portfolio_entries-collections-fr portfolio_entries-collections-home-fr all_sort collections-fr_sort  collections-home-fr_sort  av-masonry-item-with-image av-grid-img' title=\"IDRA &#8211; COTONE\"   itemscope=\"itemscope\" itemtype=\"https:\/\/schema.org\/CreativeWork\" ><div class='av-inner-masonry-sizer'><\/div><figure class='av-inner-masonry main_color'><div class=\"av-masonry-outerimage-container\"><div class='av-masonry-image-container' style=\"background-image: url(https:\/\/www.badenhaus.it\/wp-content\/uploads\/2023\/09\/IDRA-COTONE-705x529.jpg);\"  title=\"IDRA &#8211; COTONE\" ><\/div><\/div><figcaption class='av-inner-masonry-content site-background'><div class='av-inner-masonry-content-pos'><div class='av-inner-masonry-content-pos-content'><div class='avia-arrow'><\/div><h3 class='av-masonry-entry-title entry-title '  itemprop=\"headline\" >IDRA<\/h3><\/div><\/div><\/figcaption><\/figure><\/a><!--end av-masonry entry--><a href=\"https:\/\/www.badenhaus.it\/fr\/collections\/olimpia\/\"  id='av-masonry-1-item-9005' data-av-masonry-item='9005' class='av-masonry-entry isotope-item post-9005 portfolio type-portfolio status-publish has-post-thumbnail hentry portfolio_entries-collections-fr portfolio_entries-collections-home-fr all_sort collections-fr_sort  collections-home-fr_sort  av-masonry-item-with-image av-grid-img' title=\"OLIMPIA &#8211; GRAFITE\"   itemscope=\"itemscope\" itemtype=\"https:\/\/schema.org\/CreativeWork\" ><div class='av-inner-masonry-sizer'><\/div><figure class='av-inner-masonry main_color'><div class=\"av-masonry-outerimage-container\"><div class='av-masonry-image-container' style=\"background-image: url(https:\/\/www.badenhaus.it\/wp-content\/uploads\/2023\/09\/OLIMPIA-GRAFITE-705x529.jpg);\"  title=\"OLIMPIA &#8211; GRAFITE\" ><\/div><\/div><figcaption class='av-inner-masonry-content site-background'><div class='av-inner-masonry-content-pos'><div class='av-inner-masonry-content-pos-content'><div class='avia-arrow'><\/div><h3 class='av-masonry-entry-title entry-title '  itemprop=\"headline\" >OLIMPIA<\/h3><\/div><\/div><\/figcaption><\/figure><\/a><!--end av-masonry entry--><a href=\"https:\/\/www.badenhaus.it\/fr\/collections\/premium\/\"  id='av-masonry-1-item-6922' data-av-masonry-item='6922' class='av-masonry-entry isotope-item post-6922 portfolio type-portfolio status-publish has-post-thumbnail hentry portfolio_entries-collections-fr all_sort collections-fr_sort  av-masonry-item-with-image av-grid-img' title=\"PREMIUM &#8211; VERDE OPACO PLISSE\"   itemscope=\"itemscope\" itemtype=\"https:\/\/schema.org\/CreativeWork\" ><div class='av-inner-masonry-sizer'><\/div><figure class='av-inner-masonry main_color'><div class=\"av-masonry-outerimage-container\"><div class='av-masonry-image-container' style=\"background-image: url(https:\/\/www.badenhaus.it\/wp-content\/uploads\/2022\/09\/PREMIUM-VERDE-OPACO-PLISSE-1-705x529.jpg);\"  title=\"PREMIUM &#8211; VERDE OPACO PLISSE\" ><\/div><\/div><figcaption class='av-inner-masonry-content site-background'><div class='av-inner-masonry-content-pos'><div class='av-inner-masonry-content-pos-content'><div class='avia-arrow'><\/div><h3 class='av-masonry-entry-title entry-title '  itemprop=\"headline\" >PREMIUM<\/h3><\/div><\/div><\/figcaption><\/figure><\/a><!--end av-masonry entry--><a href=\"https:\/\/www.badenhaus.it\/fr\/collections\/1973\/\"  id='av-masonry-1-item-3525' data-av-masonry-item='3525' class='av-masonry-entry isotope-item post-3525 portfolio type-portfolio status-publish has-post-thumbnail hentry portfolio_entries-collections-fr all_sort collections-fr_sort  av-masonry-item-with-image av-grid-img' title=\"1973 &#8211; VERDE OPACO\"   itemscope=\"itemscope\" itemtype=\"https:\/\/schema.org\/CreativeWork\" ><div class='av-inner-masonry-sizer'><\/div><figure class='av-inner-masonry main_color'><div class=\"av-masonry-outerimage-container\"><div class='av-masonry-image-container' style=\"background-image: url(https:\/\/www.badenhaus.it\/wp-content\/uploads\/2022\/09\/1973-VERDE-OPACO-705x529.jpg);\"  title=\"1973 &#8211; VERDE OPACO\" ><\/div><\/div><figcaption class='av-inner-masonry-content site-background'><div class='av-inner-masonry-content-pos'><div class='av-inner-masonry-content-pos-content'><div class='avia-arrow'><\/div><h3 class='av-masonry-entry-title entry-title '  itemprop=\"headline\" >1973<\/h3><\/div><\/div><\/figcaption><\/figure><\/a><!--end av-masonry entry--><a href=\"https:\/\/www.badenhaus.it\/fr\/collections\/eclisse\/\"  id='av-masonry-1-item-7119' data-av-masonry-item='7119' class='av-masonry-entry isotope-item post-7119 portfolio type-portfolio status-publish has-post-thumbnail hentry portfolio_entries-collections-fr all_sort collections-fr_sort  av-masonry-item-with-image av-grid-img' title=\"ECLISSE &#8211; GRIGIO NUVOLA\"   itemscope=\"itemscope\" itemtype=\"https:\/\/schema.org\/CreativeWork\" ><div class='av-inner-masonry-sizer'><\/div><figure class='av-inner-masonry main_color'><div class=\"av-masonry-outerimage-container\"><div class='av-masonry-image-container' style=\"background-image: url(https:\/\/www.badenhaus.it\/wp-content\/uploads\/2022\/09\/ECLISSE-GRIGIO-NUVOLA-1-705x529.jpg);\"  title=\"ECLISSE &#8211; GRIGIO NUVOLA\" ><\/div><\/div><figcaption class='av-inner-masonry-content site-background'><div class='av-inner-masonry-content-pos'><div class='av-inner-masonry-content-pos-content'><div class='avia-arrow'><\/div><h3 class='av-masonry-entry-title entry-title '  itemprop=\"headline\" >ECLISSE<\/h3><\/div><\/div><\/figcaption><\/figure><\/a><!--end av-masonry entry--><a href=\"https:\/\/www.badenhaus.it\/fr\/collections\/tiffany\/\"  id='av-masonry-1-item-3531' data-av-masonry-item='3531' class='av-masonry-entry isotope-item post-3531 portfolio type-portfolio status-publish has-post-thumbnail hentry portfolio_entries-collections-fr portfolio_entries-collections-home-fr all_sort collections-fr_sort  collections-home-fr_sort  av-masonry-item-with-image av-grid-img' title=\"TIFFANY &#8211; VERDE OPACO\"   itemscope=\"itemscope\" itemtype=\"https:\/\/schema.org\/CreativeWork\" ><div class='av-inner-masonry-sizer'><\/div><figure class='av-inner-masonry main_color'><div class=\"av-masonry-outerimage-container\"><div class='av-masonry-image-container' style=\"background-image: url(https:\/\/www.badenhaus.it\/wp-content\/uploads\/2022\/10\/TIFFANY-VERDE-OPACO-705x529.jpg);\"  title=\"TIFFANY &#8211; VERDE OPACO\" ><\/div><\/div><figcaption class='av-inner-masonry-content site-background'><div class='av-inner-masonry-content-pos'><div class='av-inner-masonry-content-pos-content'><div class='avia-arrow'><\/div><h3 class='av-masonry-entry-title entry-title '  itemprop=\"headline\" >TIFFANY<\/h3><\/div><\/div><\/figcaption><\/figure><\/a><!--end av-masonry entry--><a href=\"https:\/\/www.badenhaus.it\/fr\/collections\/urban\/\"  id='av-masonry-1-item-3534' data-av-masonry-item='3534' class='av-masonry-entry isotope-item post-3534 portfolio type-portfolio status-publish has-post-thumbnail hentry portfolio_entries-collections-fr all_sort collections-fr_sort  av-masonry-item-with-image av-grid-img' title=\"URBAN -NERO\"   itemscope=\"itemscope\" itemtype=\"https:\/\/schema.org\/CreativeWork\" ><div class='av-inner-masonry-sizer'><\/div><figure class='av-inner-masonry main_color'><div class=\"av-masonry-outerimage-container\"><div class='av-masonry-image-container' style=\"background-image: url(https:\/\/www.badenhaus.it\/wp-content\/uploads\/2022\/11\/URBAN-NERO-1-705x529.jpg);\"  title=\"URBAN -NERO\" ><\/div><\/div><figcaption class='av-inner-masonry-content site-background'><div class='av-inner-masonry-content-pos'><div class='av-inner-masonry-content-pos-content'><div class='avia-arrow'><\/div><h3 class='av-masonry-entry-title entry-title '  itemprop=\"headline\" >URBAN<\/h3><\/div><\/div><\/figcaption><\/figure><\/a><!--end av-masonry entry--><a href=\"https:\/\/www.badenhaus.it\/fr\/collections\/icona\/\"  id='av-masonry-1-item-3537' data-av-masonry-item='3537' class='av-masonry-entry isotope-item post-3537 portfolio type-portfolio status-publish has-post-thumbnail hentry portfolio_entries-collections-fr all_sort collections-fr_sort  av-masonry-item-with-image av-grid-img' title=\"ICONA &#8211; VERDE OPACO\"   itemscope=\"itemscope\" itemtype=\"https:\/\/schema.org\/CreativeWork\" ><div class='av-inner-masonry-sizer'><\/div><figure class='av-inner-masonry main_color'><div class=\"av-masonry-outerimage-container\"><div class='av-masonry-image-container' style=\"background-image: url(https:\/\/www.badenhaus.it\/wp-content\/uploads\/2022\/12\/ICONA-VERDE-705x529.jpg);\"  title=\"ICONA &#8211; VERDE OPACO\" ><\/div><\/div><figcaption class='av-inner-masonry-content site-background'><div class='av-inner-masonry-content-pos'><div class='av-inner-masonry-content-pos-content'><div class='avia-arrow'><\/div><h3 class='av-masonry-entry-title entry-title '  itemprop=\"headline\" >ICONA<\/h3><\/div><\/div><\/figcaption><\/figure><\/a><!--end av-masonry entry--><a href=\"https:\/\/www.badenhaus.it\/fr\/collections\/space\/\"  id='av-masonry-1-item-3540' data-av-masonry-item='3540' class='av-masonry-entry isotope-item post-3540 portfolio type-portfolio status-publish has-post-thumbnail hentry portfolio_entries-collections-fr all_sort collections-fr_sort  av-masonry-item-with-image av-grid-img' title=\"SPACE &#8211; BIANCO ROCK\"   itemscope=\"itemscope\" itemtype=\"https:\/\/schema.org\/CreativeWork\" ><div class='av-inner-masonry-sizer'><\/div><figure class='av-inner-masonry main_color'><div class=\"av-masonry-outerimage-container\"><div class='av-masonry-image-container' style=\"background-image: url(https:\/\/www.badenhaus.it\/wp-content\/uploads\/2022\/12\/SPACE-BIANCO-ROCK-705x529.jpg);\"  title=\"SPACE &#8211; BIANCO ROCK\" ><\/div><\/div><figcaption class='av-inner-masonry-content site-background'><div class='av-inner-masonry-content-pos'><div class='av-inner-masonry-content-pos-content'><div class='avia-arrow'><\/div><h3 class='av-masonry-entry-title entry-title '  itemprop=\"headline\" >SPACE<\/h3><\/div><\/div><\/figcaption><\/figure><\/a><!--end av-masonry entry--><a href=\"https:\/\/www.badenhaus.it\/fr\/collections\/qubo\/\"  id='av-masonry-1-item-3543' data-av-masonry-item='3543' class='av-masonry-entry isotope-item post-3543 portfolio type-portfolio status-publish has-post-thumbnail hentry portfolio_entries-collections-fr all_sort collections-fr_sort  av-masonry-item-with-image av-grid-img' title=\"QUBO &#8211; BIANCO ROCK\"   itemscope=\"itemscope\" itemtype=\"https:\/\/schema.org\/CreativeWork\" ><div class='av-inner-masonry-sizer'><\/div><figure class='av-inner-masonry main_color'><div class=\"av-masonry-outerimage-container\"><div class='av-masonry-image-container' style=\"background-image: url(https:\/\/www.badenhaus.it\/wp-content\/uploads\/2022\/12\/QUBO-BIANCO-ROCK-705x529.jpg);\"  title=\"QUBO &#8211; BIANCO ROCK\" ><\/div><\/div><figcaption class='av-inner-masonry-content site-background'><div class='av-inner-masonry-content-pos'><div class='av-inner-masonry-content-pos-content'><div class='avia-arrow'><\/div><h3 class='av-masonry-entry-title entry-title '  itemprop=\"headline\" >QUBO<\/h3><\/div><\/div><\/figcaption><\/figure><\/a><!--end av-masonry entry--><a href=\"https:\/\/www.badenhaus.it\/fr\/collections\/soho\/\"  id='av-masonry-1-item-3546' data-av-masonry-item='3546' class='av-masonry-entry isotope-item post-3546 portfolio type-portfolio status-publish has-post-thumbnail hentry portfolio_entries-collections-fr all_sort collections-fr_sort  av-masonry-item-with-image av-grid-img' title=\"SOHO 90cm BIANCO OPACO_SET CATALOGO_1600X1000\"   itemscope=\"itemscope\" itemtype=\"https:\/\/schema.org\/CreativeWork\" ><div class='av-inner-masonry-sizer'><\/div><figure class='av-inner-masonry main_color'><div class=\"av-masonry-outerimage-container\"><div class='av-masonry-image-container' style=\"background-image: url(https:\/\/www.badenhaus.it\/wp-content\/uploads\/2022\/02\/SOHO-90cm-BIANCO-OPACO_SET-CATALOGO_1600X1000-705x441.jpg);\"  title=\"SOHO 90cm BIANCO OPACO_SET CATALOGO_1600X1000\" ><\/div><\/div><figcaption class='av-inner-masonry-content site-background'><div class='av-inner-masonry-content-pos'><div class='av-inner-masonry-content-pos-content'><div class='avia-arrow'><\/div><h3 class='av-masonry-entry-title entry-title '  itemprop=\"headline\" >SOHO<\/h3><\/div><\/div><\/figcaption><\/figure><\/a><!--end av-masonry entry--><a href=\"https:\/\/www.badenhaus.it\/fr\/collections\/bellagio\/\"  id='av-masonry-1-item-3549' data-av-masonry-item='3549' class='av-masonry-entry isotope-item post-3549 portfolio type-portfolio status-publish has-post-thumbnail hentry portfolio_entries-collections-fr all_sort collections-fr_sort  av-masonry-item-with-image av-grid-img' title=\"BELLAGIO &#8211; GRIGIO NUVOLA\"   itemscope=\"itemscope\" itemtype=\"https:\/\/schema.org\/CreativeWork\" ><div class='av-inner-masonry-sizer'><\/div><figure class='av-inner-masonry main_color'><div class=\"av-masonry-outerimage-container\"><div class='av-masonry-image-container' style=\"background-image: url(https:\/\/www.badenhaus.it\/wp-content\/uploads\/2022\/12\/BELLAGIO-GRIGIO-NUVOLA-705x529.jpg);\"  title=\"BELLAGIO &#8211; GRIGIO NUVOLA\" ><\/div><\/div><figcaption class='av-inner-masonry-content site-background'><div class='av-inner-masonry-content-pos'><div class='av-inner-masonry-content-pos-content'><div class='avia-arrow'><\/div><h3 class='av-masonry-entry-title entry-title '  itemprop=\"headline\" >BELLAGIO<\/h3><\/div><\/div><\/figcaption><\/figure><\/a><!--end av-masonry entry--><a href=\"https:\/\/www.badenhaus.it\/fr\/collections\/vague\/\"  id='av-masonry-1-item-3555' data-av-masonry-item='3555' class='av-masonry-entry isotope-item post-3555 portfolio type-portfolio status-publish has-post-thumbnail hentry portfolio_entries-collections-fr all_sort collections-fr_sort  av-masonry-item-with-image av-grid-img' title=\"VAGUE &#8211; VERDE OPACO\"   itemscope=\"itemscope\" itemtype=\"https:\/\/schema.org\/CreativeWork\" ><div class='av-inner-masonry-sizer'><\/div><figure class='av-inner-masonry main_color'><div class=\"av-masonry-outerimage-container\"><div class='av-masonry-image-container' style=\"background-image: url(https:\/\/www.badenhaus.it\/wp-content\/uploads\/2022\/12\/VAGUE-VERDE-OPACO-705x529.jpg);\"  title=\"VAGUE &#8211; VERDE OPACO\" ><\/div><\/div><figcaption class='av-inner-masonry-content site-background'><div class='av-inner-masonry-content-pos'><div class='av-inner-masonry-content-pos-content'><div class='avia-arrow'><\/div><h3 class='av-masonry-entry-title entry-title '  itemprop=\"headline\" >VAGUE<\/h3><\/div><\/div><\/figcaption><\/figure><\/a><!--end av-masonry entry--><a href=\"https:\/\/www.badenhaus.it\/fr\/collections\/eden\/\"  id='av-masonry-1-item-3558' data-av-masonry-item='3558' class='av-masonry-entry isotope-item post-3558 portfolio type-portfolio status-publish has-post-thumbnail hentry portfolio_entries-collections-fr all_sort collections-fr_sort  av-masonry-item-with-image av-grid-img' title=\"EDEN &#8211; ROVERE TABACCO\"   itemscope=\"itemscope\" itemtype=\"https:\/\/schema.org\/CreativeWork\" ><div class='av-inner-masonry-sizer'><\/div><figure class='av-inner-masonry main_color'><div class=\"av-masonry-outerimage-container\"><div class='av-masonry-image-container' style=\"background-image: url(https:\/\/www.badenhaus.it\/wp-content\/uploads\/2022\/12\/EDEN-ROVERE-TABACCO-705x529.jpg);\"  title=\"EDEN &#8211; ROVERE TABACCO\" ><\/div><\/div><figcaption class='av-inner-masonry-content site-background'><div class='av-inner-masonry-content-pos'><div class='av-inner-masonry-content-pos-content'><div class='avia-arrow'><\/div><h3 class='av-masonry-entry-title entry-title '  itemprop=\"headline\" >EDEN<\/h3><\/div><\/div><\/figcaption><\/figure><\/a><!--end av-masonry entry--><a href=\"https:\/\/www.badenhaus.it\/fr\/collections\/tavolone\/\"  id='av-masonry-1-item-3561' data-av-masonry-item='3561' class='av-masonry-entry isotope-item post-3561 portfolio type-portfolio status-publish has-post-thumbnail hentry portfolio_entries-collections-fr all_sort collections-fr_sort  av-masonry-item-with-image av-grid-img' title=\"TAVOLONE &#8211; TALPA\"   itemscope=\"itemscope\" itemtype=\"https:\/\/schema.org\/CreativeWork\" ><div class='av-inner-masonry-sizer'><\/div><figure class='av-inner-masonry main_color'><div class=\"av-masonry-outerimage-container\"><div class='av-masonry-image-container' style=\"background-image: url(https:\/\/www.badenhaus.it\/wp-content\/uploads\/2022\/12\/TAVOLONE-TALPA-705x529.jpg);\"  title=\"TAVOLONE &#8211; TALPA\" ><\/div><\/div><figcaption class='av-inner-masonry-content site-background'><div class='av-inner-masonry-content-pos'><div class='av-inner-masonry-content-pos-content'><div class='avia-arrow'><\/div><h3 class='av-masonry-entry-title entry-title '  itemprop=\"headline\" >TAVOLONE<\/h3><\/div><\/div><\/figcaption><\/figure><\/a><!--end av-masonry entry--><a href=\"https:\/\/www.badenhaus.it\/fr\/collections\/avril\/\"  id='av-masonry-1-item-3567' data-av-masonry-item='3567' class='av-masonry-entry isotope-item post-3567 portfolio type-portfolio status-publish has-post-thumbnail hentry portfolio_entries-collections-fr all_sort collections-fr_sort  av-masonry-item-with-image av-grid-img' title=\"Set 08 AVRIL Bianco Lucido_1600X1000\"   itemscope=\"itemscope\" itemtype=\"https:\/\/schema.org\/CreativeWork\" ><div class='av-inner-masonry-sizer'><\/div><figure class='av-inner-masonry main_color'><div class=\"av-masonry-outerimage-container\"><div class='av-masonry-image-container' style=\"background-image: url(https:\/\/www.badenhaus.it\/wp-content\/uploads\/2022\/02\/Set-08-AVRIL-Bianco-Lucido_1600X1000-1-705x441.jpg);\"  title=\"Set 08 AVRIL Bianco Lucido_1600X1000\" ><\/div><\/div><figcaption class='av-inner-masonry-content site-background'><div class='av-inner-masonry-content-pos'><div class='av-inner-masonry-content-pos-content'><div class='avia-arrow'><\/div><h3 class='av-masonry-entry-title entry-title '  itemprop=\"headline\" >AVRIL<\/h3><\/div><\/div><\/figcaption><\/figure><\/a><!--end av-masonry entry--><a href=\"https:\/\/www.badenhaus.it\/fr\/collections\/elettra\/\"  id='av-masonry-1-item-10129' data-av-masonry-item='10129' class='av-masonry-entry isotope-item post-10129 portfolio type-portfolio status-publish has-post-thumbnail hentry portfolio_entries-collections-fr all_sort collections-fr_sort  av-masonry-item-with-image av-grid-img' title=\"ELETTRA &#8211; ROVERE TABACCO\"   itemscope=\"itemscope\" itemtype=\"https:\/\/schema.org\/CreativeWork\" ><div class='av-inner-masonry-sizer'><\/div><figure class='av-inner-masonry main_color'><div class=\"av-masonry-outerimage-container\"><div class='av-masonry-image-container' style=\"background-image: url(https:\/\/www.badenhaus.it\/wp-content\/uploads\/2022\/12\/ELETTRA-ROVERE-TABACCO-705x529.jpg);\"  title=\"ELETTRA &#8211; ROVERE TABACCO\" ><\/div><\/div><figcaption class='av-inner-masonry-content site-background'><div class='av-inner-masonry-content-pos'><div class='av-inner-masonry-content-pos-content'><div class='avia-arrow'><\/div><h3 class='av-masonry-entry-title entry-title '  itemprop=\"headline\" >ELETTRA<\/h3><\/div><\/div><\/figcaption><\/figure><\/a><!--end av-masonry entry--><a href=\"https:\/\/www.badenhaus.it\/fr\/collections\/miami\/\"  id='av-masonry-1-item-3573' data-av-masonry-item='3573' class='av-masonry-entry isotope-item post-3573 portfolio type-portfolio status-publish has-post-thumbnail hentry portfolio_entries-collections-fr all_sort collections-fr_sort  av-masonry-item-with-image av-grid-img' title=\"MIAMI &#8211; GRAFITE\"   itemscope=\"itemscope\" itemtype=\"https:\/\/schema.org\/CreativeWork\" ><div class='av-inner-masonry-sizer'><\/div><figure class='av-inner-masonry main_color'><div class=\"av-masonry-outerimage-container\"><div class='av-masonry-image-container' style=\"background-image: url(https:\/\/www.badenhaus.it\/wp-content\/uploads\/2022\/12\/MIAMI-GRAFITE-705x529.jpg);\"  title=\"MIAMI &#8211; GRAFITE\" ><\/div><\/div><figcaption class='av-inner-masonry-content site-background'><div class='av-inner-masonry-content-pos'><div class='av-inner-masonry-content-pos-content'><div class='avia-arrow'><\/div><h3 class='av-masonry-entry-title entry-title '  itemprop=\"headline\" >MIAMI<\/h3><\/div><\/div><\/figcaption><\/figure><\/a><!--end av-masonry entry--><a href=\"https:\/\/www.badenhaus.it\/fr\/collections\/milos\/\"  id='av-masonry-1-item-8407' data-av-masonry-item='8407' class='av-masonry-entry isotope-item post-8407 portfolio type-portfolio status-publish has-post-thumbnail hentry portfolio_entries-collections-fr portfolio_entries-collections-home-fr all_sort collections-fr_sort  collections-home-fr_sort  av-masonry-item-with-image av-grid-img' title=\"MILOS &#8211; GRAFITE\"   itemscope=\"itemscope\" itemtype=\"https:\/\/schema.org\/CreativeWork\" ><div class='av-inner-masonry-sizer'><\/div><figure class='av-inner-masonry main_color'><div class=\"av-masonry-outerimage-container\"><div class='av-masonry-image-container' style=\"background-image: url(https:\/\/www.badenhaus.it\/wp-content\/uploads\/2022\/12\/MILOS-GRAFITE-705x529.jpg);\"  title=\"MILOS &#8211; GRAFITE\" ><\/div><\/div><figcaption class='av-inner-masonry-content site-background'><div class='av-inner-masonry-content-pos'><div class='av-inner-masonry-content-pos-content'><div class='avia-arrow'><\/div><h3 class='av-masonry-entry-title entry-title '  itemprop=\"headline\" >MILOS<\/h3><\/div><\/div><\/figcaption><\/figure><\/a><!--end av-masonry entry--><\/div><\/div>\n\n","protected":false},"excerpt":{"rendered":"","protected":false},"author":1,"featured_media":0,"parent":0,"menu_order":0,"comment_status":"closed","ping_status":"closed","template":"","meta":{"footnotes":""},"class_list":["post-3594","page","type-page","status-publish","hentry"],"yoast_head":"<!-- This site is optimized with the Yoast SEO plugin v25.2 - https:\/\/yoast.com\/wordpress\/plugins\/seo\/ -->\n<title>Collections - Baden Haus<\/title>\n<meta name=\"description\" content=\"D\u00e9couvrez les produits et les nouveaut\u00e9s dans le catalogue. Production de meubles de salle de bain fabriqu\u00e9s en Italie, depuis 1979.\" \/>\n<meta name=\"robots\" content=\"index, follow, max-snippet:-1, max-image-preview:large, max-video-preview:-1\" \/>\n<link rel=\"canonical\" href=\"https:\/\/www.badenhaus.it\/fr\/collections\/\" \/>\n<meta property=\"og:locale\" content=\"fr_FR\" \/>\n<meta property=\"og:type\" content=\"article\" \/>\n<meta property=\"og:title\" content=\"Collections - Baden Haus\" \/>\n<meta property=\"og:description\" content=\"D\u00e9couvrez les produits et les nouveaut\u00e9s dans le catalogue. Production de meubles de salle de bain fabriqu\u00e9s en Italie, depuis 1979.\" \/>\n<meta property=\"og:url\" content=\"https:\/\/www.badenhaus.it\/fr\/collections\/\" \/>\n<meta property=\"og:site_name\" content=\"Baden Haus\" \/>\n<meta property=\"article:modified_time\" content=\"2022-04-11T07:24:39+00:00\" \/>\n<meta name=\"twitter:card\" content=\"summary_large_image\" \/>\n<meta name=\"twitter:label1\" content=\"Dur\u00e9e de lecture estim\u00e9e\" \/>\n\t<meta name=\"twitter:data1\" content=\"2 minutes\" \/>\n<script type=\"application\/ld+json\" class=\"yoast-schema-graph\">{\"@context\":\"https:\/\/schema.org\",\"@graph\":[{\"@type\":\"WebPage\",\"@id\":\"https:\/\/www.badenhaus.it\/fr\/collections\/\",\"url\":\"https:\/\/www.badenhaus.it\/fr\/collections\/\",\"name\":\"Collections - Baden Haus\",\"isPartOf\":{\"@id\":\"https:\/\/www.badenhaus.it\/fr\/#website\"},\"datePublished\":\"2021-10-06T08:50:44+00:00\",\"dateModified\":\"2022-04-11T07:24:39+00:00\",\"description\":\"D\u00e9couvrez les produits et les nouveaut\u00e9s dans le catalogue. Production de meubles de salle de bain fabriqu\u00e9s en Italie, depuis 1979.\",\"breadcrumb\":{\"@id\":\"https:\/\/www.badenhaus.it\/fr\/collections\/#breadcrumb\"},\"inLanguage\":\"fr-FR\",\"potentialAction\":[{\"@type\":\"ReadAction\",\"target\":[\"https:\/\/www.badenhaus.it\/fr\/collections\/\"]}]},{\"@type\":\"BreadcrumbList\",\"@id\":\"https:\/\/www.badenhaus.it\/fr\/collections\/#breadcrumb\",\"itemListElement\":[{\"@type\":\"ListItem\",\"position\":1,\"name\":\"Home\",\"item\":\"https:\/\/www.badenhaus.it\/fr\/home\/\"},{\"@type\":\"ListItem\",\"position\":2,\"name\":\"Collections\"}]},{\"@type\":\"WebSite\",\"@id\":\"https:\/\/www.badenhaus.it\/fr\/#website\",\"url\":\"https:\/\/www.badenhaus.it\/fr\/\",\"name\":\"Baden Haus\",\"description\":\"Produzione mobili da bagno made in Italy\",\"potentialAction\":[{\"@type\":\"SearchAction\",\"target\":{\"@type\":\"EntryPoint\",\"urlTemplate\":\"https:\/\/www.badenhaus.it\/fr\/?s={search_term_string}\"},\"query-input\":{\"@type\":\"PropertyValueSpecification\",\"valueRequired\":true,\"valueName\":\"search_term_string\"}}],\"inLanguage\":\"fr-FR\"}]}<\/script>\n<!-- \/ Yoast SEO plugin. -->","yoast_head_json":{"title":"Collections - Baden Haus","description":"D\u00e9couvrez les produits et les nouveaut\u00e9s dans le catalogue. Production de meubles de salle de bain fabriqu\u00e9s en Italie, depuis 1979.","robots":{"index":"index","follow":"follow","max-snippet":"max-snippet:-1","max-image-preview":"max-image-preview:large","max-video-preview":"max-video-preview:-1"},"canonical":"https:\/\/www.badenhaus.it\/fr\/collections\/","og_locale":"fr_FR","og_type":"article","og_title":"Collections - Baden Haus","og_description":"D\u00e9couvrez les produits et les nouveaut\u00e9s dans le catalogue. Production de meubles de salle de bain fabriqu\u00e9s en Italie, depuis 1979.","og_url":"https:\/\/www.badenhaus.it\/fr\/collections\/","og_site_name":"Baden Haus","article_modified_time":"2022-04-11T07:24:39+00:00","twitter_card":"summary_large_image","twitter_misc":{"Dur\u00e9e de lecture estim\u00e9e":"2 minutes"},"schema":{"@context":"https:\/\/schema.org","@graph":[{"@type":"WebPage","@id":"https:\/\/www.badenhaus.it\/fr\/collections\/","url":"https:\/\/www.badenhaus.it\/fr\/collections\/","name":"Collections - Baden Haus","isPartOf":{"@id":"https:\/\/www.badenhaus.it\/fr\/#website"},"datePublished":"2021-10-06T08:50:44+00:00","dateModified":"2022-04-11T07:24:39+00:00","description":"D\u00e9couvrez les produits et les nouveaut\u00e9s dans le catalogue. Production de meubles de salle de bain fabriqu\u00e9s en Italie, depuis 1979.","breadcrumb":{"@id":"https:\/\/www.badenhaus.it\/fr\/collections\/#breadcrumb"},"inLanguage":"fr-FR","potentialAction":[{"@type":"ReadAction","target":["https:\/\/www.badenhaus.it\/fr\/collections\/"]}]},{"@type":"BreadcrumbList","@id":"https:\/\/www.badenhaus.it\/fr\/collections\/#breadcrumb","itemListElement":[{"@type":"ListItem","position":1,"name":"Home","item":"https:\/\/www.badenhaus.it\/fr\/home\/"},{"@type":"ListItem","position":2,"name":"Collections"}]},{"@type":"WebSite","@id":"https:\/\/www.badenhaus.it\/fr\/#website","url":"https:\/\/www.badenhaus.it\/fr\/","name":"Baden Haus","description":"Produzione mobili da bagno made in Italy","potentialAction":[{"@type":"SearchAction","target":{"@type":"EntryPoint","urlTemplate":"https:\/\/www.badenhaus.it\/fr\/?s={search_term_string}"},"query-input":{"@type":"PropertyValueSpecification","valueRequired":true,"valueName":"search_term_string"}}],"inLanguage":"fr-FR"}]}},"_links":{"self":[{"href":"https:\/\/www.badenhaus.it\/fr\/wp-json\/wp\/v2\/pages\/3594","targetHints":{"allow":["GET"]}}],"collection":[{"href":"https:\/\/www.badenhaus.it\/fr\/wp-json\/wp\/v2\/pages"}],"about":[{"href":"https:\/\/www.badenhaus.it\/fr\/wp-json\/wp\/v2\/types\/page"}],"author":[{"embeddable":true,"href":"https:\/\/www.badenhaus.it\/fr\/wp-json\/wp\/v2\/users\/1"}],"replies":[{"embeddable":true,"href":"https:\/\/www.badenhaus.it\/fr\/wp-json\/wp\/v2\/comments?post=3594"}],"version-history":[{"count":4,"href":"https:\/\/www.badenhaus.it\/fr\/wp-json\/wp\/v2\/pages\/3594\/revisions"}],"predecessor-version":[{"id":3601,"href":"https:\/\/www.badenhaus.it\/fr\/wp-json\/wp\/v2\/pages\/3594\/revisions\/3601"}],"wp:attachment":[{"href":"https:\/\/www.badenhaus.it\/fr\/wp-json\/wp\/v2\/media?parent=3594"}],"curies":[{"name":"wp","href":"https:\/\/api.w.org\/{rel}","templated":true}]}}