{"id":10129,"date":"2022-01-15T08:01:46","date_gmt":"2022-01-15T07:01:46","guid":{"rendered":"https:\/\/www.badenhaus.it\/collezioni\/elettra-2\/"},"modified":"2025-09-05T11:58:51","modified_gmt":"2025-09-05T09:58:51","slug":"elettra","status":"publish","type":"portfolio","link":"https:\/\/www.badenhaus.it\/fr\/collections\/elettra\/","title":{"rendered":"ELETTRA"},"content":{"rendered":"<div id='av_section_1'  class='avia-section av-8hcvj2d-63f110708a8cb4cc96d35b7457c6a5cd main_color avia-section-default avia-no-border-styling  avia-builder-el-0  el_before_av_section  avia-builder-el-first  avia-bg-style-scroll container_wrap fullsize'  ><div class='container av-section-cont-open' ><main  role=\"main\" itemprop=\"mainContentOfPage\"  class='template-page content  av-content-full alpha units'><div class='post-entry post-entry-type-page post-entry-10129'><div class='entry-content-wrapper clearfix'>\n<div class='flex_column_table av-7zvbs05-4888f5d5bd4ab99720aa9d9605b355fa sc-av_one_fourth av-equal-height-column-flextable'>\n<style type=\"text\/css\" data-created_by=\"avia_inline_auto\" id=\"style-css-av-7zvbs05-4888f5d5bd4ab99720aa9d9605b355fa\">\n#top .flex_column_table.av-equal-height-column-flextable.av-7zvbs05-4888f5d5bd4ab99720aa9d9605b355fa{\nmargin-top:0px;\nmargin-bottom:0px;\n}\n.flex_column.av-7zvbs05-4888f5d5bd4ab99720aa9d9605b355fa{\nborder-radius:3px 3px 3px 3px;\npadding:0px 0px 0px 0px;\n}\n<\/style>\n<div  class='flex_column av-7zvbs05-4888f5d5bd4ab99720aa9d9605b355fa av_one_fourth  avia-builder-el-1  el_before_av_three_fourth  avia-builder-el-first  first flex_column_table_cell av-equal-height-column av-align-middle av-animated-generic left-to-right av-zero-column-padding  '     ><style type=\"text\/css\" data-created_by=\"avia_inline_auto\" id=\"style-css-av-mf6mcabh-57b4bd0f52af06c36e7f68953a35ea94\">\n#top .av-special-heading.av-mf6mcabh-57b4bd0f52af06c36e7f68953a35ea94{\nmargin:15px 0 0 0;\npadding-bottom:10px;\nfont-size:52px;\n}\nbody .av-special-heading.av-mf6mcabh-57b4bd0f52af06c36e7f68953a35ea94 .av-special-heading-tag .heading-char{\nfont-size:25px;\n}\n#top #wrap_all .av-special-heading.av-mf6mcabh-57b4bd0f52af06c36e7f68953a35ea94 .av-special-heading-tag{\nfont-size:52px;\n}\n.av-special-heading.av-mf6mcabh-57b4bd0f52af06c36e7f68953a35ea94 .av-subheading{\nfont-size:20px;\n}\n\n@media only screen and (min-width: 480px) and (max-width: 767px){ \n#top #wrap_all .av-special-heading.av-mf6mcabh-57b4bd0f52af06c36e7f68953a35ea94 .av-special-heading-tag{\nfont-size:0.8em;\n}\n}\n\n@media only screen and (max-width: 479px){ \n#top #wrap_all .av-special-heading.av-mf6mcabh-57b4bd0f52af06c36e7f68953a35ea94 .av-special-heading-tag{\nfont-size:0.8em;\n}\n}\n<\/style>\n<div  class='av-special-heading av-mf6mcabh-57b4bd0f52af06c36e7f68953a35ea94 av-special-heading-h2 blockquote modern-quote  avia-builder-el-2  avia-builder-el-no-sibling  av-inherit-size'><h2 class='av-special-heading-tag '  itemprop=\"headline\"  ><\/p>\n<blockquote>\n<p>ELETTRA<\/p>\n<\/blockquote>\n<p><\/h2><div class='av-subheading av-subheading_below'><p><em>Formes arrondies et sinueuses<\/em><\/p>\n<\/div><div class=\"special-heading-border\"><div class=\"special-heading-inner-border\"><\/div><\/div><\/div><\/div><div class='av-flex-placeholder'><\/div>\n<style type=\"text\/css\" data-created_by=\"avia_inline_auto\" id=\"style-css-av-7nqfwat-aee8713b813e8827b6f826ab4fdd9b11\">\n#top .flex_column_table.av-equal-height-column-flextable.av-7nqfwat-aee8713b813e8827b6f826ab4fdd9b11{\nmargin-top:0px;\nmargin-bottom:0px;\n}\n.flex_column.av-7nqfwat-aee8713b813e8827b6f826ab4fdd9b11{\nborder-radius:3px 3px 3px 3px;\npadding:0px 0px 0px 0px;\n}\n<\/style>\n<div  class='flex_column av-7nqfwat-aee8713b813e8827b6f826ab4fdd9b11 av_three_fourth  avia-builder-el-3  el_after_av_one_fourth  avia-builder-el-last  flex_column_table_cell av-equal-height-column av-align-middle av-animated-generic left-to-right av-zero-column-padding  '     ><div  class='avia-slideshow av-mf6mferv-b44f0579744e2ae3892f0868a4b74bae avia-slideshow-no scaling av_slideshow avia-fade-slider  avia-builder-el-4  avia-builder-el-no-sibling  av-slideshow-ui av-control-minimal av-slideshow-autoplay av-loop-endless av-loop-manual-endless av-default-height-applied avia-slideshow-1' data-slideshow-options=\"{&quot;animation&quot;:&quot;fade&quot;,&quot;autoplay&quot;:true,&quot;loop_autoplay&quot;:&quot;endless&quot;,&quot;interval&quot;:4,&quot;loop_manual&quot;:&quot;manual-endless&quot;,&quot;autoplay_stopper&quot;:false,&quot;noNavigation&quot;:false,&quot;bg_slider&quot;:false,&quot;keep_padding&quot;:false,&quot;hoverpause&quot;:false,&quot;show_slide_delay&quot;:0}\"  itemprop=\"image\" itemscope=\"itemscope\" itemtype=\"https:\/\/schema.org\/ImageObject\" ><ul class='avia-slideshow-inner ' style='padding-bottom: 75%;'><li  class='avia-slideshow-slide av-mf6mferv-b44f0579744e2ae3892f0868a4b74bae__0  slide-1 slide-odd'><div data-rel='slideshow-1' class='avia-slide-wrap '   ><img decoding=\"async\" fetchpriority=\"high\" class=\"wp-image-8266 avia-img-lazy-loading-not-8266\"  src=\"https:\/\/www.badenhaus.it\/wp-content\/uploads\/2022\/12\/ELETTRA-ROVERE-TABACCO.jpg\" width=\"1600\" height=\"1200\" title='ELETTRA - ROVERE TABACCO' alt=''  itemprop=\"thumbnailUrl\" srcset=\"https:\/\/www.badenhaus.it\/wp-content\/uploads\/2022\/12\/ELETTRA-ROVERE-TABACCO.jpg 1600w, https:\/\/www.badenhaus.it\/wp-content\/uploads\/2022\/12\/ELETTRA-ROVERE-TABACCO-300x225.jpg 300w, https:\/\/www.badenhaus.it\/wp-content\/uploads\/2022\/12\/ELETTRA-ROVERE-TABACCO-1030x773.jpg 1030w, https:\/\/www.badenhaus.it\/wp-content\/uploads\/2022\/12\/ELETTRA-ROVERE-TABACCO-768x576.jpg 768w, https:\/\/www.badenhaus.it\/wp-content\/uploads\/2022\/12\/ELETTRA-ROVERE-TABACCO-1536x1152.jpg 1536w, https:\/\/www.badenhaus.it\/wp-content\/uploads\/2022\/12\/ELETTRA-ROVERE-TABACCO-1500x1125.jpg 1500w, https:\/\/www.badenhaus.it\/wp-content\/uploads\/2022\/12\/ELETTRA-ROVERE-TABACCO-705x529.jpg 705w\" sizes=\"(max-width: 1600px) 100vw, 1600px\" \/><\/div><\/li><li  class='avia-slideshow-slide av-mf6mferv-b44f0579744e2ae3892f0868a4b74bae__1  slide-2 slide-even'><div data-rel='slideshow-1' class='avia-slide-wrap '   ><img decoding=\"async\" fetchpriority=\"high\" class=\"wp-image-8242 avia-img-lazy-loading-not-8242\"  src=\"https:\/\/www.badenhaus.it\/wp-content\/uploads\/2022\/12\/ELETTRA-GRAFITE.jpg\" width=\"1600\" height=\"1200\" title='ELETTRA - GRAFITE' alt=''  itemprop=\"thumbnailUrl\" srcset=\"https:\/\/www.badenhaus.it\/wp-content\/uploads\/2022\/12\/ELETTRA-GRAFITE.jpg 1600w, https:\/\/www.badenhaus.it\/wp-content\/uploads\/2022\/12\/ELETTRA-GRAFITE-300x225.jpg 300w, https:\/\/www.badenhaus.it\/wp-content\/uploads\/2022\/12\/ELETTRA-GRAFITE-1030x773.jpg 1030w, https:\/\/www.badenhaus.it\/wp-content\/uploads\/2022\/12\/ELETTRA-GRAFITE-768x576.jpg 768w, https:\/\/www.badenhaus.it\/wp-content\/uploads\/2022\/12\/ELETTRA-GRAFITE-1536x1152.jpg 1536w, https:\/\/www.badenhaus.it\/wp-content\/uploads\/2022\/12\/ELETTRA-GRAFITE-1500x1125.jpg 1500w, https:\/\/www.badenhaus.it\/wp-content\/uploads\/2022\/12\/ELETTRA-GRAFITE-705x529.jpg 705w\" sizes=\"(max-width: 1600px) 100vw, 1600px\" \/><\/div><\/li><li  class='avia-slideshow-slide av-mf6mferv-b44f0579744e2ae3892f0868a4b74bae__2  slide-3 slide-odd'><div data-rel='slideshow-1' class='avia-slide-wrap '   ><img decoding=\"async\" fetchpriority=\"high\" class=\"wp-image-8250 avia-img-lazy-loading-not-8250\"  src=\"https:\/\/www.badenhaus.it\/wp-content\/uploads\/2022\/12\/ELETTRA-ROVERE-SBIANCATO.jpg\" width=\"1600\" height=\"1200\" title='ELETTRA - ROVERE SBIANCATO' alt=''  itemprop=\"thumbnailUrl\" srcset=\"https:\/\/www.badenhaus.it\/wp-content\/uploads\/2022\/12\/ELETTRA-ROVERE-SBIANCATO.jpg 1600w, https:\/\/www.badenhaus.it\/wp-content\/uploads\/2022\/12\/ELETTRA-ROVERE-SBIANCATO-300x225.jpg 300w, https:\/\/www.badenhaus.it\/wp-content\/uploads\/2022\/12\/ELETTRA-ROVERE-SBIANCATO-1030x773.jpg 1030w, https:\/\/www.badenhaus.it\/wp-content\/uploads\/2022\/12\/ELETTRA-ROVERE-SBIANCATO-768x576.jpg 768w, https:\/\/www.badenhaus.it\/wp-content\/uploads\/2022\/12\/ELETTRA-ROVERE-SBIANCATO-1536x1152.jpg 1536w, https:\/\/www.badenhaus.it\/wp-content\/uploads\/2022\/12\/ELETTRA-ROVERE-SBIANCATO-1500x1125.jpg 1500w, https:\/\/www.badenhaus.it\/wp-content\/uploads\/2022\/12\/ELETTRA-ROVERE-SBIANCATO-705x529.jpg 705w\" sizes=\"(max-width: 1600px) 100vw, 1600px\" \/><\/div><\/li><li  class='avia-slideshow-slide av-mf6mferv-b44f0579744e2ae3892f0868a4b74bae__3  slide-4 slide-even'><div data-rel='slideshow-1' class='avia-slide-wrap '   ><img decoding=\"async\" fetchpriority=\"high\" class=\"wp-image-8258 avia-img-lazy-loading-not-8258\"  src=\"https:\/\/www.badenhaus.it\/wp-content\/uploads\/2022\/12\/ELETTRA-BIANCO-OPACO.jpg\" width=\"1600\" height=\"1200\" title='ELETTRA - BIANCO OPACO' alt=''  itemprop=\"thumbnailUrl\" srcset=\"https:\/\/www.badenhaus.it\/wp-content\/uploads\/2022\/12\/ELETTRA-BIANCO-OPACO.jpg 1600w, https:\/\/www.badenhaus.it\/wp-content\/uploads\/2022\/12\/ELETTRA-BIANCO-OPACO-300x225.jpg 300w, https:\/\/www.badenhaus.it\/wp-content\/uploads\/2022\/12\/ELETTRA-BIANCO-OPACO-1030x773.jpg 1030w, https:\/\/www.badenhaus.it\/wp-content\/uploads\/2022\/12\/ELETTRA-BIANCO-OPACO-768x576.jpg 768w, https:\/\/www.badenhaus.it\/wp-content\/uploads\/2022\/12\/ELETTRA-BIANCO-OPACO-1536x1152.jpg 1536w, https:\/\/www.badenhaus.it\/wp-content\/uploads\/2022\/12\/ELETTRA-BIANCO-OPACO-1500x1125.jpg 1500w, https:\/\/www.badenhaus.it\/wp-content\/uploads\/2022\/12\/ELETTRA-BIANCO-OPACO-705x529.jpg 705w\" sizes=\"(max-width: 1600px) 100vw, 1600px\" \/><\/div><\/li><\/ul><div class='avia-slideshow-arrows avia-slideshow-controls' ><a href='#prev' class='prev-slide  avia-svg-icon avia-font-svg_entypo-fontello' data-av_svg_icon='left-open-big' data-av_iconset='svg_entypo-fontello' tabindex='-1' title=\"Pr\u00e9c\u00e9dent\"><svg version=\"1.1\" xmlns=\"http:\/\/www.w3.org\/2000\/svg\" width=\"15\" height=\"32\" viewBox=\"0 0 15 32\" preserveAspectRatio=\"xMidYMid meet\" aria-labelledby='av-svg-title-1' aria-describedby='av-svg-desc-1' role=\"graphics-symbol\" aria-hidden=\"true\">\n<title id='av-svg-title-1'>Pr\u00e9c\u00e9dent<\/title>\n<desc id='av-svg-desc-1'>Pr\u00e9c\u00e9dent<\/desc>\n<path d=\"M14.464 27.84q0.832 0.832 0 1.536-0.832 0.832-1.536 0l-12.544-12.608q-0.768-0.768 0-1.6l12.544-12.608q0.704-0.832 1.536 0 0.832 0.704 0 1.536l-11.456 11.904z\"><\/path>\n<\/svg><span class='avia_hidden_link_text'>Pr\u00e9c\u00e9dent<\/span><\/a><a href='#next' class='next-slide  avia-svg-icon avia-font-svg_entypo-fontello' data-av_svg_icon='right-open-big' data-av_iconset='svg_entypo-fontello' tabindex='-1' title=\"Suivant\"><svg version=\"1.1\" xmlns=\"http:\/\/www.w3.org\/2000\/svg\" width=\"15\" height=\"32\" viewBox=\"0 0 15 32\" preserveAspectRatio=\"xMidYMid meet\" aria-labelledby='av-svg-title-2' aria-describedby='av-svg-desc-2' role=\"graphics-symbol\" aria-hidden=\"true\">\n<title id='av-svg-title-2'>Suivant<\/title>\n<desc id='av-svg-desc-2'>Suivant<\/desc>\n<path d=\"M0.416 27.84l11.456-11.84-11.456-11.904q-0.832-0.832 0-1.536 0.832-0.832 1.536 0l12.544 12.608q0.768 0.832 0 1.6l-12.544 12.608q-0.704 0.832-1.536 0-0.832-0.704 0-1.536z\"><\/path>\n<\/svg><span class='avia_hidden_link_text'>Suivant<\/span><\/a><\/div><div class='avia-slideshow-dots avia-slideshow-controls'><a href='#1' class='goto-slide active' >1<\/a><a href='#2' class='goto-slide ' >2<\/a><a href='#3' class='goto-slide ' >3<\/a><a href='#4' class='goto-slide ' >4<\/a><\/div><\/div><\/div><\/div><!--close column table wrapper. Autoclose: 1 -->\n\n<\/div><\/div><\/main><!-- close content main element --><\/div><\/div>\n<style type=\"text\/css\" data-created_by=\"avia_inline_auto\" id=\"style-css-av-55llc85-56741047020ebbbfaa2cd5c949fb4510\">\n.avia-section.av-55llc85-56741047020ebbbfaa2cd5c949fb4510{\nbackground-color:#f2f2f2;\nbackground-image:unset;\n}\n<\/style>\n<div id='av_section_2'  class='avia-section av-55llc85-56741047020ebbbfaa2cd5c949fb4510 main_color avia-section-small avia-no-border-styling  avia-builder-el-5  el_after_av_section  el_before_av_one_half  avia-bg-style-scroll container_wrap fullsize'  ><div class='container av-section-cont-open' ><div class='template-page content  av-content-full alpha units'><div class='post-entry post-entry-type-page post-entry-10129'><div class='entry-content-wrapper clearfix'>\n\n<style type=\"text\/css\" data-created_by=\"avia_inline_auto\" id=\"style-css-av-4x9aap1-2d56c7cad878c65825eb0ece98f53dec\">\n#top .flex_column.av-4x9aap1-2d56c7cad878c65825eb0ece98f53dec{\nmargin-top:0px;\nmargin-bottom:0px;\n}\n.flex_column.av-4x9aap1-2d56c7cad878c65825eb0ece98f53dec{\nborder-radius:3px 3px 3px 3px;\npadding:0px 0px 0px 0px;\n}\n.responsive #top #wrap_all .flex_column.av-4x9aap1-2d56c7cad878c65825eb0ece98f53dec{\nmargin-top:0px;\nmargin-bottom:0px;\n}\n<\/style>\n<div  class='flex_column av-4x9aap1-2d56c7cad878c65825eb0ece98f53dec av_one_half  avia-builder-el-6  el_before_av_one_half  avia-builder-el-first  first flex_column_div av-animated-generic left-to-right av-zero-column-padding  '     ><section  class='av_textblock_section av-mf6mcn6e-701d9942ee586dd6d1b873f8c78b6f7a '   itemscope=\"itemscope\" itemtype=\"https:\/\/schema.org\/CreativeWork\" ><div class='avia_textblock'  itemprop=\"text\" ><p>Les formes arrondies et sinueuses de la Collection Elettra donnent au meuble un design moderne et s\u00e9duisant qui enrichit la salle de bain, permettant d\u2019utiliser au mieux tous les espaces disponibles. M\u00e9lange de style et fonctionnalit\u00e9 pour les sous-vasque de deux dimensions avec double tiroir, poign\u00e9es invisibles et syst\u00e8me de fermeture ralentie, dot\u00e9e de trois mod\u00e8les de lavabos diff\u00e9rents, c\u00e9ramique, verre blanc extra light et r\u00e9sine pour une utilisation confortable.<\/p>\n<\/div><\/section><\/div>\n<style type=\"text\/css\" data-created_by=\"avia_inline_auto\" id=\"style-css-av-4ekkm9x-83d57c430b0756f184d326f8310c2072\">\n#top .flex_column.av-4ekkm9x-83d57c430b0756f184d326f8310c2072{\nmargin-top:0px;\nmargin-bottom:0px;\n}\n.flex_column.av-4ekkm9x-83d57c430b0756f184d326f8310c2072{\nborder-radius:3px 3px 3px 3px;\npadding:0px 0px 0px 0px;\n}\n.responsive #top #wrap_all .flex_column.av-4ekkm9x-83d57c430b0756f184d326f8310c2072{\nmargin-top:0px;\nmargin-bottom:0px;\n}\n<\/style>\n<div  class='flex_column av-4ekkm9x-83d57c430b0756f184d326f8310c2072 av_one_half  avia-builder-el-8  el_after_av_one_half  avia-builder-el-last  flex_column_div av-animated-generic left-to-right av-zero-column-padding  '     ><section  class='av_textblock_section av-mf6mcuk0-94253cf2e0020b388ba75e94be07a246 '   itemscope=\"itemscope\" itemtype=\"https:\/\/schema.org\/CreativeWork\" ><div class='avia_textblock'  itemprop=\"text\" ><p>La Collection s\u2019enrichit d\u2019un grand nombre de compl\u00e9ments, petites bases lat\u00e9rales et miroirs led avec syst\u00e8me antibu\u00e9e, allumage et arr\u00eat tactil, apportant \u00e9l\u00e9gance et versatilit\u00e9 \u00e0 toute salle de bains.<\/p>\n<\/div><\/section><\/div>\n<\/div><\/div><\/div><!-- close content main div --><\/div><\/div><div id='after_section_2'  class='main_color av_default_container_wrap container_wrap fullsize'  ><div class='container av-section-cont-open' ><div class='template-page content  av-content-full alpha units'><div class='post-entry post-entry-type-page post-entry-10129'><div class='entry-content-wrapper clearfix'>\n\n<style type=\"text\/css\" data-created_by=\"avia_inline_auto\" id=\"style-css-av-402b6f9-bb424aeef3028dbe02e3a3c733603d23\">\n.flex_column.av-402b6f9-bb424aeef3028dbe02e3a3c733603d23{\npadding:0px 0px 0px 0px;\n}\n<\/style>\n<div  class='flex_column av-402b6f9-bb424aeef3028dbe02e3a3c733603d23 av_one_half  avia-builder-el-10  el_after_av_section  el_before_av_one_half  avia-builder-el-first  first flex_column_div av-zero-column-padding  '     ><div  class='avia-logo-element-container av-mf6mdm38-4a8a173a9ef5b6d0b03c9dd2826d5f08 av-border-deactivate avia-logo-grid avia-content-slider avia-smallarrow-slider avia-content-grid-active noHover avia-content-slider-odd  avia-builder-el-11  avia-builder-el-no-sibling  avia-content-slider1' ><div class='avia-smallarrow-slider-heading '><div class='new-special-heading'><h3 class='av-logo-special-heading-text '>Variantes coloris<\/h3><\/div><\/div><div class=\"avia-content-slider-inner\"><div class=\"slide-entry-wrap\"><div data-avia-tooltip=\"chene tabac\" class='slide-entry av-mf6mdl2a-f529faf7b1bd56f02e8a7751ec0810c8 flex_column no_margin av_one_fifth real-thumbnail post-entry slide-entry-overview slide-loop-1 slide-parity-odd  first'><img decoding=\"async\" fetchpriority=\"high\" width=\"70\" height=\"70\" src=\"https:\/\/www.badenhaus.it\/wp-content\/uploads\/2022\/02\/ROVERE-TABACCO.png\" class=\"wp-image-3176 avia-img-lazy-loading-not-3176 attachment-no scaling size-no scaling\" alt=\"\" srcset=\"https:\/\/www.badenhaus.it\/wp-content\/uploads\/2022\/02\/ROVERE-TABACCO.png 70w, https:\/\/www.badenhaus.it\/wp-content\/uploads\/2022\/02\/ROVERE-TABACCO-36x36.png 36w\" sizes=\"(max-width: 70px) 100vw, 70px\" \/><\/div><div data-avia-tooltip=\"graphite\" class='slide-entry av-mf6mgnuy-56443c38a21047a790bf6b5d4bc78398 flex_column no_margin av_one_fifth real-thumbnail post-entry slide-entry-overview slide-loop-2 slide-parity-even  '><img decoding=\"async\" fetchpriority=\"high\" width=\"70\" height=\"70\" src=\"https:\/\/www.badenhaus.it\/wp-content\/uploads\/2022\/02\/NERO-GRAFITE.png\" class=\"wp-image-3169 avia-img-lazy-loading-not-3169 attachment-no scaling size-no scaling\" alt=\"\" srcset=\"https:\/\/www.badenhaus.it\/wp-content\/uploads\/2022\/02\/NERO-GRAFITE.png 70w, https:\/\/www.badenhaus.it\/wp-content\/uploads\/2022\/02\/NERO-GRAFITE-36x36.png 36w\" sizes=\"(max-width: 70px) 100vw, 70px\" \/><\/div><div data-avia-tooltip=\"chene blanchi\" class='slide-entry av-mf6mh7to-fe65c09fb0c659bad2c79609ecf0d7c2 flex_column no_margin av_one_fifth real-thumbnail post-entry slide-entry-overview slide-loop-3 slide-parity-odd  '><img decoding=\"async\" fetchpriority=\"high\" width=\"70\" height=\"70\" src=\"https:\/\/www.badenhaus.it\/wp-content\/uploads\/2024\/09\/ROVERE-SBIANCATO.png\" class=\"wp-image-9745 avia-img-lazy-loading-not-9745 attachment-no scaling size-no scaling\" alt=\"\" srcset=\"https:\/\/www.badenhaus.it\/wp-content\/uploads\/2024\/09\/ROVERE-SBIANCATO.png 70w, https:\/\/www.badenhaus.it\/wp-content\/uploads\/2024\/09\/ROVERE-SBIANCATO-36x36.png 36w\" sizes=\"(max-width: 70px) 100vw, 70px\" \/><\/div><div data-avia-tooltip=\"blanc mat\" class='slide-entry av-mf6mhr04-c42c2acba32c4253902e3f1d83220e67 flex_column no_margin av_one_fifth real-thumbnail post-entry slide-entry-overview slide-loop-4 slide-parity-even post-entry-last '><img decoding=\"async\" fetchpriority=\"high\" width=\"70\" height=\"70\" src=\"https:\/\/www.badenhaus.it\/wp-content\/uploads\/2022\/05\/BIANCO-OPACO-OK.png\" class=\"wp-image-5143 avia-img-lazy-loading-not-5143 attachment-no scaling size-no scaling\" alt=\"\" srcset=\"https:\/\/www.badenhaus.it\/wp-content\/uploads\/2022\/05\/BIANCO-OPACO-OK.png 70w, https:\/\/www.badenhaus.it\/wp-content\/uploads\/2022\/05\/BIANCO-OPACO-OK-36x36.png 36w\" sizes=\"(max-width: 70px) 100vw, 70px\" \/><\/div><\/div><\/div><\/div><\/div>\n<div  class='flex_column av-3awzfyd-f24e3a92144092c9884b12585cfbe696 av_one_half  avia-builder-el-12  el_after_av_one_half  el_before_av_section  avia-builder-el-last  flex_column_div  '     ><\/div>\n<\/div><\/div><\/div><!-- close content main div --><\/div><\/div>\n<style type=\"text\/css\" data-created_by=\"avia_inline_auto\" id=\"style-css-av-2u6tmpx-a9be57fdca90ef39cd28a7dccd3c1f3a\">\n.avia-section.av-2u6tmpx-a9be57fdca90ef39cd28a7dccd3c1f3a{\nbackground-color:#f2f2f2;\nbackground-image:unset;\n}\n<\/style>\n<div id='av_section_3'  class='avia-section av-2u6tmpx-a9be57fdca90ef39cd28a7dccd3c1f3a main_color avia-section-small avia-no-border-styling  avia-builder-el-13  el_after_av_one_half  el_before_av_one_half  avia-bg-style-scroll container_wrap fullsize'  ><div class='container av-section-cont-open' ><div class='template-page content  av-content-full alpha units'><div class='post-entry post-entry-type-page post-entry-10129'><div class='entry-content-wrapper clearfix'>\n<div id='av-masonry-1' class='av-masonry av-mf6medr8-82117be045f8179406137d1e048b6982 noHover av-fixed-size av-large-gap av-hover-overlay- av-masonry-animation-active av-masonry-col-3 av-caption-always av-caption-style- av-masonry-gallery ' data-post_id=\"10129\"><div class=\"av-masonry-container isotope av-js-disabled\"><div class='av-masonry-entry isotope-item av-masonry-item-no-image '><\/div><a href=\"https:\/\/www.badenhaus.it\/wp-content\/uploads\/2022\/12\/ELETTRA-ROVERE-TABACCO-1030x773.jpg\" data-srcset=\"https:\/\/www.badenhaus.it\/wp-content\/uploads\/2022\/12\/ELETTRA-ROVERE-TABACCO-1030x773.jpg 1030w, https:\/\/www.badenhaus.it\/wp-content\/uploads\/2022\/12\/ELETTRA-ROVERE-TABACCO-300x225.jpg 300w, https:\/\/www.badenhaus.it\/wp-content\/uploads\/2022\/12\/ELETTRA-ROVERE-TABACCO-768x576.jpg 768w, https:\/\/www.badenhaus.it\/wp-content\/uploads\/2022\/12\/ELETTRA-ROVERE-TABACCO-1536x1152.jpg 1536w, https:\/\/www.badenhaus.it\/wp-content\/uploads\/2022\/12\/ELETTRA-ROVERE-TABACCO-1500x1125.jpg 1500w, https:\/\/www.badenhaus.it\/wp-content\/uploads\/2022\/12\/ELETTRA-ROVERE-TABACCO-705x529.jpg 705w, https:\/\/www.badenhaus.it\/wp-content\/uploads\/2022\/12\/ELETTRA-ROVERE-TABACCO.jpg 1600w\" data-sizes=\"(max-width: 1030px) 100vw, 1030px\"  aria-label=\"image ELETTRA &#8211; ROVERE TABACCO\"  id='av-masonry-1-item-8266' data-av-masonry-item='8266' class='av-masonry-entry isotope-item post-8266 attachment type-attachment status-inherit hentry  av-masonry-item-with-image av-grid-img' title=\"ELETTRA &#8211; ROVERE TABACCO\" alt=\"\"    itemprop=\"thumbnailUrl\" ><div class='av-inner-masonry-sizer'><\/div><figure class='av-inner-masonry main_color'><div class=\"av-masonry-outerimage-container\"><div class='av-masonry-image-container' style=\"background-image: url(https:\/\/www.badenhaus.it\/wp-content\/uploads\/2022\/12\/ELETTRA-ROVERE-TABACCO.jpg);\"  title=\"ELETTRA &#8211; ROVERE TABACCO\" ><\/div><\/div><\/figure><\/a><!--end av-masonry entry--><a href=\"https:\/\/www.badenhaus.it\/wp-content\/uploads\/2022\/12\/ELETTRA-ROVERE-TABACCO-2-1030x773.jpg\" data-srcset=\"https:\/\/www.badenhaus.it\/wp-content\/uploads\/2022\/12\/ELETTRA-ROVERE-TABACCO-2-1030x773.jpg 1030w, https:\/\/www.badenhaus.it\/wp-content\/uploads\/2022\/12\/ELETTRA-ROVERE-TABACCO-2-300x225.jpg 300w, https:\/\/www.badenhaus.it\/wp-content\/uploads\/2022\/12\/ELETTRA-ROVERE-TABACCO-2-768x576.jpg 768w, https:\/\/www.badenhaus.it\/wp-content\/uploads\/2022\/12\/ELETTRA-ROVERE-TABACCO-2-1536x1152.jpg 1536w, https:\/\/www.badenhaus.it\/wp-content\/uploads\/2022\/12\/ELETTRA-ROVERE-TABACCO-2-1500x1125.jpg 1500w, https:\/\/www.badenhaus.it\/wp-content\/uploads\/2022\/12\/ELETTRA-ROVERE-TABACCO-2-705x529.jpg 705w, https:\/\/www.badenhaus.it\/wp-content\/uploads\/2022\/12\/ELETTRA-ROVERE-TABACCO-2.jpg 1600w\" data-sizes=\"(max-width: 1030px) 100vw, 1030px\"  aria-label=\"image ELETTRA &#8211; ROVERE TABACCO 2\"  id='av-masonry-1-item-8234' data-av-masonry-item='8234' class='av-masonry-entry isotope-item post-8234 attachment type-attachment status-inherit hentry  av-masonry-item-with-image av-grid-img' title=\"ELETTRA &#8211; ROVERE TABACCO 2\" alt=\"\"    itemprop=\"thumbnailUrl\" ><div class='av-inner-masonry-sizer'><\/div><figure class='av-inner-masonry main_color'><div class=\"av-masonry-outerimage-container\"><div class='av-masonry-image-container' style=\"background-image: url(https:\/\/www.badenhaus.it\/wp-content\/uploads\/2022\/12\/ELETTRA-ROVERE-TABACCO-2.jpg);\"  title=\"ELETTRA &#8211; ROVERE TABACCO 2\" ><\/div><\/div><\/figure><\/a><!--end av-masonry entry--><a href=\"https:\/\/www.badenhaus.it\/wp-content\/uploads\/2022\/12\/ELETTRA-GRAFITE-1030x773.jpg\" data-srcset=\"https:\/\/www.badenhaus.it\/wp-content\/uploads\/2022\/12\/ELETTRA-GRAFITE-1030x773.jpg 1030w, https:\/\/www.badenhaus.it\/wp-content\/uploads\/2022\/12\/ELETTRA-GRAFITE-300x225.jpg 300w, https:\/\/www.badenhaus.it\/wp-content\/uploads\/2022\/12\/ELETTRA-GRAFITE-768x576.jpg 768w, https:\/\/www.badenhaus.it\/wp-content\/uploads\/2022\/12\/ELETTRA-GRAFITE-1536x1152.jpg 1536w, https:\/\/www.badenhaus.it\/wp-content\/uploads\/2022\/12\/ELETTRA-GRAFITE-1500x1125.jpg 1500w, https:\/\/www.badenhaus.it\/wp-content\/uploads\/2022\/12\/ELETTRA-GRAFITE-705x529.jpg 705w, https:\/\/www.badenhaus.it\/wp-content\/uploads\/2022\/12\/ELETTRA-GRAFITE.jpg 1600w\" data-sizes=\"(max-width: 1030px) 100vw, 1030px\"  aria-label=\"image ELETTRA &#8211; GRAFITE\"  id='av-masonry-1-item-8242' data-av-masonry-item='8242' class='av-masonry-entry isotope-item post-8242 attachment type-attachment status-inherit hentry  av-masonry-item-with-image av-grid-img' title=\"ELETTRA &#8211; GRAFITE\" alt=\"\"    itemprop=\"thumbnailUrl\" ><div class='av-inner-masonry-sizer'><\/div><figure class='av-inner-masonry main_color'><div class=\"av-masonry-outerimage-container\"><div class='av-masonry-image-container' style=\"background-image: url(https:\/\/www.badenhaus.it\/wp-content\/uploads\/2022\/12\/ELETTRA-GRAFITE.jpg);\"  title=\"ELETTRA &#8211; GRAFITE\" ><\/div><\/div><\/figure><\/a><!--end av-masonry entry--><a href=\"https:\/\/www.badenhaus.it\/wp-content\/uploads\/2022\/12\/ELETTRA-GRAFITE-2-1030x773.jpg\" data-srcset=\"https:\/\/www.badenhaus.it\/wp-content\/uploads\/2022\/12\/ELETTRA-GRAFITE-2-1030x773.jpg 1030w, https:\/\/www.badenhaus.it\/wp-content\/uploads\/2022\/12\/ELETTRA-GRAFITE-2-300x225.jpg 300w, https:\/\/www.badenhaus.it\/wp-content\/uploads\/2022\/12\/ELETTRA-GRAFITE-2-768x576.jpg 768w, https:\/\/www.badenhaus.it\/wp-content\/uploads\/2022\/12\/ELETTRA-GRAFITE-2-1536x1152.jpg 1536w, https:\/\/www.badenhaus.it\/wp-content\/uploads\/2022\/12\/ELETTRA-GRAFITE-2-1500x1125.jpg 1500w, https:\/\/www.badenhaus.it\/wp-content\/uploads\/2022\/12\/ELETTRA-GRAFITE-2-705x529.jpg 705w, https:\/\/www.badenhaus.it\/wp-content\/uploads\/2022\/12\/ELETTRA-GRAFITE-2.jpg 1600w\" data-sizes=\"(max-width: 1030px) 100vw, 1030px\"  aria-label=\"image ELETTRA &#8211; GRAFITE 2\"  id='av-masonry-1-item-8238' data-av-masonry-item='8238' class='av-masonry-entry isotope-item post-8238 attachment type-attachment status-inherit hentry  av-masonry-item-with-image av-grid-img' title=\"ELETTRA &#8211; GRAFITE 2\" alt=\"\"    itemprop=\"thumbnailUrl\" ><div class='av-inner-masonry-sizer'><\/div><figure class='av-inner-masonry main_color'><div class=\"av-masonry-outerimage-container\"><div class='av-masonry-image-container' style=\"background-image: url(https:\/\/www.badenhaus.it\/wp-content\/uploads\/2022\/12\/ELETTRA-GRAFITE-2.jpg);\"  title=\"ELETTRA &#8211; GRAFITE 2\" ><\/div><\/div><\/figure><\/a><!--end av-masonry entry--><a href=\"https:\/\/www.badenhaus.it\/wp-content\/uploads\/2022\/12\/ELETTRA-ROVERE-SBIANCATO-1030x773.jpg\" data-srcset=\"https:\/\/www.badenhaus.it\/wp-content\/uploads\/2022\/12\/ELETTRA-ROVERE-SBIANCATO-1030x773.jpg 1030w, https:\/\/www.badenhaus.it\/wp-content\/uploads\/2022\/12\/ELETTRA-ROVERE-SBIANCATO-300x225.jpg 300w, https:\/\/www.badenhaus.it\/wp-content\/uploads\/2022\/12\/ELETTRA-ROVERE-SBIANCATO-768x576.jpg 768w, https:\/\/www.badenhaus.it\/wp-content\/uploads\/2022\/12\/ELETTRA-ROVERE-SBIANCATO-1536x1152.jpg 1536w, https:\/\/www.badenhaus.it\/wp-content\/uploads\/2022\/12\/ELETTRA-ROVERE-SBIANCATO-1500x1125.jpg 1500w, https:\/\/www.badenhaus.it\/wp-content\/uploads\/2022\/12\/ELETTRA-ROVERE-SBIANCATO-705x529.jpg 705w, https:\/\/www.badenhaus.it\/wp-content\/uploads\/2022\/12\/ELETTRA-ROVERE-SBIANCATO.jpg 1600w\" data-sizes=\"(max-width: 1030px) 100vw, 1030px\"  aria-label=\"image ELETTRA &#8211; ROVERE SBIANCATO\"  id='av-masonry-1-item-8250' data-av-masonry-item='8250' class='av-masonry-entry isotope-item post-8250 attachment type-attachment status-inherit hentry  av-masonry-item-with-image av-grid-img' title=\"ELETTRA &#8211; ROVERE SBIANCATO\" alt=\"\"    itemprop=\"thumbnailUrl\" ><div class='av-inner-masonry-sizer'><\/div><figure class='av-inner-masonry main_color'><div class=\"av-masonry-outerimage-container\"><div class='av-masonry-image-container' style=\"background-image: url(https:\/\/www.badenhaus.it\/wp-content\/uploads\/2022\/12\/ELETTRA-ROVERE-SBIANCATO.jpg);\"  title=\"ELETTRA &#8211; ROVERE SBIANCATO\" ><\/div><\/div><\/figure><\/a><!--end av-masonry entry--><a href=\"https:\/\/www.badenhaus.it\/wp-content\/uploads\/2022\/12\/ELETTRA-ROVERE-SBIANCATO-2-1030x773.jpg\" data-srcset=\"https:\/\/www.badenhaus.it\/wp-content\/uploads\/2022\/12\/ELETTRA-ROVERE-SBIANCATO-2-1030x773.jpg 1030w, https:\/\/www.badenhaus.it\/wp-content\/uploads\/2022\/12\/ELETTRA-ROVERE-SBIANCATO-2-300x225.jpg 300w, https:\/\/www.badenhaus.it\/wp-content\/uploads\/2022\/12\/ELETTRA-ROVERE-SBIANCATO-2-768x576.jpg 768w, https:\/\/www.badenhaus.it\/wp-content\/uploads\/2022\/12\/ELETTRA-ROVERE-SBIANCATO-2-1536x1152.jpg 1536w, https:\/\/www.badenhaus.it\/wp-content\/uploads\/2022\/12\/ELETTRA-ROVERE-SBIANCATO-2-1500x1125.jpg 1500w, https:\/\/www.badenhaus.it\/wp-content\/uploads\/2022\/12\/ELETTRA-ROVERE-SBIANCATO-2-705x529.jpg 705w, https:\/\/www.badenhaus.it\/wp-content\/uploads\/2022\/12\/ELETTRA-ROVERE-SBIANCATO-2.jpg 1600w\" data-sizes=\"(max-width: 1030px) 100vw, 1030px\"  aria-label=\"image ELETTRA &#8211; ROVERE SBIANCATO 2\"  id='av-masonry-1-item-8246' data-av-masonry-item='8246' class='av-masonry-entry isotope-item post-8246 attachment type-attachment status-inherit hentry  av-masonry-item-with-image av-grid-img' title=\"ELETTRA &#8211; ROVERE SBIANCATO 2\" alt=\"\"    itemprop=\"thumbnailUrl\" ><div class='av-inner-masonry-sizer'><\/div><figure class='av-inner-masonry main_color'><div class=\"av-masonry-outerimage-container\"><div class='av-masonry-image-container' style=\"background-image: url(https:\/\/www.badenhaus.it\/wp-content\/uploads\/2022\/12\/ELETTRA-ROVERE-SBIANCATO-2.jpg);\"  title=\"ELETTRA &#8211; ROVERE SBIANCATO 2\" ><\/div><\/div><\/figure><\/a><!--end av-masonry entry--><a href=\"https:\/\/www.badenhaus.it\/wp-content\/uploads\/2022\/12\/ELETTRA-BIANCO-OPACO-1030x773.jpg\" data-srcset=\"https:\/\/www.badenhaus.it\/wp-content\/uploads\/2022\/12\/ELETTRA-BIANCO-OPACO-1030x773.jpg 1030w, https:\/\/www.badenhaus.it\/wp-content\/uploads\/2022\/12\/ELETTRA-BIANCO-OPACO-300x225.jpg 300w, https:\/\/www.badenhaus.it\/wp-content\/uploads\/2022\/12\/ELETTRA-BIANCO-OPACO-768x576.jpg 768w, https:\/\/www.badenhaus.it\/wp-content\/uploads\/2022\/12\/ELETTRA-BIANCO-OPACO-1536x1152.jpg 1536w, https:\/\/www.badenhaus.it\/wp-content\/uploads\/2022\/12\/ELETTRA-BIANCO-OPACO-1500x1125.jpg 1500w, https:\/\/www.badenhaus.it\/wp-content\/uploads\/2022\/12\/ELETTRA-BIANCO-OPACO-705x529.jpg 705w, https:\/\/www.badenhaus.it\/wp-content\/uploads\/2022\/12\/ELETTRA-BIANCO-OPACO.jpg 1600w\" data-sizes=\"(max-width: 1030px) 100vw, 1030px\"  aria-label=\"image ELETTRA &#8211; BIANCO OPACO\"  id='av-masonry-1-item-8258' data-av-masonry-item='8258' class='av-masonry-entry isotope-item post-8258 attachment type-attachment status-inherit hentry  av-masonry-item-with-image av-grid-img' title=\"ELETTRA &#8211; BIANCO OPACO\" alt=\"\"    itemprop=\"thumbnailUrl\" ><div class='av-inner-masonry-sizer'><\/div><figure class='av-inner-masonry main_color'><div class=\"av-masonry-outerimage-container\"><div class='av-masonry-image-container' style=\"background-image: url(https:\/\/www.badenhaus.it\/wp-content\/uploads\/2022\/12\/ELETTRA-BIANCO-OPACO.jpg);\"  title=\"ELETTRA &#8211; BIANCO OPACO\" ><\/div><\/div><\/figure><\/a><!--end av-masonry entry--><a href=\"https:\/\/www.badenhaus.it\/wp-content\/uploads\/2022\/12\/ELETTRA-BIANCO-OPACO-2-1030x773.jpg\" data-srcset=\"https:\/\/www.badenhaus.it\/wp-content\/uploads\/2022\/12\/ELETTRA-BIANCO-OPACO-2-1030x773.jpg 1030w, https:\/\/www.badenhaus.it\/wp-content\/uploads\/2022\/12\/ELETTRA-BIANCO-OPACO-2-300x225.jpg 300w, https:\/\/www.badenhaus.it\/wp-content\/uploads\/2022\/12\/ELETTRA-BIANCO-OPACO-2-768x576.jpg 768w, https:\/\/www.badenhaus.it\/wp-content\/uploads\/2022\/12\/ELETTRA-BIANCO-OPACO-2-1536x1152.jpg 1536w, https:\/\/www.badenhaus.it\/wp-content\/uploads\/2022\/12\/ELETTRA-BIANCO-OPACO-2-1500x1125.jpg 1500w, https:\/\/www.badenhaus.it\/wp-content\/uploads\/2022\/12\/ELETTRA-BIANCO-OPACO-2-705x529.jpg 705w, https:\/\/www.badenhaus.it\/wp-content\/uploads\/2022\/12\/ELETTRA-BIANCO-OPACO-2.jpg 1600w\" data-sizes=\"(max-width: 1030px) 100vw, 1030px\"  aria-label=\"image ELETTRA &#8211; BIANCO OPACO 2\"  id='av-masonry-1-item-8254' data-av-masonry-item='8254' class='av-masonry-entry isotope-item post-8254 attachment type-attachment status-inherit hentry  av-masonry-item-with-image av-grid-img' title=\"ELETTRA &#8211; BIANCO OPACO 2\" alt=\"\"    itemprop=\"thumbnailUrl\" ><div class='av-inner-masonry-sizer'><\/div><figure class='av-inner-masonry main_color'><div class=\"av-masonry-outerimage-container\"><div class='av-masonry-image-container' style=\"background-image: url(https:\/\/www.badenhaus.it\/wp-content\/uploads\/2022\/12\/ELETTRA-BIANCO-OPACO-2.jpg);\"  title=\"ELETTRA &#8211; BIANCO OPACO 2\" ><\/div><\/div><\/figure><\/a><!--end av-masonry entry--><\/div><\/div>\n<\/div><\/div><\/div><!-- close content main div --><\/div><\/div><div id='after_section_3'  class='main_color av_default_container_wrap container_wrap fullsize'  ><div class='container av-section-cont-open' ><div class='template-page content  av-content-full alpha units'><div class='post-entry post-entry-type-page post-entry-10129'><div class='entry-content-wrapper clearfix'>\n<div  class='flex_column av-2nrzvhh-cae41836c3dd785afa9dd55c9ad09a62 av_one_half  avia-builder-el-15  el_after_av_section  el_before_av_one_half  avia-builder-el-first  first flex_column_div  '     ><style type=\"text\/css\" data-created_by=\"avia_inline_auto\" id=\"style-css-av-29s90jp-78322e3c0e93a6da35783b5b9b275a65\">\n#top .avia-icon-list-container.av-29s90jp-78322e3c0e93a6da35783b5b9b275a65 .iconlist_icon{\ncolor:#000000;\nbackground-color:#ffffff;\nborder-style:solid;\nborder-width:1px 1px 1px 1px;\nborder-color:#000000;\n}\n#top .avia-icon-list-container.av-29s90jp-78322e3c0e93a6da35783b5b9b275a65 .iconlist_icon svg:first-child{\nstroke:#000000;\nfill:#000000;\n}\n<\/style>\n<div  class='avia-icon-list-container av-29s90jp-78322e3c0e93a6da35783b5b9b275a65  avia-builder-el-16  avia-builder-el-no-sibling '><ul class='avia-icon-list avia_animate_when_almost_visible avia-icon-list-left av-iconlist-big av-29s90jp-78322e3c0e93a6da35783b5b9b275a65 avia-iconlist-animate'>\n<li><a href='https:\/\/www.badenhaus.it\/wp-content\/uploads\/2022\/12\/elettra.pdf' title='Catalogue ELETTRA'  class='iconlist_icon av-1ggh1id-b29fe79400ff98e5c66f6623b8aad0c0 avia-font-entypo-fontello avia-iconfont avia-font-entypo-fontello'><span class='av-icon-char' data-av_icon='\ue84e' data-av_iconfont='entypo-fontello' aria-hidden=\"true\"><\/span><\/a><article class=\"article-icon-entry av-iconlist-empty\"  itemscope=\"itemscope\" itemtype=\"https:\/\/schema.org\/CreativeWork\" ><div class=\"iconlist_content_wrap\"><header class=\"entry-content-header\" aria-label=\"Ic\u00f4ne : &lt;a href=&#039;https:\/\/www.badenhaus.it\/wp-content\/uploads\/2022\/12\/elettra.pdf&#039; title=&#039;Catalogue ELETTRA&#039;&gt;Catalogue ELETTRA&lt;\/a&gt;\"><h4 class='av_iconlist_title iconlist_title  '  itemprop=\"headline\" ><a href='https:\/\/www.badenhaus.it\/wp-content\/uploads\/2022\/12\/elettra.pdf' title='Catalogue ELETTRA'>Catalogue ELETTRA<\/a><\/h4><\/header><div class='iconlist_content '  itemprop=\"text\" ><\/div><\/div><footer class=\"entry-footer\"><\/footer><\/article><div class=\"iconlist-timeline\"><\/div><\/li>\n<li><a href='https:\/\/www.badenhaus.it\/wp-content\/uploads\/2022\/12\/misure-elettra.pdf' title='Mesures ELETTRA'  class='iconlist_icon av-4v5xz9-0a220af3622ae2edf2d9f83e8895cb2e avia-font-entypo-fontello avia-iconfont avia-font-entypo-fontello'><span class='av-icon-char' data-av_icon='\ue84b' data-av_iconfont='entypo-fontello' aria-hidden=\"true\"><\/span><\/a><article class=\"article-icon-entry av-iconlist-empty\"  itemscope=\"itemscope\" itemtype=\"https:\/\/schema.org\/CreativeWork\" ><div class=\"iconlist_content_wrap\"><header class=\"entry-content-header\" aria-label=\"Ic\u00f4ne : &lt;a href=&#039;https:\/\/www.badenhaus.it\/wp-content\/uploads\/2022\/12\/misure-elettra.pdf&#039; title=&#039;Mesures ELETTRA&#039;&gt;Mesures ELETTRA&lt;\/a&gt;\"><h4 class='av_iconlist_title iconlist_title  '  itemprop=\"headline\" ><a href='https:\/\/www.badenhaus.it\/wp-content\/uploads\/2022\/12\/misure-elettra.pdf' title='Mesures ELETTRA'>Mesures ELETTRA<\/a><\/h4><\/header><div class='iconlist_content '  itemprop=\"text\" ><\/div><\/div><footer class=\"entry-footer\"><\/footer><\/article><div class=\"iconlist-timeline\"><\/div><\/li>\n<\/ul><\/div><\/div><div  class='flex_column av-t8t0th-834d5a341247805916c897e1de763021 av_one_half  avia-builder-el-17  el_after_av_one_half  avia-builder-el-last  flex_column_div  '     ><\/div><\/p>\n","protected":false},"excerpt":{"rendered":"","protected":false},"author":2,"featured_media":8266,"comment_status":"closed","ping_status":"closed","template":"","meta":{"footnotes":""},"tags":[],"portfolio_entries":[33],"class_list":["post-10129","portfolio","type-portfolio","status-publish","has-post-thumbnail","hentry","portfolio_entries-collections-fr"],"yoast_head":"<!-- This site is optimized with the Yoast SEO plugin v25.2 - https:\/\/yoast.com\/wordpress\/plugins\/seo\/ -->\n<title>ELETTRA - Baden Haus<\/title>\n<meta name=\"robots\" content=\"index, follow, max-snippet:-1, max-image-preview:large, max-video-preview:-1\" \/>\n<link rel=\"canonical\" href=\"https:\/\/www.badenhaus.it\/fr\/collections\/elettra\/\" \/>\n<meta property=\"og:locale\" content=\"fr_FR\" \/>\n<meta property=\"og:type\" content=\"article\" \/>\n<meta property=\"og:title\" content=\"ELETTRA - Baden Haus\" \/>\n<meta property=\"og:url\" content=\"https:\/\/www.badenhaus.it\/fr\/collections\/elettra\/\" \/>\n<meta property=\"og:site_name\" content=\"Baden Haus\" \/>\n<meta property=\"article:modified_time\" content=\"2025-09-05T09:58:51+00:00\" \/>\n<meta property=\"og:image\" content=\"https:\/\/www.badenhaus.it\/wp-content\/uploads\/2022\/12\/ELETTRA-ROVERE-TABACCO.jpg\" \/>\n\t<meta property=\"og:image:width\" content=\"1600\" \/>\n\t<meta property=\"og:image:height\" content=\"1200\" \/>\n\t<meta property=\"og:image:type\" content=\"image\/jpeg\" \/>\n<meta name=\"twitter:card\" content=\"summary_large_image\" \/>\n<meta name=\"twitter:label1\" content=\"Dur\u00e9e de lecture estim\u00e9e\" \/>\n\t<meta name=\"twitter:data1\" content=\"3 minutes\" \/>\n<script type=\"application\/ld+json\" class=\"yoast-schema-graph\">{\"@context\":\"https:\/\/schema.org\",\"@graph\":[{\"@type\":\"WebPage\",\"@id\":\"https:\/\/www.badenhaus.it\/fr\/collections\/elettra\/\",\"url\":\"https:\/\/www.badenhaus.it\/fr\/collections\/elettra\/\",\"name\":\"ELETTRA - Baden Haus\",\"isPartOf\":{\"@id\":\"https:\/\/www.badenhaus.it\/fr\/#website\"},\"primaryImageOfPage\":{\"@id\":\"https:\/\/www.badenhaus.it\/fr\/collections\/elettra\/#primaryimage\"},\"image\":{\"@id\":\"https:\/\/www.badenhaus.it\/fr\/collections\/elettra\/#primaryimage\"},\"thumbnailUrl\":\"https:\/\/www.badenhaus.it\/wp-content\/uploads\/2022\/12\/ELETTRA-ROVERE-TABACCO.jpg\",\"datePublished\":\"2022-01-15T07:01:46+00:00\",\"dateModified\":\"2025-09-05T09:58:51+00:00\",\"breadcrumb\":{\"@id\":\"https:\/\/www.badenhaus.it\/fr\/collections\/elettra\/#breadcrumb\"},\"inLanguage\":\"fr-FR\",\"potentialAction\":[{\"@type\":\"ReadAction\",\"target\":[\"https:\/\/www.badenhaus.it\/fr\/collections\/elettra\/\"]}]},{\"@type\":\"ImageObject\",\"inLanguage\":\"fr-FR\",\"@id\":\"https:\/\/www.badenhaus.it\/fr\/collections\/elettra\/#primaryimage\",\"url\":\"https:\/\/www.badenhaus.it\/wp-content\/uploads\/2022\/12\/ELETTRA-ROVERE-TABACCO.jpg\",\"contentUrl\":\"https:\/\/www.badenhaus.it\/wp-content\/uploads\/2022\/12\/ELETTRA-ROVERE-TABACCO.jpg\",\"width\":1600,\"height\":1200},{\"@type\":\"BreadcrumbList\",\"@id\":\"https:\/\/www.badenhaus.it\/fr\/collections\/elettra\/#breadcrumb\",\"itemListElement\":[{\"@type\":\"ListItem\",\"position\":1,\"name\":\"Home\",\"item\":\"https:\/\/www.badenhaus.it\/fr\/home\/\"},{\"@type\":\"ListItem\",\"position\":2,\"name\":\"ELETTRA\"}]},{\"@type\":\"WebSite\",\"@id\":\"https:\/\/www.badenhaus.it\/fr\/#website\",\"url\":\"https:\/\/www.badenhaus.it\/fr\/\",\"name\":\"Baden Haus\",\"description\":\"Produzione mobili da bagno made in Italy\",\"potentialAction\":[{\"@type\":\"SearchAction\",\"target\":{\"@type\":\"EntryPoint\",\"urlTemplate\":\"https:\/\/www.badenhaus.it\/fr\/?s={search_term_string}\"},\"query-input\":{\"@type\":\"PropertyValueSpecification\",\"valueRequired\":true,\"valueName\":\"search_term_string\"}}],\"inLanguage\":\"fr-FR\"}]}<\/script>\n<!-- \/ Yoast SEO plugin. -->","yoast_head_json":{"title":"ELETTRA - Baden Haus","robots":{"index":"index","follow":"follow","max-snippet":"max-snippet:-1","max-image-preview":"max-image-preview:large","max-video-preview":"max-video-preview:-1"},"canonical":"https:\/\/www.badenhaus.it\/fr\/collections\/elettra\/","og_locale":"fr_FR","og_type":"article","og_title":"ELETTRA - Baden Haus","og_url":"https:\/\/www.badenhaus.it\/fr\/collections\/elettra\/","og_site_name":"Baden Haus","article_modified_time":"2025-09-05T09:58:51+00:00","og_image":[{"width":1600,"height":1200,"url":"https:\/\/www.badenhaus.it\/wp-content\/uploads\/2022\/12\/ELETTRA-ROVERE-TABACCO.jpg","type":"image\/jpeg"}],"twitter_card":"summary_large_image","twitter_misc":{"Dur\u00e9e de lecture estim\u00e9e":"3 minutes"},"schema":{"@context":"https:\/\/schema.org","@graph":[{"@type":"WebPage","@id":"https:\/\/www.badenhaus.it\/fr\/collections\/elettra\/","url":"https:\/\/www.badenhaus.it\/fr\/collections\/elettra\/","name":"ELETTRA - Baden Haus","isPartOf":{"@id":"https:\/\/www.badenhaus.it\/fr\/#website"},"primaryImageOfPage":{"@id":"https:\/\/www.badenhaus.it\/fr\/collections\/elettra\/#primaryimage"},"image":{"@id":"https:\/\/www.badenhaus.it\/fr\/collections\/elettra\/#primaryimage"},"thumbnailUrl":"https:\/\/www.badenhaus.it\/wp-content\/uploads\/2022\/12\/ELETTRA-ROVERE-TABACCO.jpg","datePublished":"2022-01-15T07:01:46+00:00","dateModified":"2025-09-05T09:58:51+00:00","breadcrumb":{"@id":"https:\/\/www.badenhaus.it\/fr\/collections\/elettra\/#breadcrumb"},"inLanguage":"fr-FR","potentialAction":[{"@type":"ReadAction","target":["https:\/\/www.badenhaus.it\/fr\/collections\/elettra\/"]}]},{"@type":"ImageObject","inLanguage":"fr-FR","@id":"https:\/\/www.badenhaus.it\/fr\/collections\/elettra\/#primaryimage","url":"https:\/\/www.badenhaus.it\/wp-content\/uploads\/2022\/12\/ELETTRA-ROVERE-TABACCO.jpg","contentUrl":"https:\/\/www.badenhaus.it\/wp-content\/uploads\/2022\/12\/ELETTRA-ROVERE-TABACCO.jpg","width":1600,"height":1200},{"@type":"BreadcrumbList","@id":"https:\/\/www.badenhaus.it\/fr\/collections\/elettra\/#breadcrumb","itemListElement":[{"@type":"ListItem","position":1,"name":"Home","item":"https:\/\/www.badenhaus.it\/fr\/home\/"},{"@type":"ListItem","position":2,"name":"ELETTRA"}]},{"@type":"WebSite","@id":"https:\/\/www.badenhaus.it\/fr\/#website","url":"https:\/\/www.badenhaus.it\/fr\/","name":"Baden Haus","description":"Produzione mobili da bagno made in Italy","potentialAction":[{"@type":"SearchAction","target":{"@type":"EntryPoint","urlTemplate":"https:\/\/www.badenhaus.it\/fr\/?s={search_term_string}"},"query-input":{"@type":"PropertyValueSpecification","valueRequired":true,"valueName":"search_term_string"}}],"inLanguage":"fr-FR"}]}},"_links":{"self":[{"href":"https:\/\/www.badenhaus.it\/fr\/wp-json\/wp\/v2\/portfolio\/10129","targetHints":{"allow":["GET"]}}],"collection":[{"href":"https:\/\/www.badenhaus.it\/fr\/wp-json\/wp\/v2\/portfolio"}],"about":[{"href":"https:\/\/www.badenhaus.it\/fr\/wp-json\/wp\/v2\/types\/portfolio"}],"author":[{"embeddable":true,"href":"https:\/\/www.badenhaus.it\/fr\/wp-json\/wp\/v2\/users\/2"}],"replies":[{"embeddable":true,"href":"https:\/\/www.badenhaus.it\/fr\/wp-json\/wp\/v2\/comments?post=10129"}],"version-history":[{"count":6,"href":"https:\/\/www.badenhaus.it\/fr\/wp-json\/wp\/v2\/portfolio\/10129\/revisions"}],"predecessor-version":[{"id":10156,"href":"https:\/\/www.badenhaus.it\/fr\/wp-json\/wp\/v2\/portfolio\/10129\/revisions\/10156"}],"wp:featuredmedia":[{"embeddable":true,"href":"https:\/\/www.badenhaus.it\/fr\/wp-json\/wp\/v2\/media\/8266"}],"wp:attachment":[{"href":"https:\/\/www.badenhaus.it\/fr\/wp-json\/wp\/v2\/media?parent=10129"}],"wp:term":[{"taxonomy":"post_tag","embeddable":true,"href":"https:\/\/www.badenhaus.it\/fr\/wp-json\/wp\/v2\/tags?post=10129"},{"taxonomy":"portfolio_entries","embeddable":true,"href":"https:\/\/www.badenhaus.it\/fr\/wp-json\/wp\/v2\/portfolio_entries?post=10129"}],"curies":[{"name":"wp","href":"https:\/\/api.w.org\/{rel}","templated":true}]}}