{"id":7119,"date":"2022-01-03T08:00:19","date_gmt":"2022-01-03T07:00:19","guid":{"rendered":"https:\/\/www.badenhaus.it\/?post_type=portfolio&#038;p=7119"},"modified":"2024-09-20T08:29:47","modified_gmt":"2024-09-20T06:29:47","slug":"eclisse","status":"publish","type":"portfolio","link":"https:\/\/www.badenhaus.it\/fr\/collections\/eclisse\/","title":{"rendered":"ECLISSE"},"content":{"rendered":"<div id='av_section_1'  class='avia-section av-uinr87-19363e497fa017e50c7be509ced3435f main_color avia-section-default avia-no-border-styling  avia-builder-el-0  el_before_av_section  avia-builder-el-first  avia-bg-style-scroll container_wrap fullsize'  ><div class='container av-section-cont-open' ><main  role=\"main\" itemprop=\"mainContentOfPage\"  class='template-page content  av-content-full alpha units'><div class='post-entry post-entry-type-page post-entry-7119'><div class='entry-content-wrapper clearfix'>\n<div class='flex_column_table av-sly4av-a2f2cce549ec0d41f474081c6cf84e9b sc-av_one_fourth av-equal-height-column-flextable'>\n<style type=\"text\/css\" data-created_by=\"avia_inline_auto\" id=\"style-css-av-sly4av-a2f2cce549ec0d41f474081c6cf84e9b\">\n#top .flex_column_table.av-equal-height-column-flextable.av-sly4av-a2f2cce549ec0d41f474081c6cf84e9b{\nmargin-top:0px;\nmargin-bottom:0px;\n}\n.flex_column.av-sly4av-a2f2cce549ec0d41f474081c6cf84e9b{\nborder-radius:3px 3px 3px 3px;\npadding:0px 0px 0px 0px;\n}\n<\/style>\n<div  class='flex_column av-sly4av-a2f2cce549ec0d41f474081c6cf84e9b av_one_fourth  avia-builder-el-1  el_before_av_three_fourth  avia-builder-el-first  first flex_column_table_cell av-equal-height-column av-align-middle av-animated-generic left-to-right av-zero-column-padding  '     ><style type=\"text\/css\" data-created_by=\"avia_inline_auto\" id=\"style-css-av-l8n4fptu-2940644227df36fcfa01a5e259c3e82d\">\n#top .av-special-heading.av-l8n4fptu-2940644227df36fcfa01a5e259c3e82d{\nmargin:15px 0 0 0;\npadding-bottom:10px;\nfont-size:52px;\n}\nbody .av-special-heading.av-l8n4fptu-2940644227df36fcfa01a5e259c3e82d .av-special-heading-tag .heading-char{\nfont-size:25px;\n}\n#top #wrap_all .av-special-heading.av-l8n4fptu-2940644227df36fcfa01a5e259c3e82d .av-special-heading-tag{\nfont-size:52px;\n}\n.av-special-heading.av-l8n4fptu-2940644227df36fcfa01a5e259c3e82d .av-subheading{\nfont-size:20px;\n}\n\n@media only screen and (min-width: 480px) and (max-width: 767px){ \n#top #wrap_all .av-special-heading.av-l8n4fptu-2940644227df36fcfa01a5e259c3e82d .av-special-heading-tag{\nfont-size:0.8em;\n}\n}\n\n@media only screen and (max-width: 479px){ \n#top #wrap_all .av-special-heading.av-l8n4fptu-2940644227df36fcfa01a5e259c3e82d .av-special-heading-tag{\nfont-size:0.8em;\n}\n}\n<\/style>\n<div  class='av-special-heading av-l8n4fptu-2940644227df36fcfa01a5e259c3e82d av-special-heading-h2 blockquote modern-quote  avia-builder-el-2  avia-builder-el-no-sibling  av-inherit-size'><h2 class='av-special-heading-tag '  itemprop=\"headline\"  ><\/p>\n<blockquote>\n<p>ECLISSE<\/p>\n<\/blockquote>\n<p><\/h2><div class='av-subheading av-subheading_below'><p><em>Intemporelle \u00e9l\u00e9gance du classique contemporain<\/em><\/p>\n<\/div><div class=\"special-heading-border\"><div class=\"special-heading-inner-border\"><\/div><\/div><\/div><\/div><div class='av-flex-placeholder'><\/div>\n<style type=\"text\/css\" data-created_by=\"avia_inline_auto\" id=\"style-css-av-qqvupz-35150c77ec2daf0f2f2ad3c8c3fbbdd4\">\n#top .flex_column_table.av-equal-height-column-flextable.av-qqvupz-35150c77ec2daf0f2f2ad3c8c3fbbdd4{\nmargin-top:0px;\nmargin-bottom:0px;\n}\n.flex_column.av-qqvupz-35150c77ec2daf0f2f2ad3c8c3fbbdd4{\nborder-radius:3px 3px 3px 3px;\npadding:0px 0px 0px 0px;\n}\n<\/style>\n<div  class='flex_column av-qqvupz-35150c77ec2daf0f2f2ad3c8c3fbbdd4 av_three_fourth  avia-builder-el-3  el_after_av_one_fourth  avia-builder-el-last  flex_column_table_cell av-equal-height-column av-align-middle av-animated-generic left-to-right av-zero-column-padding  '     ><div  class='avia-slideshow av-q8l7av-15d1fa300de62df2f7aa8a5e817fb80f avia-slideshow-no scaling av_slideshow avia-fade-slider  avia-builder-el-4  avia-builder-el-no-sibling  av-slideshow-ui av-control-minimal av-slideshow-autoplay av-loop-endless av-loop-manual-endless av-default-height-applied avia-slideshow-1' data-slideshow-options=\"{&quot;animation&quot;:&quot;fade&quot;,&quot;autoplay&quot;:true,&quot;loop_autoplay&quot;:&quot;endless&quot;,&quot;interval&quot;:4,&quot;loop_manual&quot;:&quot;manual-endless&quot;,&quot;autoplay_stopper&quot;:false,&quot;noNavigation&quot;:false,&quot;bg_slider&quot;:false,&quot;keep_padding&quot;:false,&quot;hoverpause&quot;:false,&quot;show_slide_delay&quot;:0}\"  itemprop=\"image\" itemscope=\"itemscope\" itemtype=\"https:\/\/schema.org\/ImageObject\" ><ul class='avia-slideshow-inner ' style='padding-bottom: 75%;'><li  class='avia-slideshow-slide av-q8l7av-15d1fa300de62df2f7aa8a5e817fb80f__0  slide-1 slide-odd'><div data-rel='slideshow-1' class='avia-slide-wrap '   ><img decoding=\"async\" fetchpriority=\"high\" class=\"wp-image-6854 avia-img-lazy-loading-not-6854\"  src=\"https:\/\/www.badenhaus.it\/wp-content\/uploads\/2022\/09\/ECLISSE-GRAFITE.jpg\" width=\"1600\" height=\"1200\" title='ECLISSE - GRAFITE' alt=''  itemprop=\"thumbnailUrl\" srcset=\"https:\/\/www.badenhaus.it\/wp-content\/uploads\/2022\/09\/ECLISSE-GRAFITE.jpg 1600w, https:\/\/www.badenhaus.it\/wp-content\/uploads\/2022\/09\/ECLISSE-GRAFITE-300x225.jpg 300w, https:\/\/www.badenhaus.it\/wp-content\/uploads\/2022\/09\/ECLISSE-GRAFITE-1030x773.jpg 1030w, https:\/\/www.badenhaus.it\/wp-content\/uploads\/2022\/09\/ECLISSE-GRAFITE-768x576.jpg 768w, https:\/\/www.badenhaus.it\/wp-content\/uploads\/2022\/09\/ECLISSE-GRAFITE-1536x1152.jpg 1536w, https:\/\/www.badenhaus.it\/wp-content\/uploads\/2022\/09\/ECLISSE-GRAFITE-1500x1125.jpg 1500w, https:\/\/www.badenhaus.it\/wp-content\/uploads\/2022\/09\/ECLISSE-GRAFITE-705x529.jpg 705w\" sizes=\"(max-width: 1600px) 100vw, 1600px\" \/><\/div><\/li><li  class='avia-slideshow-slide av-q8l7av-15d1fa300de62df2f7aa8a5e817fb80f__1  slide-2 slide-even'><div data-rel='slideshow-1' class='avia-slide-wrap '   ><img decoding=\"async\" fetchpriority=\"high\" class=\"wp-image-6878 avia-img-lazy-loading-not-6878\"  src=\"https:\/\/www.badenhaus.it\/wp-content\/uploads\/2022\/09\/ECLISSE-GRIGIO-NUVOLA-1.jpg\" width=\"1600\" height=\"1200\" title='ECLISSE - GRIGIO NUVOLA' alt=''  itemprop=\"thumbnailUrl\" srcset=\"https:\/\/www.badenhaus.it\/wp-content\/uploads\/2022\/09\/ECLISSE-GRIGIO-NUVOLA-1.jpg 1600w, https:\/\/www.badenhaus.it\/wp-content\/uploads\/2022\/09\/ECLISSE-GRIGIO-NUVOLA-1-300x225.jpg 300w, https:\/\/www.badenhaus.it\/wp-content\/uploads\/2022\/09\/ECLISSE-GRIGIO-NUVOLA-1-1030x773.jpg 1030w, https:\/\/www.badenhaus.it\/wp-content\/uploads\/2022\/09\/ECLISSE-GRIGIO-NUVOLA-1-768x576.jpg 768w, https:\/\/www.badenhaus.it\/wp-content\/uploads\/2022\/09\/ECLISSE-GRIGIO-NUVOLA-1-1536x1152.jpg 1536w, https:\/\/www.badenhaus.it\/wp-content\/uploads\/2022\/09\/ECLISSE-GRIGIO-NUVOLA-1-1500x1125.jpg 1500w, https:\/\/www.badenhaus.it\/wp-content\/uploads\/2022\/09\/ECLISSE-GRIGIO-NUVOLA-1-705x529.jpg 705w\" sizes=\"(max-width: 1600px) 100vw, 1600px\" \/><\/div><\/li><li  class='avia-slideshow-slide av-q8l7av-15d1fa300de62df2f7aa8a5e817fb80f__2  slide-3 slide-odd'><div data-rel='slideshow-1' class='avia-slide-wrap '   ><img decoding=\"async\" fetchpriority=\"high\" class=\"wp-image-6890 avia-img-lazy-loading-not-6890\"  src=\"https:\/\/www.badenhaus.it\/wp-content\/uploads\/2022\/09\/ECLISSE-BIANCO-OPACO-1.jpg\" width=\"1600\" height=\"1200\" title='ECLISSE - BIANCO OPACO' alt=''  itemprop=\"thumbnailUrl\" srcset=\"https:\/\/www.badenhaus.it\/wp-content\/uploads\/2022\/09\/ECLISSE-BIANCO-OPACO-1.jpg 1600w, https:\/\/www.badenhaus.it\/wp-content\/uploads\/2022\/09\/ECLISSE-BIANCO-OPACO-1-300x225.jpg 300w, https:\/\/www.badenhaus.it\/wp-content\/uploads\/2022\/09\/ECLISSE-BIANCO-OPACO-1-1030x773.jpg 1030w, https:\/\/www.badenhaus.it\/wp-content\/uploads\/2022\/09\/ECLISSE-BIANCO-OPACO-1-768x576.jpg 768w, https:\/\/www.badenhaus.it\/wp-content\/uploads\/2022\/09\/ECLISSE-BIANCO-OPACO-1-1536x1152.jpg 1536w, https:\/\/www.badenhaus.it\/wp-content\/uploads\/2022\/09\/ECLISSE-BIANCO-OPACO-1-1500x1125.jpg 1500w, https:\/\/www.badenhaus.it\/wp-content\/uploads\/2022\/09\/ECLISSE-BIANCO-OPACO-1-705x529.jpg 705w\" sizes=\"(max-width: 1600px) 100vw, 1600px\" \/><\/div><\/li><li  class='avia-slideshow-slide av-q8l7av-15d1fa300de62df2f7aa8a5e817fb80f__3  slide-4 slide-even'><div data-rel='slideshow-1' class='avia-slide-wrap '   ><img decoding=\"async\" fetchpriority=\"high\" class=\"wp-image-6898 avia-img-lazy-loading-not-6898\"  src=\"https:\/\/www.badenhaus.it\/wp-content\/uploads\/2022\/09\/ECLISSE-BLU-PETROLIO.jpg\" width=\"1600\" height=\"1200\" title='ECLISSE - BLU PETROLIO' alt=''  itemprop=\"thumbnailUrl\" srcset=\"https:\/\/www.badenhaus.it\/wp-content\/uploads\/2022\/09\/ECLISSE-BLU-PETROLIO.jpg 1600w, https:\/\/www.badenhaus.it\/wp-content\/uploads\/2022\/09\/ECLISSE-BLU-PETROLIO-300x225.jpg 300w, https:\/\/www.badenhaus.it\/wp-content\/uploads\/2022\/09\/ECLISSE-BLU-PETROLIO-1030x773.jpg 1030w, https:\/\/www.badenhaus.it\/wp-content\/uploads\/2022\/09\/ECLISSE-BLU-PETROLIO-768x576.jpg 768w, https:\/\/www.badenhaus.it\/wp-content\/uploads\/2022\/09\/ECLISSE-BLU-PETROLIO-1536x1152.jpg 1536w, https:\/\/www.badenhaus.it\/wp-content\/uploads\/2022\/09\/ECLISSE-BLU-PETROLIO-1500x1125.jpg 1500w, https:\/\/www.badenhaus.it\/wp-content\/uploads\/2022\/09\/ECLISSE-BLU-PETROLIO-705x529.jpg 705w\" sizes=\"(max-width: 1600px) 100vw, 1600px\" \/><\/div><\/li><\/ul><div class='avia-slideshow-arrows avia-slideshow-controls' ><a href='#prev' class='prev-slide  avia-svg-icon avia-font-svg_entypo-fontello' data-av_svg_icon='left-open-big' data-av_iconset='svg_entypo-fontello' tabindex='-1' title=\"Pr\u00e9c\u00e9dent\"><svg version=\"1.1\" xmlns=\"http:\/\/www.w3.org\/2000\/svg\" width=\"15\" height=\"32\" viewBox=\"0 0 15 32\" preserveAspectRatio=\"xMidYMid meet\" aria-labelledby='av-svg-title-1' aria-describedby='av-svg-desc-1' role=\"graphics-symbol\" aria-hidden=\"true\">\n<title id='av-svg-title-1'>Pr\u00e9c\u00e9dent<\/title>\n<desc id='av-svg-desc-1'>Pr\u00e9c\u00e9dent<\/desc>\n<path d=\"M14.464 27.84q0.832 0.832 0 1.536-0.832 0.832-1.536 0l-12.544-12.608q-0.768-0.768 0-1.6l12.544-12.608q0.704-0.832 1.536 0 0.832 0.704 0 1.536l-11.456 11.904z\"><\/path>\n<\/svg><span class='avia_hidden_link_text'>Pr\u00e9c\u00e9dent<\/span><\/a><a href='#next' class='next-slide  avia-svg-icon avia-font-svg_entypo-fontello' data-av_svg_icon='right-open-big' data-av_iconset='svg_entypo-fontello' tabindex='-1' title=\"Suivant\"><svg version=\"1.1\" xmlns=\"http:\/\/www.w3.org\/2000\/svg\" width=\"15\" height=\"32\" viewBox=\"0 0 15 32\" preserveAspectRatio=\"xMidYMid meet\" aria-labelledby='av-svg-title-2' aria-describedby='av-svg-desc-2' role=\"graphics-symbol\" aria-hidden=\"true\">\n<title id='av-svg-title-2'>Suivant<\/title>\n<desc id='av-svg-desc-2'>Suivant<\/desc>\n<path d=\"M0.416 27.84l11.456-11.84-11.456-11.904q-0.832-0.832 0-1.536 0.832-0.832 1.536 0l12.544 12.608q0.768 0.832 0 1.6l-12.544 12.608q-0.704 0.832-1.536 0-0.832-0.704 0-1.536z\"><\/path>\n<\/svg><span class='avia_hidden_link_text'>Suivant<\/span><\/a><\/div><div class='avia-slideshow-dots avia-slideshow-controls'><a href='#1' class='goto-slide active' >1<\/a><a href='#2' class='goto-slide ' >2<\/a><a href='#3' class='goto-slide ' >3<\/a><a href='#4' class='goto-slide ' >4<\/a><\/div><\/div><\/div><\/div><!--close column table wrapper. Autoclose: 1 -->\n\n<\/div><\/div><\/main><!-- close content main element --><\/div><\/div>\n<style type=\"text\/css\" data-created_by=\"avia_inline_auto\" id=\"style-css-av-kda19z-678c55ff560506b8d36c8aa9397bb5cd\">\n.avia-section.av-kda19z-678c55ff560506b8d36c8aa9397bb5cd{\nbackground-color:#f2f2f2;\nbackground-image:unset;\n}\n<\/style>\n<div id='av_section_2'  class='avia-section av-kda19z-678c55ff560506b8d36c8aa9397bb5cd main_color avia-section-small avia-no-border-styling  avia-builder-el-5  el_after_av_section  el_before_av_one_half  avia-bg-style-scroll container_wrap fullsize'  ><div class='container av-section-cont-open' ><div class='template-page content  av-content-full alpha units'><div class='post-entry post-entry-type-page post-entry-7119'><div class='entry-content-wrapper clearfix'>\n\n<style type=\"text\/css\" data-created_by=\"avia_inline_auto\" id=\"style-css-av-1xupw7-944df62ad0e276e7cb2c2f942e83c8ce\">\n#top .flex_column.av-1xupw7-944df62ad0e276e7cb2c2f942e83c8ce{\nmargin-top:0px;\nmargin-bottom:0px;\n}\n.flex_column.av-1xupw7-944df62ad0e276e7cb2c2f942e83c8ce{\nborder-radius:3px 3px 3px 3px;\npadding:0px 0px 0px 0px;\n}\n.responsive #top #wrap_all .flex_column.av-1xupw7-944df62ad0e276e7cb2c2f942e83c8ce{\nmargin-top:0px;\nmargin-bottom:0px;\n}\n<\/style>\n<div  class='flex_column av-1xupw7-944df62ad0e276e7cb2c2f942e83c8ce av_one_half  avia-builder-el-6  el_before_av_one_half  avia-builder-el-first  first flex_column_div av-animated-generic left-to-right av-zero-column-padding  '     ><section  class='av_textblock_section av-l8n4g8ju-d673b825bb8be74b0fb3dc15caee85db '   itemscope=\"itemscope\" itemtype=\"https:\/\/schema.org\/CreativeWork\" ><div class='avia_textblock'  itemprop=\"text\" ><p>L&rsquo;\u00e9l\u00e9gance intemporelle du classique contemporain et la recherche incessante de l&rsquo;harmonie des formes ont inspir\u00e9 la cr\u00e9ation de la collection Eclisse pour l&rsquo;am\u00e9nagement de salles de bains sophistiqu\u00e9es, m\u00eame de petites dimensions, gr\u00e2ce \u00e0 la polyvalence de ses modules qui facilitent le passage et rationalisent la structure. Les portes \u00e0 fermeture lente, con\u00e7ues pour reproduire le mouvement sinueux d&rsquo;une vague, sont \u00e9quip\u00e9es de poign\u00e9es en m\u00e9tal chrom\u00e9 et offrent des compartiments spacieux et bien organis\u00e9s, avec des s\u00e9parateurs pratiques et peu encombrants pour r\u00e9pondre \u00e0 toutes les n\u00e9cessit\u00e9s de rangement.<\/p>\n<\/div><\/section><\/div>\n<style type=\"text\/css\" data-created_by=\"avia_inline_auto\" id=\"style-css-av-h51sk7-00cfcc875a0fcb9c52feaca2dcbf55fe\">\n#top .flex_column.av-h51sk7-00cfcc875a0fcb9c52feaca2dcbf55fe{\nmargin-top:0px;\nmargin-bottom:0px;\n}\n.flex_column.av-h51sk7-00cfcc875a0fcb9c52feaca2dcbf55fe{\nborder-radius:3px 3px 3px 3px;\npadding:0px 0px 0px 0px;\n}\n.responsive #top #wrap_all .flex_column.av-h51sk7-00cfcc875a0fcb9c52feaca2dcbf55fe{\nmargin-top:0px;\nmargin-bottom:0px;\n}\n<\/style>\n<div  class='flex_column av-h51sk7-00cfcc875a0fcb9c52feaca2dcbf55fe av_one_half  avia-builder-el-8  el_after_av_one_half  avia-builder-el-last  flex_column_div av-animated-generic left-to-right av-zero-column-padding  '     ><section  class='av_textblock_section av-l8n4gs5b-2627e21f2131a583212d6722f3c9646f '   itemscope=\"itemscope\" itemtype=\"https:\/\/schema.org\/CreativeWork\" ><div class='avia_textblock'  itemprop=\"text\" ><p>La collection Eclisse permet d&rsquo;installer des lavabos en verre blanc extralight, en r\u00e9sine noire satin\u00e9e ou blanche brillante avec des vasques simples, doubles ou d\u00e9centr\u00e9es pour garantir une flexibilit\u00e9 et une libert\u00e9 d&rsquo;utilisation maximales.<\/p>\n<\/div><\/section><\/div>\n<\/div><\/div><\/div><!-- close content main div --><\/div><\/div><div id='after_section_2'  class='main_color av_default_container_wrap container_wrap fullsize'  ><div class='container av-section-cont-open' ><div class='template-page content  av-content-full alpha units'><div class='post-entry post-entry-type-page post-entry-7119'><div class='entry-content-wrapper clearfix'>\n\n<style type=\"text\/css\" data-created_by=\"avia_inline_auto\" id=\"style-css-av-fn4cl3-e1837a9dd78a64819058ea0752a156b9\">\n.flex_column.av-fn4cl3-e1837a9dd78a64819058ea0752a156b9{\npadding:0px 0px 0px 0px;\n}\n<\/style>\n<div  class='flex_column av-fn4cl3-e1837a9dd78a64819058ea0752a156b9 av_one_half  avia-builder-el-10  el_after_av_section  el_before_av_one_half  avia-builder-el-first  first flex_column_div av-zero-column-padding  '     ><div  class='avia-logo-element-container av-l8n5yh41-ccf8bc02f871490a094e813b7e076edf av-border-deactivate avia-logo-grid avia-content-slider avia-smallarrow-slider avia-content-grid-active noHover avia-content-slider-odd  avia-builder-el-11  avia-builder-el-no-sibling  avia-content-slider1' ><div class='avia-smallarrow-slider-heading '><div class='new-special-heading'><h3 class='av-logo-special-heading-text '>Variantes coloris<\/h3><\/div><\/div><div class=\"avia-content-slider-inner\"><div class=\"slide-entry-wrap\"><div data-avia-tooltip=\"graphite\" class='slide-entry av-l8n4lxwh-3afa7eb42de4584e1548bb6208077810 flex_column no_margin av_one_fifth real-thumbnail post-entry slide-entry-overview slide-loop-1 slide-parity-odd  first'><img decoding=\"async\" fetchpriority=\"high\" width=\"70\" height=\"70\" src=\"https:\/\/www.badenhaus.it\/wp-content\/uploads\/2022\/02\/NERO-GRAFITE.png\" class=\"wp-image-3169 avia-img-lazy-loading-not-3169 attachment-no scaling size-no scaling\" alt=\"\" srcset=\"https:\/\/www.badenhaus.it\/wp-content\/uploads\/2022\/02\/NERO-GRAFITE.png 70w, https:\/\/www.badenhaus.it\/wp-content\/uploads\/2022\/02\/NERO-GRAFITE-36x36.png 36w\" sizes=\"(max-width: 70px) 100vw, 70px\" \/><\/div><div data-avia-tooltip=\"gris nuage\" class='slide-entry av-l8n6eidz-2e70bc7615271f517765586698c908c0 flex_column no_margin av_one_fifth real-thumbnail post-entry slide-entry-overview slide-loop-2 slide-parity-even  '><img decoding=\"async\" fetchpriority=\"high\" width=\"70\" height=\"70\" src=\"https:\/\/www.badenhaus.it\/wp-content\/uploads\/2022\/02\/GRIGIO-NUVOLA.png\" class=\"wp-image-3164 avia-img-lazy-loading-not-3164 attachment-no scaling size-no scaling\" alt=\"\" srcset=\"https:\/\/www.badenhaus.it\/wp-content\/uploads\/2022\/02\/GRIGIO-NUVOLA.png 70w, https:\/\/www.badenhaus.it\/wp-content\/uploads\/2022\/02\/GRIGIO-NUVOLA-36x36.png 36w\" sizes=\"(max-width: 70px) 100vw, 70px\" \/><\/div><div data-avia-tooltip=\"blanc mat\" class='slide-entry av-l8n6gcb4-cac456168953308632794a92ad5a46a3 flex_column no_margin av_one_fifth real-thumbnail post-entry slide-entry-overview slide-loop-3 slide-parity-odd  '><img decoding=\"async\" fetchpriority=\"high\" width=\"70\" height=\"70\" src=\"https:\/\/www.badenhaus.it\/wp-content\/uploads\/2022\/05\/BIANCO-OPACO-OK.png\" class=\"wp-image-5143 avia-img-lazy-loading-not-5143 attachment-no scaling size-no scaling\" alt=\"\" srcset=\"https:\/\/www.badenhaus.it\/wp-content\/uploads\/2022\/05\/BIANCO-OPACO-OK.png 70w, https:\/\/www.badenhaus.it\/wp-content\/uploads\/2022\/05\/BIANCO-OPACO-OK-36x36.png 36w\" sizes=\"(max-width: 70px) 100vw, 70px\" \/><\/div><div data-avia-tooltip=\"bleu p\u00e9trole\" class='slide-entry av-l8n6hjwo-8cb390287c34f225c23068309c5ccc84 flex_column no_margin av_one_fifth real-thumbnail post-entry slide-entry-overview slide-loop-4 slide-parity-even post-entry-last '><img decoding=\"async\" fetchpriority=\"high\" width=\"70\" height=\"70\" src=\"https:\/\/www.badenhaus.it\/wp-content\/uploads\/2022\/02\/BLU-PETROLIO.png\" class=\"wp-image-3157 avia-img-lazy-loading-not-3157 attachment-no scaling size-no scaling\" alt=\"\" srcset=\"https:\/\/www.badenhaus.it\/wp-content\/uploads\/2022\/02\/BLU-PETROLIO.png 70w, https:\/\/www.badenhaus.it\/wp-content\/uploads\/2022\/02\/BLU-PETROLIO-36x36.png 36w\" sizes=\"(max-width: 70px) 100vw, 70px\" \/><\/div><\/div><\/div><\/div><\/div>\n<div  class='flex_column av-1etpef-2f961191c30a0cc00681ba6ea57f8d39 av_one_half  avia-builder-el-12  el_after_av_one_half  el_before_av_section  avia-builder-el-last  flex_column_div  '     ><\/div>\n<\/div><\/div><\/div><!-- close content main div --><\/div><\/div>\n<style type=\"text\/css\" data-created_by=\"avia_inline_auto\" id=\"style-css-av-d0lkl3-063db65687d7570ec3dd2487b95a188d\">\n.avia-section.av-d0lkl3-063db65687d7570ec3dd2487b95a188d{\nbackground-color:#f2f2f2;\nbackground-image:unset;\n}\n<\/style>\n<div id='av_section_3'  class='avia-section av-d0lkl3-063db65687d7570ec3dd2487b95a188d main_color avia-section-small avia-no-border-styling  avia-builder-el-13  el_after_av_one_half  el_before_av_one_half  avia-bg-style-scroll container_wrap fullsize'  ><div class='container av-section-cont-open' ><div class='template-page content  av-content-full alpha units'><div class='post-entry post-entry-type-page post-entry-7119'><div class='entry-content-wrapper clearfix'>\n<div id='av-masonry-1' class='av-masonry av-a9br6f-7740326cb4fe5fefe58536b461b42b7d noHover av-fixed-size av-large-gap av-hover-overlay- av-masonry-animation-active av-masonry-col-3 av-caption-always av-caption-style- av-masonry-gallery ' data-post_id=\"7119\"><div class=\"av-masonry-container isotope av-js-disabled\"><div class='av-masonry-entry isotope-item av-masonry-item-no-image '><\/div><a href=\"https:\/\/www.badenhaus.it\/wp-content\/uploads\/2022\/09\/ECLISSE-GRAFITE-1030x773.jpg\" data-srcset=\"https:\/\/www.badenhaus.it\/wp-content\/uploads\/2022\/09\/ECLISSE-GRAFITE-1030x773.jpg 1030w, https:\/\/www.badenhaus.it\/wp-content\/uploads\/2022\/09\/ECLISSE-GRAFITE-300x225.jpg 300w, https:\/\/www.badenhaus.it\/wp-content\/uploads\/2022\/09\/ECLISSE-GRAFITE-768x576.jpg 768w, https:\/\/www.badenhaus.it\/wp-content\/uploads\/2022\/09\/ECLISSE-GRAFITE-1536x1152.jpg 1536w, https:\/\/www.badenhaus.it\/wp-content\/uploads\/2022\/09\/ECLISSE-GRAFITE-1500x1125.jpg 1500w, https:\/\/www.badenhaus.it\/wp-content\/uploads\/2022\/09\/ECLISSE-GRAFITE-705x529.jpg 705w, https:\/\/www.badenhaus.it\/wp-content\/uploads\/2022\/09\/ECLISSE-GRAFITE.jpg 1600w\" data-sizes=\"(max-width: 1030px) 100vw, 1030px\"  aria-label=\"image ECLISSE &#8211; GRAFITE\"  id='av-masonry-1-item-6854' data-av-masonry-item='6854' class='av-masonry-entry isotope-item post-6854 attachment type-attachment status-inherit hentry  av-masonry-item-with-image av-grid-img' title=\"ECLISSE &#8211; GRAFITE\" alt=\"\"    itemprop=\"thumbnailUrl\" ><div class='av-inner-masonry-sizer'><\/div><figure class='av-inner-masonry main_color'><div class=\"av-masonry-outerimage-container\"><div class='av-masonry-image-container' style=\"background-image: url(https:\/\/www.badenhaus.it\/wp-content\/uploads\/2022\/09\/ECLISSE-GRAFITE.jpg);\"  title=\"ECLISSE &#8211; GRAFITE\" ><\/div><\/div><\/figure><\/a><!--end av-masonry entry--><a href=\"https:\/\/www.badenhaus.it\/wp-content\/uploads\/2022\/09\/ECLISSE-GRAFITE-2-1030x773.jpg\" data-srcset=\"https:\/\/www.badenhaus.it\/wp-content\/uploads\/2022\/09\/ECLISSE-GRAFITE-2-1030x773.jpg 1030w, https:\/\/www.badenhaus.it\/wp-content\/uploads\/2022\/09\/ECLISSE-GRAFITE-2-300x225.jpg 300w, https:\/\/www.badenhaus.it\/wp-content\/uploads\/2022\/09\/ECLISSE-GRAFITE-2-768x576.jpg 768w, https:\/\/www.badenhaus.it\/wp-content\/uploads\/2022\/09\/ECLISSE-GRAFITE-2-1536x1152.jpg 1536w, https:\/\/www.badenhaus.it\/wp-content\/uploads\/2022\/09\/ECLISSE-GRAFITE-2-1500x1125.jpg 1500w, https:\/\/www.badenhaus.it\/wp-content\/uploads\/2022\/09\/ECLISSE-GRAFITE-2-705x529.jpg 705w, https:\/\/www.badenhaus.it\/wp-content\/uploads\/2022\/09\/ECLISSE-GRAFITE-2.jpg 1600w\" data-sizes=\"(max-width: 1030px) 100vw, 1030px\"  aria-label=\"image ECLISSE &#8211; GRAFITE 2\"  id='av-masonry-1-item-6858' data-av-masonry-item='6858' class='av-masonry-entry isotope-item post-6858 attachment type-attachment status-inherit hentry  av-masonry-item-with-image av-grid-img' title=\"ECLISSE &#8211; GRAFITE 2\" alt=\"\"    itemprop=\"thumbnailUrl\" ><div class='av-inner-masonry-sizer'><\/div><figure class='av-inner-masonry main_color'><div class=\"av-masonry-outerimage-container\"><div class='av-masonry-image-container' style=\"background-image: url(https:\/\/www.badenhaus.it\/wp-content\/uploads\/2022\/09\/ECLISSE-GRAFITE-2.jpg);\"  title=\"ECLISSE &#8211; GRAFITE 2\" ><\/div><\/div><\/figure><\/a><!--end av-masonry entry--><a href=\"https:\/\/www.badenhaus.it\/wp-content\/uploads\/2022\/09\/ECLISSE-GRIGIO-NUVOLA-1-1030x773.jpg\" data-srcset=\"https:\/\/www.badenhaus.it\/wp-content\/uploads\/2022\/09\/ECLISSE-GRIGIO-NUVOLA-1-1030x773.jpg 1030w, https:\/\/www.badenhaus.it\/wp-content\/uploads\/2022\/09\/ECLISSE-GRIGIO-NUVOLA-1-300x225.jpg 300w, https:\/\/www.badenhaus.it\/wp-content\/uploads\/2022\/09\/ECLISSE-GRIGIO-NUVOLA-1-768x576.jpg 768w, https:\/\/www.badenhaus.it\/wp-content\/uploads\/2022\/09\/ECLISSE-GRIGIO-NUVOLA-1-1536x1152.jpg 1536w, https:\/\/www.badenhaus.it\/wp-content\/uploads\/2022\/09\/ECLISSE-GRIGIO-NUVOLA-1-1500x1125.jpg 1500w, https:\/\/www.badenhaus.it\/wp-content\/uploads\/2022\/09\/ECLISSE-GRIGIO-NUVOLA-1-705x529.jpg 705w, https:\/\/www.badenhaus.it\/wp-content\/uploads\/2022\/09\/ECLISSE-GRIGIO-NUVOLA-1.jpg 1600w\" data-sizes=\"(max-width: 1030px) 100vw, 1030px\"  aria-label=\"image ECLISSE &#8211; GRIGIO NUVOLA\"  id='av-masonry-1-item-6878' data-av-masonry-item='6878' class='av-masonry-entry isotope-item post-6878 attachment type-attachment status-inherit hentry  av-masonry-item-with-image av-grid-img' title=\"ECLISSE &#8211; GRIGIO NUVOLA\" alt=\"\"    itemprop=\"thumbnailUrl\" ><div class='av-inner-masonry-sizer'><\/div><figure class='av-inner-masonry main_color'><div class=\"av-masonry-outerimage-container\"><div class='av-masonry-image-container' style=\"background-image: url(https:\/\/www.badenhaus.it\/wp-content\/uploads\/2022\/09\/ECLISSE-GRIGIO-NUVOLA-1.jpg);\"  title=\"ECLISSE &#8211; GRIGIO NUVOLA\" ><\/div><\/div><\/figure><\/a><!--end av-masonry entry--><a href=\"https:\/\/www.badenhaus.it\/wp-content\/uploads\/2022\/09\/ECLISSE-GRIGIO-NUVOLA-3-1-1030x773.jpg\" data-srcset=\"https:\/\/www.badenhaus.it\/wp-content\/uploads\/2022\/09\/ECLISSE-GRIGIO-NUVOLA-3-1-1030x773.jpg 1030w, https:\/\/www.badenhaus.it\/wp-content\/uploads\/2022\/09\/ECLISSE-GRIGIO-NUVOLA-3-1-300x225.jpg 300w, https:\/\/www.badenhaus.it\/wp-content\/uploads\/2022\/09\/ECLISSE-GRIGIO-NUVOLA-3-1-768x576.jpg 768w, https:\/\/www.badenhaus.it\/wp-content\/uploads\/2022\/09\/ECLISSE-GRIGIO-NUVOLA-3-1-1536x1152.jpg 1536w, https:\/\/www.badenhaus.it\/wp-content\/uploads\/2022\/09\/ECLISSE-GRIGIO-NUVOLA-3-1-1500x1125.jpg 1500w, https:\/\/www.badenhaus.it\/wp-content\/uploads\/2022\/09\/ECLISSE-GRIGIO-NUVOLA-3-1-705x529.jpg 705w, https:\/\/www.badenhaus.it\/wp-content\/uploads\/2022\/09\/ECLISSE-GRIGIO-NUVOLA-3-1.jpg 1600w\" data-sizes=\"(max-width: 1030px) 100vw, 1030px\"  aria-label=\"image ECLISSE &#8211; GRIGIO NUVOLA 3\"  id='av-masonry-1-item-6886' data-av-masonry-item='6886' class='av-masonry-entry isotope-item post-6886 attachment type-attachment status-inherit hentry  av-masonry-item-with-image av-grid-img' title=\"ECLISSE &#8211; GRIGIO NUVOLA 3\" alt=\"\"    itemprop=\"thumbnailUrl\" ><div class='av-inner-masonry-sizer'><\/div><figure class='av-inner-masonry main_color'><div class=\"av-masonry-outerimage-container\"><div class='av-masonry-image-container' style=\"background-image: url(https:\/\/www.badenhaus.it\/wp-content\/uploads\/2022\/09\/ECLISSE-GRIGIO-NUVOLA-3-1.jpg);\"  title=\"ECLISSE &#8211; GRIGIO NUVOLA 3\" ><\/div><\/div><\/figure><\/a><!--end av-masonry entry--><a href=\"https:\/\/www.badenhaus.it\/wp-content\/uploads\/2022\/09\/ECLISSE-GRIGIO-NUVOLA-2-1-1030x773.jpg\" data-srcset=\"https:\/\/www.badenhaus.it\/wp-content\/uploads\/2022\/09\/ECLISSE-GRIGIO-NUVOLA-2-1-1030x773.jpg 1030w, https:\/\/www.badenhaus.it\/wp-content\/uploads\/2022\/09\/ECLISSE-GRIGIO-NUVOLA-2-1-300x225.jpg 300w, https:\/\/www.badenhaus.it\/wp-content\/uploads\/2022\/09\/ECLISSE-GRIGIO-NUVOLA-2-1-768x576.jpg 768w, https:\/\/www.badenhaus.it\/wp-content\/uploads\/2022\/09\/ECLISSE-GRIGIO-NUVOLA-2-1-1536x1152.jpg 1536w, https:\/\/www.badenhaus.it\/wp-content\/uploads\/2022\/09\/ECLISSE-GRIGIO-NUVOLA-2-1-1500x1125.jpg 1500w, https:\/\/www.badenhaus.it\/wp-content\/uploads\/2022\/09\/ECLISSE-GRIGIO-NUVOLA-2-1-705x529.jpg 705w, https:\/\/www.badenhaus.it\/wp-content\/uploads\/2022\/09\/ECLISSE-GRIGIO-NUVOLA-2-1.jpg 1600w\" data-sizes=\"(max-width: 1030px) 100vw, 1030px\"  aria-label=\"image ECLISSE &#8211; GRIGIO NUVOLA 2\"  id='av-masonry-1-item-6882' data-av-masonry-item='6882' class='av-masonry-entry isotope-item post-6882 attachment type-attachment status-inherit hentry  av-masonry-item-with-image av-grid-img' title=\"ECLISSE &#8211; GRIGIO NUVOLA 2\" alt=\"\"    itemprop=\"thumbnailUrl\" ><div class='av-inner-masonry-sizer'><\/div><figure class='av-inner-masonry main_color'><div class=\"av-masonry-outerimage-container\"><div class='av-masonry-image-container' style=\"background-image: url(https:\/\/www.badenhaus.it\/wp-content\/uploads\/2022\/09\/ECLISSE-GRIGIO-NUVOLA-2-1.jpg);\"  title=\"ECLISSE &#8211; GRIGIO NUVOLA 2\" ><\/div><\/div><\/figure><\/a><!--end av-masonry entry--><a href=\"https:\/\/www.badenhaus.it\/wp-content\/uploads\/2022\/09\/ECLISSE-BIANCO-OPACO-1-1030x773.jpg\" data-srcset=\"https:\/\/www.badenhaus.it\/wp-content\/uploads\/2022\/09\/ECLISSE-BIANCO-OPACO-1-1030x773.jpg 1030w, https:\/\/www.badenhaus.it\/wp-content\/uploads\/2022\/09\/ECLISSE-BIANCO-OPACO-1-300x225.jpg 300w, https:\/\/www.badenhaus.it\/wp-content\/uploads\/2022\/09\/ECLISSE-BIANCO-OPACO-1-768x576.jpg 768w, https:\/\/www.badenhaus.it\/wp-content\/uploads\/2022\/09\/ECLISSE-BIANCO-OPACO-1-1536x1152.jpg 1536w, https:\/\/www.badenhaus.it\/wp-content\/uploads\/2022\/09\/ECLISSE-BIANCO-OPACO-1-1500x1125.jpg 1500w, https:\/\/www.badenhaus.it\/wp-content\/uploads\/2022\/09\/ECLISSE-BIANCO-OPACO-1-705x529.jpg 705w, https:\/\/www.badenhaus.it\/wp-content\/uploads\/2022\/09\/ECLISSE-BIANCO-OPACO-1.jpg 1600w\" data-sizes=\"(max-width: 1030px) 100vw, 1030px\"  aria-label=\"image ECLISSE &#8211; BIANCO OPACO\"  id='av-masonry-1-item-6890' data-av-masonry-item='6890' class='av-masonry-entry isotope-item post-6890 attachment type-attachment status-inherit hentry  av-masonry-item-with-image av-grid-img' title=\"ECLISSE &#8211; BIANCO OPACO\" alt=\"\"    itemprop=\"thumbnailUrl\" ><div class='av-inner-masonry-sizer'><\/div><figure class='av-inner-masonry main_color'><div class=\"av-masonry-outerimage-container\"><div class='av-masonry-image-container' style=\"background-image: url(https:\/\/www.badenhaus.it\/wp-content\/uploads\/2022\/09\/ECLISSE-BIANCO-OPACO-1.jpg);\"  title=\"ECLISSE &#8211; BIANCO OPACO\" ><\/div><\/div><\/figure><\/a><!--end av-masonry entry--><a href=\"https:\/\/www.badenhaus.it\/wp-content\/uploads\/2022\/09\/ECLISSE-BIANCO-OPACO-2-1030x773.jpg\" data-srcset=\"https:\/\/www.badenhaus.it\/wp-content\/uploads\/2022\/09\/ECLISSE-BIANCO-OPACO-2-1030x773.jpg 1030w, https:\/\/www.badenhaus.it\/wp-content\/uploads\/2022\/09\/ECLISSE-BIANCO-OPACO-2-300x225.jpg 300w, https:\/\/www.badenhaus.it\/wp-content\/uploads\/2022\/09\/ECLISSE-BIANCO-OPACO-2-768x576.jpg 768w, https:\/\/www.badenhaus.it\/wp-content\/uploads\/2022\/09\/ECLISSE-BIANCO-OPACO-2-1536x1152.jpg 1536w, https:\/\/www.badenhaus.it\/wp-content\/uploads\/2022\/09\/ECLISSE-BIANCO-OPACO-2-1500x1125.jpg 1500w, https:\/\/www.badenhaus.it\/wp-content\/uploads\/2022\/09\/ECLISSE-BIANCO-OPACO-2-705x529.jpg 705w, https:\/\/www.badenhaus.it\/wp-content\/uploads\/2022\/09\/ECLISSE-BIANCO-OPACO-2.jpg 1600w\" data-sizes=\"(max-width: 1030px) 100vw, 1030px\"  aria-label=\"image ECLISSE &#8211; BIANCO OPACO 2\"  id='av-masonry-1-item-6894' data-av-masonry-item='6894' class='av-masonry-entry isotope-item post-6894 attachment type-attachment status-inherit hentry  av-masonry-item-with-image av-grid-img' title=\"ECLISSE &#8211; BIANCO OPACO 2\" alt=\"\"    itemprop=\"thumbnailUrl\" ><div class='av-inner-masonry-sizer'><\/div><figure class='av-inner-masonry main_color'><div class=\"av-masonry-outerimage-container\"><div class='av-masonry-image-container' style=\"background-image: url(https:\/\/www.badenhaus.it\/wp-content\/uploads\/2022\/09\/ECLISSE-BIANCO-OPACO-2.jpg);\"  title=\"ECLISSE &#8211; BIANCO OPACO 2\" ><\/div><\/div><\/figure><\/a><!--end av-masonry entry--><a href=\"https:\/\/www.badenhaus.it\/wp-content\/uploads\/2022\/09\/ECLISSE-BLU-PETROLIO-1030x773.jpg\" data-srcset=\"https:\/\/www.badenhaus.it\/wp-content\/uploads\/2022\/09\/ECLISSE-BLU-PETROLIO-1030x773.jpg 1030w, https:\/\/www.badenhaus.it\/wp-content\/uploads\/2022\/09\/ECLISSE-BLU-PETROLIO-300x225.jpg 300w, https:\/\/www.badenhaus.it\/wp-content\/uploads\/2022\/09\/ECLISSE-BLU-PETROLIO-768x576.jpg 768w, https:\/\/www.badenhaus.it\/wp-content\/uploads\/2022\/09\/ECLISSE-BLU-PETROLIO-1536x1152.jpg 1536w, https:\/\/www.badenhaus.it\/wp-content\/uploads\/2022\/09\/ECLISSE-BLU-PETROLIO-1500x1125.jpg 1500w, https:\/\/www.badenhaus.it\/wp-content\/uploads\/2022\/09\/ECLISSE-BLU-PETROLIO-705x529.jpg 705w, https:\/\/www.badenhaus.it\/wp-content\/uploads\/2022\/09\/ECLISSE-BLU-PETROLIO.jpg 1600w\" data-sizes=\"(max-width: 1030px) 100vw, 1030px\"  aria-label=\"image ECLISSE &#8211; BLU PETROLIO\"  id='av-masonry-1-item-6898' data-av-masonry-item='6898' class='av-masonry-entry isotope-item post-6898 attachment type-attachment status-inherit hentry  av-masonry-item-with-image av-grid-img' title=\"ECLISSE &#8211; BLU PETROLIO\" alt=\"\"    itemprop=\"thumbnailUrl\" ><div class='av-inner-masonry-sizer'><\/div><figure class='av-inner-masonry main_color'><div class=\"av-masonry-outerimage-container\"><div class='av-masonry-image-container' style=\"background-image: url(https:\/\/www.badenhaus.it\/wp-content\/uploads\/2022\/09\/ECLISSE-BLU-PETROLIO.jpg);\"  title=\"ECLISSE &#8211; BLU PETROLIO\" ><\/div><\/div><\/figure><\/a><!--end av-masonry entry--><a href=\"https:\/\/www.badenhaus.it\/wp-content\/uploads\/2022\/09\/ECLISSE-BLU-PETROLIO-2-1030x773.jpg\" data-srcset=\"https:\/\/www.badenhaus.it\/wp-content\/uploads\/2022\/09\/ECLISSE-BLU-PETROLIO-2-1030x773.jpg 1030w, https:\/\/www.badenhaus.it\/wp-content\/uploads\/2022\/09\/ECLISSE-BLU-PETROLIO-2-300x225.jpg 300w, https:\/\/www.badenhaus.it\/wp-content\/uploads\/2022\/09\/ECLISSE-BLU-PETROLIO-2-768x576.jpg 768w, https:\/\/www.badenhaus.it\/wp-content\/uploads\/2022\/09\/ECLISSE-BLU-PETROLIO-2-1536x1152.jpg 1536w, https:\/\/www.badenhaus.it\/wp-content\/uploads\/2022\/09\/ECLISSE-BLU-PETROLIO-2-1500x1125.jpg 1500w, https:\/\/www.badenhaus.it\/wp-content\/uploads\/2022\/09\/ECLISSE-BLU-PETROLIO-2-705x529.jpg 705w, https:\/\/www.badenhaus.it\/wp-content\/uploads\/2022\/09\/ECLISSE-BLU-PETROLIO-2.jpg 1600w\" data-sizes=\"(max-width: 1030px) 100vw, 1030px\"  aria-label=\"image ECLISSE &#8211; BLU PETROLIO 2\"  id='av-masonry-1-item-6902' data-av-masonry-item='6902' class='av-masonry-entry isotope-item post-6902 attachment type-attachment status-inherit hentry  av-masonry-item-with-image av-grid-img' title=\"ECLISSE &#8211; BLU PETROLIO 2\" alt=\"\"    itemprop=\"thumbnailUrl\" ><div class='av-inner-masonry-sizer'><\/div><figure class='av-inner-masonry main_color'><div class=\"av-masonry-outerimage-container\"><div class='av-masonry-image-container' style=\"background-image: url(https:\/\/www.badenhaus.it\/wp-content\/uploads\/2022\/09\/ECLISSE-BLU-PETROLIO-2.jpg);\"  title=\"ECLISSE &#8211; BLU PETROLIO 2\" ><\/div><\/div><\/figure><\/a><!--end av-masonry entry--><a href=\"https:\/\/www.badenhaus.it\/wp-content\/uploads\/2022\/09\/ECLISSE-BLU-PETROLIO-3-1030x773.jpg\" data-srcset=\"https:\/\/www.badenhaus.it\/wp-content\/uploads\/2022\/09\/ECLISSE-BLU-PETROLIO-3-1030x773.jpg 1030w, https:\/\/www.badenhaus.it\/wp-content\/uploads\/2022\/09\/ECLISSE-BLU-PETROLIO-3-300x225.jpg 300w, https:\/\/www.badenhaus.it\/wp-content\/uploads\/2022\/09\/ECLISSE-BLU-PETROLIO-3-768x576.jpg 768w, https:\/\/www.badenhaus.it\/wp-content\/uploads\/2022\/09\/ECLISSE-BLU-PETROLIO-3-1536x1152.jpg 1536w, https:\/\/www.badenhaus.it\/wp-content\/uploads\/2022\/09\/ECLISSE-BLU-PETROLIO-3-1500x1125.jpg 1500w, https:\/\/www.badenhaus.it\/wp-content\/uploads\/2022\/09\/ECLISSE-BLU-PETROLIO-3-705x529.jpg 705w, https:\/\/www.badenhaus.it\/wp-content\/uploads\/2022\/09\/ECLISSE-BLU-PETROLIO-3.jpg 1600w\" data-sizes=\"(max-width: 1030px) 100vw, 1030px\"  aria-label=\"image ECLISSE &#8211; BLU PETROLIO 3\"  id='av-masonry-1-item-6907' data-av-masonry-item='6907' class='av-masonry-entry isotope-item post-6907 attachment type-attachment status-inherit hentry  av-masonry-item-with-image av-grid-img' title=\"ECLISSE &#8211; BLU PETROLIO 3\" alt=\"\"    itemprop=\"thumbnailUrl\" ><div class='av-inner-masonry-sizer'><\/div><figure class='av-inner-masonry main_color'><div class=\"av-masonry-outerimage-container\"><div class='av-masonry-image-container' style=\"background-image: url(https:\/\/www.badenhaus.it\/wp-content\/uploads\/2022\/09\/ECLISSE-BLU-PETROLIO-3.jpg);\"  title=\"ECLISSE &#8211; BLU PETROLIO 3\" ><\/div><\/div><\/figure><\/a><!--end av-masonry entry--><\/div><\/div>\n<\/div><\/div><\/div><!-- close content main div --><\/div><\/div><div id='after_section_3'  class='main_color av_default_container_wrap container_wrap fullsize'  ><div class='container av-section-cont-open' ><div class='template-page content  av-content-full alpha units'><div class='post-entry post-entry-type-page post-entry-7119'><div class='entry-content-wrapper clearfix'>\n<div  class='flex_column av-8seqxj-0c61f037c5912ebfbf33f7ae5abb79b2 av_one_half  avia-builder-el-15  el_after_av_section  el_before_av_one_half  avia-builder-el-first  first flex_column_div  '     ><style type=\"text\/css\" data-created_by=\"avia_inline_auto\" id=\"style-css-av-730j13-11941608a928f2aeb4e818725ae3b02c\">\n#top .avia-icon-list-container.av-730j13-11941608a928f2aeb4e818725ae3b02c .iconlist_icon{\ncolor:#000000;\nbackground-color:#ffffff;\nborder-style:solid;\nborder-width:1px 1px 1px 1px;\nborder-color:#000000;\n}\n#top .avia-icon-list-container.av-730j13-11941608a928f2aeb4e818725ae3b02c .iconlist_icon svg:first-child{\nstroke:#000000;\nfill:#000000;\n}\n<\/style>\n<div  class='avia-icon-list-container av-730j13-11941608a928f2aeb4e818725ae3b02c  avia-builder-el-16  avia-builder-el-no-sibling '><ul class='avia-icon-list avia_animate_when_almost_visible avia-icon-list-left av-iconlist-big av-730j13-11941608a928f2aeb4e818725ae3b02c avia-iconlist-animate'>\n<li><a href='https:\/\/www.badenhaus.it\/wp-content\/uploads\/2022\/10\/eclisse.pdf' title='Catalogue ECLISSE'  class='iconlist_icon av-nmmhj-502fc8d8b68fed99db5e06e4eafbc847 avia-font-entypo-fontello avia-iconfont avia-font-entypo-fontello'><span class='av-icon-char' data-av_icon='\ue84e' data-av_iconfont='entypo-fontello' aria-hidden=\"true\"><\/span><\/a><article class=\"article-icon-entry av-iconlist-empty\"  itemscope=\"itemscope\" itemtype=\"https:\/\/schema.org\/CreativeWork\" ><div class=\"iconlist_content_wrap\"><header class=\"entry-content-header\" aria-label=\"Ic\u00f4ne : &lt;a href=&#039;https:\/\/www.badenhaus.it\/wp-content\/uploads\/2022\/10\/eclisse.pdf&#039; title=&#039;Catalogue ECLISSE&#039;&gt;Catalogue ECLISSE&lt;\/a&gt;\"><h4 class='av_iconlist_title iconlist_title  '  itemprop=\"headline\" ><a href='https:\/\/www.badenhaus.it\/wp-content\/uploads\/2022\/10\/eclisse.pdf' title='Catalogue ECLISSE'>Catalogue ECLISSE<\/a><\/h4><\/header><div class='iconlist_content '  itemprop=\"text\" ><\/div><\/div><footer class=\"entry-footer\"><\/footer><\/article><div class=\"iconlist-timeline\"><\/div><\/li>\n<li><a href='https:\/\/www.badenhaus.it\/wp-content\/uploads\/2022\/10\/misure-eclisse.pdf' title='Mesures ECLISSE'  class='iconlist_icon av-4qwmef-b2757d9c65c6ce87c72fc8f46f4613e2 avia-font-entypo-fontello avia-iconfont avia-font-entypo-fontello'><span class='av-icon-char' data-av_icon='\ue84b' data-av_iconfont='entypo-fontello' aria-hidden=\"true\"><\/span><\/a><article class=\"article-icon-entry av-iconlist-empty\"  itemscope=\"itemscope\" itemtype=\"https:\/\/schema.org\/CreativeWork\" ><div class=\"iconlist_content_wrap\"><header class=\"entry-content-header\" aria-label=\"Ic\u00f4ne : &lt;a href=&#039;https:\/\/www.badenhaus.it\/wp-content\/uploads\/2022\/10\/misure-eclisse.pdf&#039; title=&#039;Mesures ECLISSE&#039;&gt;Mesures ECLISSE&lt;\/a&gt;\"><h4 class='av_iconlist_title iconlist_title  '  itemprop=\"headline\" ><a href='https:\/\/www.badenhaus.it\/wp-content\/uploads\/2022\/10\/misure-eclisse.pdf' title='Mesures ECLISSE'>Mesures ECLISSE<\/a><\/h4><\/header><div class='iconlist_content '  itemprop=\"text\" ><\/div><\/div><footer class=\"entry-footer\"><\/footer><\/article><div class=\"iconlist-timeline\"><\/div><\/li>\n<\/ul><\/div><\/div><div  class='flex_column av-2hxvuf-78dfbbbb4343091c4fda616c73a6f23b av_one_half  avia-builder-el-17  el_after_av_one_half  avia-builder-el-last  flex_column_div  '     ><\/div><\/p>\n","protected":false},"excerpt":{"rendered":"","protected":false},"author":2,"featured_media":6878,"comment_status":"closed","ping_status":"closed","template":"","meta":{"footnotes":""},"tags":[],"portfolio_entries":[33],"class_list":["post-7119","portfolio","type-portfolio","status-publish","has-post-thumbnail","hentry","portfolio_entries-collections-fr"],"yoast_head":"<!-- This site is optimized with the Yoast SEO plugin v25.2 - https:\/\/yoast.com\/wordpress\/plugins\/seo\/ -->\n<title>ECLISSE - Baden Haus<\/title>\n<meta name=\"robots\" content=\"index, follow, max-snippet:-1, max-image-preview:large, max-video-preview:-1\" \/>\n<link rel=\"canonical\" href=\"https:\/\/www.badenhaus.it\/fr\/collections\/eclisse\/\" \/>\n<meta property=\"og:locale\" content=\"fr_FR\" \/>\n<meta property=\"og:type\" content=\"article\" \/>\n<meta property=\"og:title\" content=\"ECLISSE - Baden Haus\" \/>\n<meta property=\"og:url\" content=\"https:\/\/www.badenhaus.it\/fr\/collections\/eclisse\/\" \/>\n<meta property=\"og:site_name\" content=\"Baden Haus\" \/>\n<meta property=\"article:modified_time\" content=\"2024-09-20T06:29:47+00:00\" \/>\n<meta property=\"og:image\" content=\"https:\/\/www.badenhaus.it\/wp-content\/uploads\/2022\/09\/ECLISSE-GRIGIO-NUVOLA-1.jpg\" \/>\n\t<meta property=\"og:image:width\" content=\"1600\" \/>\n\t<meta property=\"og:image:height\" content=\"1200\" \/>\n\t<meta property=\"og:image:type\" content=\"image\/jpeg\" \/>\n<meta name=\"twitter:card\" content=\"summary_large_image\" \/>\n<meta name=\"twitter:label1\" content=\"Dur\u00e9e de lecture estim\u00e9e\" \/>\n\t<meta name=\"twitter:data1\" content=\"15 minutes\" \/>\n<script type=\"application\/ld+json\" class=\"yoast-schema-graph\">{\"@context\":\"https:\/\/schema.org\",\"@graph\":[{\"@type\":\"WebPage\",\"@id\":\"https:\/\/www.badenhaus.it\/fr\/collections\/eclisse\/\",\"url\":\"https:\/\/www.badenhaus.it\/fr\/collections\/eclisse\/\",\"name\":\"ECLISSE - Baden Haus\",\"isPartOf\":{\"@id\":\"https:\/\/www.badenhaus.it\/fr\/#website\"},\"primaryImageOfPage\":{\"@id\":\"https:\/\/www.badenhaus.it\/fr\/collections\/eclisse\/#primaryimage\"},\"image\":{\"@id\":\"https:\/\/www.badenhaus.it\/fr\/collections\/eclisse\/#primaryimage\"},\"thumbnailUrl\":\"https:\/\/www.badenhaus.it\/wp-content\/uploads\/2022\/09\/ECLISSE-GRIGIO-NUVOLA-1.jpg\",\"datePublished\":\"2022-01-03T07:00:19+00:00\",\"dateModified\":\"2024-09-20T06:29:47+00:00\",\"breadcrumb\":{\"@id\":\"https:\/\/www.badenhaus.it\/fr\/collections\/eclisse\/#breadcrumb\"},\"inLanguage\":\"fr-FR\",\"potentialAction\":[{\"@type\":\"ReadAction\",\"target\":[\"https:\/\/www.badenhaus.it\/fr\/collections\/eclisse\/\"]}]},{\"@type\":\"ImageObject\",\"inLanguage\":\"fr-FR\",\"@id\":\"https:\/\/www.badenhaus.it\/fr\/collections\/eclisse\/#primaryimage\",\"url\":\"https:\/\/www.badenhaus.it\/wp-content\/uploads\/2022\/09\/ECLISSE-GRIGIO-NUVOLA-1.jpg\",\"contentUrl\":\"https:\/\/www.badenhaus.it\/wp-content\/uploads\/2022\/09\/ECLISSE-GRIGIO-NUVOLA-1.jpg\",\"width\":1600,\"height\":1200},{\"@type\":\"BreadcrumbList\",\"@id\":\"https:\/\/www.badenhaus.it\/fr\/collections\/eclisse\/#breadcrumb\",\"itemListElement\":[{\"@type\":\"ListItem\",\"position\":1,\"name\":\"Home\",\"item\":\"https:\/\/www.badenhaus.it\/fr\/home\/\"},{\"@type\":\"ListItem\",\"position\":2,\"name\":\"ECLISSE\"}]},{\"@type\":\"WebSite\",\"@id\":\"https:\/\/www.badenhaus.it\/fr\/#website\",\"url\":\"https:\/\/www.badenhaus.it\/fr\/\",\"name\":\"Baden Haus\",\"description\":\"Produzione mobili da bagno made in Italy\",\"potentialAction\":[{\"@type\":\"SearchAction\",\"target\":{\"@type\":\"EntryPoint\",\"urlTemplate\":\"https:\/\/www.badenhaus.it\/fr\/?s={search_term_string}\"},\"query-input\":{\"@type\":\"PropertyValueSpecification\",\"valueRequired\":true,\"valueName\":\"search_term_string\"}}],\"inLanguage\":\"fr-FR\"}]}<\/script>\n<!-- \/ Yoast SEO plugin. -->","yoast_head_json":{"title":"ECLISSE - Baden Haus","robots":{"index":"index","follow":"follow","max-snippet":"max-snippet:-1","max-image-preview":"max-image-preview:large","max-video-preview":"max-video-preview:-1"},"canonical":"https:\/\/www.badenhaus.it\/fr\/collections\/eclisse\/","og_locale":"fr_FR","og_type":"article","og_title":"ECLISSE - Baden Haus","og_url":"https:\/\/www.badenhaus.it\/fr\/collections\/eclisse\/","og_site_name":"Baden Haus","article_modified_time":"2024-09-20T06:29:47+00:00","og_image":[{"width":1600,"height":1200,"url":"https:\/\/www.badenhaus.it\/wp-content\/uploads\/2022\/09\/ECLISSE-GRIGIO-NUVOLA-1.jpg","type":"image\/jpeg"}],"twitter_card":"summary_large_image","twitter_misc":{"Dur\u00e9e de lecture estim\u00e9e":"15 minutes"},"schema":{"@context":"https:\/\/schema.org","@graph":[{"@type":"WebPage","@id":"https:\/\/www.badenhaus.it\/fr\/collections\/eclisse\/","url":"https:\/\/www.badenhaus.it\/fr\/collections\/eclisse\/","name":"ECLISSE - Baden Haus","isPartOf":{"@id":"https:\/\/www.badenhaus.it\/fr\/#website"},"primaryImageOfPage":{"@id":"https:\/\/www.badenhaus.it\/fr\/collections\/eclisse\/#primaryimage"},"image":{"@id":"https:\/\/www.badenhaus.it\/fr\/collections\/eclisse\/#primaryimage"},"thumbnailUrl":"https:\/\/www.badenhaus.it\/wp-content\/uploads\/2022\/09\/ECLISSE-GRIGIO-NUVOLA-1.jpg","datePublished":"2022-01-03T07:00:19+00:00","dateModified":"2024-09-20T06:29:47+00:00","breadcrumb":{"@id":"https:\/\/www.badenhaus.it\/fr\/collections\/eclisse\/#breadcrumb"},"inLanguage":"fr-FR","potentialAction":[{"@type":"ReadAction","target":["https:\/\/www.badenhaus.it\/fr\/collections\/eclisse\/"]}]},{"@type":"ImageObject","inLanguage":"fr-FR","@id":"https:\/\/www.badenhaus.it\/fr\/collections\/eclisse\/#primaryimage","url":"https:\/\/www.badenhaus.it\/wp-content\/uploads\/2022\/09\/ECLISSE-GRIGIO-NUVOLA-1.jpg","contentUrl":"https:\/\/www.badenhaus.it\/wp-content\/uploads\/2022\/09\/ECLISSE-GRIGIO-NUVOLA-1.jpg","width":1600,"height":1200},{"@type":"BreadcrumbList","@id":"https:\/\/www.badenhaus.it\/fr\/collections\/eclisse\/#breadcrumb","itemListElement":[{"@type":"ListItem","position":1,"name":"Home","item":"https:\/\/www.badenhaus.it\/fr\/home\/"},{"@type":"ListItem","position":2,"name":"ECLISSE"}]},{"@type":"WebSite","@id":"https:\/\/www.badenhaus.it\/fr\/#website","url":"https:\/\/www.badenhaus.it\/fr\/","name":"Baden Haus","description":"Produzione mobili da bagno made in Italy","potentialAction":[{"@type":"SearchAction","target":{"@type":"EntryPoint","urlTemplate":"https:\/\/www.badenhaus.it\/fr\/?s={search_term_string}"},"query-input":{"@type":"PropertyValueSpecification","valueRequired":true,"valueName":"search_term_string"}}],"inLanguage":"fr-FR"}]}},"_links":{"self":[{"href":"https:\/\/www.badenhaus.it\/fr\/wp-json\/wp\/v2\/portfolio\/7119","targetHints":{"allow":["GET"]}}],"collection":[{"href":"https:\/\/www.badenhaus.it\/fr\/wp-json\/wp\/v2\/portfolio"}],"about":[{"href":"https:\/\/www.badenhaus.it\/fr\/wp-json\/wp\/v2\/types\/portfolio"}],"author":[{"embeddable":true,"href":"https:\/\/www.badenhaus.it\/fr\/wp-json\/wp\/v2\/users\/2"}],"replies":[{"embeddable":true,"href":"https:\/\/www.badenhaus.it\/fr\/wp-json\/wp\/v2\/comments?post=7119"}],"version-history":[{"count":15,"href":"https:\/\/www.badenhaus.it\/fr\/wp-json\/wp\/v2\/portfolio\/7119\/revisions"}],"predecessor-version":[{"id":9657,"href":"https:\/\/www.badenhaus.it\/fr\/wp-json\/wp\/v2\/portfolio\/7119\/revisions\/9657"}],"wp:featuredmedia":[{"embeddable":true,"href":"https:\/\/www.badenhaus.it\/fr\/wp-json\/wp\/v2\/media\/6878"}],"wp:attachment":[{"href":"https:\/\/www.badenhaus.it\/fr\/wp-json\/wp\/v2\/media?parent=7119"}],"wp:term":[{"taxonomy":"post_tag","embeddable":true,"href":"https:\/\/www.badenhaus.it\/fr\/wp-json\/wp\/v2\/tags?post=7119"},{"taxonomy":"portfolio_entries","embeddable":true,"href":"https:\/\/www.badenhaus.it\/fr\/wp-json\/wp\/v2\/portfolio_entries?post=7119"}],"curies":[{"name":"wp","href":"https:\/\/api.w.org\/{rel}","templated":true}]}}