{"id":8855,"date":"2021-09-25T17:00:25","date_gmt":"2021-09-25T15:00:25","guid":{"rendered":"https:\/\/www.badenhaus.it\/?post_type=portfolio&#038;p=8855"},"modified":"2023-10-04T17:24:02","modified_gmt":"2023-10-04T15:24:02","slug":"idra","status":"publish","type":"portfolio","link":"https:\/\/www.badenhaus.it\/fr\/collections\/idra\/","title":{"rendered":"IDRA"},"content":{"rendered":"<div id='av_section_1'  class='avia-section av-11hq2xh-554acbb6ab5b0ee48105583947427f65 main_color avia-section-default avia-no-border-styling  avia-builder-el-0  el_before_av_section  avia-builder-el-first  avia-bg-style-scroll container_wrap fullsize'  ><div class='container av-section-cont-open' ><main  role=\"main\" itemprop=\"mainContentOfPage\"  class='template-page content  av-content-full alpha units'><div class='post-entry post-entry-type-page post-entry-8855'><div class='entry-content-wrapper clearfix'>\n<div class='flex_column_table av-zzfck5-f1cc7c47676cac3ce59b594127d13c4a sc-av_one_fourth av-equal-height-column-flextable'>\n<style type=\"text\/css\" data-created_by=\"avia_inline_auto\" id=\"style-css-av-zzfck5-f1cc7c47676cac3ce59b594127d13c4a\">\n#top .flex_column_table.av-equal-height-column-flextable.av-zzfck5-f1cc7c47676cac3ce59b594127d13c4a{\nmargin-top:0px;\nmargin-bottom:0px;\n}\n.flex_column.av-zzfck5-f1cc7c47676cac3ce59b594127d13c4a{\nborder-radius:3px 3px 3px 3px;\npadding:0px 0px 0px 0px;\n}\n<\/style>\n<div  class='flex_column av-zzfck5-f1cc7c47676cac3ce59b594127d13c4a av_one_fourth  avia-builder-el-1  el_before_av_three_fourth  avia-builder-el-first  first flex_column_table_cell av-equal-height-column av-align-middle av-animated-generic left-to-right av-zero-column-padding  '     ><style type=\"text\/css\" data-created_by=\"avia_inline_auto\" id=\"style-css-av-lmz024nw-d8a830484fd2db1d254880c6e24568b9\">\n#top .av-special-heading.av-lmz024nw-d8a830484fd2db1d254880c6e24568b9{\nmargin:15px 0 0 0;\npadding-bottom:10px;\nfont-size:52px;\n}\nbody .av-special-heading.av-lmz024nw-d8a830484fd2db1d254880c6e24568b9 .av-special-heading-tag .heading-char{\nfont-size:25px;\n}\n#top #wrap_all .av-special-heading.av-lmz024nw-d8a830484fd2db1d254880c6e24568b9 .av-special-heading-tag{\nfont-size:52px;\n}\n.av-special-heading.av-lmz024nw-d8a830484fd2db1d254880c6e24568b9 .av-subheading{\nfont-size:20px;\n}\n\n@media only screen and (min-width: 480px) and (max-width: 767px){ \n#top #wrap_all .av-special-heading.av-lmz024nw-d8a830484fd2db1d254880c6e24568b9 .av-special-heading-tag{\nfont-size:0.8em;\n}\n}\n\n@media only screen and (max-width: 479px){ \n#top #wrap_all .av-special-heading.av-lmz024nw-d8a830484fd2db1d254880c6e24568b9 .av-special-heading-tag{\nfont-size:0.8em;\n}\n}\n<\/style>\n<div  class='av-special-heading av-lmz024nw-d8a830484fd2db1d254880c6e24568b9 av-special-heading-h2 blockquote modern-quote  avia-builder-el-2  avia-builder-el-no-sibling  av-inherit-size'><h2 class='av-special-heading-tag '  itemprop=\"headline\"  ><\/p>\n<blockquote>\n<p>IDRA<\/p>\n<\/blockquote>\n<p><\/h2><div class='av-subheading av-subheading_below'><p><em>El\u00e9gance intemporelle et rigueur contemporaine<\/em><\/p>\n<\/div><div class=\"special-heading-border\"><div class=\"special-heading-inner-border\"><\/div><\/div><\/div><\/div><div class='av-flex-placeholder'><\/div>\n<style type=\"text\/css\" data-created_by=\"avia_inline_auto\" id=\"style-css-av-3gzxk5-107a9297f9c4fd3dfeadfbe6827edb9d\">\n#top .flex_column_table.av-equal-height-column-flextable.av-3gzxk5-107a9297f9c4fd3dfeadfbe6827edb9d{\nmargin-top:0px;\nmargin-bottom:0px;\n}\n.flex_column.av-3gzxk5-107a9297f9c4fd3dfeadfbe6827edb9d{\nborder-radius:3px 3px 3px 3px;\npadding:0px 0px 0px 0px;\n}\n<\/style>\n<div  class='flex_column av-3gzxk5-107a9297f9c4fd3dfeadfbe6827edb9d av_three_fourth  avia-builder-el-3  el_after_av_one_fourth  avia-builder-el-last  flex_column_table_cell av-equal-height-column av-align-middle av-animated-generic left-to-right av-zero-column-padding  '     ><div  class='avia-slideshow av-vm5p45-a64d50ade5d6e2b2e6a3472b12eac541 avia-slideshow-no scaling av_slideshow avia-fade-slider  avia-builder-el-4  avia-builder-el-no-sibling  av-slideshow-ui av-control-minimal av-slideshow-autoplay av-loop-endless av-loop-manual-endless av-default-height-applied avia-slideshow-1' data-slideshow-options=\"{&quot;animation&quot;:&quot;fade&quot;,&quot;autoplay&quot;:true,&quot;loop_autoplay&quot;:&quot;endless&quot;,&quot;interval&quot;:4,&quot;loop_manual&quot;:&quot;manual-endless&quot;,&quot;autoplay_stopper&quot;:false,&quot;noNavigation&quot;:false,&quot;bg_slider&quot;:false,&quot;keep_padding&quot;:false,&quot;hoverpause&quot;:false,&quot;show_slide_delay&quot;:0}\"  itemprop=\"image\" itemscope=\"itemscope\" itemtype=\"https:\/\/schema.org\/ImageObject\" ><ul class='avia-slideshow-inner ' style='padding-bottom: 75%;'><li  class='avia-slideshow-slide av-vm5p45-a64d50ade5d6e2b2e6a3472b12eac541__0  slide-1 slide-odd'><div data-rel='slideshow-1' class='avia-slide-wrap '   ><img decoding=\"async\" fetchpriority=\"high\" class=\"wp-image-8762 avia-img-lazy-loading-not-8762\"  src=\"https:\/\/www.badenhaus.it\/wp-content\/uploads\/2023\/09\/IDRA-BIANCO-OPACO.jpg\" width=\"1600\" height=\"1200\" title='IDRA - BIANCO OPACO' alt=''  itemprop=\"thumbnailUrl\" srcset=\"https:\/\/www.badenhaus.it\/wp-content\/uploads\/2023\/09\/IDRA-BIANCO-OPACO.jpg 1600w, https:\/\/www.badenhaus.it\/wp-content\/uploads\/2023\/09\/IDRA-BIANCO-OPACO-300x225.jpg 300w, https:\/\/www.badenhaus.it\/wp-content\/uploads\/2023\/09\/IDRA-BIANCO-OPACO-1030x773.jpg 1030w, https:\/\/www.badenhaus.it\/wp-content\/uploads\/2023\/09\/IDRA-BIANCO-OPACO-768x576.jpg 768w, https:\/\/www.badenhaus.it\/wp-content\/uploads\/2023\/09\/IDRA-BIANCO-OPACO-1536x1152.jpg 1536w, https:\/\/www.badenhaus.it\/wp-content\/uploads\/2023\/09\/IDRA-BIANCO-OPACO-1500x1125.jpg 1500w, https:\/\/www.badenhaus.it\/wp-content\/uploads\/2023\/09\/IDRA-BIANCO-OPACO-705x529.jpg 705w\" sizes=\"(max-width: 1600px) 100vw, 1600px\" \/><\/div><\/li><li  class='avia-slideshow-slide av-vm5p45-a64d50ade5d6e2b2e6a3472b12eac541__1  slide-2 slide-even'><div data-rel='slideshow-1' class='avia-slide-wrap '   ><img decoding=\"async\" fetchpriority=\"high\" class=\"wp-image-8770 avia-img-lazy-loading-not-8770\"  src=\"https:\/\/www.badenhaus.it\/wp-content\/uploads\/2023\/09\/IDRA-COTONE.jpg\" width=\"1600\" height=\"1200\" title='IDRA - COTONE' alt=''  itemprop=\"thumbnailUrl\" srcset=\"https:\/\/www.badenhaus.it\/wp-content\/uploads\/2023\/09\/IDRA-COTONE.jpg 1600w, https:\/\/www.badenhaus.it\/wp-content\/uploads\/2023\/09\/IDRA-COTONE-300x225.jpg 300w, https:\/\/www.badenhaus.it\/wp-content\/uploads\/2023\/09\/IDRA-COTONE-1030x773.jpg 1030w, https:\/\/www.badenhaus.it\/wp-content\/uploads\/2023\/09\/IDRA-COTONE-768x576.jpg 768w, https:\/\/www.badenhaus.it\/wp-content\/uploads\/2023\/09\/IDRA-COTONE-1536x1152.jpg 1536w, https:\/\/www.badenhaus.it\/wp-content\/uploads\/2023\/09\/IDRA-COTONE-1500x1125.jpg 1500w, https:\/\/www.badenhaus.it\/wp-content\/uploads\/2023\/09\/IDRA-COTONE-705x529.jpg 705w\" sizes=\"(max-width: 1600px) 100vw, 1600px\" \/><\/div><\/li><li  class='avia-slideshow-slide av-vm5p45-a64d50ade5d6e2b2e6a3472b12eac541__2  slide-3 slide-odd'><div data-rel='slideshow-1' class='avia-slide-wrap '   ><img decoding=\"async\" fetchpriority=\"high\" class=\"wp-image-8778 avia-img-lazy-loading-not-8778\"  src=\"https:\/\/www.badenhaus.it\/wp-content\/uploads\/2023\/09\/IDRA-NERO-OPACO.jpg\" width=\"1600\" height=\"1200\" title='IDRA - NERO OPACO' alt=''  itemprop=\"thumbnailUrl\" srcset=\"https:\/\/www.badenhaus.it\/wp-content\/uploads\/2023\/09\/IDRA-NERO-OPACO.jpg 1600w, https:\/\/www.badenhaus.it\/wp-content\/uploads\/2023\/09\/IDRA-NERO-OPACO-300x225.jpg 300w, https:\/\/www.badenhaus.it\/wp-content\/uploads\/2023\/09\/IDRA-NERO-OPACO-1030x773.jpg 1030w, https:\/\/www.badenhaus.it\/wp-content\/uploads\/2023\/09\/IDRA-NERO-OPACO-768x576.jpg 768w, https:\/\/www.badenhaus.it\/wp-content\/uploads\/2023\/09\/IDRA-NERO-OPACO-1536x1152.jpg 1536w, https:\/\/www.badenhaus.it\/wp-content\/uploads\/2023\/09\/IDRA-NERO-OPACO-1500x1125.jpg 1500w, https:\/\/www.badenhaus.it\/wp-content\/uploads\/2023\/09\/IDRA-NERO-OPACO-705x529.jpg 705w\" sizes=\"(max-width: 1600px) 100vw, 1600px\" \/><\/div><\/li><li  class='avia-slideshow-slide av-vm5p45-a64d50ade5d6e2b2e6a3472b12eac541__3  slide-4 slide-even'><div data-rel='slideshow-1' class='avia-slide-wrap '   ><img decoding=\"async\" fetchpriority=\"high\" class=\"wp-image-8810 avia-img-lazy-loading-not-8810\"  src=\"https:\/\/www.badenhaus.it\/wp-content\/uploads\/2023\/09\/IDRA-VERDE-OPACO.jpg\" width=\"1600\" height=\"1200\" title='IDRA - VERDE OPACO' alt=''  itemprop=\"thumbnailUrl\" srcset=\"https:\/\/www.badenhaus.it\/wp-content\/uploads\/2023\/09\/IDRA-VERDE-OPACO.jpg 1600w, https:\/\/www.badenhaus.it\/wp-content\/uploads\/2023\/09\/IDRA-VERDE-OPACO-300x225.jpg 300w, https:\/\/www.badenhaus.it\/wp-content\/uploads\/2023\/09\/IDRA-VERDE-OPACO-1030x773.jpg 1030w, https:\/\/www.badenhaus.it\/wp-content\/uploads\/2023\/09\/IDRA-VERDE-OPACO-768x576.jpg 768w, https:\/\/www.badenhaus.it\/wp-content\/uploads\/2023\/09\/IDRA-VERDE-OPACO-1536x1152.jpg 1536w, https:\/\/www.badenhaus.it\/wp-content\/uploads\/2023\/09\/IDRA-VERDE-OPACO-1500x1125.jpg 1500w, https:\/\/www.badenhaus.it\/wp-content\/uploads\/2023\/09\/IDRA-VERDE-OPACO-705x529.jpg 705w\" sizes=\"(max-width: 1600px) 100vw, 1600px\" \/><\/div><\/li><li  class='avia-slideshow-slide av-vm5p45-a64d50ade5d6e2b2e6a3472b12eac541__4  slide-5 slide-odd'><div data-rel='slideshow-1' class='avia-slide-wrap '   ><img decoding=\"async\" fetchpriority=\"high\" class=\"wp-image-8790 avia-img-lazy-loading-not-8790\"  src=\"https:\/\/www.badenhaus.it\/wp-content\/uploads\/2023\/09\/IDRA-NOCE.jpg\" width=\"1600\" height=\"1200\" title='IDRA - NOCE' alt=''  itemprop=\"thumbnailUrl\" srcset=\"https:\/\/www.badenhaus.it\/wp-content\/uploads\/2023\/09\/IDRA-NOCE.jpg 1600w, https:\/\/www.badenhaus.it\/wp-content\/uploads\/2023\/09\/IDRA-NOCE-300x225.jpg 300w, https:\/\/www.badenhaus.it\/wp-content\/uploads\/2023\/09\/IDRA-NOCE-1030x773.jpg 1030w, https:\/\/www.badenhaus.it\/wp-content\/uploads\/2023\/09\/IDRA-NOCE-768x576.jpg 768w, https:\/\/www.badenhaus.it\/wp-content\/uploads\/2023\/09\/IDRA-NOCE-1536x1152.jpg 1536w, https:\/\/www.badenhaus.it\/wp-content\/uploads\/2023\/09\/IDRA-NOCE-1500x1125.jpg 1500w, https:\/\/www.badenhaus.it\/wp-content\/uploads\/2023\/09\/IDRA-NOCE-705x529.jpg 705w\" sizes=\"(max-width: 1600px) 100vw, 1600px\" \/><\/div><\/li><li  class='avia-slideshow-slide av-vm5p45-a64d50ade5d6e2b2e6a3472b12eac541__5  slide-6 slide-even'><div data-rel='slideshow-1' class='avia-slide-wrap '   ><img decoding=\"async\" fetchpriority=\"high\" class=\"wp-image-8802 avia-img-lazy-loading-not-8802\"  src=\"https:\/\/www.badenhaus.it\/wp-content\/uploads\/2023\/09\/IDRA-ROVERE-TABACCO.jpg\" width=\"1600\" height=\"1200\" title='IDRA - ROVERE TABACCO' alt=''  itemprop=\"thumbnailUrl\" srcset=\"https:\/\/www.badenhaus.it\/wp-content\/uploads\/2023\/09\/IDRA-ROVERE-TABACCO.jpg 1600w, https:\/\/www.badenhaus.it\/wp-content\/uploads\/2023\/09\/IDRA-ROVERE-TABACCO-300x225.jpg 300w, https:\/\/www.badenhaus.it\/wp-content\/uploads\/2023\/09\/IDRA-ROVERE-TABACCO-1030x773.jpg 1030w, https:\/\/www.badenhaus.it\/wp-content\/uploads\/2023\/09\/IDRA-ROVERE-TABACCO-768x576.jpg 768w, https:\/\/www.badenhaus.it\/wp-content\/uploads\/2023\/09\/IDRA-ROVERE-TABACCO-1536x1152.jpg 1536w, https:\/\/www.badenhaus.it\/wp-content\/uploads\/2023\/09\/IDRA-ROVERE-TABACCO-1500x1125.jpg 1500w, https:\/\/www.badenhaus.it\/wp-content\/uploads\/2023\/09\/IDRA-ROVERE-TABACCO-705x529.jpg 705w\" sizes=\"(max-width: 1600px) 100vw, 1600px\" \/><\/div><\/li><\/ul><div class='avia-slideshow-arrows avia-slideshow-controls' ><a href='#prev' class='prev-slide  avia-svg-icon avia-font-svg_entypo-fontello' data-av_svg_icon='left-open-big' data-av_iconset='svg_entypo-fontello' tabindex='-1' title=\"Pr\u00e9c\u00e9dent\"><svg version=\"1.1\" xmlns=\"http:\/\/www.w3.org\/2000\/svg\" width=\"15\" height=\"32\" viewBox=\"0 0 15 32\" preserveAspectRatio=\"xMidYMid meet\" aria-labelledby='av-svg-title-1' aria-describedby='av-svg-desc-1' role=\"graphics-symbol\" aria-hidden=\"true\">\n<title id='av-svg-title-1'>Pr\u00e9c\u00e9dent<\/title>\n<desc id='av-svg-desc-1'>Pr\u00e9c\u00e9dent<\/desc>\n<path d=\"M14.464 27.84q0.832 0.832 0 1.536-0.832 0.832-1.536 0l-12.544-12.608q-0.768-0.768 0-1.6l12.544-12.608q0.704-0.832 1.536 0 0.832 0.704 0 1.536l-11.456 11.904z\"><\/path>\n<\/svg><span class='avia_hidden_link_text'>Pr\u00e9c\u00e9dent<\/span><\/a><a href='#next' class='next-slide  avia-svg-icon avia-font-svg_entypo-fontello' data-av_svg_icon='right-open-big' data-av_iconset='svg_entypo-fontello' tabindex='-1' title=\"Suivant\"><svg version=\"1.1\" xmlns=\"http:\/\/www.w3.org\/2000\/svg\" width=\"15\" height=\"32\" viewBox=\"0 0 15 32\" preserveAspectRatio=\"xMidYMid meet\" aria-labelledby='av-svg-title-2' aria-describedby='av-svg-desc-2' role=\"graphics-symbol\" aria-hidden=\"true\">\n<title id='av-svg-title-2'>Suivant<\/title>\n<desc id='av-svg-desc-2'>Suivant<\/desc>\n<path d=\"M0.416 27.84l11.456-11.84-11.456-11.904q-0.832-0.832 0-1.536 0.832-0.832 1.536 0l12.544 12.608q0.768 0.832 0 1.6l-12.544 12.608q-0.704 0.832-1.536 0-0.832-0.704 0-1.536z\"><\/path>\n<\/svg><span class='avia_hidden_link_text'>Suivant<\/span><\/a><\/div><div class='avia-slideshow-dots avia-slideshow-controls'><a href='#1' class='goto-slide active' >1<\/a><a href='#2' class='goto-slide ' >2<\/a><a href='#3' class='goto-slide ' >3<\/a><a href='#4' class='goto-slide ' >4<\/a><a href='#5' class='goto-slide ' >5<\/a><a href='#6' class='goto-slide ' >6<\/a><\/div><\/div><\/div><\/div><!--close column table wrapper. Autoclose: 1 -->\n\n<\/div><\/div><\/main><!-- close content main element --><\/div><\/div>\n<style type=\"text\/css\" data-created_by=\"avia_inline_auto\" id=\"style-css-av-qz4ys5-faeb6886c6e79bf359db71e45c2ef672\">\n.avia-section.av-qz4ys5-faeb6886c6e79bf359db71e45c2ef672{\nbackground-color:#f2f2f2;\nbackground-image:unset;\n}\n<\/style>\n<div id='av_section_2'  class='avia-section av-qz4ys5-faeb6886c6e79bf359db71e45c2ef672 main_color avia-section-small avia-no-border-styling  avia-builder-el-5  el_after_av_section  el_before_av_one_half  avia-bg-style-scroll container_wrap fullsize'  ><div class='container av-section-cont-open' ><div class='template-page content  av-content-full alpha units'><div class='post-entry post-entry-type-page post-entry-8855'><div class='entry-content-wrapper clearfix'>\n\n<style type=\"text\/css\" data-created_by=\"avia_inline_auto\" id=\"style-css-av-qcgs2d-e6bf149987c448f21ae2974016d137fb\">\n#top .flex_column.av-qcgs2d-e6bf149987c448f21ae2974016d137fb{\nmargin-top:0px;\nmargin-bottom:0px;\n}\n.flex_column.av-qcgs2d-e6bf149987c448f21ae2974016d137fb{\nborder-radius:3px 3px 3px 3px;\npadding:0px 0px 0px 0px;\n}\n.responsive #top #wrap_all .flex_column.av-qcgs2d-e6bf149987c448f21ae2974016d137fb{\nmargin-top:0px;\nmargin-bottom:0px;\n}\n<\/style>\n<div  class='flex_column av-qcgs2d-e6bf149987c448f21ae2974016d137fb av_one_half  avia-builder-el-6  el_before_av_one_half  avia-builder-el-first  first flex_column_div av-animated-generic left-to-right av-zero-column-padding  '     ><section  class='av_textblock_section av-nyiuw5-c7e0608f4d625d3e2ad779c56fd34d23 '   itemscope=\"itemscope\" itemtype=\"https:\/\/schema.org\/CreativeWork\" ><div class='avia_textblock'  itemprop=\"text\" ><p>La collection Idra na\u00eet du concept d\u2019une ambiance bain o\u00f9 l\u2019\u00e9l\u00e9gance tipique du design classique est r\u00e9-interpr\u00e9t\u00e9e en cl\u00e9 moderne par des \u00e9l\u00e9ments au fort caract\u00e8re stylistique en mesure de donner une lumi\u00e8re neuve au panorama de l\u2019am\u00e9nagement salle de bains. El\u00e9gance intemporelle et rigueur contemporaine se fondent dans jeu de contrastes entre lignes courbes et g\u00e9om\u00e9tries en relief pour un am\u00e9nagement versatile et raffin\u00e9. Dans la version suspendue ou avec pieds en bois massif optionnels, la ligne se pr\u00e9sente avec des cot\u00e9s aux bords finement arrondis qui accueillent fa\u00e7ades au d\u00e9cor pliss\u00e9 horizontal en une vaste gamme de nuance et dimensions.<\/p>\n<\/div><\/section><\/div>\n<style type=\"text\/css\" data-created_by=\"avia_inline_auto\" id=\"style-css-av-lphjqt-8e96b5b935c77b764115c09d4b467ce1\">\n#top .flex_column.av-lphjqt-8e96b5b935c77b764115c09d4b467ce1{\nmargin-top:0px;\nmargin-bottom:0px;\n}\n.flex_column.av-lphjqt-8e96b5b935c77b764115c09d4b467ce1{\nborder-radius:3px 3px 3px 3px;\npadding:0px 0px 0px 0px;\n}\n.responsive #top #wrap_all .flex_column.av-lphjqt-8e96b5b935c77b764115c09d4b467ce1{\nmargin-top:0px;\nmargin-bottom:0px;\n}\n<\/style>\n<div  class='flex_column av-lphjqt-8e96b5b935c77b764115c09d4b467ce1 av_one_half  avia-builder-el-8  el_after_av_one_half  avia-builder-el-last  flex_column_div av-animated-generic left-to-right av-zero-column-padding  '     ><section  class='av_textblock_section av-k3bhxx-73892cef4d187cbb931aa2fa4f5cae40 '   itemscope=\"itemscope\" itemtype=\"https:\/\/schema.org\/CreativeWork\" ><div class='avia_textblock'  itemprop=\"text\" ><p>Les vasques int\u00e9gr\u00e9es en r\u00e9sine ou \u00e0 poser de la m\u00eame couleur que le meuble et les spacieux tiroirs dot\u00e9s de glissi\u00e8res BLUM\u00ae, avec ouverture et fermeture frein\u00e9e, donne \u00e0 la ligne fonctionalit\u00e9 et un look contemporain captivant. Pour compl\u00e9ter la ligne, colonnes assorties et une vaste gamme de miroirs r\u00e9tro-illimin\u00e9s dot\u00e9s de tactil pour l\u2019allumage et l\u2019arr\u00eat et un innovant syst\u00e8me dimmer pour le r\u00e9glage de l\u2019intensit\u00e9 et de la chaleur de la lumi\u00e8re pour une programmation personnelle du propre confort visif.<\/p>\n<\/div><\/section><\/div>\n<\/div><\/div><\/div><!-- close content main div --><\/div><\/div><div id='after_section_2'  class='main_color av_default_container_wrap container_wrap fullsize'  ><div class='container av-section-cont-open' ><div class='template-page content  av-content-full alpha units'><div class='post-entry post-entry-type-page post-entry-8855'><div class='entry-content-wrapper clearfix'>\n\n<style type=\"text\/css\" data-created_by=\"avia_inline_auto\" id=\"style-css-av-jp9vs5-f3285d2e9738d632556c1ac4867926a2\">\n.flex_column.av-jp9vs5-f3285d2e9738d632556c1ac4867926a2{\npadding:0px 0px 0px 0px;\n}\n<\/style>\n<div  class='flex_column av-jp9vs5-f3285d2e9738d632556c1ac4867926a2 av_one_half  avia-builder-el-10  el_after_av_section  el_before_av_one_half  avia-builder-el-first  first flex_column_div av-zero-column-padding  '     ><div  class='avia-logo-element-container av-hq9aqt-47860f546d5acd639e1ff299cad62db6 av-border-deactivate avia-logo-grid avia-content-slider avia-smallarrow-slider avia-content-grid-active noHover avia-content-slider-odd  avia-builder-el-11  avia-builder-el-no-sibling  avia-content-slider1' ><div class='avia-smallarrow-slider-heading '><div class='new-special-heading'><h3 class='av-logo-special-heading-text '>Variantes coloris<\/h3><\/div><\/div><div class=\"avia-content-slider-inner\"><div class=\"slide-entry-wrap\"><div data-avia-tooltip=\"blanc mat\" class='slide-entry av-f9dx9x-58808a6fd9ff7492f256e83a2f0b3bdd flex_column no_margin av_one_fifth real-thumbnail post-entry slide-entry-overview slide-loop-1 slide-parity-odd  first'><img decoding=\"async\" fetchpriority=\"high\" width=\"70\" height=\"70\" src=\"https:\/\/www.badenhaus.it\/wp-content\/uploads\/2023\/10\/BIANCO-OPACO-IDRA.png\" class=\"wp-image-9053 avia-img-lazy-loading-not-9053 attachment-no scaling size-no scaling\" alt=\"\" srcset=\"https:\/\/www.badenhaus.it\/wp-content\/uploads\/2023\/10\/BIANCO-OPACO-IDRA.png 70w, https:\/\/www.badenhaus.it\/wp-content\/uploads\/2023\/10\/BIANCO-OPACO-IDRA-36x36.png 36w\" sizes=\"(max-width: 70px) 100vw, 70px\" \/><\/div><div data-avia-tooltip=\"coton\" class='slide-entry av-f9dx9x-0f18aabb1545000daf04307d38142a9e flex_column no_margin av_one_fifth real-thumbnail post-entry slide-entry-overview slide-loop-2 slide-parity-even  '><img decoding=\"async\" fetchpriority=\"high\" width=\"70\" height=\"70\" src=\"https:\/\/www.badenhaus.it\/wp-content\/uploads\/2023\/09\/COTONE-IDRA.png\" class=\"wp-image-8830 avia-img-lazy-loading-not-8830 attachment-no scaling size-no scaling\" alt=\"\" srcset=\"https:\/\/www.badenhaus.it\/wp-content\/uploads\/2023\/09\/COTONE-IDRA.png 70w, https:\/\/www.badenhaus.it\/wp-content\/uploads\/2023\/09\/COTONE-IDRA-36x36.png 36w\" sizes=\"(max-width: 70px) 100vw, 70px\" \/><\/div><div data-avia-tooltip=\"noir mat\" class='slide-entry av-f9dx9x-5d9169f7189273735b5c3e235138863f flex_column no_margin av_one_fifth real-thumbnail post-entry slide-entry-overview slide-loop-3 slide-parity-odd  '><img decoding=\"async\" fetchpriority=\"high\" width=\"70\" height=\"70\" src=\"https:\/\/www.badenhaus.it\/wp-content\/uploads\/2023\/10\/NERO-OPACO-IDRA.png\" class=\"wp-image-9059 avia-img-lazy-loading-not-9059 attachment-no scaling size-no scaling\" alt=\"\" srcset=\"https:\/\/www.badenhaus.it\/wp-content\/uploads\/2023\/10\/NERO-OPACO-IDRA.png 70w, https:\/\/www.badenhaus.it\/wp-content\/uploads\/2023\/10\/NERO-OPACO-IDRA-36x36.png 36w\" sizes=\"(max-width: 70px) 100vw, 70px\" \/><\/div><div data-avia-tooltip=\"vert mat\" class='slide-entry av-f9dx9x-bb4dce171ffab69dab004218ef855b37 flex_column no_margin av_one_fifth real-thumbnail post-entry slide-entry-overview slide-loop-4 slide-parity-even  '><img decoding=\"async\" fetchpriority=\"high\" width=\"70\" height=\"70\" src=\"https:\/\/www.badenhaus.it\/wp-content\/uploads\/2023\/10\/VERDE-OPACO-IDRA.png\" class=\"wp-image-9064 avia-img-lazy-loading-not-9064 attachment-no scaling size-no scaling\" alt=\"\" srcset=\"https:\/\/www.badenhaus.it\/wp-content\/uploads\/2023\/10\/VERDE-OPACO-IDRA.png 70w, https:\/\/www.badenhaus.it\/wp-content\/uploads\/2023\/10\/VERDE-OPACO-IDRA-36x36.png 36w\" sizes=\"(max-width: 70px) 100vw, 70px\" \/><\/div><div data-avia-tooltip=\"noyer\" class='slide-entry av-f9dx9x-9e23997e0166300e2141381822dcbccc flex_column no_margin av_one_fifth real-thumbnail post-entry slide-entry-overview slide-loop-5 slide-parity-odd  '><img decoding=\"async\" fetchpriority=\"high\" width=\"70\" height=\"70\" src=\"https:\/\/www.badenhaus.it\/wp-content\/uploads\/2023\/10\/NOCE-IDRA.png\" class=\"wp-image-9069 avia-img-lazy-loading-not-9069 attachment-no scaling size-no scaling\" alt=\"\" srcset=\"https:\/\/www.badenhaus.it\/wp-content\/uploads\/2023\/10\/NOCE-IDRA.png 70w, https:\/\/www.badenhaus.it\/wp-content\/uploads\/2023\/10\/NOCE-IDRA-36x36.png 36w\" sizes=\"(max-width: 70px) 100vw, 70px\" \/><\/div><\/div><div class=\"slide-entry-wrap\"><div data-avia-tooltip=\"chene tabac\" class='slide-entry av-f9dx9x-01d6db1e6523d3a2c4f2aa290e22d38a flex_column no_margin av_one_fifth real-thumbnail post-entry slide-entry-overview slide-loop-6 slide-parity-odd post-entry-last first'><img decoding=\"async\" fetchpriority=\"high\" width=\"70\" height=\"70\" src=\"https:\/\/www.badenhaus.it\/wp-content\/uploads\/2023\/09\/ROVERE-TABACCO-IDRA.png\" class=\"wp-image-8814 avia-img-lazy-loading-not-8814 attachment-no scaling size-no scaling\" alt=\"\" srcset=\"https:\/\/www.badenhaus.it\/wp-content\/uploads\/2023\/09\/ROVERE-TABACCO-IDRA.png 70w, https:\/\/www.badenhaus.it\/wp-content\/uploads\/2023\/09\/ROVERE-TABACCO-IDRA-36x36.png 36w\" sizes=\"(max-width: 70px) 100vw, 70px\" \/><\/div><\/div><\/div><\/div><\/div><div  class='flex_column av-1fwrc5-f4590f6c84703252f4383fda6676bbdc av_one_half  avia-builder-el-12  el_after_av_one_half  el_before_av_section  avia-builder-el-last  flex_column_div  '     ><\/div><\/p>\n<\/div><\/div><\/div><!-- close content main div --><\/div><\/div>\n<style type=\"text\/css\" data-created_by=\"avia_inline_auto\" id=\"style-css-av-byk8d1-3ca41d1762ea50e95a3721c7b683e973\">\n.avia-section.av-byk8d1-3ca41d1762ea50e95a3721c7b683e973{\nbackground-color:#f2f2f2;\nbackground-image:unset;\n}\n<\/style>\n<div id='av_section_3'  class='avia-section av-byk8d1-3ca41d1762ea50e95a3721c7b683e973 main_color avia-section-small avia-no-border-styling  avia-builder-el-13  el_after_av_one_half  el_before_av_one_half  avia-bg-style-scroll container_wrap fullsize'  ><div class='container av-section-cont-open' ><div class='template-page content  av-content-full alpha units'><div class='post-entry post-entry-type-page post-entry-8855'><div class='entry-content-wrapper clearfix'>\n<div id='av-masonry-1' class='av-masonry av-anjufp-61aa8a3abba6036e8cd578941a1780ef noHover av-fixed-size av-large-gap av-hover-overlay- av-masonry-animation-active av-masonry-col-3 av-caption-always av-caption-style- av-masonry-gallery ' data-post_id=\"8855\"><div class=\"av-masonry-container isotope av-js-disabled\"><div class='av-masonry-entry isotope-item av-masonry-item-no-image '><\/div><a href=\"https:\/\/www.badenhaus.it\/wp-content\/uploads\/2023\/09\/IDRA-BIANCO-OPACO-1030x773.jpg\" data-srcset=\"https:\/\/www.badenhaus.it\/wp-content\/uploads\/2023\/09\/IDRA-BIANCO-OPACO-1030x773.jpg 1030w, https:\/\/www.badenhaus.it\/wp-content\/uploads\/2023\/09\/IDRA-BIANCO-OPACO-300x225.jpg 300w, https:\/\/www.badenhaus.it\/wp-content\/uploads\/2023\/09\/IDRA-BIANCO-OPACO-768x576.jpg 768w, https:\/\/www.badenhaus.it\/wp-content\/uploads\/2023\/09\/IDRA-BIANCO-OPACO-1536x1152.jpg 1536w, https:\/\/www.badenhaus.it\/wp-content\/uploads\/2023\/09\/IDRA-BIANCO-OPACO-1500x1125.jpg 1500w, https:\/\/www.badenhaus.it\/wp-content\/uploads\/2023\/09\/IDRA-BIANCO-OPACO-705x529.jpg 705w, https:\/\/www.badenhaus.it\/wp-content\/uploads\/2023\/09\/IDRA-BIANCO-OPACO.jpg 1600w\" data-sizes=\"(max-width: 1030px) 100vw, 1030px\"  aria-label=\"image IDRA &#8211; BIANCO OPACO\"  id='av-masonry-1-item-8762' data-av-masonry-item='8762' class='av-masonry-entry isotope-item post-8762 attachment type-attachment status-inherit hentry  av-masonry-item-with-image av-grid-img' title=\"IDRA &#8211; BIANCO OPACO\" alt=\"\"    itemprop=\"thumbnailUrl\" ><div class='av-inner-masonry-sizer'><\/div><figure class='av-inner-masonry main_color'><div class=\"av-masonry-outerimage-container\"><div class='av-masonry-image-container' style=\"background-image: url(https:\/\/www.badenhaus.it\/wp-content\/uploads\/2023\/09\/IDRA-BIANCO-OPACO.jpg);\"  title=\"IDRA &#8211; BIANCO OPACO\" ><\/div><\/div><\/figure><\/a><!--end av-masonry entry--><a href=\"https:\/\/www.badenhaus.it\/wp-content\/uploads\/2023\/09\/IDRA-BIANCO-OPACO-2-1030x773.jpg\" data-srcset=\"https:\/\/www.badenhaus.it\/wp-content\/uploads\/2023\/09\/IDRA-BIANCO-OPACO-2-1030x773.jpg 1030w, https:\/\/www.badenhaus.it\/wp-content\/uploads\/2023\/09\/IDRA-BIANCO-OPACO-2-300x225.jpg 300w, https:\/\/www.badenhaus.it\/wp-content\/uploads\/2023\/09\/IDRA-BIANCO-OPACO-2-768x576.jpg 768w, https:\/\/www.badenhaus.it\/wp-content\/uploads\/2023\/09\/IDRA-BIANCO-OPACO-2-1536x1152.jpg 1536w, https:\/\/www.badenhaus.it\/wp-content\/uploads\/2023\/09\/IDRA-BIANCO-OPACO-2-1500x1125.jpg 1500w, https:\/\/www.badenhaus.it\/wp-content\/uploads\/2023\/09\/IDRA-BIANCO-OPACO-2-705x529.jpg 705w, https:\/\/www.badenhaus.it\/wp-content\/uploads\/2023\/09\/IDRA-BIANCO-OPACO-2.jpg 1600w\" data-sizes=\"(max-width: 1030px) 100vw, 1030px\"  aria-label=\"image IDRA &#8211; BIANCO OPACO 2\"  id='av-masonry-1-item-8754' data-av-masonry-item='8754' class='av-masonry-entry isotope-item post-8754 attachment type-attachment status-inherit hentry  av-masonry-item-with-image av-grid-img' title=\"IDRA &#8211; BIANCO OPACO 2\" alt=\"\"    itemprop=\"thumbnailUrl\" ><div class='av-inner-masonry-sizer'><\/div><figure class='av-inner-masonry main_color'><div class=\"av-masonry-outerimage-container\"><div class='av-masonry-image-container' style=\"background-image: url(https:\/\/www.badenhaus.it\/wp-content\/uploads\/2023\/09\/IDRA-BIANCO-OPACO-2.jpg);\"  title=\"IDRA &#8211; BIANCO OPACO 2\" ><\/div><\/div><\/figure><\/a><!--end av-masonry entry--><a href=\"https:\/\/www.badenhaus.it\/wp-content\/uploads\/2023\/09\/IDRA-BIANCO-OPACO-3-1030x773.jpg\" data-srcset=\"https:\/\/www.badenhaus.it\/wp-content\/uploads\/2023\/09\/IDRA-BIANCO-OPACO-3-1030x773.jpg 1030w, https:\/\/www.badenhaus.it\/wp-content\/uploads\/2023\/09\/IDRA-BIANCO-OPACO-3-300x225.jpg 300w, https:\/\/www.badenhaus.it\/wp-content\/uploads\/2023\/09\/IDRA-BIANCO-OPACO-3-768x576.jpg 768w, https:\/\/www.badenhaus.it\/wp-content\/uploads\/2023\/09\/IDRA-BIANCO-OPACO-3-1536x1152.jpg 1536w, https:\/\/www.badenhaus.it\/wp-content\/uploads\/2023\/09\/IDRA-BIANCO-OPACO-3-1500x1125.jpg 1500w, https:\/\/www.badenhaus.it\/wp-content\/uploads\/2023\/09\/IDRA-BIANCO-OPACO-3-705x529.jpg 705w, https:\/\/www.badenhaus.it\/wp-content\/uploads\/2023\/09\/IDRA-BIANCO-OPACO-3.jpg 1600w\" data-sizes=\"(max-width: 1030px) 100vw, 1030px\"  aria-label=\"image IDRA &#8211; BIANCO OPACO 3\"  id='av-masonry-1-item-8758' data-av-masonry-item='8758' class='av-masonry-entry isotope-item post-8758 attachment type-attachment status-inherit hentry  av-masonry-item-with-image av-grid-img' title=\"IDRA &#8211; BIANCO OPACO 3\" alt=\"\"    itemprop=\"thumbnailUrl\" ><div class='av-inner-masonry-sizer'><\/div><figure class='av-inner-masonry main_color'><div class=\"av-masonry-outerimage-container\"><div class='av-masonry-image-container' style=\"background-image: url(https:\/\/www.badenhaus.it\/wp-content\/uploads\/2023\/09\/IDRA-BIANCO-OPACO-3.jpg);\"  title=\"IDRA &#8211; BIANCO OPACO 3\" ><\/div><\/div><\/figure><\/a><!--end av-masonry entry--><a href=\"https:\/\/www.badenhaus.it\/wp-content\/uploads\/2023\/09\/IDRA-COTONE-1030x773.jpg\" data-srcset=\"https:\/\/www.badenhaus.it\/wp-content\/uploads\/2023\/09\/IDRA-COTONE-1030x773.jpg 1030w, https:\/\/www.badenhaus.it\/wp-content\/uploads\/2023\/09\/IDRA-COTONE-300x225.jpg 300w, https:\/\/www.badenhaus.it\/wp-content\/uploads\/2023\/09\/IDRA-COTONE-768x576.jpg 768w, https:\/\/www.badenhaus.it\/wp-content\/uploads\/2023\/09\/IDRA-COTONE-1536x1152.jpg 1536w, https:\/\/www.badenhaus.it\/wp-content\/uploads\/2023\/09\/IDRA-COTONE-1500x1125.jpg 1500w, https:\/\/www.badenhaus.it\/wp-content\/uploads\/2023\/09\/IDRA-COTONE-705x529.jpg 705w, https:\/\/www.badenhaus.it\/wp-content\/uploads\/2023\/09\/IDRA-COTONE.jpg 1600w\" data-sizes=\"(max-width: 1030px) 100vw, 1030px\"  aria-label=\"image IDRA &#8211; COTONE\"  id='av-masonry-1-item-8770' data-av-masonry-item='8770' class='av-masonry-entry isotope-item post-8770 attachment type-attachment status-inherit hentry  av-masonry-item-with-image av-grid-img' title=\"IDRA &#8211; COTONE\" alt=\"\"    itemprop=\"thumbnailUrl\" ><div class='av-inner-masonry-sizer'><\/div><figure class='av-inner-masonry main_color'><div class=\"av-masonry-outerimage-container\"><div class='av-masonry-image-container' style=\"background-image: url(https:\/\/www.badenhaus.it\/wp-content\/uploads\/2023\/09\/IDRA-COTONE.jpg);\"  title=\"IDRA &#8211; COTONE\" ><\/div><\/div><\/figure><\/a><!--end av-masonry entry--><a href=\"https:\/\/www.badenhaus.it\/wp-content\/uploads\/2023\/09\/IDRA-COTONE-2-1030x773.jpg\" data-srcset=\"https:\/\/www.badenhaus.it\/wp-content\/uploads\/2023\/09\/IDRA-COTONE-2-1030x773.jpg 1030w, https:\/\/www.badenhaus.it\/wp-content\/uploads\/2023\/09\/IDRA-COTONE-2-300x225.jpg 300w, https:\/\/www.badenhaus.it\/wp-content\/uploads\/2023\/09\/IDRA-COTONE-2-768x576.jpg 768w, https:\/\/www.badenhaus.it\/wp-content\/uploads\/2023\/09\/IDRA-COTONE-2-1536x1152.jpg 1536w, https:\/\/www.badenhaus.it\/wp-content\/uploads\/2023\/09\/IDRA-COTONE-2-1500x1125.jpg 1500w, https:\/\/www.badenhaus.it\/wp-content\/uploads\/2023\/09\/IDRA-COTONE-2-705x529.jpg 705w, https:\/\/www.badenhaus.it\/wp-content\/uploads\/2023\/09\/IDRA-COTONE-2.jpg 1600w\" data-sizes=\"(max-width: 1030px) 100vw, 1030px\"  aria-label=\"image IDRA &#8211; COTONE 2\"  id='av-masonry-1-item-8766' data-av-masonry-item='8766' class='av-masonry-entry isotope-item post-8766 attachment type-attachment status-inherit hentry  av-masonry-item-with-image av-grid-img' title=\"IDRA &#8211; COTONE 2\" alt=\"\"    itemprop=\"thumbnailUrl\" ><div class='av-inner-masonry-sizer'><\/div><figure class='av-inner-masonry main_color'><div class=\"av-masonry-outerimage-container\"><div class='av-masonry-image-container' style=\"background-image: url(https:\/\/www.badenhaus.it\/wp-content\/uploads\/2023\/09\/IDRA-COTONE-2.jpg);\"  title=\"IDRA &#8211; COTONE 2\" ><\/div><\/div><\/figure><\/a><!--end av-masonry entry--><a href=\"https:\/\/www.badenhaus.it\/wp-content\/uploads\/2023\/09\/IDRA-NERO-OPACO-1030x773.jpg\" data-srcset=\"https:\/\/www.badenhaus.it\/wp-content\/uploads\/2023\/09\/IDRA-NERO-OPACO-1030x773.jpg 1030w, https:\/\/www.badenhaus.it\/wp-content\/uploads\/2023\/09\/IDRA-NERO-OPACO-300x225.jpg 300w, https:\/\/www.badenhaus.it\/wp-content\/uploads\/2023\/09\/IDRA-NERO-OPACO-768x576.jpg 768w, https:\/\/www.badenhaus.it\/wp-content\/uploads\/2023\/09\/IDRA-NERO-OPACO-1536x1152.jpg 1536w, https:\/\/www.badenhaus.it\/wp-content\/uploads\/2023\/09\/IDRA-NERO-OPACO-1500x1125.jpg 1500w, https:\/\/www.badenhaus.it\/wp-content\/uploads\/2023\/09\/IDRA-NERO-OPACO-705x529.jpg 705w, https:\/\/www.badenhaus.it\/wp-content\/uploads\/2023\/09\/IDRA-NERO-OPACO.jpg 1600w\" data-sizes=\"(max-width: 1030px) 100vw, 1030px\"  aria-label=\"image IDRA &#8211; NERO OPACO\"  id='av-masonry-1-item-8778' data-av-masonry-item='8778' class='av-masonry-entry isotope-item post-8778 attachment type-attachment status-inherit hentry  av-masonry-item-with-image av-grid-img' title=\"IDRA &#8211; NERO OPACO\" alt=\"\"    itemprop=\"thumbnailUrl\" ><div class='av-inner-masonry-sizer'><\/div><figure class='av-inner-masonry main_color'><div class=\"av-masonry-outerimage-container\"><div class='av-masonry-image-container' style=\"background-image: url(https:\/\/www.badenhaus.it\/wp-content\/uploads\/2023\/09\/IDRA-NERO-OPACO.jpg);\"  title=\"IDRA &#8211; NERO OPACO\" ><\/div><\/div><\/figure><\/a><!--end av-masonry entry--><a href=\"https:\/\/www.badenhaus.it\/wp-content\/uploads\/2023\/09\/IDRA-NERO-OPACO-2-1030x773.jpg\" data-srcset=\"https:\/\/www.badenhaus.it\/wp-content\/uploads\/2023\/09\/IDRA-NERO-OPACO-2-1030x773.jpg 1030w, https:\/\/www.badenhaus.it\/wp-content\/uploads\/2023\/09\/IDRA-NERO-OPACO-2-300x225.jpg 300w, https:\/\/www.badenhaus.it\/wp-content\/uploads\/2023\/09\/IDRA-NERO-OPACO-2-768x576.jpg 768w, https:\/\/www.badenhaus.it\/wp-content\/uploads\/2023\/09\/IDRA-NERO-OPACO-2-1536x1152.jpg 1536w, https:\/\/www.badenhaus.it\/wp-content\/uploads\/2023\/09\/IDRA-NERO-OPACO-2-1500x1125.jpg 1500w, https:\/\/www.badenhaus.it\/wp-content\/uploads\/2023\/09\/IDRA-NERO-OPACO-2-705x529.jpg 705w, https:\/\/www.badenhaus.it\/wp-content\/uploads\/2023\/09\/IDRA-NERO-OPACO-2.jpg 1600w\" data-sizes=\"(max-width: 1030px) 100vw, 1030px\"  aria-label=\"image IDRA &#8211; NERO OPACO 2\"  id='av-masonry-1-item-8774' data-av-masonry-item='8774' class='av-masonry-entry isotope-item post-8774 attachment type-attachment status-inherit hentry  av-masonry-item-with-image av-grid-img' title=\"IDRA &#8211; NERO OPACO 2\" alt=\"\"    itemprop=\"thumbnailUrl\" ><div class='av-inner-masonry-sizer'><\/div><figure class='av-inner-masonry main_color'><div class=\"av-masonry-outerimage-container\"><div class='av-masonry-image-container' style=\"background-image: url(https:\/\/www.badenhaus.it\/wp-content\/uploads\/2023\/09\/IDRA-NERO-OPACO-2.jpg);\"  title=\"IDRA &#8211; NERO OPACO 2\" ><\/div><\/div><\/figure><\/a><!--end av-masonry entry--><a href=\"https:\/\/www.badenhaus.it\/wp-content\/uploads\/2023\/09\/IDRA-VERDE-OPACO-1030x773.jpg\" data-srcset=\"https:\/\/www.badenhaus.it\/wp-content\/uploads\/2023\/09\/IDRA-VERDE-OPACO-1030x773.jpg 1030w, https:\/\/www.badenhaus.it\/wp-content\/uploads\/2023\/09\/IDRA-VERDE-OPACO-300x225.jpg 300w, https:\/\/www.badenhaus.it\/wp-content\/uploads\/2023\/09\/IDRA-VERDE-OPACO-768x576.jpg 768w, https:\/\/www.badenhaus.it\/wp-content\/uploads\/2023\/09\/IDRA-VERDE-OPACO-1536x1152.jpg 1536w, https:\/\/www.badenhaus.it\/wp-content\/uploads\/2023\/09\/IDRA-VERDE-OPACO-1500x1125.jpg 1500w, https:\/\/www.badenhaus.it\/wp-content\/uploads\/2023\/09\/IDRA-VERDE-OPACO-705x529.jpg 705w, https:\/\/www.badenhaus.it\/wp-content\/uploads\/2023\/09\/IDRA-VERDE-OPACO.jpg 1600w\" data-sizes=\"(max-width: 1030px) 100vw, 1030px\"  aria-label=\"image IDRA &#8211; VERDE OPACO\"  id='av-masonry-1-item-8810' data-av-masonry-item='8810' class='av-masonry-entry isotope-item post-8810 attachment type-attachment status-inherit hentry  av-masonry-item-with-image av-grid-img' title=\"IDRA &#8211; VERDE OPACO\" alt=\"\"    itemprop=\"thumbnailUrl\" ><div class='av-inner-masonry-sizer'><\/div><figure class='av-inner-masonry main_color'><div class=\"av-masonry-outerimage-container\"><div class='av-masonry-image-container' style=\"background-image: url(https:\/\/www.badenhaus.it\/wp-content\/uploads\/2023\/09\/IDRA-VERDE-OPACO.jpg);\"  title=\"IDRA &#8211; VERDE OPACO\" ><\/div><\/div><\/figure><\/a><!--end av-masonry entry--><a href=\"https:\/\/www.badenhaus.it\/wp-content\/uploads\/2023\/09\/IDRA-VERDE-OPACO-2-1030x773.jpg\" data-srcset=\"https:\/\/www.badenhaus.it\/wp-content\/uploads\/2023\/09\/IDRA-VERDE-OPACO-2-1030x773.jpg 1030w, https:\/\/www.badenhaus.it\/wp-content\/uploads\/2023\/09\/IDRA-VERDE-OPACO-2-300x225.jpg 300w, https:\/\/www.badenhaus.it\/wp-content\/uploads\/2023\/09\/IDRA-VERDE-OPACO-2-768x576.jpg 768w, https:\/\/www.badenhaus.it\/wp-content\/uploads\/2023\/09\/IDRA-VERDE-OPACO-2-1536x1152.jpg 1536w, https:\/\/www.badenhaus.it\/wp-content\/uploads\/2023\/09\/IDRA-VERDE-OPACO-2-1500x1125.jpg 1500w, https:\/\/www.badenhaus.it\/wp-content\/uploads\/2023\/09\/IDRA-VERDE-OPACO-2-705x529.jpg 705w, https:\/\/www.badenhaus.it\/wp-content\/uploads\/2023\/09\/IDRA-VERDE-OPACO-2.jpg 1600w\" data-sizes=\"(max-width: 1030px) 100vw, 1030px\"  aria-label=\"image IDRA &#8211; VERDE OPACO 2\"  id='av-masonry-1-item-8806' data-av-masonry-item='8806' class='av-masonry-entry isotope-item post-8806 attachment type-attachment status-inherit hentry  av-masonry-item-with-image av-grid-img' title=\"IDRA &#8211; VERDE OPACO 2\" alt=\"\"    itemprop=\"thumbnailUrl\" ><div class='av-inner-masonry-sizer'><\/div><figure class='av-inner-masonry main_color'><div class=\"av-masonry-outerimage-container\"><div class='av-masonry-image-container' style=\"background-image: url(https:\/\/www.badenhaus.it\/wp-content\/uploads\/2023\/09\/IDRA-VERDE-OPACO-2.jpg);\"  title=\"IDRA &#8211; VERDE OPACO 2\" ><\/div><\/div><\/figure><\/a><!--end av-masonry entry--><a href=\"https:\/\/www.badenhaus.it\/wp-content\/uploads\/2023\/09\/IDRA-NOCE-1030x773.jpg\" data-srcset=\"https:\/\/www.badenhaus.it\/wp-content\/uploads\/2023\/09\/IDRA-NOCE-1030x773.jpg 1030w, https:\/\/www.badenhaus.it\/wp-content\/uploads\/2023\/09\/IDRA-NOCE-300x225.jpg 300w, https:\/\/www.badenhaus.it\/wp-content\/uploads\/2023\/09\/IDRA-NOCE-768x576.jpg 768w, https:\/\/www.badenhaus.it\/wp-content\/uploads\/2023\/09\/IDRA-NOCE-1536x1152.jpg 1536w, https:\/\/www.badenhaus.it\/wp-content\/uploads\/2023\/09\/IDRA-NOCE-1500x1125.jpg 1500w, https:\/\/www.badenhaus.it\/wp-content\/uploads\/2023\/09\/IDRA-NOCE-705x529.jpg 705w, https:\/\/www.badenhaus.it\/wp-content\/uploads\/2023\/09\/IDRA-NOCE.jpg 1600w\" data-sizes=\"(max-width: 1030px) 100vw, 1030px\"  aria-label=\"image IDRA &#8211; NOCE\"  id='av-masonry-1-item-8790' data-av-masonry-item='8790' class='av-masonry-entry isotope-item post-8790 attachment type-attachment status-inherit hentry  av-masonry-item-with-image av-grid-img' title=\"IDRA &#8211; NOCE\" alt=\"\"    itemprop=\"thumbnailUrl\" ><div class='av-inner-masonry-sizer'><\/div><figure class='av-inner-masonry main_color'><div class=\"av-masonry-outerimage-container\"><div class='av-masonry-image-container' style=\"background-image: url(https:\/\/www.badenhaus.it\/wp-content\/uploads\/2023\/09\/IDRA-NOCE.jpg);\"  title=\"IDRA &#8211; NOCE\" ><\/div><\/div><\/figure><\/a><!--end av-masonry entry--><a href=\"https:\/\/www.badenhaus.it\/wp-content\/uploads\/2023\/09\/IDRA-NOCE-2-1030x773.jpg\" data-srcset=\"https:\/\/www.badenhaus.it\/wp-content\/uploads\/2023\/09\/IDRA-NOCE-2-1030x773.jpg 1030w, https:\/\/www.badenhaus.it\/wp-content\/uploads\/2023\/09\/IDRA-NOCE-2-300x225.jpg 300w, https:\/\/www.badenhaus.it\/wp-content\/uploads\/2023\/09\/IDRA-NOCE-2-768x576.jpg 768w, https:\/\/www.badenhaus.it\/wp-content\/uploads\/2023\/09\/IDRA-NOCE-2-1536x1152.jpg 1536w, https:\/\/www.badenhaus.it\/wp-content\/uploads\/2023\/09\/IDRA-NOCE-2-1500x1125.jpg 1500w, https:\/\/www.badenhaus.it\/wp-content\/uploads\/2023\/09\/IDRA-NOCE-2-705x529.jpg 705w, https:\/\/www.badenhaus.it\/wp-content\/uploads\/2023\/09\/IDRA-NOCE-2.jpg 1600w\" data-sizes=\"(max-width: 1030px) 100vw, 1030px\"  aria-label=\"image IDRA &#8211; NOCE 2\"  id='av-masonry-1-item-8782' data-av-masonry-item='8782' class='av-masonry-entry isotope-item post-8782 attachment type-attachment status-inherit hentry  av-masonry-item-with-image av-grid-img' title=\"IDRA &#8211; NOCE 2\" alt=\"\"    itemprop=\"thumbnailUrl\" ><div class='av-inner-masonry-sizer'><\/div><figure class='av-inner-masonry main_color'><div class=\"av-masonry-outerimage-container\"><div class='av-masonry-image-container' style=\"background-image: url(https:\/\/www.badenhaus.it\/wp-content\/uploads\/2023\/09\/IDRA-NOCE-2.jpg);\"  title=\"IDRA &#8211; NOCE 2\" ><\/div><\/div><\/figure><\/a><!--end av-masonry entry--><a href=\"https:\/\/www.badenhaus.it\/wp-content\/uploads\/2023\/09\/IDRA-NOCE-3-1030x773.jpg\" data-srcset=\"https:\/\/www.badenhaus.it\/wp-content\/uploads\/2023\/09\/IDRA-NOCE-3-1030x773.jpg 1030w, https:\/\/www.badenhaus.it\/wp-content\/uploads\/2023\/09\/IDRA-NOCE-3-300x225.jpg 300w, https:\/\/www.badenhaus.it\/wp-content\/uploads\/2023\/09\/IDRA-NOCE-3-768x576.jpg 768w, https:\/\/www.badenhaus.it\/wp-content\/uploads\/2023\/09\/IDRA-NOCE-3-1536x1152.jpg 1536w, https:\/\/www.badenhaus.it\/wp-content\/uploads\/2023\/09\/IDRA-NOCE-3-1500x1125.jpg 1500w, https:\/\/www.badenhaus.it\/wp-content\/uploads\/2023\/09\/IDRA-NOCE-3-705x529.jpg 705w, https:\/\/www.badenhaus.it\/wp-content\/uploads\/2023\/09\/IDRA-NOCE-3.jpg 1600w\" data-sizes=\"(max-width: 1030px) 100vw, 1030px\"  aria-label=\"image IDRA &#8211; NOCE 3\"  id='av-masonry-1-item-8786' data-av-masonry-item='8786' class='av-masonry-entry isotope-item post-8786 attachment type-attachment status-inherit hentry  av-masonry-item-with-image av-grid-img' title=\"IDRA &#8211; NOCE 3\" alt=\"\"    itemprop=\"thumbnailUrl\" ><div class='av-inner-masonry-sizer'><\/div><figure class='av-inner-masonry main_color'><div class=\"av-masonry-outerimage-container\"><div class='av-masonry-image-container' style=\"background-image: url(https:\/\/www.badenhaus.it\/wp-content\/uploads\/2023\/09\/IDRA-NOCE-3.jpg);\"  title=\"IDRA &#8211; NOCE 3\" ><\/div><\/div><\/figure><\/a><!--end av-masonry entry--><a href=\"https:\/\/www.badenhaus.it\/wp-content\/uploads\/2023\/09\/IDRA-ROVERE-TABACCO-1030x773.jpg\" data-srcset=\"https:\/\/www.badenhaus.it\/wp-content\/uploads\/2023\/09\/IDRA-ROVERE-TABACCO-1030x773.jpg 1030w, https:\/\/www.badenhaus.it\/wp-content\/uploads\/2023\/09\/IDRA-ROVERE-TABACCO-300x225.jpg 300w, https:\/\/www.badenhaus.it\/wp-content\/uploads\/2023\/09\/IDRA-ROVERE-TABACCO-768x576.jpg 768w, https:\/\/www.badenhaus.it\/wp-content\/uploads\/2023\/09\/IDRA-ROVERE-TABACCO-1536x1152.jpg 1536w, https:\/\/www.badenhaus.it\/wp-content\/uploads\/2023\/09\/IDRA-ROVERE-TABACCO-1500x1125.jpg 1500w, https:\/\/www.badenhaus.it\/wp-content\/uploads\/2023\/09\/IDRA-ROVERE-TABACCO-705x529.jpg 705w, https:\/\/www.badenhaus.it\/wp-content\/uploads\/2023\/09\/IDRA-ROVERE-TABACCO.jpg 1600w\" data-sizes=\"(max-width: 1030px) 100vw, 1030px\"  aria-label=\"image IDRA &#8211; ROVERE TABACCO\"  id='av-masonry-1-item-8802' data-av-masonry-item='8802' class='av-masonry-entry isotope-item post-8802 attachment type-attachment status-inherit hentry  av-masonry-item-with-image av-grid-img' title=\"IDRA &#8211; ROVERE TABACCO\" alt=\"\"    itemprop=\"thumbnailUrl\" ><div class='av-inner-masonry-sizer'><\/div><figure class='av-inner-masonry main_color'><div class=\"av-masonry-outerimage-container\"><div class='av-masonry-image-container' style=\"background-image: url(https:\/\/www.badenhaus.it\/wp-content\/uploads\/2023\/09\/IDRA-ROVERE-TABACCO.jpg);\"  title=\"IDRA &#8211; ROVERE TABACCO\" ><\/div><\/div><\/figure><\/a><!--end av-masonry entry--><a href=\"https:\/\/www.badenhaus.it\/wp-content\/uploads\/2023\/09\/IDRA-ROVERE-TABACCO-2-1030x773.jpg\" data-srcset=\"https:\/\/www.badenhaus.it\/wp-content\/uploads\/2023\/09\/IDRA-ROVERE-TABACCO-2-1030x773.jpg 1030w, https:\/\/www.badenhaus.it\/wp-content\/uploads\/2023\/09\/IDRA-ROVERE-TABACCO-2-300x225.jpg 300w, https:\/\/www.badenhaus.it\/wp-content\/uploads\/2023\/09\/IDRA-ROVERE-TABACCO-2-768x576.jpg 768w, https:\/\/www.badenhaus.it\/wp-content\/uploads\/2023\/09\/IDRA-ROVERE-TABACCO-2-1536x1152.jpg 1536w, https:\/\/www.badenhaus.it\/wp-content\/uploads\/2023\/09\/IDRA-ROVERE-TABACCO-2-1500x1125.jpg 1500w, https:\/\/www.badenhaus.it\/wp-content\/uploads\/2023\/09\/IDRA-ROVERE-TABACCO-2-705x529.jpg 705w, https:\/\/www.badenhaus.it\/wp-content\/uploads\/2023\/09\/IDRA-ROVERE-TABACCO-2.jpg 1600w\" data-sizes=\"(max-width: 1030px) 100vw, 1030px\"  aria-label=\"image IDRA &#8211; ROVERE TABACCO 2\"  id='av-masonry-1-item-8794' data-av-masonry-item='8794' class='av-masonry-entry isotope-item post-8794 attachment type-attachment status-inherit hentry  av-masonry-item-with-image av-grid-img' title=\"IDRA &#8211; ROVERE TABACCO 2\" alt=\"\"    itemprop=\"thumbnailUrl\" ><div class='av-inner-masonry-sizer'><\/div><figure class='av-inner-masonry main_color'><div class=\"av-masonry-outerimage-container\"><div class='av-masonry-image-container' style=\"background-image: url(https:\/\/www.badenhaus.it\/wp-content\/uploads\/2023\/09\/IDRA-ROVERE-TABACCO-2.jpg);\"  title=\"IDRA &#8211; ROVERE TABACCO 2\" ><\/div><\/div><\/figure><\/a><!--end av-masonry entry--><a href=\"https:\/\/www.badenhaus.it\/wp-content\/uploads\/2023\/09\/IDRA-ROVERE-TABACCO-3-1030x773.jpg\" data-srcset=\"https:\/\/www.badenhaus.it\/wp-content\/uploads\/2023\/09\/IDRA-ROVERE-TABACCO-3-1030x773.jpg 1030w, https:\/\/www.badenhaus.it\/wp-content\/uploads\/2023\/09\/IDRA-ROVERE-TABACCO-3-300x225.jpg 300w, https:\/\/www.badenhaus.it\/wp-content\/uploads\/2023\/09\/IDRA-ROVERE-TABACCO-3-768x576.jpg 768w, https:\/\/www.badenhaus.it\/wp-content\/uploads\/2023\/09\/IDRA-ROVERE-TABACCO-3-1536x1152.jpg 1536w, https:\/\/www.badenhaus.it\/wp-content\/uploads\/2023\/09\/IDRA-ROVERE-TABACCO-3-1500x1125.jpg 1500w, https:\/\/www.badenhaus.it\/wp-content\/uploads\/2023\/09\/IDRA-ROVERE-TABACCO-3-705x529.jpg 705w, https:\/\/www.badenhaus.it\/wp-content\/uploads\/2023\/09\/IDRA-ROVERE-TABACCO-3.jpg 1600w\" data-sizes=\"(max-width: 1030px) 100vw, 1030px\"  aria-label=\"image IDRA &#8211; ROVERE TABACCO 3\"  id='av-masonry-1-item-8798' data-av-masonry-item='8798' class='av-masonry-entry isotope-item post-8798 attachment type-attachment status-inherit hentry  av-masonry-item-with-image av-grid-img' title=\"IDRA &#8211; ROVERE TABACCO 3\" alt=\"\"    itemprop=\"thumbnailUrl\" ><div class='av-inner-masonry-sizer'><\/div><figure class='av-inner-masonry main_color'><div class=\"av-masonry-outerimage-container\"><div class='av-masonry-image-container' style=\"background-image: url(https:\/\/www.badenhaus.it\/wp-content\/uploads\/2023\/09\/IDRA-ROVERE-TABACCO-3.jpg);\"  title=\"IDRA &#8211; ROVERE TABACCO 3\" ><\/div><\/div><\/figure><\/a><!--end av-masonry entry--><\/div><\/div>\n<\/div><\/div><\/div><!-- close content main div --><\/div><\/div><div id='after_section_3'  class='main_color av_default_container_wrap container_wrap fullsize'  ><div class='container av-section-cont-open' ><div class='template-page content  av-content-full alpha units'><div class='post-entry post-entry-type-page post-entry-8855'><div class='entry-content-wrapper clearfix'>\n<div  class='flex_column av-9dswb9-06aa5c52df58c10ed12149eb0cb26da1 av_one_half  avia-builder-el-15  el_after_av_section  el_before_av_one_half  avia-builder-el-first  first flex_column_div  '     ><style type=\"text\/css\" data-created_by=\"avia_inline_auto\" id=\"style-css-av-7w0639-bb673e085f32e5785ae3ebe47bb4e19e\">\n#top .avia-icon-list-container.av-7w0639-bb673e085f32e5785ae3ebe47bb4e19e .iconlist_icon{\ncolor:#000000;\nbackground-color:#ffffff;\nborder-style:solid;\nborder-width:1px 1px 1px 1px;\nborder-color:#000000;\n}\n#top .avia-icon-list-container.av-7w0639-bb673e085f32e5785ae3ebe47bb4e19e .iconlist_icon svg:first-child{\nstroke:#000000;\nfill:#000000;\n}\n<\/style>\n<div  class='avia-icon-list-container av-7w0639-bb673e085f32e5785ae3ebe47bb4e19e  avia-builder-el-16  avia-builder-el-no-sibling '><ul class='avia-icon-list avia_animate_when_almost_visible avia-icon-list-left av-iconlist-big av-7w0639-bb673e085f32e5785ae3ebe47bb4e19e avia-iconlist-animate'>\n<li><a href='https:\/\/www.badenhaus.it\/wp-content\/uploads\/2023\/09\/idra.pdf' title='Catalogue IDRA'  class='iconlist_icon av-63lhv9-66f21fb3d22d52677c3bc9bcb7cd6f7b avia-font-entypo-fontello avia-iconfont avia-font-entypo-fontello'><span class='av-icon-char' data-av_icon='\ue84e' data-av_iconfont='entypo-fontello' aria-hidden=\"true\"><\/span><\/a><article class=\"article-icon-entry av-iconlist-empty\"  itemscope=\"itemscope\" itemtype=\"https:\/\/schema.org\/CreativeWork\" ><div class=\"iconlist_content_wrap\"><header class=\"entry-content-header\" aria-label=\"Ic\u00f4ne : &lt;a href=&#039;https:\/\/www.badenhaus.it\/wp-content\/uploads\/2023\/09\/idra.pdf&#039; title=&#039;Catalogue IDRA&#039;&gt;Catalogue IDRA&lt;\/a&gt;\"><h4 class='av_iconlist_title iconlist_title  '  itemprop=\"headline\" ><a href='https:\/\/www.badenhaus.it\/wp-content\/uploads\/2023\/09\/idra.pdf' title='Catalogue IDRA'>Catalogue IDRA<\/a><\/h4><\/header><div class='iconlist_content '  itemprop=\"text\" ><\/div><\/div><footer class=\"entry-footer\"><\/footer><\/article><div class=\"iconlist-timeline\"><\/div><\/li>\n<li><a href='https:\/\/www.badenhaus.it\/wp-content\/uploads\/2023\/09\/misure-idra.pdf' title='Mesures IDRA'  class='iconlist_icon av-d8fvp-30ad3e34682d069058fb858a9239eb7a avia-font-entypo-fontello avia-iconfont avia-font-entypo-fontello'><span class='av-icon-char' data-av_icon='\ue84b' data-av_iconfont='entypo-fontello' aria-hidden=\"true\"><\/span><\/a><article class=\"article-icon-entry av-iconlist-empty\"  itemscope=\"itemscope\" itemtype=\"https:\/\/schema.org\/CreativeWork\" ><div class=\"iconlist_content_wrap\"><header class=\"entry-content-header\" aria-label=\"Ic\u00f4ne : &lt;a href=&#039;https:\/\/www.badenhaus.it\/wp-content\/uploads\/2023\/09\/misure-idra.pdf&#039; title=&#039;Mesures IDRA&#039;&gt;Mesures IDRA&lt;\/a&gt;\"><h4 class='av_iconlist_title iconlist_title  '  itemprop=\"headline\" ><a href='https:\/\/www.badenhaus.it\/wp-content\/uploads\/2023\/09\/misure-idra.pdf' title='Mesures IDRA'>Mesures IDRA<\/a><\/h4><\/header><div class='iconlist_content '  itemprop=\"text\" ><\/div><\/div><footer class=\"entry-footer\"><\/footer><\/article><div class=\"iconlist-timeline\"><\/div><\/li>\n<\/ul><\/div><\/div>\n<div  class='flex_column av-2cyyk5-1861e160c38e87415c3b858f2a5a3f7f av_one_half  avia-builder-el-17  el_after_av_one_half  avia-builder-el-last  flex_column_div  '     ><\/div>\n","protected":false},"excerpt":{"rendered":"","protected":false},"author":2,"featured_media":8770,"comment_status":"closed","ping_status":"closed","template":"","meta":{"footnotes":""},"tags":[],"portfolio_entries":[33,34],"class_list":["post-8855","portfolio","type-portfolio","status-publish","has-post-thumbnail","hentry","portfolio_entries-collections-fr","portfolio_entries-collections-home-fr"],"yoast_head":"<!-- This site is optimized with the Yoast SEO plugin v25.2 - https:\/\/yoast.com\/wordpress\/plugins\/seo\/ -->\n<title>IDRA - Baden Haus<\/title>\n<meta name=\"robots\" content=\"index, follow, max-snippet:-1, max-image-preview:large, max-video-preview:-1\" \/>\n<link rel=\"canonical\" href=\"https:\/\/www.badenhaus.it\/fr\/collections\/idra\/\" \/>\n<meta property=\"og:locale\" content=\"fr_FR\" \/>\n<meta property=\"og:type\" content=\"article\" \/>\n<meta property=\"og:title\" content=\"IDRA - Baden Haus\" \/>\n<meta property=\"og:url\" content=\"https:\/\/www.badenhaus.it\/fr\/collections\/idra\/\" \/>\n<meta property=\"og:site_name\" content=\"Baden Haus\" \/>\n<meta property=\"article:modified_time\" content=\"2023-10-04T15:24:02+00:00\" \/>\n<meta property=\"og:image\" content=\"https:\/\/www.badenhaus.it\/wp-content\/uploads\/2023\/09\/IDRA-COTONE.jpg\" \/>\n\t<meta property=\"og:image:width\" content=\"1600\" \/>\n\t<meta property=\"og:image:height\" content=\"1200\" \/>\n\t<meta property=\"og:image:type\" content=\"image\/jpeg\" \/>\n<meta name=\"twitter:card\" content=\"summary_large_image\" \/>\n<meta name=\"twitter:label1\" content=\"Dur\u00e9e de lecture estim\u00e9e\" \/>\n\t<meta name=\"twitter:data1\" content=\"7 minutes\" \/>\n<script type=\"application\/ld+json\" class=\"yoast-schema-graph\">{\"@context\":\"https:\/\/schema.org\",\"@graph\":[{\"@type\":\"WebPage\",\"@id\":\"https:\/\/www.badenhaus.it\/fr\/collections\/idra\/\",\"url\":\"https:\/\/www.badenhaus.it\/fr\/collections\/idra\/\",\"name\":\"IDRA - Baden Haus\",\"isPartOf\":{\"@id\":\"https:\/\/www.badenhaus.it\/fr\/#website\"},\"primaryImageOfPage\":{\"@id\":\"https:\/\/www.badenhaus.it\/fr\/collections\/idra\/#primaryimage\"},\"image\":{\"@id\":\"https:\/\/www.badenhaus.it\/fr\/collections\/idra\/#primaryimage\"},\"thumbnailUrl\":\"https:\/\/www.badenhaus.it\/wp-content\/uploads\/2023\/09\/IDRA-COTONE.jpg\",\"datePublished\":\"2021-09-25T15:00:25+00:00\",\"dateModified\":\"2023-10-04T15:24:02+00:00\",\"breadcrumb\":{\"@id\":\"https:\/\/www.badenhaus.it\/fr\/collections\/idra\/#breadcrumb\"},\"inLanguage\":\"fr-FR\",\"potentialAction\":[{\"@type\":\"ReadAction\",\"target\":[\"https:\/\/www.badenhaus.it\/fr\/collections\/idra\/\"]}]},{\"@type\":\"ImageObject\",\"inLanguage\":\"fr-FR\",\"@id\":\"https:\/\/www.badenhaus.it\/fr\/collections\/idra\/#primaryimage\",\"url\":\"https:\/\/www.badenhaus.it\/wp-content\/uploads\/2023\/09\/IDRA-COTONE.jpg\",\"contentUrl\":\"https:\/\/www.badenhaus.it\/wp-content\/uploads\/2023\/09\/IDRA-COTONE.jpg\",\"width\":1600,\"height\":1200},{\"@type\":\"BreadcrumbList\",\"@id\":\"https:\/\/www.badenhaus.it\/fr\/collections\/idra\/#breadcrumb\",\"itemListElement\":[{\"@type\":\"ListItem\",\"position\":1,\"name\":\"Home\",\"item\":\"https:\/\/www.badenhaus.it\/fr\/home\/\"},{\"@type\":\"ListItem\",\"position\":2,\"name\":\"IDRA\"}]},{\"@type\":\"WebSite\",\"@id\":\"https:\/\/www.badenhaus.it\/fr\/#website\",\"url\":\"https:\/\/www.badenhaus.it\/fr\/\",\"name\":\"Baden Haus\",\"description\":\"Produzione mobili da bagno made in Italy\",\"potentialAction\":[{\"@type\":\"SearchAction\",\"target\":{\"@type\":\"EntryPoint\",\"urlTemplate\":\"https:\/\/www.badenhaus.it\/fr\/?s={search_term_string}\"},\"query-input\":{\"@type\":\"PropertyValueSpecification\",\"valueRequired\":true,\"valueName\":\"search_term_string\"}}],\"inLanguage\":\"fr-FR\"}]}<\/script>\n<!-- \/ Yoast SEO plugin. -->","yoast_head_json":{"title":"IDRA - Baden Haus","robots":{"index":"index","follow":"follow","max-snippet":"max-snippet:-1","max-image-preview":"max-image-preview:large","max-video-preview":"max-video-preview:-1"},"canonical":"https:\/\/www.badenhaus.it\/fr\/collections\/idra\/","og_locale":"fr_FR","og_type":"article","og_title":"IDRA - Baden Haus","og_url":"https:\/\/www.badenhaus.it\/fr\/collections\/idra\/","og_site_name":"Baden Haus","article_modified_time":"2023-10-04T15:24:02+00:00","og_image":[{"width":1600,"height":1200,"url":"https:\/\/www.badenhaus.it\/wp-content\/uploads\/2023\/09\/IDRA-COTONE.jpg","type":"image\/jpeg"}],"twitter_card":"summary_large_image","twitter_misc":{"Dur\u00e9e de lecture estim\u00e9e":"7 minutes"},"schema":{"@context":"https:\/\/schema.org","@graph":[{"@type":"WebPage","@id":"https:\/\/www.badenhaus.it\/fr\/collections\/idra\/","url":"https:\/\/www.badenhaus.it\/fr\/collections\/idra\/","name":"IDRA - Baden Haus","isPartOf":{"@id":"https:\/\/www.badenhaus.it\/fr\/#website"},"primaryImageOfPage":{"@id":"https:\/\/www.badenhaus.it\/fr\/collections\/idra\/#primaryimage"},"image":{"@id":"https:\/\/www.badenhaus.it\/fr\/collections\/idra\/#primaryimage"},"thumbnailUrl":"https:\/\/www.badenhaus.it\/wp-content\/uploads\/2023\/09\/IDRA-COTONE.jpg","datePublished":"2021-09-25T15:00:25+00:00","dateModified":"2023-10-04T15:24:02+00:00","breadcrumb":{"@id":"https:\/\/www.badenhaus.it\/fr\/collections\/idra\/#breadcrumb"},"inLanguage":"fr-FR","potentialAction":[{"@type":"ReadAction","target":["https:\/\/www.badenhaus.it\/fr\/collections\/idra\/"]}]},{"@type":"ImageObject","inLanguage":"fr-FR","@id":"https:\/\/www.badenhaus.it\/fr\/collections\/idra\/#primaryimage","url":"https:\/\/www.badenhaus.it\/wp-content\/uploads\/2023\/09\/IDRA-COTONE.jpg","contentUrl":"https:\/\/www.badenhaus.it\/wp-content\/uploads\/2023\/09\/IDRA-COTONE.jpg","width":1600,"height":1200},{"@type":"BreadcrumbList","@id":"https:\/\/www.badenhaus.it\/fr\/collections\/idra\/#breadcrumb","itemListElement":[{"@type":"ListItem","position":1,"name":"Home","item":"https:\/\/www.badenhaus.it\/fr\/home\/"},{"@type":"ListItem","position":2,"name":"IDRA"}]},{"@type":"WebSite","@id":"https:\/\/www.badenhaus.it\/fr\/#website","url":"https:\/\/www.badenhaus.it\/fr\/","name":"Baden Haus","description":"Produzione mobili da bagno made in Italy","potentialAction":[{"@type":"SearchAction","target":{"@type":"EntryPoint","urlTemplate":"https:\/\/www.badenhaus.it\/fr\/?s={search_term_string}"},"query-input":{"@type":"PropertyValueSpecification","valueRequired":true,"valueName":"search_term_string"}}],"inLanguage":"fr-FR"}]}},"_links":{"self":[{"href":"https:\/\/www.badenhaus.it\/fr\/wp-json\/wp\/v2\/portfolio\/8855","targetHints":{"allow":["GET"]}}],"collection":[{"href":"https:\/\/www.badenhaus.it\/fr\/wp-json\/wp\/v2\/portfolio"}],"about":[{"href":"https:\/\/www.badenhaus.it\/fr\/wp-json\/wp\/v2\/types\/portfolio"}],"author":[{"embeddable":true,"href":"https:\/\/www.badenhaus.it\/fr\/wp-json\/wp\/v2\/users\/2"}],"replies":[{"embeddable":true,"href":"https:\/\/www.badenhaus.it\/fr\/wp-json\/wp\/v2\/comments?post=8855"}],"version-history":[{"count":10,"href":"https:\/\/www.badenhaus.it\/fr\/wp-json\/wp\/v2\/portfolio\/8855\/revisions"}],"predecessor-version":[{"id":9074,"href":"https:\/\/www.badenhaus.it\/fr\/wp-json\/wp\/v2\/portfolio\/8855\/revisions\/9074"}],"wp:featuredmedia":[{"embeddable":true,"href":"https:\/\/www.badenhaus.it\/fr\/wp-json\/wp\/v2\/media\/8770"}],"wp:attachment":[{"href":"https:\/\/www.badenhaus.it\/fr\/wp-json\/wp\/v2\/media?parent=8855"}],"wp:term":[{"taxonomy":"post_tag","embeddable":true,"href":"https:\/\/www.badenhaus.it\/fr\/wp-json\/wp\/v2\/tags?post=8855"},{"taxonomy":"portfolio_entries","embeddable":true,"href":"https:\/\/www.badenhaus.it\/fr\/wp-json\/wp\/v2\/portfolio_entries?post=8855"}],"curies":[{"name":"wp","href":"https:\/\/api.w.org\/{rel}","templated":true}]}}